{"id":7248,"date":"2019-11-14T10:52:52","date_gmt":"2019-11-14T15:52:52","guid":{"rendered":"https:\/\/www.neuro-concept.ca\/?page_id=7248"},"modified":"2025-07-09T17:10:37","modified_gmt":"2025-07-09T21:10:37","slug":"prix-distinctions","status":"publish","type":"page","link":"https:\/\/www.neuro-concept.ca\/fr\/prix-distinctions\/","title":{"rendered":"Prix et distinctions"},"content":{"rendered":"\t\t<div data-elementor-type=\"wp-post\" data-elementor-id=\"7248\" class=\"elementor elementor-7248 elementor-7744\">\n\t\t\t\t\t\t<section class=\"elementor-section elementor-top-section elementor-element elementor-element-a2fe47f elementor-section-boxed elementor-section-height-default elementor-section-height-default\" data-id=\"a2fe47f\" data-element_type=\"section\" data-e-type=\"section\">\n\t\t\t\t\t\t<div class=\"elementor-container elementor-column-gap-default\">\n\t\t\t\t\t<div class=\"elementor-column elementor-col-100 elementor-top-column elementor-element elementor-element-53834b4\" data-id=\"53834b4\" data-element_type=\"column\" data-e-type=\"column\">\n\t\t\t<div class=\"elementor-widget-wrap elementor-element-populated\">\n\t\t\t\t\t\t<div class=\"elementor-element elementor-element-4d53671 elementor-widget elementor-widget-heading\" data-id=\"4d53671\" data-element_type=\"widget\" data-e-type=\"widget\" data-widget_type=\"heading.default\">\n\t\t\t\t<div class=\"elementor-widget-container\">\n\t\t\t\t\t<h2 class=\"elementor-heading-title elementor-size-default\">\ud83c\udfc6 Prix et distinctions<\/h2>\t\t\t\t<\/div>\n\t\t\t\t<\/div>\n\t\t\t\t\t<\/div>\n\t\t<\/div>\n\t\t\t\t\t<\/div>\n\t\t<\/section>\n\t\t\t\t<section class=\"elementor-section elementor-top-section elementor-element elementor-element-d748a32 elementor-section-boxed elementor-section-height-default elementor-section-height-default\" data-id=\"d748a32\" data-element_type=\"section\" data-e-type=\"section\">\n\t\t\t\t\t\t<div class=\"elementor-container elementor-column-gap-default\">\n\t\t\t\t\t<div class=\"elementor-column elementor-col-100 elementor-top-column elementor-element elementor-element-bb62be4\" data-id=\"bb62be4\" data-element_type=\"column\" data-e-type=\"column\">\n\t\t\t<div class=\"elementor-widget-wrap elementor-element-populated\">\n\t\t\t\t\t\t<div class=\"elementor-element elementor-element-6f58c20 elementor-widget elementor-widget-text-editor\" data-id=\"6f58c20\" data-element_type=\"widget\" data-e-type=\"widget\" data-widget_type=\"text-editor.default\">\n\t\t\t\t<div class=\"elementor-widget-container\">\n\t\t\t\t\t\t\t\t\t<p><strong data-start=\"316\" data-end=\"475\">Neuro-Concept s\u2019est illustr\u00e9 \u00e0 de nombreuses reprises pour son leadership, son impact communautaire et son approche novatrice en r\u00e9adaptation neurologique.<\/strong><br data-start=\"475\" data-end=\"478\" \/>Ces reconnaissances soulignent l\u2019engagement de notre fondatrice, Dre Murielle Grangeon, (PhD,kin) et de toute l\u2019\u00e9quipe \u00e0 repousser les limites de la r\u00e9adaptation gr\u00e2ce \u00e0 la science, la technologie et l\u2019humain.<\/p>\n\t\t\t\t\t\t\t\t<\/div>\n\t\t\t\t<\/div>\n\t\t\t\t\t<\/div>\n\t\t<\/div>\n\t\t\t\t\t<\/div>\n\t\t<\/section>\n\t\t\t\t<section class=\"elementor-section elementor-top-section elementor-element elementor-element-efb183e elementor-section-content-middle elementor-section-boxed elementor-section-height-default elementor-section-height-default\" data-id=\"efb183e\" data-element_type=\"section\" data-e-type=\"section\">\n\t\t\t\t\t\t<div class=\"elementor-container elementor-column-gap-default\">\n\t\t\t\t\t<div class=\"elementor-column elementor-col-50 elementor-top-column elementor-element elementor-element-54b950d\" data-id=\"54b950d\" data-element_type=\"column\" data-e-type=\"column\">\n\t\t\t<div class=\"elementor-widget-wrap elementor-element-populated\">\n\t\t\t\t\t\t<div class=\"elementor-element elementor-element-b9512aa elementor-widget elementor-widget-image\" data-id=\"b9512aa\" data-element_type=\"widget\" data-e-type=\"widget\" data-widget_type=\"image.default\">\n\t\t\t\t<div class=\"elementor-widget-container\">\n\t\t\t\t\t\t\t\t\t\t\t\t\t\t\t<img fetchpriority=\"high\" decoding=\"async\" width=\"500\" height=\"500\" src=\"https:\/\/www.neuro-concept.ca\/wp-content\/uploads\/2019\/10\/pme-mtl-grand-sud-ouest.png\" class=\"attachment-large size-large wp-image-7137\" alt=\"pme mtl grand sud ouest\" srcset=\"https:\/\/www.neuro-concept.ca\/wp-content\/uploads\/2019\/10\/pme-mtl-grand-sud-ouest.png 500w, https:\/\/www.neuro-concept.ca\/wp-content\/uploads\/2019\/10\/pme-mtl-grand-sud-ouest-150x150.png 150w, https:\/\/www.neuro-concept.ca\/wp-content\/uploads\/2019\/10\/pme-mtl-grand-sud-ouest-300x300.png 300w, https:\/\/www.neuro-concept.ca\/wp-content\/uploads\/2019\/10\/pme-mtl-grand-sud-ouest-230x230.png 230w, https:\/\/www.neuro-concept.ca\/wp-content\/uploads\/2019\/10\/pme-mtl-grand-sud-ouest-70x70.png 70w, https:\/\/www.neuro-concept.ca\/wp-content\/uploads\/2019\/10\/pme-mtl-grand-sud-ouest-315x315.png 315w\" sizes=\"(max-width: 500px) 100vw, 500px\" \/>\t\t\t\t\t\t\t\t\t\t\t\t\t\t\t<\/div>\n\t\t\t\t<\/div>\n\t\t\t\t\t<\/div>\n\t\t<\/div>\n\t\t\t\t<div class=\"elementor-column elementor-col-50 elementor-top-column elementor-element elementor-element-4f65729\" data-id=\"4f65729\" data-element_type=\"column\" data-e-type=\"column\">\n\t\t\t<div class=\"elementor-widget-wrap elementor-element-populated\">\n\t\t\t\t\t\t<div class=\"elementor-element elementor-element-b32a8f9 elementor-widget elementor-widget-heading\" data-id=\"b32a8f9\" data-element_type=\"widget\" data-e-type=\"widget\" data-widget_type=\"heading.default\">\n\t\t\t\t<div class=\"elementor-widget-container\">\n\t\t\t\t\t<h3 class=\"elementor-heading-title elementor-size-default\">\ud83c\udf96 PME MTL Grand Sud-Ouest: Bourse entrepreneuriale \u2013 Innovation et impact communautaire<\/h3>\t\t\t\t<\/div>\n\t\t\t\t<\/div>\n\t\t\t\t<div class=\"elementor-element elementor-element-7c7516e elementor-widget elementor-widget-text-editor\" data-id=\"7c7516e\" data-element_type=\"widget\" data-e-type=\"widget\" data-widget_type=\"text-editor.default\">\n\t\t\t\t<div class=\"elementor-widget-container\">\n\t\t\t\t\t\t\t\t\t<p data-start=\"788\" data-end=\"1077\">PME MTL a d\u00e9cern\u00e9 \u00e0 Neuro-Concept une bourse soulignant l\u2019importance de ses services dans la communaut\u00e9, l\u2019innovation de son mod\u00e8le de soins et le leadership de sa fondatrice.<br data-start=\"963\" data-end=\"966\" \/>PME MTL soutient les entreprises \u00e0 fort impact social ou environnemental, porteuses de solutions pour l\u2019avenir.<\/p>\n\t\t\t\t\t\t\t\t<\/div>\n\t\t\t\t<\/div>\n\t\t\t\t\t<\/div>\n\t\t<\/div>\n\t\t\t\t\t<\/div>\n\t\t<\/section>\n\t\t\t\t<section class=\"elementor-section elementor-top-section elementor-element elementor-element-98ac1bc elementor-section-content-middle elementor-section-boxed elementor-section-height-default elementor-section-height-default\" data-id=\"98ac1bc\" data-element_type=\"section\" data-e-type=\"section\">\n\t\t\t\t\t\t<div class=\"elementor-container elementor-column-gap-default\">\n\t\t\t\t\t<div class=\"elementor-column elementor-col-50 elementor-top-column elementor-element elementor-element-904463c\" data-id=\"904463c\" data-element_type=\"column\" data-e-type=\"column\">\n\t\t\t<div class=\"elementor-widget-wrap elementor-element-populated\">\n\t\t\t\t\t\t<div class=\"elementor-element elementor-element-7176d4f elementor-widget elementor-widget-image\" data-id=\"7176d4f\" data-element_type=\"widget\" data-e-type=\"widget\" data-widget_type=\"image.default\">\n\t\t\t\t<div class=\"elementor-widget-container\">\n\t\t\t\t\t\t\t\t\t\t\t\t\t\t\t<img decoding=\"async\" width=\"500\" height=\"500\" src=\"https:\/\/www.neuro-concept.ca\/wp-content\/uploads\/2019\/10\/laureat-national-2015.png\" class=\"attachment-large size-large wp-image-7141\" alt=\"laureat national 2015\" srcset=\"https:\/\/www.neuro-concept.ca\/wp-content\/uploads\/2019\/10\/laureat-national-2015.png 500w, https:\/\/www.neuro-concept.ca\/wp-content\/uploads\/2019\/10\/laureat-national-2015-150x150.png 150w, https:\/\/www.neuro-concept.ca\/wp-content\/uploads\/2019\/10\/laureat-national-2015-300x300.png 300w, https:\/\/www.neuro-concept.ca\/wp-content\/uploads\/2019\/10\/laureat-national-2015-230x230.png 230w, https:\/\/www.neuro-concept.ca\/wp-content\/uploads\/2019\/10\/laureat-national-2015-70x70.png 70w, https:\/\/www.neuro-concept.ca\/wp-content\/uploads\/2019\/10\/laureat-national-2015-315x315.png 315w\" sizes=\"(max-width: 500px) 100vw, 500px\" \/>\t\t\t\t\t\t\t\t\t\t\t\t\t\t\t<\/div>\n\t\t\t\t<\/div>\n\t\t\t\t\t<\/div>\n\t\t<\/div>\n\t\t\t\t<div class=\"elementor-column elementor-col-50 elementor-top-column elementor-element elementor-element-6277650\" data-id=\"6277650\" data-element_type=\"column\" data-e-type=\"column\">\n\t\t\t<div class=\"elementor-widget-wrap elementor-element-populated\">\n\t\t\t\t\t\t<div class=\"elementor-element elementor-element-e7f4211 elementor-widget elementor-widget-heading\" data-id=\"e7f4211\" data-element_type=\"widget\" data-e-type=\"widget\" data-widget_type=\"heading.default\">\n\t\t\t\t<div class=\"elementor-widget-container\">\n\t\t\t\t\t<h3 class=\"elementor-heading-title elementor-size-default\">\ud83e\udd47 Laur\u00e9at national \u2013 Concours qu\u00e9b\u00e9cois en entrepreneuriat 1\u00e8re place \u2013 Cat\u00e9gorie Entreprise de services<\/h3>\t\t\t\t<\/div>\n\t\t\t\t<\/div>\n\t\t\t\t<div class=\"elementor-element elementor-element-c2df45a elementor-widget elementor-widget-text-editor\" data-id=\"c2df45a\" data-element_type=\"widget\" data-e-type=\"widget\" data-widget_type=\"text-editor.default\">\n\t\t\t\t<div class=\"elementor-widget-container\">\n\t\t\t\t\t\t\t\t\t<p>Neuro-Concept a remport\u00e9 la premi\u00e8re place au niveau national pour son approche unique, sa vision entrepreneuriale forte et son potentiel de rayonnement.<br data-start=\"1361\" data-end=\"1364\" \/>Ce concours met \u00e0 l\u2019honneur les jeunes entreprises les plus prometteuses et novatrices du Qu\u00e9bec.<\/p>\n\t\t\t\t\t\t\t\t<\/div>\n\t\t\t\t<\/div>\n\t\t\t\t\t<\/div>\n\t\t<\/div>\n\t\t\t\t\t<\/div>\n\t\t<\/section>\n\t\t\t\t<section class=\"elementor-section elementor-top-section elementor-element elementor-element-06abf0e elementor-section-content-middle elementor-section-boxed elementor-section-height-default elementor-section-height-default\" data-id=\"06abf0e\" data-element_type=\"section\" data-e-type=\"section\">\n\t\t\t\t\t\t<div class=\"elementor-container elementor-column-gap-default\">\n\t\t\t\t\t<div class=\"elementor-column elementor-col-50 elementor-top-column elementor-element elementor-element-0232f5e\" data-id=\"0232f5e\" data-element_type=\"column\" data-e-type=\"column\">\n\t\t\t<div class=\"elementor-widget-wrap elementor-element-populated\">\n\t\t\t\t\t\t<div class=\"elementor-element elementor-element-5ebb00b elementor-widget elementor-widget-image\" data-id=\"5ebb00b\" data-element_type=\"widget\" data-e-type=\"widget\" data-widget_type=\"image.default\">\n\t\t\t\t<div class=\"elementor-widget-container\">\n\t\t\t\t\t\t\t\t\t\t\t\t\t\t\t<img decoding=\"async\" width=\"500\" height=\"500\" src=\"https:\/\/www.neuro-concept.ca\/wp-content\/uploads\/2019\/11\/reception-prix-unio.jpg\" class=\"attachment-large size-large wp-image-7250\" alt=\"reception prix unio\" srcset=\"https:\/\/www.neuro-concept.ca\/wp-content\/uploads\/2019\/11\/reception-prix-unio.jpg 500w, https:\/\/www.neuro-concept.ca\/wp-content\/uploads\/2019\/11\/reception-prix-unio-150x150.jpg 150w, https:\/\/www.neuro-concept.ca\/wp-content\/uploads\/2019\/11\/reception-prix-unio-300x300.jpg 300w, https:\/\/www.neuro-concept.ca\/wp-content\/uploads\/2019\/11\/reception-prix-unio-230x230.jpg 230w, https:\/\/www.neuro-concept.ca\/wp-content\/uploads\/2019\/11\/reception-prix-unio-70x70.jpg 70w, https:\/\/www.neuro-concept.ca\/wp-content\/uploads\/2019\/11\/reception-prix-unio-315x315.jpg 315w\" sizes=\"(max-width: 500px) 100vw, 500px\" \/>\t\t\t\t\t\t\t\t\t\t\t\t\t\t\t<\/div>\n\t\t\t\t<\/div>\n\t\t\t\t\t<\/div>\n\t\t<\/div>\n\t\t\t\t<div class=\"elementor-column elementor-col-50 elementor-top-column elementor-element elementor-element-96e8e99\" data-id=\"96e8e99\" data-element_type=\"column\" data-e-type=\"column\">\n\t\t\t<div class=\"elementor-widget-wrap elementor-element-populated\">\n\t\t\t\t\t\t<div class=\"elementor-element elementor-element-70ef6af elementor-widget elementor-widget-heading\" data-id=\"70ef6af\" data-element_type=\"widget\" data-e-type=\"widget\" data-widget_type=\"heading.default\">\n\t\t\t\t<div class=\"elementor-widget-container\">\n\t\t\t\t\t<h3 class=\"elementor-heading-title elementor-size-default\">\ud83c\udfc5 Prix de la Chambre de commerce du Sud-Ouest \u2013 Prix UNIO 1\u00e8re place \u2013 Meilleure entreprise de services (tous secteurs)<\/h3>\t\t\t\t<\/div>\n\t\t\t\t<\/div>\n\t\t\t\t<div class=\"elementor-element elementor-element-ef3dae4 elementor-widget elementor-widget-text-editor\" data-id=\"ef3dae4\" data-element_type=\"widget\" data-e-type=\"widget\" data-widget_type=\"text-editor.default\">\n\t\t\t\t<div class=\"elementor-widget-container\">\n\t\t\t\t\t\t\t\t\t<p>D\u00e9cern\u00e9 par la Chambre de commerce du Sud-Ouest, ce prix r\u00e9compense le double rayonnement de Neuro-Concept\u202f: \u00e0 la fois dans le milieu des affaires et dans la communaut\u00e9, aupr\u00e8s des personnes vivant avec une condition neurologique.<\/p>\n\t\t\t\t\t\t\t\t<\/div>\n\t\t\t\t<\/div>\n\t\t\t\t\t<\/div>\n\t\t<\/div>\n\t\t\t\t\t<\/div>\n\t\t<\/section>\n\t\t\t\t<section class=\"elementor-section elementor-top-section elementor-element elementor-element-4614bc3 elementor-section-content-middle elementor-section-boxed elementor-section-height-default elementor-section-height-default\" data-id=\"4614bc3\" data-element_type=\"section\" data-e-type=\"section\">\n\t\t\t\t\t\t<div class=\"elementor-container elementor-column-gap-default\">\n\t\t\t\t\t<div class=\"elementor-column elementor-col-50 elementor-top-column elementor-element elementor-element-0991c68\" data-id=\"0991c68\" data-element_type=\"column\" data-e-type=\"column\">\n\t\t\t<div class=\"elementor-widget-wrap elementor-element-populated\">\n\t\t\t\t\t\t<div class=\"elementor-element elementor-element-4f9ad20 elementor-widget elementor-widget-image\" data-id=\"4f9ad20\" data-element_type=\"widget\" data-e-type=\"widget\" data-widget_type=\"image.default\">\n\t\t\t\t<div class=\"elementor-widget-container\">\n\t\t\t\t\t\t\t\t\t\t\t\t\t\t\t<img loading=\"lazy\" decoding=\"async\" width=\"250\" height=\"250\" src=\"https:\/\/www.neuro-concept.ca\/wp-content\/uploads\/2019\/11\/prix-propulse-ton-gso.jpg\" class=\"attachment-large size-large wp-image-7252\" alt=\"prix propulse ton gso\" srcset=\"https:\/\/www.neuro-concept.ca\/wp-content\/uploads\/2019\/11\/prix-propulse-ton-gso.jpg 250w, https:\/\/www.neuro-concept.ca\/wp-content\/uploads\/2019\/11\/prix-propulse-ton-gso-150x150.jpg 150w, https:\/\/www.neuro-concept.ca\/wp-content\/uploads\/2019\/11\/prix-propulse-ton-gso-230x230.jpg 230w, https:\/\/www.neuro-concept.ca\/wp-content\/uploads\/2019\/11\/prix-propulse-ton-gso-70x70.jpg 70w\" sizes=\"(max-width: 250px) 100vw, 250px\" \/>\t\t\t\t\t\t\t\t\t\t\t\t\t\t\t<\/div>\n\t\t\t\t<\/div>\n\t\t\t\t\t<\/div>\n\t\t<\/div>\n\t\t\t\t<div class=\"elementor-column elementor-col-50 elementor-top-column elementor-element elementor-element-275442c\" data-id=\"275442c\" data-element_type=\"column\" data-e-type=\"column\">\n\t\t\t<div class=\"elementor-widget-wrap elementor-element-populated\">\n\t\t\t\t\t\t<div class=\"elementor-element elementor-element-cfbf4d9 elementor-widget elementor-widget-heading\" data-id=\"cfbf4d9\" data-element_type=\"widget\" data-e-type=\"widget\" data-widget_type=\"heading.default\">\n\t\t\t\t<div class=\"elementor-widget-container\">\n\t\t\t\t\t<h3 class=\"elementor-heading-title elementor-size-default\">\ud83d\ude80 Prix \u00ab\u202fPropulse ton GSO\u202f\u00bb Soutien \u00e0 l\u2019innovation technologique en sant\u00e9<\/h3>\t\t\t\t<\/div>\n\t\t\t\t<\/div>\n\t\t\t\t<div class=\"elementor-element elementor-element-81cfbdd elementor-widget elementor-widget-text-editor\" data-id=\"81cfbdd\" data-element_type=\"widget\" data-e-type=\"widget\" data-widget_type=\"text-editor.default\">\n\t\t\t\t<div class=\"elementor-widget-container\">\n\t\t\t\t\t\t\t\t\t<p>Ce prix a \u00e9t\u00e9 attribu\u00e9 \u00e0 Neuro-Concept pour sa vision audacieuse de la r\u00e9adaptation, notamment par l\u2019int\u00e9gration de technologies avanc\u00e9es au c\u0153ur des soins neurologiques. Il vise \u00e0 encourager la croissance des entreprises \u00e0 fort potentiel dans le Grand Sud-Ouest.<\/p>\n\t\t\t\t\t\t\t\t<\/div>\n\t\t\t\t<\/div>\n\t\t\t\t\t<\/div>\n\t\t<\/div>\n\t\t\t\t\t<\/div>\n\t\t<\/section>\n\t\t\t\t<section class=\"elementor-section elementor-top-section elementor-element elementor-element-1acf7e2 elementor-section-content-middle elementor-section-boxed elementor-section-height-default elementor-section-height-default\" data-id=\"1acf7e2\" data-element_type=\"section\" data-e-type=\"section\">\n\t\t\t\t\t\t<div class=\"elementor-container elementor-column-gap-default\">\n\t\t\t\t\t<div class=\"elementor-column elementor-col-50 elementor-top-column elementor-element elementor-element-aa44319\" data-id=\"aa44319\" data-element_type=\"column\" data-e-type=\"column\">\n\t\t\t<div class=\"elementor-widget-wrap elementor-element-populated\">\n\t\t\t\t\t\t<div class=\"elementor-element elementor-element-043b176 elementor-widget elementor-widget-image\" data-id=\"043b176\" data-element_type=\"widget\" data-e-type=\"widget\" data-widget_type=\"image.default\">\n\t\t\t\t<div class=\"elementor-widget-container\">\n\t\t\t\t\t\t\t\t\t\t\t\t\t\t\t<img loading=\"lazy\" decoding=\"async\" width=\"500\" height=\"500\" src=\"https:\/\/www.neuro-concept.ca\/wp-content\/uploads\/2019\/10\/fondation-montreal-laureat.png\" class=\"attachment-large size-large wp-image-7139\" alt=\"\" srcset=\"https:\/\/www.neuro-concept.ca\/wp-content\/uploads\/2019\/10\/fondation-montreal-laureat.png 500w, https:\/\/www.neuro-concept.ca\/wp-content\/uploads\/2019\/10\/fondation-montreal-laureat-150x150.png 150w, https:\/\/www.neuro-concept.ca\/wp-content\/uploads\/2019\/10\/fondation-montreal-laureat-300x300.png 300w, https:\/\/www.neuro-concept.ca\/wp-content\/uploads\/2019\/10\/fondation-montreal-laureat-230x230.png 230w, https:\/\/www.neuro-concept.ca\/wp-content\/uploads\/2019\/10\/fondation-montreal-laureat-70x70.png 70w, https:\/\/www.neuro-concept.ca\/wp-content\/uploads\/2019\/10\/fondation-montreal-laureat-315x315.png 315w\" sizes=\"(max-width: 500px) 100vw, 500px\" \/>\t\t\t\t\t\t\t\t\t\t\t\t\t\t\t<\/div>\n\t\t\t\t<\/div>\n\t\t\t\t\t<\/div>\n\t\t<\/div>\n\t\t\t\t<div class=\"elementor-column elementor-col-50 elementor-top-column elementor-element elementor-element-d95014e\" data-id=\"d95014e\" data-element_type=\"column\" data-e-type=\"column\">\n\t\t\t<div class=\"elementor-widget-wrap elementor-element-populated\">\n\t\t\t\t\t\t<div class=\"elementor-element elementor-element-04563db elementor-widget elementor-widget-heading\" data-id=\"04563db\" data-element_type=\"widget\" data-e-type=\"widget\" data-widget_type=\"heading.default\">\n\t\t\t\t<div class=\"elementor-widget-container\">\n\t\t\t\t\t<h3 class=\"elementor-heading-title elementor-size-default\">\ud83c\udf1f Laur\u00e9ate de la Fondation Montr\u00e9al Inc. Reconnaissance du leadership et de la vision de la fondatrice<\/h3>\t\t\t\t<\/div>\n\t\t\t\t<\/div>\n\t\t\t\t<div class=\"elementor-element elementor-element-410d8b3 elementor-widget elementor-widget-text-editor\" data-id=\"410d8b3\" data-element_type=\"widget\" data-e-type=\"widget\" data-widget_type=\"text-editor.default\">\n\t\t\t\t<div class=\"elementor-widget-container\">\n\t\t\t\t\t\t\t\t\t<p>Dre Murielle Grangeon (PhD, Kin) fondatrice de Neuro-Concept, a \u00e9t\u00e9 s\u00e9lectionn\u00e9e comme laur\u00e9ate par la Fondation Montr\u00e9al Inc.<br data-start=\"2429\" data-end=\"2432\" \/>Cette reconnaissance c\u00e9l\u00e8bre son leadership, sa passion pour l\u2019innovation en sant\u00e9 et sa volont\u00e9 de transformer le parcours de soins en r\u00e9adaptation neurologique.<\/p>\n\t\t\t\t\t\t\t\t<\/div>\n\t\t\t\t<\/div>\n\t\t\t\t\t<\/div>\n\t\t<\/div>\n\t\t\t\t\t<\/div>\n\t\t<\/section>\n\t\t\t\t<section class=\"elementor-section elementor-top-section elementor-element elementor-element-1c9e35b elementor-section-boxed elementor-section-height-default elementor-section-height-default\" data-id=\"1c9e35b\" data-element_type=\"section\" data-e-type=\"section\">\n\t\t\t\t\t\t<div class=\"elementor-container elementor-column-gap-default\">\n\t\t\t\t\t<div class=\"elementor-column elementor-col-100 elementor-top-column elementor-element elementor-element-283fba6\" data-id=\"283fba6\" data-element_type=\"column\" data-e-type=\"column\">\n\t\t\t<div class=\"elementor-widget-wrap elementor-element-populated\">\n\t\t\t\t\t\t<div class=\"elementor-element elementor-element-ea86303 elementor-widget elementor-widget-heading\" data-id=\"ea86303\" data-element_type=\"widget\" data-e-type=\"widget\" data-widget_type=\"heading.default\">\n\t\t\t\t<div class=\"elementor-widget-container\">\n\t\t\t\t\t<h4 class=\"elementor-heading-title elementor-size-default\">\ud83d\udca1 Innover avec impact, b\u00e2tir avec conviction, soigner avec c\u0153ur.<\/h4>\t\t\t\t<\/div>\n\t\t\t\t<\/div>\n\t\t\t\t<div class=\"elementor-element elementor-element-e751252 elementor-widget elementor-widget-text-editor\" data-id=\"e751252\" data-element_type=\"widget\" data-e-type=\"widget\" data-widget_type=\"text-editor.default\">\n\t\t\t\t<div class=\"elementor-widget-container\">\n\t\t\t\t\t\t\t\t\t<p>Ces prix refl\u00e8tent notre mission : repousser les fronti\u00e8res de la r\u00e9adaptation neurologique au b\u00e9n\u00e9fice de nos clients et de notre communaut\u00e9.<\/p>\n\t\t\t\t\t\t\t\t<\/div>\n\t\t\t\t<\/div>\n\t\t\t\t\t<\/div>\n\t\t<\/div>\n\t\t\t\t\t<\/div>\n\t\t<\/section>\n\t\t\t\t<\/div>\n\t\t","protected":false},"excerpt":{"rendered":"<p>\ud83c\udfc6 Prix et distinctions Neuro-Concept s\u2019est illustr\u00e9 \u00e0 de nombreuses reprises pour son leadership, son impact communautaire et son approche novatrice en r\u00e9adaptation neurologique.Ces reconnaissances soulignent l\u2019engagement de notre fondatrice, Dre Murielle Grangeon, (PhD,kin) et de toute l\u2019\u00e9quipe \u00e0 repousser les limites de la r\u00e9adaptation gr\u00e2ce \u00e0 la science, la technologie et l\u2019humain. \ud83c\udf96 PME&#8230;<\/p>\n","protected":false},"author":9,"featured_media":0,"parent":0,"menu_order":0,"comment_status":"closed","ping_status":"closed","template":"","meta":{"_monsterinsights_skip_tracking":false,"_monsterinsights_sitenote_active":false,"_monsterinsights_sitenote_note":"","_monsterinsights_sitenote_category":0,"footnotes":""},"class_list":["post-7248","page","type-page","status-publish","hentry"],"yoast_head":"<!-- This site is optimized with the Yoast SEO plugin v27.5 - https:\/\/yoast.com\/product\/yoast-seo-wordpress\/ -->\n<title>Prix et distinctions Neuro-Concept | Excellence en r\u00e9adaptation<\/title>\n<meta name=\"description\" content=\"Neuro-Concept, reconnu pour son leadership et son innovation, a remport\u00e9 plusieurs prix prestigieux soulignant son impact en r\u00e9adaptation neurologique et sa contribution \u00e0 la communaut\u00e9.\" \/>\n<meta name=\"robots\" content=\"index, follow, max-snippet:-1, max-image-preview:large, max-video-preview:-1\" \/>\n<link rel=\"canonical\" href=\"https:\/\/www.neuro-concept.ca\/fr\/prix-distinctions\/\" \/>\n<meta property=\"og:locale\" content=\"fr_FR\" \/>\n<meta property=\"og:type\" content=\"article\" \/>\n<meta property=\"og:title\" content=\"Prix et distinctions Neuro-Concept | Excellence en r\u00e9adaptation\" \/>\n<meta property=\"og:description\" content=\"Neuro-Concept, reconnu pour son leadership et son innovation, a remport\u00e9 plusieurs prix prestigieux soulignant son impact en r\u00e9adaptation neurologique et sa contribution \u00e0 la communaut\u00e9.\" \/>\n<meta property=\"og:url\" content=\"https:\/\/www.neuro-concept.ca\/fr\/prix-distinctions\/\" \/>\n<meta property=\"og:site_name\" content=\"Neuro-Concept - Centre de r\u00e9adaptation neurologique\" \/>\n<meta property=\"article:publisher\" content=\"https:\/\/www.facebook.com\/neuroconcept\" \/>\n<meta property=\"article:modified_time\" content=\"2025-07-09T21:10:37+00:00\" \/>\n<meta property=\"og:image\" content=\"https:\/\/www.neuro-concept.ca\/wp-content\/uploads\/2019\/10\/pme-mtl-grand-sud-ouest.png\" \/>\n<meta name=\"twitter:card\" content=\"summary_large_image\" \/>\n<meta name=\"twitter:site\" content=\"@NeuroConcept\" \/>\n<script type=\"application\/ld+json\" class=\"yoast-schema-graph\">{\"@context\":\"https:\\\/\\\/schema.org\",\"@graph\":[{\"@type\":\"WebPage\",\"@id\":\"https:\\\/\\\/www.neuro-concept.ca\\\/fr\\\/prix-distinctions\\\/\",\"url\":\"https:\\\/\\\/www.neuro-concept.ca\\\/fr\\\/prix-distinctions\\\/\",\"name\":\"Prix et distinctions Neuro-Concept | Excellence en r\u00e9adaptation\",\"isPartOf\":{\"@id\":\"https:\\\/\\\/www.neuro-concept.ca\\\/fr\\\/#website\"},\"primaryImageOfPage\":{\"@id\":\"https:\\\/\\\/www.neuro-concept.ca\\\/fr\\\/prix-distinctions\\\/#primaryimage\"},\"image\":{\"@id\":\"https:\\\/\\\/www.neuro-concept.ca\\\/fr\\\/prix-distinctions\\\/#primaryimage\"},\"thumbnailUrl\":\"https:\\\/\\\/www.neuro-concept.ca\\\/wp-content\\\/uploads\\\/2019\\\/10\\\/pme-mtl-grand-sud-ouest.png\",\"datePublished\":\"2019-11-14T15:52:52+00:00\",\"dateModified\":\"2025-07-09T21:10:37+00:00\",\"description\":\"Neuro-Concept, reconnu pour son leadership et son innovation, a remport\u00e9 plusieurs prix prestigieux soulignant son impact en r\u00e9adaptation neurologique et sa contribution \u00e0 la communaut\u00e9.\",\"breadcrumb\":{\"@id\":\"https:\\\/\\\/www.neuro-concept.ca\\\/fr\\\/prix-distinctions\\\/#breadcrumb\"},\"inLanguage\":\"fr-ca\",\"potentialAction\":[{\"@type\":\"ReadAction\",\"target\":[\"https:\\\/\\\/www.neuro-concept.ca\\\/fr\\\/prix-distinctions\\\/\"]}]},{\"@type\":\"ImageObject\",\"inLanguage\":\"fr-ca\",\"@id\":\"https:\\\/\\\/www.neuro-concept.ca\\\/fr\\\/prix-distinctions\\\/#primaryimage\",\"url\":\"https:\\\/\\\/www.neuro-concept.ca\\\/wp-content\\\/uploads\\\/2019\\\/10\\\/pme-mtl-grand-sud-ouest.png\",\"contentUrl\":\"https:\\\/\\\/www.neuro-concept.ca\\\/wp-content\\\/uploads\\\/2019\\\/10\\\/pme-mtl-grand-sud-ouest.png\"},{\"@type\":\"BreadcrumbList\",\"@id\":\"https:\\\/\\\/www.neuro-concept.ca\\\/fr\\\/prix-distinctions\\\/#breadcrumb\",\"itemListElement\":[{\"@type\":\"ListItem\",\"position\":1,\"name\":\"Home\",\"item\":\"https:\\\/\\\/www.neuro-concept.ca\\\/fr\\\/\"},{\"@type\":\"ListItem\",\"position\":2,\"name\":\"Prix et distinctions\"}]},{\"@type\":\"WebSite\",\"@id\":\"https:\\\/\\\/www.neuro-concept.ca\\\/fr\\\/#website\",\"url\":\"https:\\\/\\\/www.neuro-concept.ca\\\/fr\\\/\",\"name\":\"Neuro-Concept - Centre de r\u00e9adaptation neurologique\",\"description\":\"La sant\u00e9 - \u00c0 la port\u00e9e de tous\",\"publisher\":{\"@id\":\"https:\\\/\\\/www.neuro-concept.ca\\\/fr\\\/#organization\"},\"potentialAction\":[{\"@type\":\"SearchAction\",\"target\":{\"@type\":\"EntryPoint\",\"urlTemplate\":\"https:\\\/\\\/www.neuro-concept.ca\\\/fr\\\/?s={search_term_string}\"},\"query-input\":{\"@type\":\"PropertyValueSpecification\",\"valueRequired\":true,\"valueName\":\"search_term_string\"}}],\"inLanguage\":\"fr-ca\"},{\"@type\":\"Organization\",\"@id\":\"https:\\\/\\\/www.neuro-concept.ca\\\/fr\\\/#organization\",\"name\":\"Neuro-Concept\",\"url\":\"https:\\\/\\\/www.neuro-concept.ca\\\/fr\\\/\",\"logo\":{\"@type\":\"ImageObject\",\"inLanguage\":\"fr-ca\",\"@id\":\"https:\\\/\\\/www.neuro-concept.ca\\\/fr\\\/#\\\/schema\\\/logo\\\/image\\\/\",\"url\":\"https:\\\/\\\/www.neuro-concept.ca\\\/wp-content\\\/uploads\\\/2019\\\/07\\\/favicon-1.png\",\"contentUrl\":\"https:\\\/\\\/www.neuro-concept.ca\\\/wp-content\\\/uploads\\\/2019\\\/07\\\/favicon-1.png\",\"width\":330,\"height\":330,\"caption\":\"Neuro-Concept\"},\"image\":{\"@id\":\"https:\\\/\\\/www.neuro-concept.ca\\\/fr\\\/#\\\/schema\\\/logo\\\/image\\\/\"},\"sameAs\":[\"https:\\\/\\\/www.facebook.com\\\/neuroconcept\",\"https:\\\/\\\/x.com\\\/NeuroConcept\",\"https:\\\/\\\/www.instagram.com\\\/neuroconcept.rehab\\\/\",\"https:\\\/\\\/twitter.com\\\/NeuroConcept\"]}]}<\/script>\n<!-- \/ Yoast SEO plugin. -->","yoast_head_json":{"title":"Prix et distinctions Neuro-Concept | Excellence en r\u00e9adaptation","description":"Neuro-Concept, reconnu pour son leadership et son innovation, a remport\u00e9 plusieurs prix prestigieux soulignant son impact en r\u00e9adaptation neurologique et sa contribution \u00e0 la communaut\u00e9.","robots":{"index":"index","follow":"follow","max-snippet":"max-snippet:-1","max-image-preview":"max-image-preview:large","max-video-preview":"max-video-preview:-1"},"canonical":"https:\/\/www.neuro-concept.ca\/fr\/prix-distinctions\/","og_locale":"fr_FR","og_type":"article","og_title":"Prix et distinctions Neuro-Concept | Excellence en r\u00e9adaptation","og_description":"Neuro-Concept, reconnu pour son leadership et son innovation, a remport\u00e9 plusieurs prix prestigieux soulignant son impact en r\u00e9adaptation neurologique et sa contribution \u00e0 la communaut\u00e9.","og_url":"https:\/\/www.neuro-concept.ca\/fr\/prix-distinctions\/","og_site_name":"Neuro-Concept - Centre de r\u00e9adaptation neurologique","article_publisher":"https:\/\/www.facebook.com\/neuroconcept","article_modified_time":"2025-07-09T21:10:37+00:00","og_image":[{"url":"https:\/\/www.neuro-concept.ca\/wp-content\/uploads\/2019\/10\/pme-mtl-grand-sud-ouest.png","type":"","width":"","height":""}],"twitter_card":"summary_large_image","twitter_site":"@NeuroConcept","schema":{"@context":"https:\/\/schema.org","@graph":[{"@type":"WebPage","@id":"https:\/\/www.neuro-concept.ca\/fr\/prix-distinctions\/","url":"https:\/\/www.neuro-concept.ca\/fr\/prix-distinctions\/","name":"Prix et distinctions Neuro-Concept | Excellence en r\u00e9adaptation","isPartOf":{"@id":"https:\/\/www.neuro-concept.ca\/fr\/#website"},"primaryImageOfPage":{"@id":"https:\/\/www.neuro-concept.ca\/fr\/prix-distinctions\/#primaryimage"},"image":{"@id":"https:\/\/www.neuro-concept.ca\/fr\/prix-distinctions\/#primaryimage"},"thumbnailUrl":"https:\/\/www.neuro-concept.ca\/wp-content\/uploads\/2019\/10\/pme-mtl-grand-sud-ouest.png","datePublished":"2019-11-14T15:52:52+00:00","dateModified":"2025-07-09T21:10:37+00:00","description":"Neuro-Concept, reconnu pour son leadership et son innovation, a remport\u00e9 plusieurs prix prestigieux soulignant son impact en r\u00e9adaptation neurologique et sa contribution \u00e0 la communaut\u00e9.","breadcrumb":{"@id":"https:\/\/www.neuro-concept.ca\/fr\/prix-distinctions\/#breadcrumb"},"inLanguage":"fr-ca","potentialAction":[{"@type":"ReadAction","target":["https:\/\/www.neuro-concept.ca\/fr\/prix-distinctions\/"]}]},{"@type":"ImageObject","inLanguage":"fr-ca","@id":"https:\/\/www.neuro-concept.ca\/fr\/prix-distinctions\/#primaryimage","url":"https:\/\/www.neuro-concept.ca\/wp-content\/uploads\/2019\/10\/pme-mtl-grand-sud-ouest.png","contentUrl":"https:\/\/www.neuro-concept.ca\/wp-content\/uploads\/2019\/10\/pme-mtl-grand-sud-ouest.png"},{"@type":"BreadcrumbList","@id":"https:\/\/www.neuro-concept.ca\/fr\/prix-distinctions\/#breadcrumb","itemListElement":[{"@type":"ListItem","position":1,"name":"Home","item":"https:\/\/www.neuro-concept.ca\/fr\/"},{"@type":"ListItem","position":2,"name":"Prix et distinctions"}]},{"@type":"WebSite","@id":"https:\/\/www.neuro-concept.ca\/fr\/#website","url":"https:\/\/www.neuro-concept.ca\/fr\/","name":"Neuro-Concept - Centre de r\u00e9adaptation neurologique","description":"La sant\u00e9 - \u00c0 la port\u00e9e de tous","publisher":{"@id":"https:\/\/www.neuro-concept.ca\/fr\/#organization"},"potentialAction":[{"@type":"SearchAction","target":{"@type":"EntryPoint","urlTemplate":"https:\/\/www.neuro-concept.ca\/fr\/?s={search_term_string}"},"query-input":{"@type":"PropertyValueSpecification","valueRequired":true,"valueName":"search_term_string"}}],"inLanguage":"fr-ca"},{"@type":"Organization","@id":"https:\/\/www.neuro-concept.ca\/fr\/#organization","name":"Neuro-Concept","url":"https:\/\/www.neuro-concept.ca\/fr\/","logo":{"@type":"ImageObject","inLanguage":"fr-ca","@id":"https:\/\/www.neuro-concept.ca\/fr\/#\/schema\/logo\/image\/","url":"https:\/\/www.neuro-concept.ca\/wp-content\/uploads\/2019\/07\/favicon-1.png","contentUrl":"https:\/\/www.neuro-concept.ca\/wp-content\/uploads\/2019\/07\/favicon-1.png","width":330,"height":330,"caption":"Neuro-Concept"},"image":{"@id":"https:\/\/www.neuro-concept.ca\/fr\/#\/schema\/logo\/image\/"},"sameAs":["https:\/\/www.facebook.com\/neuroconcept","https:\/\/x.com\/NeuroConcept","https:\/\/www.instagram.com\/neuroconcept.rehab\/","https:\/\/twitter.com\/NeuroConcept"]}]}},"_links":{"self":[{"href":"https:\/\/www.neuro-concept.ca\/fr\/wp-json\/wp\/v2\/pages\/7248","targetHints":{"allow":["GET"]}}],"collection":[{"href":"https:\/\/www.neuro-concept.ca\/fr\/wp-json\/wp\/v2\/pages"}],"about":[{"href":"https:\/\/www.neuro-concept.ca\/fr\/wp-json\/wp\/v2\/types\/page"}],"author":[{"embeddable":true,"href":"https:\/\/www.neuro-concept.ca\/fr\/wp-json\/wp\/v2\/users\/9"}],"replies":[{"embeddable":true,"href":"https:\/\/www.neuro-concept.ca\/fr\/wp-json\/wp\/v2\/comments?post=7248"}],"version-history":[{"count":26,"href":"https:\/\/www.neuro-concept.ca\/fr\/wp-json\/wp\/v2\/pages\/7248\/revisions"}],"predecessor-version":[{"id":13891,"href":"https:\/\/www.neuro-concept.ca\/fr\/wp-json\/wp\/v2\/pages\/7248\/revisions\/13891"}],"wp:attachment":[{"href":"https:\/\/www.neuro-concept.ca\/fr\/wp-json\/wp\/v2\/media?parent=7248"}],"curies":[{"name":"wp","href":"https:\/\/api.w.org\/{rel}","templated":true}]}}