{"id":6822,"date":"2019-09-09T13:19:06","date_gmt":"2019-09-09T18:19:06","guid":{"rendered":"https:\/\/www.neuro-concept.ca\/?page_id=6822"},"modified":"2025-06-10T14:05:46","modified_gmt":"2025-06-10T18:05:46","slug":"traitement-pendant-et-apres-cancer","status":"publish","type":"page","link":"https:\/\/www.neuro-concept.ca\/fr\/traitements-adaptes\/traitement-pendant-et-apres-cancer\/","title":{"rendered":"Cancer et leuc\u00e9mie"},"content":{"rendered":"\t\t<div data-elementor-type=\"wp-page\" data-elementor-id=\"6822\" class=\"elementor elementor-6822\">\n\t\t\t\t\t\t<section class=\"elementor-section elementor-top-section elementor-element elementor-element-5b9b735 elementor-section-boxed elementor-section-height-default elementor-section-height-default\" data-id=\"5b9b735\" data-element_type=\"section\" data-e-type=\"section\">\n\t\t\t\t\t\t<div class=\"elementor-container elementor-column-gap-default\">\n\t\t\t\t\t<div class=\"elementor-column elementor-col-100 elementor-top-column elementor-element elementor-element-72f4a2c\" data-id=\"72f4a2c\" data-element_type=\"column\" data-e-type=\"column\">\n\t\t\t<div class=\"elementor-widget-wrap elementor-element-populated\">\n\t\t\t\t\t\t<div class=\"elementor-element elementor-element-aa554d0 elementor-widget elementor-widget-heading\" data-id=\"aa554d0\" data-element_type=\"widget\" data-e-type=\"widget\" data-widget_type=\"heading.default\">\n\t\t\t\t<div class=\"elementor-widget-container\">\n\t\t\t\t\t<h2 class=\"elementor-heading-title elementor-size-default\">\ud83c\udf97\ufe0fTraitements pendant et apr\u00e8s le cancer : Soulager, r\u00e9cup\u00e9rer, revivre<\/h2>\t\t\t\t<\/div>\n\t\t\t\t<\/div>\n\t\t\t\t\t<\/div>\n\t\t<\/div>\n\t\t\t\t\t<\/div>\n\t\t<\/section>\n\t\t\t\t<section class=\"elementor-section elementor-top-section elementor-element elementor-element-0b4ce31 elementor-section-boxed elementor-section-height-default elementor-section-height-default\" data-id=\"0b4ce31\" data-element_type=\"section\" data-e-type=\"section\">\n\t\t\t\t\t\t<div class=\"elementor-container elementor-column-gap-default\">\n\t\t\t\t\t<div class=\"elementor-column elementor-col-100 elementor-top-column elementor-element elementor-element-8d7ff30\" data-id=\"8d7ff30\" data-element_type=\"column\" data-e-type=\"column\">\n\t\t\t<div class=\"elementor-widget-wrap elementor-element-populated\">\n\t\t\t\t\t\t<div class=\"elementor-element elementor-element-ca52773 elementor-widget elementor-widget-heading\" data-id=\"ca52773\" data-element_type=\"widget\" data-e-type=\"widget\" data-widget_type=\"heading.default\">\n\t\t\t\t<div class=\"elementor-widget-container\">\n\t\t\t\t\t<h3 class=\"elementor-heading-title elementor-size-default\">Am\u00e9liorer la qualit\u00e9 de vie pendant et apr\u00e8s les traitements oncologiques<\/h3>\t\t\t\t<\/div>\n\t\t\t\t<\/div>\n\t\t\t\t<div class=\"elementor-element elementor-element-f869759 elementor-widget elementor-widget-text-editor\" data-id=\"f869759\" data-element_type=\"widget\" data-e-type=\"widget\" data-widget_type=\"text-editor.default\">\n\t\t\t\t<div class=\"elementor-widget-container\">\n\t\t\t\t\t\t\t\t\t<p>Au <strong data-start=\"354\" data-end=\"364\">Canada<\/strong>, une personne sur deux recevra un <strong data-start=\"399\" data-end=\"423\">diagnostic de cancer<\/strong> au cours de sa vie. Gr\u00e2ce aux avanc\u00e9es m\u00e9dicales, de plus en plus de patients deviennent des <strong data-start=\"517\" data-end=\"541\">survivants du cancer<\/strong>. Le cancer et ses traitements, notamment la chimioth\u00e9rapie, la radioth\u00e9rapie ou la chirurgie, peuvent entra\u00eener des <strong data-start=\"1583\" data-end=\"1625\">cons\u00e9quences neurologiques importantes<\/strong>. Parmi celles-ci, on retrouve des troubles tels que la neuropathie p\u00e9riph\u00e9rique, le pied tombant, les troubles cognitifs souvent appel\u00e9s \u00ab\u202fbrouillard c\u00e9r\u00e9bral\u202f\u00bb, la faiblesse musculaire, ainsi que des difficult\u00e9s d\u2019\u00e9quilibre et de coordination. Ces effets peuvent affecter la mobilit\u00e9, la qualit\u00e9 de vie et l\u2019autonomie des patients. Une prise en charge sp\u00e9cialis\u00e9e en r\u00e9adaptation neurologique est essentielle pour att\u00e9nuer ces sympt\u00f4mes, am\u00e9liorer les fonctions motrices et sensorielles, et favoriser une meilleure r\u00e9cup\u00e9ration globale.<\/p>\t\t\t\t\t\t\t\t<\/div>\n\t\t\t\t<\/div>\n\t\t\t\t<div class=\"elementor-element elementor-element-97ce95f elementor-widget elementor-widget-heading\" data-id=\"97ce95f\" data-element_type=\"widget\" data-e-type=\"widget\" data-widget_type=\"heading.default\">\n\t\t\t\t<div class=\"elementor-widget-container\">\n\t\t\t\t\t<h3 class=\"elementor-heading-title elementor-size-default\">\ud83e\ude7a Lymph\u0153d\u00e8me : comprendre et traiter l\u2019enflure post-cancer<\/h3>\t\t\t\t<\/div>\n\t\t\t\t<\/div>\n\t\t\t\t\t<\/div>\n\t\t<\/div>\n\t\t\t\t\t<\/div>\n\t\t<\/section>\n\t\t\t\t<section class=\"elementor-section elementor-top-section elementor-element elementor-element-d566a60 elementor-section-boxed elementor-section-height-default elementor-section-height-default\" data-id=\"d566a60\" data-element_type=\"section\" data-e-type=\"section\">\n\t\t\t\t\t\t<div class=\"elementor-container elementor-column-gap-default\">\n\t\t\t\t\t<div class=\"elementor-column elementor-col-33 elementor-top-column elementor-element elementor-element-5f965d4\" data-id=\"5f965d4\" data-element_type=\"column\" data-e-type=\"column\">\n\t\t\t<div class=\"elementor-widget-wrap elementor-element-populated\">\n\t\t\t\t\t\t<div class=\"elementor-element elementor-element-b09fce7 elementor-widget elementor-widget-image\" data-id=\"b09fce7\" data-element_type=\"widget\" data-e-type=\"widget\" data-widget_type=\"image.default\">\n\t\t\t\t<div class=\"elementor-widget-container\">\n\t\t\t\t\t\t\t\t\t\t\t\t\t\t\t<img fetchpriority=\"high\" decoding=\"async\" width=\"720\" height=\"480\" src=\"https:\/\/www.neuro-concept.ca\/wp-content\/uploads\/2020\/05\/lymphoedeme-syndrome-du-gros-bras.jpg\" class=\"attachment-large size-large wp-image-8431\" alt=\"cancer - neuro-concept\" srcset=\"https:\/\/www.neuro-concept.ca\/wp-content\/uploads\/2020\/05\/lymphoedeme-syndrome-du-gros-bras.jpg 720w, https:\/\/www.neuro-concept.ca\/wp-content\/uploads\/2020\/05\/lymphoedeme-syndrome-du-gros-bras-300x200.jpg 300w\" sizes=\"(max-width: 720px) 100vw, 720px\" \/>\t\t\t\t\t\t\t\t\t\t\t\t\t\t\t<\/div>\n\t\t\t\t<\/div>\n\t\t\t\t\t<\/div>\n\t\t<\/div>\n\t\t\t\t<div class=\"elementor-column elementor-col-66 elementor-top-column elementor-element elementor-element-27ee1cb\" data-id=\"27ee1cb\" data-element_type=\"column\" data-e-type=\"column\">\n\t\t\t<div class=\"elementor-widget-wrap elementor-element-populated\">\n\t\t\t\t\t\t<div class=\"elementor-element elementor-element-a356235 elementor-widget elementor-widget-text-editor\" data-id=\"a356235\" data-element_type=\"widget\" data-e-type=\"widget\" data-widget_type=\"text-editor.default\">\n\t\t\t\t<div class=\"elementor-widget-container\">\n\t\t\t\t\t\t\t\t\t<p data-start=\"994\" data-end=\"1279\">Le <strong data-start=\"997\" data-end=\"1011\">lymph\u0153d\u00e8me<\/strong> est une complication fr\u00e9quente apr\u00e8s certains traitements contre le cancer, notamment du sein, du pelvis ou des ganglions. Il s\u2019agit d\u2019une <strong data-start=\"1151\" data-end=\"1190\">accumulation de liquide lymphatique<\/strong> dans les tissus, provoquant une enflure persistante au niveau d\u2019un membre (bras, jambe).<\/p><p data-start=\"1281\" data-end=\"1428\">\ud83d\udca1 <strong data-start=\"1284\" data-end=\"1302\">Notre approche<\/strong> :<br data-start=\"1304\" data-end=\"1307\" \/>Nos <strong>massoth\u00e9rapeutes<\/strong> et nos <strong data-start=\"1311\" data-end=\"1344\">physioth\u00e9rapeutes sp\u00e9cialis\u00e9s<\/strong> pratiquent\u00a0:<\/p><ul><li data-start=\"1432\" data-end=\"1463\"><strong data-start=\"1432\" data-end=\"1463\">Drainage lymphatique manuel<\/strong><\/li><li data-start=\"1432\" data-end=\"1463\"><strong data-start=\"1466\" data-end=\"1486\">Soins de la peau<\/strong><\/li><li data-start=\"1432\" data-end=\"1463\"><strong data-start=\"1516\" data-end=\"1544\">Exercices th\u00e9rapeutiques<\/strong><\/li><\/ul><p data-start=\"1588\" data-end=\"1711\">Ce protocole vise \u00e0 <strong data-start=\"1608\" data-end=\"1629\">r\u00e9duire l\u2019enflure<\/strong>, pr\u00e9venir les complications et am\u00e9liorer la <strong data-start=\"1674\" data-end=\"1710\">fonctionnalit\u00e9 du membre atteint<\/strong>.<\/p>\t\t\t\t\t\t\t\t<\/div>\n\t\t\t\t<\/div>\n\t\t\t\t\t<\/div>\n\t\t<\/div>\n\t\t\t\t\t<\/div>\n\t\t<\/section>\n\t\t\t\t<section class=\"elementor-section elementor-top-section elementor-element elementor-element-22875c6 elementor-section-boxed elementor-section-height-default elementor-section-height-default\" data-id=\"22875c6\" data-element_type=\"section\" data-e-type=\"section\">\n\t\t\t\t\t\t<div class=\"elementor-container elementor-column-gap-default\">\n\t\t\t\t\t<div class=\"elementor-column elementor-col-66 elementor-top-column elementor-element elementor-element-014a059\" data-id=\"014a059\" data-element_type=\"column\" data-e-type=\"column\">\n\t\t\t<div class=\"elementor-widget-wrap elementor-element-populated\">\n\t\t\t\t\t\t<div class=\"elementor-element elementor-element-21592fb elementor-widget elementor-widget-heading\" data-id=\"21592fb\" data-element_type=\"widget\" data-e-type=\"widget\" data-widget_type=\"heading.default\">\n\t\t\t\t<div class=\"elementor-widget-container\">\n\t\t\t\t\t<h3 class=\"elementor-heading-title elementor-size-default\">\ud83d\udd0c Neuropathies p\u00e9riph\u00e9riques et cordons axillaires : prise en charge cibl\u00e9e<\/h3>\t\t\t\t<\/div>\n\t\t\t\t<\/div>\n\t\t\t\t<div class=\"elementor-element elementor-element-8b84596 elementor-widget elementor-widget-text-editor\" data-id=\"8b84596\" data-element_type=\"widget\" data-e-type=\"widget\" data-widget_type=\"text-editor.default\">\n\t\t\t\t<div class=\"elementor-widget-container\">\n\t\t\t\t\t\t\t\t\t<p>Les <strong data-start=\"1808\" data-end=\"1838\">neuropathies p\u00e9riph\u00e9riques<\/strong> caus\u00e9es par la chimioth\u00e9rapie (douleurs, engourdissements, perte de sensibilit\u00e9) ainsi que les <strong data-start=\"1934\" data-end=\"1956\">cordons axillaires<\/strong> (fibroses douloureuses sous l\u2019aisselle) peuvent limiter la mobilit\u00e9 et nuire au quotidien.<br data-start=\"2047\" data-end=\"2050\" \/>\ud83d\udc69\u200d\u2695\ufe0f Nos physioth\u00e9rapeutes offrent des <strong data-start=\"2090\" data-end=\"2122\">interventions personnalis\u00e9es<\/strong> pour restaurer les amplitudes, r\u00e9duire la douleur et am\u00e9liorer votre autonomie.<\/p>\t\t\t\t\t\t\t\t<\/div>\n\t\t\t\t<\/div>\n\t\t\t\t<div class=\"elementor-element elementor-element-1817903 elementor-widget elementor-widget-heading\" data-id=\"1817903\" data-element_type=\"widget\" data-e-type=\"widget\" data-widget_type=\"heading.default\">\n\t\t\t\t<div class=\"elementor-widget-container\">\n\t\t\t\t\t<h3 class=\"elementor-heading-title elementor-size-default\">\ud83e\uddd8\u200d\u2640\ufe0f Fatigue, stress, perte d\u2019endurance : un accompagnement actif et bienveillant<\/h3>\t\t\t\t<\/div>\n\t\t\t\t<\/div>\n\t\t\t\t<div class=\"elementor-element elementor-element-6e79176 elementor-widget elementor-widget-text-editor\" data-id=\"6e79176\" data-element_type=\"widget\" data-e-type=\"widget\" data-widget_type=\"text-editor.default\">\n\t\t\t\t<div class=\"elementor-widget-container\">\n\t\t\t\t\t\t\t\t\t<p data-start=\"2301\" data-end=\"2615\">La <strong data-start=\"2304\" data-end=\"2330\">fatigue li\u00e9e au cancer<\/strong> est un sympt\u00f4me chronique qui ne s\u2019am\u00e9liore pas toujours avec le repos. Elle est souvent amplifi\u00e9e par la s\u00e9dentarit\u00e9, le stress et les effets secondaires des traitements.<br data-start=\"2502\" data-end=\"2505\" \/>Chez <strong data-start=\"2510\" data-end=\"2527\">Neuro-Concept<\/strong>, nous vous proposons un accompagnement global pour reprendre confiance en votre corps :<\/p><p data-start=\"2617\" data-end=\"2932\">\u2705 <strong data-start=\"2619\" data-end=\"2659\">S\u00e9ances d\u2019activit\u00e9 physique adapt\u00e9es<\/strong>, en groupe ou en individuel, encadr\u00e9es par nos <strong data-start=\"2707\" data-end=\"2724\">kin\u00e9siologues<\/strong><br data-start=\"2724\" data-end=\"2727\" \/>\u2705 <strong data-start=\"2729\" data-end=\"2767\">Strat\u00e9gies de gestion de l\u2019\u00e9nergie<\/strong> pour \u00e9quilibrer repos et effort<br data-start=\"2799\" data-end=\"2802\" \/>\u2705 <strong data-start=\"2804\" data-end=\"2833\">Massoth\u00e9rapie sp\u00e9cialis\u00e9e<\/strong> pour apaiser les tensions et favoriser la d\u00e9tente<br data-start=\"2883\" data-end=\"2886\" \/>\u2705 <strong data-start=\"2888\" data-end=\"2932\">\u00c9ducation \u00e0 un mode de vie actif et sain<\/strong><\/p>\t\t\t\t\t\t\t\t<\/div>\n\t\t\t\t<\/div>\n\t\t\t\t\t<\/div>\n\t\t<\/div>\n\t\t\t\t<div class=\"elementor-column elementor-col-33 elementor-top-column elementor-element elementor-element-4135a57\" data-id=\"4135a57\" data-element_type=\"column\" data-e-type=\"column\">\n\t\t\t<div class=\"elementor-widget-wrap elementor-element-populated\">\n\t\t\t\t\t\t<div class=\"elementor-element elementor-element-96aca96 elementor-widget elementor-widget-image\" data-id=\"96aca96\" data-element_type=\"widget\" data-e-type=\"widget\" data-widget_type=\"image.default\">\n\t\t\t\t<div class=\"elementor-widget-container\">\n\t\t\t\t\t\t\t\t\t\t\t\t\t\t\t<img decoding=\"async\" width=\"720\" height=\"481\" src=\"https:\/\/www.neuro-concept.ca\/wp-content\/uploads\/2020\/05\/physio-osteo-cancer-du-sein.jpg\" class=\"attachment-large size-large wp-image-8433\" alt=\"neuro-concept\" srcset=\"https:\/\/www.neuro-concept.ca\/wp-content\/uploads\/2020\/05\/physio-osteo-cancer-du-sein.jpg 720w, https:\/\/www.neuro-concept.ca\/wp-content\/uploads\/2020\/05\/physio-osteo-cancer-du-sein-300x200.jpg 300w\" sizes=\"(max-width: 720px) 100vw, 720px\" \/>\t\t\t\t\t\t\t\t\t\t\t\t\t\t\t<\/div>\n\t\t\t\t<\/div>\n\t\t\t\t<div class=\"elementor-element elementor-element-5e4fbdb elementor-widget elementor-widget-video\" data-id=\"5e4fbdb\" data-element_type=\"widget\" data-e-type=\"widget\" data-settings=\"{&quot;youtube_url&quot;:&quot;https:\\\/\\\/youtube.com\\\/shorts\\\/qDv0QQobEso&quot;,&quot;video_type&quot;:&quot;youtube&quot;,&quot;controls&quot;:&quot;yes&quot;}\" data-widget_type=\"video.default\">\n\t\t\t\t<div class=\"elementor-widget-container\">\n\t\t\t\t\t\t\t<div class=\"elementor-wrapper elementor-open-inline\">\n\t\t\t<div class=\"elementor-video\"><\/div>\t\t<\/div>\n\t\t\t\t\t\t<\/div>\n\t\t\t\t<\/div>\n\t\t\t\t\t<\/div>\n\t\t<\/div>\n\t\t\t\t\t<\/div>\n\t\t<\/section>\n\t\t\t\t<section class=\"elementor-section elementor-top-section elementor-element elementor-element-1947141 elementor-section-boxed elementor-section-height-default elementor-section-height-default\" data-id=\"1947141\" data-element_type=\"section\" data-e-type=\"section\">\n\t\t\t\t\t\t<div class=\"elementor-container elementor-column-gap-default\">\n\t\t\t\t\t<div class=\"elementor-column elementor-col-100 elementor-top-column elementor-element elementor-element-ff32d3b\" data-id=\"ff32d3b\" data-element_type=\"column\" data-e-type=\"column\">\n\t\t\t<div class=\"elementor-widget-wrap elementor-element-populated\">\n\t\t\t\t\t\t<div class=\"elementor-element elementor-element-3718164 elementor-widget elementor-widget-heading\" data-id=\"3718164\" data-element_type=\"widget\" data-e-type=\"widget\" data-widget_type=\"heading.default\">\n\t\t\t\t<div class=\"elementor-widget-container\">\n\t\t\t\t\t<h2 class=\"elementor-heading-title elementor-size-default\">\ud83d\udcac Notre engagement : soutenir votre parcours de gu\u00e9rison<\/h2>\t\t\t\t<\/div>\n\t\t\t\t<\/div>\n\t\t\t\t<div class=\"elementor-element elementor-element-e59ee20 elementor-widget elementor-widget-text-editor\" data-id=\"e59ee20\" data-element_type=\"widget\" data-e-type=\"widget\" data-widget_type=\"text-editor.default\">\n\t\t\t\t<div class=\"elementor-widget-container\">\n\t\t\t\t\t\t\t\t\t<p data-start=\"3006\" data-end=\"3307\">Au <strong data-start=\"3009\" data-end=\"3033\">centre Neuro-Concept<\/strong>, notre mission est d\u2019<strong data-start=\"3055\" data-end=\"3089\">am\u00e9liorer votre qualit\u00e9 de vie<\/strong> \u00e0 toutes les \u00e9tapes de votre parcours contre le cancer. Notre \u00e9quipe interdisciplinaire \u2013 <strong data-start=\"3180\" data-end=\"3234\">physioth\u00e9rapeutes, kin\u00e9siologues, massoth\u00e9rapeutes<\/strong> \u2013 est form\u00e9e pour intervenir avec <strong data-start=\"3269\" data-end=\"3306\">empathie, expertise et innovation<\/strong>.<\/p><p data-start=\"3309\" data-end=\"3512\">\ud83c\udf31 <strong data-start=\"3312\" data-end=\"3377\">Nous vous aidons \u00e0 surmonter les effets secondaires physiques<\/strong> des traitements et \u00e0 d\u00e9velopper de <strong data-start=\"3413\" data-end=\"3449\">saines habitudes de vie durables<\/strong>, pour pr\u00e9venir les r\u00e9cidives et retrouver un bien-\u00eatre global.<\/p>\t\t\t\t\t\t\t\t<\/div>\n\t\t\t\t<\/div>\n\t\t\t\t\t<\/div>\n\t\t<\/div>\n\t\t\t\t\t<\/div>\n\t\t<\/section>\n\t\t\t\t<section class=\"elementor-section elementor-top-section elementor-element elementor-element-cd4b675 elementor-section-height-min-height elementor-section-stretched elementor-section-boxed elementor-section-height-default elementor-section-items-middle\" data-id=\"cd4b675\" data-element_type=\"section\" data-e-type=\"section\" data-settings=\"{&quot;stretch_section&quot;:&quot;section-stretched&quot;,&quot;background_background&quot;:&quot;classic&quot;}\">\n\t\t\t\t\t\t<div class=\"elementor-container elementor-column-gap-default\">\n\t\t\t\t\t<div class=\"elementor-column elementor-col-100 elementor-top-column elementor-element elementor-element-990c50c\" data-id=\"990c50c\" data-element_type=\"column\" data-e-type=\"column\">\n\t\t\t<div class=\"elementor-widget-wrap elementor-element-populated\">\n\t\t\t\t\t\t<div class=\"elementor-element elementor-element-d20f6f6 elementor-align-center elementor-widget elementor-widget-button\" data-id=\"d20f6f6\" data-element_type=\"widget\" data-e-type=\"widget\" data-widget_type=\"button.default\">\n\t\t\t\t<div class=\"elementor-widget-container\">\n\t\t\t\t\t\t\t\t\t<div class=\"elementor-button-wrapper\">\n\t\t\t\t\t<a class=\"elementor-button elementor-button-link elementor-size-sm\" href=\"https:\/\/www.neuro-concept.ca\/fr\/contact-neuro\/\">\n\t\t\t\t\t\t<span class=\"elementor-button-content-wrapper\">\n\t\t\t\t\t\t\t\t\t<span class=\"elementor-button-text\">Commencez votre parcours de r\u00e9adaptation<\/span>\n\t\t\t\t\t<\/span>\n\t\t\t\t\t<\/a>\n\t\t\t\t<\/div>\n\t\t\t\t\t\t\t\t<\/div>\n\t\t\t\t<\/div>\n\t\t\t\t\t<\/div>\n\t\t<\/div>\n\t\t\t\t\t<\/div>\n\t\t<\/section>\n\t\t\t\t<\/div>\n\t\t","protected":false},"excerpt":{"rendered":"<p>\ud83c\udf97\ufe0fTraitements pendant et apr\u00e8s le cancer : Soulager, r\u00e9cup\u00e9rer, revivre Am\u00e9liorer la qualit\u00e9 de vie pendant et apr\u00e8s les traitements oncologiques Au Canada, une personne sur deux recevra un diagnostic de cancer au cours de sa vie. Gr\u00e2ce aux avanc\u00e9es m\u00e9dicales, de plus en plus de patients deviennent des survivants du cancer. Le cancer et&#8230;<\/p>\n","protected":false},"author":9,"featured_media":0,"parent":6088,"menu_order":0,"comment_status":"closed","ping_status":"closed","template":"","meta":{"_monsterinsights_skip_tracking":false,"_monsterinsights_sitenote_active":false,"_monsterinsights_sitenote_note":"","_monsterinsights_sitenote_category":0,"footnotes":""},"class_list":["post-6822","page","type-page","status-publish","hentry"],"yoast_head":"<!-- This site is optimized with the Yoast SEO plugin v27.5 - https:\/\/yoast.com\/product\/yoast-seo-wordpress\/ -->\n<title>Traitements pendant et apr\u00e8s le cancer | Neuro-Concept<\/title>\n<meta name=\"description\" content=\"Soulagez les effets secondaires du cancer gr\u00e2ce \u00e0 nos soins de physioth\u00e9rapie, kin\u00e9siologie et massoth\u00e9rapie. Traitement du lymph\u0153d\u00e8me, fatigue, neuropathies et plus.\" \/>\n<meta name=\"robots\" content=\"index, follow, max-snippet:-1, max-image-preview:large, max-video-preview:-1\" \/>\n<link rel=\"canonical\" href=\"https:\/\/www.neuro-concept.ca\/fr\/traitements-adaptes\/traitement-pendant-et-apres-cancer\/\" \/>\n<meta property=\"og:locale\" content=\"fr_FR\" \/>\n<meta property=\"og:type\" content=\"article\" \/>\n<meta property=\"og:title\" content=\"Traitements pendant et apr\u00e8s le cancer | Neuro-Concept\" \/>\n<meta property=\"og:description\" content=\"Soulagez les effets secondaires du cancer gr\u00e2ce \u00e0 nos soins de physioth\u00e9rapie, kin\u00e9siologie et massoth\u00e9rapie. Traitement du lymph\u0153d\u00e8me, fatigue, neuropathies et plus.\" \/>\n<meta property=\"og:url\" content=\"https:\/\/www.neuro-concept.ca\/fr\/traitements-adaptes\/traitement-pendant-et-apres-cancer\/\" \/>\n<meta property=\"og:site_name\" content=\"Neuro-Concept - Centre de r\u00e9adaptation neurologique\" \/>\n<meta property=\"article:publisher\" content=\"https:\/\/www.facebook.com\/neuroconcept\" \/>\n<meta property=\"article:modified_time\" content=\"2025-06-10T18:05:46+00:00\" \/>\n<meta property=\"og:image\" content=\"https:\/\/www.neuro-concept.ca\/wp-content\/uploads\/2020\/05\/lymphoedeme-syndrome-du-gros-bras.jpg\" \/>\n<meta name=\"twitter:card\" content=\"summary_large_image\" \/>\n<meta name=\"twitter:site\" content=\"@NeuroConcept\" \/>\n<script type=\"application\/ld+json\" class=\"yoast-schema-graph\">{\"@context\":\"https:\\\/\\\/schema.org\",\"@graph\":[{\"@type\":\"WebPage\",\"@id\":\"https:\\\/\\\/www.neuro-concept.ca\\\/fr\\\/traitements-adaptes\\\/traitement-pendant-et-apres-cancer\\\/\",\"url\":\"https:\\\/\\\/www.neuro-concept.ca\\\/fr\\\/traitements-adaptes\\\/traitement-pendant-et-apres-cancer\\\/\",\"name\":\"Traitements pendant et apr\u00e8s le cancer | Neuro-Concept\",\"isPartOf\":{\"@id\":\"https:\\\/\\\/www.neuro-concept.ca\\\/fr\\\/#website\"},\"primaryImageOfPage\":{\"@id\":\"https:\\\/\\\/www.neuro-concept.ca\\\/fr\\\/traitements-adaptes\\\/traitement-pendant-et-apres-cancer\\\/#primaryimage\"},\"image\":{\"@id\":\"https:\\\/\\\/www.neuro-concept.ca\\\/fr\\\/traitements-adaptes\\\/traitement-pendant-et-apres-cancer\\\/#primaryimage\"},\"thumbnailUrl\":\"https:\\\/\\\/www.neuro-concept.ca\\\/wp-content\\\/uploads\\\/2020\\\/05\\\/lymphoedeme-syndrome-du-gros-bras.jpg\",\"datePublished\":\"2019-09-09T18:19:06+00:00\",\"dateModified\":\"2025-06-10T18:05:46+00:00\",\"description\":\"Soulagez les effets secondaires du cancer gr\u00e2ce \u00e0 nos soins de physioth\u00e9rapie, kin\u00e9siologie et massoth\u00e9rapie. Traitement du lymph\u0153d\u00e8me, fatigue, neuropathies et plus.\",\"breadcrumb\":{\"@id\":\"https:\\\/\\\/www.neuro-concept.ca\\\/fr\\\/traitements-adaptes\\\/traitement-pendant-et-apres-cancer\\\/#breadcrumb\"},\"inLanguage\":\"fr-ca\",\"potentialAction\":[{\"@type\":\"ReadAction\",\"target\":[\"https:\\\/\\\/www.neuro-concept.ca\\\/fr\\\/traitements-adaptes\\\/traitement-pendant-et-apres-cancer\\\/\"]}]},{\"@type\":\"ImageObject\",\"inLanguage\":\"fr-ca\",\"@id\":\"https:\\\/\\\/www.neuro-concept.ca\\\/fr\\\/traitements-adaptes\\\/traitement-pendant-et-apres-cancer\\\/#primaryimage\",\"url\":\"https:\\\/\\\/www.neuro-concept.ca\\\/wp-content\\\/uploads\\\/2020\\\/05\\\/lymphoedeme-syndrome-du-gros-bras.jpg\",\"contentUrl\":\"https:\\\/\\\/www.neuro-concept.ca\\\/wp-content\\\/uploads\\\/2020\\\/05\\\/lymphoedeme-syndrome-du-gros-bras.jpg\"},{\"@type\":\"BreadcrumbList\",\"@id\":\"https:\\\/\\\/www.neuro-concept.ca\\\/fr\\\/traitements-adaptes\\\/traitement-pendant-et-apres-cancer\\\/#breadcrumb\",\"itemListElement\":[{\"@type\":\"ListItem\",\"position\":1,\"name\":\"Home\",\"item\":\"https:\\\/\\\/www.neuro-concept.ca\\\/fr\\\/\"},{\"@type\":\"ListItem\",\"position\":2,\"name\":\"Nos traitements adapt\u00e9s\",\"item\":\"https:\\\/\\\/www.neuro-concept.ca\\\/fr\\\/traitements-adaptes\\\/\"},{\"@type\":\"ListItem\",\"position\":3,\"name\":\"Cancer et leuc\u00e9mie\"}]},{\"@type\":\"WebSite\",\"@id\":\"https:\\\/\\\/www.neuro-concept.ca\\\/fr\\\/#website\",\"url\":\"https:\\\/\\\/www.neuro-concept.ca\\\/fr\\\/\",\"name\":\"Neuro-Concept - Centre de r\u00e9adaptation neurologique\",\"description\":\"La sant\u00e9 - \u00c0 la port\u00e9e de tous\",\"publisher\":{\"@id\":\"https:\\\/\\\/www.neuro-concept.ca\\\/fr\\\/#organization\"},\"potentialAction\":[{\"@type\":\"SearchAction\",\"target\":{\"@type\":\"EntryPoint\",\"urlTemplate\":\"https:\\\/\\\/www.neuro-concept.ca\\\/fr\\\/?s={search_term_string}\"},\"query-input\":{\"@type\":\"PropertyValueSpecification\",\"valueRequired\":true,\"valueName\":\"search_term_string\"}}],\"inLanguage\":\"fr-ca\"},{\"@type\":\"Organization\",\"@id\":\"https:\\\/\\\/www.neuro-concept.ca\\\/fr\\\/#organization\",\"name\":\"Neuro-Concept\",\"url\":\"https:\\\/\\\/www.neuro-concept.ca\\\/fr\\\/\",\"logo\":{\"@type\":\"ImageObject\",\"inLanguage\":\"fr-ca\",\"@id\":\"https:\\\/\\\/www.neuro-concept.ca\\\/fr\\\/#\\\/schema\\\/logo\\\/image\\\/\",\"url\":\"https:\\\/\\\/www.neuro-concept.ca\\\/wp-content\\\/uploads\\\/2019\\\/07\\\/favicon-1.png\",\"contentUrl\":\"https:\\\/\\\/www.neuro-concept.ca\\\/wp-content\\\/uploads\\\/2019\\\/07\\\/favicon-1.png\",\"width\":330,\"height\":330,\"caption\":\"Neuro-Concept\"},\"image\":{\"@id\":\"https:\\\/\\\/www.neuro-concept.ca\\\/fr\\\/#\\\/schema\\\/logo\\\/image\\\/\"},\"sameAs\":[\"https:\\\/\\\/www.facebook.com\\\/neuroconcept\",\"https:\\\/\\\/x.com\\\/NeuroConcept\",\"https:\\\/\\\/www.instagram.com\\\/neuroconcept.rehab\\\/\",\"https:\\\/\\\/twitter.com\\\/NeuroConcept\"]}]}<\/script>\n<!-- \/ Yoast SEO plugin. -->","yoast_head_json":{"title":"Traitements pendant et apr\u00e8s le cancer | Neuro-Concept","description":"Soulagez les effets secondaires du cancer gr\u00e2ce \u00e0 nos soins de physioth\u00e9rapie, kin\u00e9siologie et massoth\u00e9rapie. Traitement du lymph\u0153d\u00e8me, fatigue, neuropathies et plus.","robots":{"index":"index","follow":"follow","max-snippet":"max-snippet:-1","max-image-preview":"max-image-preview:large","max-video-preview":"max-video-preview:-1"},"canonical":"https:\/\/www.neuro-concept.ca\/fr\/traitements-adaptes\/traitement-pendant-et-apres-cancer\/","og_locale":"fr_FR","og_type":"article","og_title":"Traitements pendant et apr\u00e8s le cancer | Neuro-Concept","og_description":"Soulagez les effets secondaires du cancer gr\u00e2ce \u00e0 nos soins de physioth\u00e9rapie, kin\u00e9siologie et massoth\u00e9rapie. Traitement du lymph\u0153d\u00e8me, fatigue, neuropathies et plus.","og_url":"https:\/\/www.neuro-concept.ca\/fr\/traitements-adaptes\/traitement-pendant-et-apres-cancer\/","og_site_name":"Neuro-Concept - Centre de r\u00e9adaptation neurologique","article_publisher":"https:\/\/www.facebook.com\/neuroconcept","article_modified_time":"2025-06-10T18:05:46+00:00","og_image":[{"url":"https:\/\/www.neuro-concept.ca\/wp-content\/uploads\/2020\/05\/lymphoedeme-syndrome-du-gros-bras.jpg","type":"","width":"","height":""}],"twitter_card":"summary_large_image","twitter_site":"@NeuroConcept","schema":{"@context":"https:\/\/schema.org","@graph":[{"@type":"WebPage","@id":"https:\/\/www.neuro-concept.ca\/fr\/traitements-adaptes\/traitement-pendant-et-apres-cancer\/","url":"https:\/\/www.neuro-concept.ca\/fr\/traitements-adaptes\/traitement-pendant-et-apres-cancer\/","name":"Traitements pendant et apr\u00e8s le cancer | Neuro-Concept","isPartOf":{"@id":"https:\/\/www.neuro-concept.ca\/fr\/#website"},"primaryImageOfPage":{"@id":"https:\/\/www.neuro-concept.ca\/fr\/traitements-adaptes\/traitement-pendant-et-apres-cancer\/#primaryimage"},"image":{"@id":"https:\/\/www.neuro-concept.ca\/fr\/traitements-adaptes\/traitement-pendant-et-apres-cancer\/#primaryimage"},"thumbnailUrl":"https:\/\/www.neuro-concept.ca\/wp-content\/uploads\/2020\/05\/lymphoedeme-syndrome-du-gros-bras.jpg","datePublished":"2019-09-09T18:19:06+00:00","dateModified":"2025-06-10T18:05:46+00:00","description":"Soulagez les effets secondaires du cancer gr\u00e2ce \u00e0 nos soins de physioth\u00e9rapie, kin\u00e9siologie et massoth\u00e9rapie. Traitement du lymph\u0153d\u00e8me, fatigue, neuropathies et plus.","breadcrumb":{"@id":"https:\/\/www.neuro-concept.ca\/fr\/traitements-adaptes\/traitement-pendant-et-apres-cancer\/#breadcrumb"},"inLanguage":"fr-ca","potentialAction":[{"@type":"ReadAction","target":["https:\/\/www.neuro-concept.ca\/fr\/traitements-adaptes\/traitement-pendant-et-apres-cancer\/"]}]},{"@type":"ImageObject","inLanguage":"fr-ca","@id":"https:\/\/www.neuro-concept.ca\/fr\/traitements-adaptes\/traitement-pendant-et-apres-cancer\/#primaryimage","url":"https:\/\/www.neuro-concept.ca\/wp-content\/uploads\/2020\/05\/lymphoedeme-syndrome-du-gros-bras.jpg","contentUrl":"https:\/\/www.neuro-concept.ca\/wp-content\/uploads\/2020\/05\/lymphoedeme-syndrome-du-gros-bras.jpg"},{"@type":"BreadcrumbList","@id":"https:\/\/www.neuro-concept.ca\/fr\/traitements-adaptes\/traitement-pendant-et-apres-cancer\/#breadcrumb","itemListElement":[{"@type":"ListItem","position":1,"name":"Home","item":"https:\/\/www.neuro-concept.ca\/fr\/"},{"@type":"ListItem","position":2,"name":"Nos traitements adapt\u00e9s","item":"https:\/\/www.neuro-concept.ca\/fr\/traitements-adaptes\/"},{"@type":"ListItem","position":3,"name":"Cancer et leuc\u00e9mie"}]},{"@type":"WebSite","@id":"https:\/\/www.neuro-concept.ca\/fr\/#website","url":"https:\/\/www.neuro-concept.ca\/fr\/","name":"Neuro-Concept - Centre de r\u00e9adaptation neurologique","description":"La sant\u00e9 - \u00c0 la port\u00e9e de tous","publisher":{"@id":"https:\/\/www.neuro-concept.ca\/fr\/#organization"},"potentialAction":[{"@type":"SearchAction","target":{"@type":"EntryPoint","urlTemplate":"https:\/\/www.neuro-concept.ca\/fr\/?s={search_term_string}"},"query-input":{"@type":"PropertyValueSpecification","valueRequired":true,"valueName":"search_term_string"}}],"inLanguage":"fr-ca"},{"@type":"Organization","@id":"https:\/\/www.neuro-concept.ca\/fr\/#organization","name":"Neuro-Concept","url":"https:\/\/www.neuro-concept.ca\/fr\/","logo":{"@type":"ImageObject","inLanguage":"fr-ca","@id":"https:\/\/www.neuro-concept.ca\/fr\/#\/schema\/logo\/image\/","url":"https:\/\/www.neuro-concept.ca\/wp-content\/uploads\/2019\/07\/favicon-1.png","contentUrl":"https:\/\/www.neuro-concept.ca\/wp-content\/uploads\/2019\/07\/favicon-1.png","width":330,"height":330,"caption":"Neuro-Concept"},"image":{"@id":"https:\/\/www.neuro-concept.ca\/fr\/#\/schema\/logo\/image\/"},"sameAs":["https:\/\/www.facebook.com\/neuroconcept","https:\/\/x.com\/NeuroConcept","https:\/\/www.instagram.com\/neuroconcept.rehab\/","https:\/\/twitter.com\/NeuroConcept"]}]}},"_links":{"self":[{"href":"https:\/\/www.neuro-concept.ca\/fr\/wp-json\/wp\/v2\/pages\/6822","targetHints":{"allow":["GET"]}}],"collection":[{"href":"https:\/\/www.neuro-concept.ca\/fr\/wp-json\/wp\/v2\/pages"}],"about":[{"href":"https:\/\/www.neuro-concept.ca\/fr\/wp-json\/wp\/v2\/types\/page"}],"author":[{"embeddable":true,"href":"https:\/\/www.neuro-concept.ca\/fr\/wp-json\/wp\/v2\/users\/9"}],"replies":[{"embeddable":true,"href":"https:\/\/www.neuro-concept.ca\/fr\/wp-json\/wp\/v2\/comments?post=6822"}],"version-history":[{"count":15,"href":"https:\/\/www.neuro-concept.ca\/fr\/wp-json\/wp\/v2\/pages\/6822\/revisions"}],"predecessor-version":[{"id":12718,"href":"https:\/\/www.neuro-concept.ca\/fr\/wp-json\/wp\/v2\/pages\/6822\/revisions\/12718"}],"up":[{"embeddable":true,"href":"https:\/\/www.neuro-concept.ca\/fr\/wp-json\/wp\/v2\/pages\/6088"}],"wp:attachment":[{"href":"https:\/\/www.neuro-concept.ca\/fr\/wp-json\/wp\/v2\/media?parent=6822"}],"curies":[{"name":"wp","href":"https:\/\/api.w.org\/{rel}","templated":true}]}}