{"id":6772,"date":"2019-09-09T12:48:20","date_gmt":"2019-09-09T17:48:20","guid":{"rendered":"https:\/\/www.neuro-concept.ca\/?page_id=6772"},"modified":"2025-06-11T17:27:34","modified_gmt":"2025-06-11T21:27:34","slug":"faiblesse-fatigue-et-deconditionnement","status":"publish","type":"page","link":"https:\/\/www.neuro-concept.ca\/fr\/traitements-adaptes\/entrainement-et-blessures\/faiblesse-fatigue-et-deconditionnement\/","title":{"rendered":"Faiblesse, fatigue et d\u00e9conditionnement"},"content":{"rendered":"\t\t<div data-elementor-type=\"wp-post\" data-elementor-id=\"6772\" class=\"elementor elementor-6772\">\n\t\t\t\t\t\t<section class=\"elementor-section elementor-top-section elementor-element elementor-element-d755652 elementor-section-boxed elementor-section-height-default elementor-section-height-default\" data-id=\"d755652\" data-element_type=\"section\" data-e-type=\"section\">\n\t\t\t\t\t\t<div class=\"elementor-container elementor-column-gap-default\">\n\t\t\t\t\t<div class=\"elementor-column elementor-col-100 elementor-top-column elementor-element elementor-element-670e07a\" data-id=\"670e07a\" data-element_type=\"column\" data-e-type=\"column\">\n\t\t\t<div class=\"elementor-widget-wrap elementor-element-populated\">\n\t\t\t\t\t\t<div class=\"elementor-element elementor-element-4a57ebf elementor-widget elementor-widget-heading\" data-id=\"4a57ebf\" data-element_type=\"widget\" data-e-type=\"widget\" data-widget_type=\"heading.default\">\n\t\t\t\t<div class=\"elementor-widget-container\">\n\t\t\t\t\t<h2 class=\"elementor-heading-title elementor-size-default\">\ud83d\udd0b Faiblesse musculaire, fatigue et d\u00e9conditionnement : comprendre, traiter, retrouver votre vitalit\u00e9<\/h2>\t\t\t\t<\/div>\n\t\t\t\t<\/div>\n\t\t\t\t<div class=\"elementor-element elementor-element-17c060a elementor-widget elementor-widget-text-editor\" data-id=\"17c060a\" data-element_type=\"widget\" data-e-type=\"widget\" data-widget_type=\"text-editor.default\">\n\t\t\t\t<div class=\"elementor-widget-container\">\n\t\t\t\t\t\t\t\t\t<p data-start=\"385\" data-end=\"669\">Chez <strong data-start=\"390\" data-end=\"407\">Neuro-Concept<\/strong>, nous vous aidons \u00e0 reprendre le contr\u00f4le sur votre corps gr\u00e2ce \u00e0 des interventions sp\u00e9cialis\u00e9es pour am\u00e9liorer la <strong data-start=\"523\" data-end=\"543\">force musculaire<\/strong>, l\u2019<strong data-start=\"547\" data-end=\"569\">endurance physique<\/strong> et contrer le <strong data-start=\"584\" data-end=\"605\">d\u00e9conditionnement<\/strong> souvent associ\u00e9 aux troubles neurologiques ou \u00e0 la s\u00e9dentarit\u00e9.<\/p>\t\t\t\t\t\t\t\t<\/div>\n\t\t\t\t<\/div>\n\t\t\t\t\t<\/div>\n\t\t<\/div>\n\t\t\t\t\t<\/div>\n\t\t<\/section>\n\t\t\t\t<section class=\"elementor-section elementor-top-section elementor-element elementor-element-61a4c56 elementor-section-boxed elementor-section-height-default elementor-section-height-default\" data-id=\"61a4c56\" data-element_type=\"section\" data-e-type=\"section\">\n\t\t\t\t\t\t<div class=\"elementor-container elementor-column-gap-default\">\n\t\t\t\t\t<div class=\"elementor-column elementor-col-100 elementor-top-column elementor-element elementor-element-5335cc6\" data-id=\"5335cc6\" data-element_type=\"column\" data-e-type=\"column\">\n\t\t\t<div class=\"elementor-widget-wrap elementor-element-populated\">\n\t\t\t\t\t\t<div class=\"elementor-element elementor-element-0407b42 elementor-widget elementor-widget-heading\" data-id=\"0407b42\" data-element_type=\"widget\" data-e-type=\"widget\" data-widget_type=\"heading.default\">\n\t\t\t\t<div class=\"elementor-widget-container\">\n\t\t\t\t\t<h2 class=\"elementor-heading-title elementor-size-default\">\ud83d\udcaa Qu\u2019est-ce que la faiblesse musculaire?<\/h2>\t\t\t\t<\/div>\n\t\t\t\t<\/div>\n\t\t\t\t\t<\/div>\n\t\t<\/div>\n\t\t\t\t\t<\/div>\n\t\t<\/section>\n\t\t\t\t<section class=\"elementor-section elementor-top-section elementor-element elementor-element-bdd1eb1 elementor-section-content-middle elementor-section-boxed elementor-section-height-default elementor-section-height-default\" data-id=\"bdd1eb1\" data-element_type=\"section\" data-e-type=\"section\">\n\t\t\t\t\t\t<div class=\"elementor-container elementor-column-gap-default\">\n\t\t\t\t\t<div class=\"elementor-column elementor-col-50 elementor-top-column elementor-element elementor-element-31f1fdb\" data-id=\"31f1fdb\" data-element_type=\"column\" data-e-type=\"column\">\n\t\t\t<div class=\"elementor-widget-wrap elementor-element-populated\">\n\t\t\t\t\t\t<div class=\"elementor-element elementor-element-2bba972 elementor-widget elementor-widget-text-editor\" data-id=\"2bba972\" data-element_type=\"widget\" data-e-type=\"widget\" data-widget_type=\"text-editor.default\">\n\t\t\t\t<div class=\"elementor-widget-container\">\n\t\t\t\t\t\t\t\t\t<p data-start=\"723\" data-end=\"1026\">La <strong data-start=\"726\" data-end=\"750\">faiblesse musculaire<\/strong> se manifeste par une difficult\u00e9 \u00e0 ex\u00e9cuter des gestes du quotidien : s\u2019asseoir, se lever, marcher ou m\u00eame porter une fourchette \u00e0 sa bouche. \u00c0 un niveau plus avanc\u00e9, elle emp\u00eache \u00e9galement de pratiquer des activit\u00e9s sportives ou r\u00e9cr\u00e9atives comme la randonn\u00e9e ou la natation.<\/p><p data-start=\"1028\" data-end=\"1407\">Chez les personnes vivant avec une <strong data-start=\"1063\" data-end=\"1089\">condition neurologique<\/strong> (AVC, scl\u00e9rose en plaques, traumatisme cr\u00e2nien, etc.), renforcer les muscles demande une activation pr\u00e9cise et souvent difficile \u00e0 atteindre sans aide professionnelle. C\u2019est pourquoi nos physioth\u00e9rapeutes et kin\u00e9siologues \u00e9laborent des programmes sur mesure selon vos capacit\u00e9s motrices, votre tonus et vos objectifs.<\/p>\t\t\t\t\t\t\t\t<\/div>\n\t\t\t\t<\/div>\n\t\t\t\t\t<\/div>\n\t\t<\/div>\n\t\t\t\t<div class=\"elementor-column elementor-col-50 elementor-top-column elementor-element elementor-element-018698a\" data-id=\"018698a\" data-element_type=\"column\" data-e-type=\"column\">\n\t\t\t<div class=\"elementor-widget-wrap elementor-element-populated\">\n\t\t\t\t\t\t<div class=\"elementor-element elementor-element-5bbfa74 elementor-widget elementor-widget-image\" data-id=\"5bbfa74\" data-element_type=\"widget\" data-e-type=\"widget\" data-widget_type=\"image.default\">\n\t\t\t\t<div class=\"elementor-widget-container\">\n\t\t\t\t\t\t\t\t\t\t\t\t\t\t\t<img decoding=\"async\" src=\"https:\/\/www.neuro-concept.ca\/wp-content\/uploads\/elementor\/thumbs\/IMG_7148-scaled-r763pvck230a0fq4nz3faml5xfk41pcs20rsmvzvho.jpg\" title=\"posture et mobilite\" alt=\"neuro-concept\" loading=\"lazy\" \/>\t\t\t\t\t\t\t\t\t\t\t\t\t\t\t<\/div>\n\t\t\t\t<\/div>\n\t\t\t\t\t<\/div>\n\t\t<\/div>\n\t\t\t\t\t<\/div>\n\t\t<\/section>\n\t\t\t\t<section class=\"elementor-section elementor-top-section elementor-element elementor-element-de85b86 elementor-section-boxed elementor-section-height-default elementor-section-height-default\" data-id=\"de85b86\" data-element_type=\"section\" data-e-type=\"section\">\n\t\t\t\t\t\t<div class=\"elementor-container elementor-column-gap-default\">\n\t\t\t\t\t<div class=\"elementor-column elementor-col-50 elementor-top-column elementor-element elementor-element-af2205d\" data-id=\"af2205d\" data-element_type=\"column\" data-e-type=\"column\">\n\t\t\t<div class=\"elementor-widget-wrap elementor-element-populated\">\n\t\t\t\t\t\t<div class=\"elementor-element elementor-element-617c18b elementor-widget elementor-widget-heading\" data-id=\"617c18b\" data-element_type=\"widget\" data-e-type=\"widget\" data-widget_type=\"heading.default\">\n\t\t\t\t<div class=\"elementor-widget-container\">\n\t\t\t\t\t<h3 class=\"elementor-heading-title elementor-size-default\">\u26a1 Activer et renforcer les muscles affect\u00e9s<\/h3>\t\t\t\t<\/div>\n\t\t\t\t<\/div>\n\t\t\t\t<div class=\"elementor-element elementor-element-52670f8 elementor-widget elementor-widget-text-editor\" data-id=\"52670f8\" data-element_type=\"widget\" data-e-type=\"widget\" data-widget_type=\"text-editor.default\">\n\t\t\t\t<div class=\"elementor-widget-container\">\n\t\t\t\t\t\t\t\t\t<p data-start=\"1463\" data-end=\"1586\">Certains muscles peuvent r\u00e9pondre partiellement ou pas du tout, comme dans le cas de la paralysie. Nos approches incluent :<\/p><ul><li data-start=\"1590\" data-end=\"1669\"><a href=\"https:\/\/www.neuro-concept.ca\/fr\/les-technologies-readaptation\/stimulation-electrique-fonctionnelle\/\"><strong data-start=\"1590\" data-end=\"1636\">Stimulation \u00e9lectrique fonctionnelle (SEF)<\/strong><\/a> pour activer les muscles inertes<\/li><li data-start=\"1590\" data-end=\"1669\"><a href=\"https:\/\/www.neuro-concept.ca\/fr\/les-technologies-readaptation\/robot-entrainement-main\/\"><strong data-start=\"1672\" data-end=\"1682\">Amadeo<\/strong><\/a> pour le renforcement des doigts<\/li><li data-start=\"1590\" data-end=\"1669\"><a href=\"https:\/\/www.neuro-concept.ca\/fr\/les-technologies-readaptation\/kinesim\/\"><strong data-start=\"1717\" data-end=\"1728\">Kinesim<\/strong><\/a> pour la posture et l\u2019\u00e9quilibre<\/li><li data-start=\"1590\" data-end=\"1669\"><strong data-start=\"1762\" data-end=\"1790\">Exercices compensatoires<\/strong> pour renforcer les groupes musculaires fonctionnels restants<\/li><li data-start=\"1590\" data-end=\"1669\"><strong data-start=\"1854\" data-end=\"1886\">Surveillance professionnelle<\/strong> pour une ex\u00e9cution optimale des mouvements<\/li><\/ul>\t\t\t\t\t\t\t\t<\/div>\n\t\t\t\t<\/div>\n\t\t\t\t\t<\/div>\n\t\t<\/div>\n\t\t\t\t<div class=\"elementor-column elementor-col-50 elementor-top-column elementor-element elementor-element-c42aa36\" data-id=\"c42aa36\" data-element_type=\"column\" data-e-type=\"column\">\n\t\t\t<div class=\"elementor-widget-wrap elementor-element-populated\">\n\t\t\t\t\t\t<div class=\"elementor-element elementor-element-36a4b65 elementor-widget elementor-widget-video\" data-id=\"36a4b65\" data-element_type=\"widget\" data-e-type=\"widget\" data-settings=\"{&quot;youtube_url&quot;:&quot;https:\\\/\\\/youtube.com\\\/shorts\\\/8rYkza-ujzE&quot;,&quot;video_type&quot;:&quot;youtube&quot;,&quot;controls&quot;:&quot;yes&quot;}\" data-widget_type=\"video.default\">\n\t\t\t\t<div class=\"elementor-widget-container\">\n\t\t\t\t\t\t\t<div class=\"elementor-wrapper elementor-open-inline\">\n\t\t\t<div class=\"elementor-video\"><\/div>\t\t<\/div>\n\t\t\t\t\t\t<\/div>\n\t\t\t\t<\/div>\n\t\t\t\t\t<\/div>\n\t\t<\/div>\n\t\t\t\t\t<\/div>\n\t\t<\/section>\n\t\t\t\t<section class=\"elementor-section elementor-top-section elementor-element elementor-element-601376d elementor-section-boxed elementor-section-height-default elementor-section-height-default\" data-id=\"601376d\" data-element_type=\"section\" data-e-type=\"section\">\n\t\t\t\t\t\t<div class=\"elementor-container elementor-column-gap-default\">\n\t\t\t\t\t<div class=\"elementor-column elementor-col-100 elementor-top-column elementor-element elementor-element-52c46fc\" data-id=\"52c46fc\" data-element_type=\"column\" data-e-type=\"column\">\n\t\t\t<div class=\"elementor-widget-wrap elementor-element-populated\">\n\t\t\t\t\t\t<div class=\"elementor-element elementor-element-db7584f elementor-widget elementor-widget-heading\" data-id=\"db7584f\" data-element_type=\"widget\" data-e-type=\"widget\" data-widget_type=\"heading.default\">\n\t\t\t\t<div class=\"elementor-widget-container\">\n\t\t\t\t\t<h2 class=\"elementor-heading-title elementor-size-default\">\ud83c\udfc3\u200d\u2640\ufe0f Endurance : retrouver votre capacit\u00e9 \u00e0 bouger dans le temps<\/h2>\t\t\t\t<\/div>\n\t\t\t\t<\/div>\n\t\t\t\t\t<\/div>\n\t\t<\/div>\n\t\t\t\t\t<\/div>\n\t\t<\/section>\n\t\t\t\t<section class=\"elementor-section elementor-top-section elementor-element elementor-element-376a41d elementor-section-boxed elementor-section-height-default elementor-section-height-default\" data-id=\"376a41d\" data-element_type=\"section\" data-e-type=\"section\">\n\t\t\t\t\t\t<div class=\"elementor-container elementor-column-gap-default\">\n\t\t\t\t\t<div class=\"elementor-column elementor-col-50 elementor-top-column elementor-element elementor-element-51d625d\" data-id=\"51d625d\" data-element_type=\"column\" data-e-type=\"column\">\n\t\t\t<div class=\"elementor-widget-wrap elementor-element-populated\">\n\t\t\t\t\t\t<div class=\"elementor-element elementor-element-2cef785 elementor-widget elementor-widget-text-editor\" data-id=\"2cef785\" data-element_type=\"widget\" data-e-type=\"widget\" data-widget_type=\"text-editor.default\">\n\t\t\t\t<div class=\"elementor-widget-container\">\n\t\t\t\t\t\t\t\t\t<p data-start=\"2007\" data-end=\"2296\">L\u2019<strong data-start=\"2009\" data-end=\"2033\">endurance musculaire<\/strong> et <strong data-start=\"2037\" data-end=\"2059\">cardiorespiratoire<\/strong> est essentielle pour maintenir une autonomie et une qualit\u00e9 de vie. Si vous \u00eates capable de marcher ou de vous lever, mais que la fatigue arrive vite, il se peut que votre endurance soit r\u00e9duite, m\u00eame si votre force est encore pr\u00e9sente.<\/p><p data-start=\"2298\" data-end=\"2334\">Nos experts vous accompagnent avec :<\/p><ul><li data-start=\"2338\" data-end=\"2403\"><strong data-start=\"2338\" data-end=\"2388\">Programmes de conditionnement physique adapt\u00e9s<\/strong> (kin\u00e9siologie)<\/li><li data-start=\"2338\" data-end=\"2403\"><strong data-start=\"2406\" data-end=\"2444\">Techniques de gestion de l\u2019\u00e9nergie<\/strong> pour les troubles neurologiques<\/li><li data-start=\"2338\" data-end=\"2403\"><strong data-start=\"2479\" data-end=\"2515\">Jeux interactifs comme Jintronix<\/strong> pour rendre l&#8217;entra\u00eenement motivant et ludique<\/li><li data-start=\"2338\" data-end=\"2403\"><strong data-start=\"2565\" data-end=\"2609\">Entra\u00eenements a\u00e9robie<\/strong><\/li><\/ul>\t\t\t\t\t\t\t\t<\/div>\n\t\t\t\t<\/div>\n\t\t\t\t\t<\/div>\n\t\t<\/div>\n\t\t\t\t<div class=\"elementor-column elementor-col-25 elementor-top-column elementor-element elementor-element-6149578\" data-id=\"6149578\" data-element_type=\"column\" data-e-type=\"column\">\n\t\t\t<div class=\"elementor-widget-wrap elementor-element-populated\">\n\t\t\t\t\t\t<div class=\"elementor-element elementor-element-51512ee elementor-widget elementor-widget-video\" data-id=\"51512ee\" data-element_type=\"widget\" data-e-type=\"widget\" data-settings=\"{&quot;youtube_url&quot;:&quot;https:\\\/\\\/youtube.com\\\/shorts\\\/9wh1fzu3xuA&quot;,&quot;video_type&quot;:&quot;youtube&quot;,&quot;controls&quot;:&quot;yes&quot;}\" data-widget_type=\"video.default\">\n\t\t\t\t<div class=\"elementor-widget-container\">\n\t\t\t\t\t\t\t<div class=\"elementor-wrapper elementor-open-inline\">\n\t\t\t<div class=\"elementor-video\"><\/div>\t\t<\/div>\n\t\t\t\t\t\t<\/div>\n\t\t\t\t<\/div>\n\t\t\t\t\t<\/div>\n\t\t<\/div>\n\t\t\t\t<div class=\"elementor-column elementor-col-25 elementor-top-column elementor-element elementor-element-3ca176d\" data-id=\"3ca176d\" data-element_type=\"column\" data-e-type=\"column\">\n\t\t\t<div class=\"elementor-widget-wrap elementor-element-populated\">\n\t\t\t\t\t\t<div class=\"elementor-element elementor-element-771bcc1 elementor-widget elementor-widget-image\" data-id=\"771bcc1\" data-element_type=\"widget\" data-e-type=\"widget\" data-widget_type=\"image.default\">\n\t\t\t\t<div class=\"elementor-widget-container\">\n\t\t\t\t\t\t\t\t\t\t\t\t\t\t\t<img fetchpriority=\"high\" decoding=\"async\" width=\"225\" height=\"300\" src=\"https:\/\/www.neuro-concept.ca\/wp-content\/uploads\/2025\/06\/photo-AP-autonome-225x300.jpeg\" class=\"attachment-medium size-medium wp-image-12743\" alt=\"\" srcset=\"https:\/\/www.neuro-concept.ca\/wp-content\/uploads\/2025\/06\/photo-AP-autonome-225x300.jpeg 225w, https:\/\/www.neuro-concept.ca\/wp-content\/uploads\/2025\/06\/photo-AP-autonome-768x1024.jpeg 768w, https:\/\/www.neuro-concept.ca\/wp-content\/uploads\/2025\/06\/photo-AP-autonome-1152x1536.jpeg 1152w, https:\/\/www.neuro-concept.ca\/wp-content\/uploads\/2025\/06\/photo-AP-autonome-1536x2048.jpeg 1536w, https:\/\/www.neuro-concept.ca\/wp-content\/uploads\/2025\/06\/photo-AP-autonome-scaled.jpeg 1920w\" sizes=\"(max-width: 225px) 100vw, 225px\" \/>\t\t\t\t\t\t\t\t\t\t\t\t\t\t\t<\/div>\n\t\t\t\t<\/div>\n\t\t\t\t\t<\/div>\n\t\t<\/div>\n\t\t\t\t\t<\/div>\n\t\t<\/section>\n\t\t\t\t<section class=\"elementor-section elementor-top-section elementor-element elementor-element-fce72c9 elementor-section-boxed elementor-section-height-default elementor-section-height-default\" data-id=\"fce72c9\" data-element_type=\"section\" data-e-type=\"section\">\n\t\t\t\t\t\t<div class=\"elementor-container elementor-column-gap-default\">\n\t\t\t\t\t<div class=\"elementor-column elementor-col-100 elementor-top-column elementor-element elementor-element-f9173b3\" data-id=\"f9173b3\" data-element_type=\"column\" data-e-type=\"column\">\n\t\t\t<div class=\"elementor-widget-wrap elementor-element-populated\">\n\t\t\t\t\t\t<div class=\"elementor-element elementor-element-1e27f91 elementor-widget elementor-widget-heading\" data-id=\"1e27f91\" data-element_type=\"widget\" data-e-type=\"widget\" data-widget_type=\"heading.default\">\n\t\t\t\t<div class=\"elementor-widget-container\">\n\t\t\t\t\t<h2 class=\"elementor-heading-title elementor-size-default\">\ud83e\udde0 Le d\u00e9conditionnement physique : quand l\u2019inactivit\u00e9 s\u2019installe<\/h2>\t\t\t\t<\/div>\n\t\t\t\t<\/div>\n\t\t\t\t\t<\/div>\n\t\t<\/div>\n\t\t\t\t\t<\/div>\n\t\t<\/section>\n\t\t\t\t<section class=\"elementor-section elementor-top-section elementor-element elementor-element-7baa131 elementor-reverse-tablet elementor-reverse-mobile elementor-section-content-middle elementor-section-boxed elementor-section-height-default elementor-section-height-default\" data-id=\"7baa131\" data-element_type=\"section\" data-e-type=\"section\">\n\t\t\t\t\t\t<div class=\"elementor-container elementor-column-gap-default\">\n\t\t\t\t\t<div class=\"elementor-column elementor-col-50 elementor-top-column elementor-element elementor-element-06c62b7\" data-id=\"06c62b7\" data-element_type=\"column\" data-e-type=\"column\">\n\t\t\t<div class=\"elementor-widget-wrap elementor-element-populated\">\n\t\t\t\t\t\t<div class=\"elementor-element elementor-element-082f21a elementor-widget elementor-widget-video\" data-id=\"082f21a\" data-element_type=\"widget\" data-e-type=\"widget\" data-settings=\"{&quot;youtube_url&quot;:&quot;https:\\\/\\\/www.youtube.com\\\/shorts\\\/9i9CHs5KV64&quot;,&quot;video_type&quot;:&quot;youtube&quot;,&quot;controls&quot;:&quot;yes&quot;}\" data-widget_type=\"video.default\">\n\t\t\t\t<div class=\"elementor-widget-container\">\n\t\t\t\t\t\t\t<div class=\"elementor-wrapper elementor-open-inline\">\n\t\t\t<div class=\"elementor-video\"><\/div>\t\t<\/div>\n\t\t\t\t\t\t<\/div>\n\t\t\t\t<\/div>\n\t\t\t\t\t<\/div>\n\t\t<\/div>\n\t\t\t\t<div class=\"elementor-column elementor-col-50 elementor-top-column elementor-element elementor-element-38c25c5\" data-id=\"38c25c5\" data-element_type=\"column\" data-e-type=\"column\">\n\t\t\t<div class=\"elementor-widget-wrap elementor-element-populated\">\n\t\t\t\t\t\t<div class=\"elementor-element elementor-element-b9aad51 elementor-widget elementor-widget-text-editor\" data-id=\"b9aad51\" data-element_type=\"widget\" data-e-type=\"widget\" data-widget_type=\"text-editor.default\">\n\t\t\t\t<div class=\"elementor-widget-container\">\n\t\t\t\t\t\t\t\t\t<p data-start=\"2708\" data-end=\"2925\">Le <strong data-start=\"2711\" data-end=\"2732\">d\u00e9conditionnement<\/strong> r\u00e9sulte souvent d\u2019un <strong data-start=\"2754\" data-end=\"2776\">s\u00e9jour \u00e0 l\u2019h\u00f4pital<\/strong>, d\u2019une <strong data-start=\"2784\" data-end=\"2796\">blessure<\/strong> ou d\u2019un mode de vie devenu s\u00e9dentaire. Il engendre une perte de force et d\u2019endurance, entra\u00eenant un cercle vicieux d\u2019inactivit\u00e9.<\/p><p data-start=\"2927\" data-end=\"2950\">Notre approche inclut :<\/p><ul><li data-start=\"2954\" data-end=\"2990\"><strong data-start=\"2954\" data-end=\"2990\">\u00c9valuation fonctionnelle globale- <\/strong><\/li><li data-start=\"2954\" data-end=\"2990\"><strong data-start=\"2993\" data-end=\"3058\">Activit\u00e9s encadr\u00e9es dans un environnement adapt\u00e9 et stimulant<\/strong><\/li><li data-start=\"2954\" data-end=\"2990\"><strong data-start=\"3061\" data-end=\"3111\">Accompagnement personnalis\u00e9<\/strong><\/li><li data-start=\"2954\" data-end=\"2990\"><strong data-start=\"3114\" data-end=\"3177\">R\u00e9int\u00e9gration graduelle aux activit\u00e9s de la vie quotidienne<\/strong><\/li><\/ul>\t\t\t\t\t\t\t\t<\/div>\n\t\t\t\t<\/div>\n\t\t\t\t<div class=\"elementor-element elementor-element-08f92f1 elementor-widget elementor-widget-heading\" data-id=\"08f92f1\" data-element_type=\"widget\" data-e-type=\"widget\" data-widget_type=\"heading.default\">\n\t\t\t\t<div class=\"elementor-widget-container\">\n\t\t\t\t\t<h2 class=\"elementor-heading-title elementor-size-default\">\ud83e\udd1d Pourquoi choisir Neuro-Concept?<\/h2>\t\t\t\t<\/div>\n\t\t\t\t<\/div>\n\t\t\t\t<div class=\"elementor-element elementor-element-046a342 elementor-widget elementor-widget-text-editor\" data-id=\"046a342\" data-element_type=\"widget\" data-e-type=\"widget\" data-widget_type=\"text-editor.default\">\n\t\t\t\t<div class=\"elementor-widget-container\">\n\t\t\t\t\t\t\t\t\t<p>Notre centre de r\u00e9adaptation neurologique combine l\u2019expertise en <strong data-start=\"3289\" data-end=\"3307\">physioth\u00e9rapie<\/strong>, <strong data-start=\"3309\" data-end=\"3325\">kin\u00e9siologie<\/strong> et <strong data-start=\"3329\" data-end=\"3345\">ergoth\u00e9rapie<\/strong> pour vous offrir un programme individualis\u00e9. Notre objectif est de vous aider \u00e0 <strong data-start=\"3426\" data-end=\"3455\">retrouver votre autonomie<\/strong>, votre force et votre motivation, peu importe votre point de d\u00e9part.<\/p>\t\t\t\t\t\t\t\t<\/div>\n\t\t\t\t<\/div>\n\t\t\t\t\t<\/div>\n\t\t<\/div>\n\t\t\t\t\t<\/div>\n\t\t<\/section>\n\t\t\t\t<section class=\"elementor-section elementor-top-section elementor-element elementor-element-50bf27a elementor-section-height-min-height elementor-section-stretched elementor-section-boxed elementor-section-height-default elementor-section-items-middle\" data-id=\"50bf27a\" data-element_type=\"section\" data-e-type=\"section\" data-settings=\"{&quot;stretch_section&quot;:&quot;section-stretched&quot;,&quot;background_background&quot;:&quot;classic&quot;}\">\n\t\t\t\t\t\t<div class=\"elementor-container elementor-column-gap-default\">\n\t\t\t\t\t<div class=\"elementor-column elementor-col-100 elementor-top-column elementor-element elementor-element-447312e\" data-id=\"447312e\" data-element_type=\"column\" data-e-type=\"column\">\n\t\t\t<div class=\"elementor-widget-wrap elementor-element-populated\">\n\t\t\t\t\t\t<div class=\"elementor-element elementor-element-019c3c4 elementor-widget elementor-widget-text-editor\" data-id=\"019c3c4\" data-element_type=\"widget\" data-e-type=\"widget\" data-widget_type=\"text-editor.default\">\n\t\t\t\t<div class=\"elementor-widget-container\">\n\t\t\t\t\t\t\t\t\t<p>Reprenez le pouvoir sur votre corps<\/p>\t\t\t\t\t\t\t\t<\/div>\n\t\t\t\t<\/div>\n\t\t\t\t<div class=\"elementor-element elementor-element-7e51113 elementor-align-center elementor-widget elementor-widget-button\" data-id=\"7e51113\" data-element_type=\"widget\" data-e-type=\"widget\" data-widget_type=\"button.default\">\n\t\t\t\t<div class=\"elementor-widget-container\">\n\t\t\t\t\t\t\t\t\t<div class=\"elementor-button-wrapper\">\n\t\t\t\t\t<a class=\"elementor-button elementor-button-link elementor-size-sm\" href=\"https:\/\/www.neuro-concept.ca\/fr\/contact-neuro\/\">\n\t\t\t\t\t\t<span class=\"elementor-button-content-wrapper\">\n\t\t\t\t\t\t\t\t\t<span class=\"elementor-button-text\">R\u00e9servez une \u00e9valuation<\/span>\n\t\t\t\t\t<\/span>\n\t\t\t\t\t<\/a>\n\t\t\t\t<\/div>\n\t\t\t\t\t\t\t\t<\/div>\n\t\t\t\t<\/div>\n\t\t\t\t\t<\/div>\n\t\t<\/div>\n\t\t\t\t\t<\/div>\n\t\t<\/section>\n\t\t\t\t<\/div>\n\t\t","protected":false},"excerpt":{"rendered":"<p>\ud83d\udd0b Faiblesse musculaire, fatigue et d\u00e9conditionnement : comprendre, traiter, retrouver votre vitalit\u00e9 Chez Neuro-Concept, nous vous aidons \u00e0 reprendre le contr\u00f4le sur votre corps gr\u00e2ce \u00e0 des interventions sp\u00e9cialis\u00e9es pour am\u00e9liorer la force musculaire, l\u2019endurance physique et contrer le d\u00e9conditionnement souvent associ\u00e9 aux troubles neurologiques ou \u00e0 la s\u00e9dentarit\u00e9. \ud83d\udcaa Qu\u2019est-ce que la faiblesse musculaire?&#8230;<\/p>\n","protected":false},"author":9,"featured_media":0,"parent":6770,"menu_order":0,"comment_status":"closed","ping_status":"closed","template":"","meta":{"_monsterinsights_skip_tracking":false,"_monsterinsights_sitenote_active":false,"_monsterinsights_sitenote_note":"","_monsterinsights_sitenote_category":0,"footnotes":""},"class_list":["post-6772","page","type-page","status-publish","hentry"],"yoast_head":"<!-- This site is optimized with the Yoast SEO plugin v27.5 - https:\/\/yoast.com\/product\/yoast-seo-wordpress\/ -->\n<title>Faiblesse, fatigue, d\u00e9conditionnement physique | Neuro-Concept<\/title>\n<meta name=\"description\" content=\"Retrouvez force musculaire et endurance gr\u00e2ce \u00e0 une r\u00e9adaptation personnalis\u00e9e chez Neuro-Concept. Nous traitons la faiblesse, la fatigue et le d\u00e9conditionnement li\u00e9s aux troubles neurologiques ou \u00e0 l\u2019inactivit\u00e9.\" \/>\n<meta name=\"robots\" content=\"index, follow, max-snippet:-1, max-image-preview:large, max-video-preview:-1\" \/>\n<link rel=\"canonical\" href=\"https:\/\/www.neuro-concept.ca\/fr\/traitements-adaptes\/entrainement-et-blessures\/faiblesse-fatigue-et-deconditionnement\/\" \/>\n<meta property=\"og:locale\" content=\"fr_FR\" \/>\n<meta property=\"og:type\" content=\"article\" \/>\n<meta property=\"og:title\" content=\"Faiblesse, fatigue, d\u00e9conditionnement physique | Neuro-Concept\" \/>\n<meta property=\"og:description\" content=\"Retrouvez force musculaire et endurance gr\u00e2ce \u00e0 une r\u00e9adaptation personnalis\u00e9e chez Neuro-Concept. Nous traitons la faiblesse, la fatigue et le d\u00e9conditionnement li\u00e9s aux troubles neurologiques ou \u00e0 l\u2019inactivit\u00e9.\" \/>\n<meta property=\"og:url\" content=\"https:\/\/www.neuro-concept.ca\/fr\/traitements-adaptes\/entrainement-et-blessures\/faiblesse-fatigue-et-deconditionnement\/\" \/>\n<meta property=\"og:site_name\" content=\"Neuro-Concept - Centre de r\u00e9adaptation neurologique\" \/>\n<meta property=\"article:publisher\" content=\"https:\/\/www.facebook.com\/neuroconcept\" \/>\n<meta property=\"article:modified_time\" content=\"2025-06-11T21:27:34+00:00\" \/>\n<meta property=\"og:image\" content=\"https:\/\/www.neuro-concept.ca\/wp-content\/uploads\/elementor\/thumbs\/IMG_7148-scaled-r763pvck230a0fq4nz3faml5xfk41pcs20rsmvzvho.jpg\" \/>\n<meta name=\"twitter:card\" content=\"summary_large_image\" \/>\n<meta name=\"twitter:site\" content=\"@NeuroConcept\" \/>\n<script type=\"application\/ld+json\" class=\"yoast-schema-graph\">{\"@context\":\"https:\\\/\\\/schema.org\",\"@graph\":[{\"@type\":\"WebPage\",\"@id\":\"https:\\\/\\\/www.neuro-concept.ca\\\/fr\\\/traitements-adaptes\\\/entrainement-et-blessures\\\/faiblesse-fatigue-et-deconditionnement\\\/\",\"url\":\"https:\\\/\\\/www.neuro-concept.ca\\\/fr\\\/traitements-adaptes\\\/entrainement-et-blessures\\\/faiblesse-fatigue-et-deconditionnement\\\/\",\"name\":\"Faiblesse, fatigue, d\u00e9conditionnement physique | Neuro-Concept\",\"isPartOf\":{\"@id\":\"https:\\\/\\\/www.neuro-concept.ca\\\/fr\\\/#website\"},\"primaryImageOfPage\":{\"@id\":\"https:\\\/\\\/www.neuro-concept.ca\\\/fr\\\/traitements-adaptes\\\/entrainement-et-blessures\\\/faiblesse-fatigue-et-deconditionnement\\\/#primaryimage\"},\"image\":{\"@id\":\"https:\\\/\\\/www.neuro-concept.ca\\\/fr\\\/traitements-adaptes\\\/entrainement-et-blessures\\\/faiblesse-fatigue-et-deconditionnement\\\/#primaryimage\"},\"thumbnailUrl\":\"https:\\\/\\\/www.neuro-concept.ca\\\/wp-content\\\/uploads\\\/elementor\\\/thumbs\\\/IMG_7148-scaled-r763pvck230a0fq4nz3faml5xfk41pcs20rsmvzvho.jpg\",\"datePublished\":\"2019-09-09T17:48:20+00:00\",\"dateModified\":\"2025-06-11T21:27:34+00:00\",\"description\":\"Retrouvez force musculaire et endurance gr\u00e2ce \u00e0 une r\u00e9adaptation personnalis\u00e9e chez Neuro-Concept. Nous traitons la faiblesse, la fatigue et le d\u00e9conditionnement li\u00e9s aux troubles neurologiques ou \u00e0 l\u2019inactivit\u00e9.\",\"breadcrumb\":{\"@id\":\"https:\\\/\\\/www.neuro-concept.ca\\\/fr\\\/traitements-adaptes\\\/entrainement-et-blessures\\\/faiblesse-fatigue-et-deconditionnement\\\/#breadcrumb\"},\"inLanguage\":\"fr-ca\",\"potentialAction\":[{\"@type\":\"ReadAction\",\"target\":[\"https:\\\/\\\/www.neuro-concept.ca\\\/fr\\\/traitements-adaptes\\\/entrainement-et-blessures\\\/faiblesse-fatigue-et-deconditionnement\\\/\"]}]},{\"@type\":\"ImageObject\",\"inLanguage\":\"fr-ca\",\"@id\":\"https:\\\/\\\/www.neuro-concept.ca\\\/fr\\\/traitements-adaptes\\\/entrainement-et-blessures\\\/faiblesse-fatigue-et-deconditionnement\\\/#primaryimage\",\"url\":\"https:\\\/\\\/www.neuro-concept.ca\\\/wp-content\\\/uploads\\\/elementor\\\/thumbs\\\/IMG_7148-scaled-r763pvck230a0fq4nz3faml5xfk41pcs20rsmvzvho.jpg\",\"contentUrl\":\"https:\\\/\\\/www.neuro-concept.ca\\\/wp-content\\\/uploads\\\/elementor\\\/thumbs\\\/IMG_7148-scaled-r763pvck230a0fq4nz3faml5xfk41pcs20rsmvzvho.jpg\"},{\"@type\":\"BreadcrumbList\",\"@id\":\"https:\\\/\\\/www.neuro-concept.ca\\\/fr\\\/traitements-adaptes\\\/entrainement-et-blessures\\\/faiblesse-fatigue-et-deconditionnement\\\/#breadcrumb\",\"itemListElement\":[{\"@type\":\"ListItem\",\"position\":1,\"name\":\"Home\",\"item\":\"https:\\\/\\\/www.neuro-concept.ca\\\/fr\\\/\"},{\"@type\":\"ListItem\",\"position\":2,\"name\":\"Nos traitements adapt\u00e9s\",\"item\":\"https:\\\/\\\/www.neuro-concept.ca\\\/fr\\\/traitements-adaptes\\\/\"},{\"@type\":\"ListItem\",\"position\":3,\"name\":\"Entra\u00eenement et blessures\",\"item\":\"https:\\\/\\\/www.neuro-concept.ca\\\/fr\\\/traitements-adaptes\\\/entrainement-et-blessures\\\/\"},{\"@type\":\"ListItem\",\"position\":4,\"name\":\"Faiblesse, fatigue et d\u00e9conditionnement\"}]},{\"@type\":\"WebSite\",\"@id\":\"https:\\\/\\\/www.neuro-concept.ca\\\/fr\\\/#website\",\"url\":\"https:\\\/\\\/www.neuro-concept.ca\\\/fr\\\/\",\"name\":\"Neuro-Concept - Centre de r\u00e9adaptation neurologique\",\"description\":\"La sant\u00e9 - \u00c0 la port\u00e9e de tous\",\"publisher\":{\"@id\":\"https:\\\/\\\/www.neuro-concept.ca\\\/fr\\\/#organization\"},\"potentialAction\":[{\"@type\":\"SearchAction\",\"target\":{\"@type\":\"EntryPoint\",\"urlTemplate\":\"https:\\\/\\\/www.neuro-concept.ca\\\/fr\\\/?s={search_term_string}\"},\"query-input\":{\"@type\":\"PropertyValueSpecification\",\"valueRequired\":true,\"valueName\":\"search_term_string\"}}],\"inLanguage\":\"fr-ca\"},{\"@type\":\"Organization\",\"@id\":\"https:\\\/\\\/www.neuro-concept.ca\\\/fr\\\/#organization\",\"name\":\"Neuro-Concept\",\"url\":\"https:\\\/\\\/www.neuro-concept.ca\\\/fr\\\/\",\"logo\":{\"@type\":\"ImageObject\",\"inLanguage\":\"fr-ca\",\"@id\":\"https:\\\/\\\/www.neuro-concept.ca\\\/fr\\\/#\\\/schema\\\/logo\\\/image\\\/\",\"url\":\"https:\\\/\\\/www.neuro-concept.ca\\\/wp-content\\\/uploads\\\/2019\\\/07\\\/favicon-1.png\",\"contentUrl\":\"https:\\\/\\\/www.neuro-concept.ca\\\/wp-content\\\/uploads\\\/2019\\\/07\\\/favicon-1.png\",\"width\":330,\"height\":330,\"caption\":\"Neuro-Concept\"},\"image\":{\"@id\":\"https:\\\/\\\/www.neuro-concept.ca\\\/fr\\\/#\\\/schema\\\/logo\\\/image\\\/\"},\"sameAs\":[\"https:\\\/\\\/www.facebook.com\\\/neuroconcept\",\"https:\\\/\\\/x.com\\\/NeuroConcept\",\"https:\\\/\\\/www.instagram.com\\\/neuroconcept.rehab\\\/\",\"https:\\\/\\\/twitter.com\\\/NeuroConcept\"]}]}<\/script>\n<!-- \/ Yoast SEO plugin. -->","yoast_head_json":{"title":"Faiblesse, fatigue, d\u00e9conditionnement physique | Neuro-Concept","description":"Retrouvez force musculaire et endurance gr\u00e2ce \u00e0 une r\u00e9adaptation personnalis\u00e9e chez Neuro-Concept. Nous traitons la faiblesse, la fatigue et le d\u00e9conditionnement li\u00e9s aux troubles neurologiques ou \u00e0 l\u2019inactivit\u00e9.","robots":{"index":"index","follow":"follow","max-snippet":"max-snippet:-1","max-image-preview":"max-image-preview:large","max-video-preview":"max-video-preview:-1"},"canonical":"https:\/\/www.neuro-concept.ca\/fr\/traitements-adaptes\/entrainement-et-blessures\/faiblesse-fatigue-et-deconditionnement\/","og_locale":"fr_FR","og_type":"article","og_title":"Faiblesse, fatigue, d\u00e9conditionnement physique | Neuro-Concept","og_description":"Retrouvez force musculaire et endurance gr\u00e2ce \u00e0 une r\u00e9adaptation personnalis\u00e9e chez Neuro-Concept. Nous traitons la faiblesse, la fatigue et le d\u00e9conditionnement li\u00e9s aux troubles neurologiques ou \u00e0 l\u2019inactivit\u00e9.","og_url":"https:\/\/www.neuro-concept.ca\/fr\/traitements-adaptes\/entrainement-et-blessures\/faiblesse-fatigue-et-deconditionnement\/","og_site_name":"Neuro-Concept - Centre de r\u00e9adaptation neurologique","article_publisher":"https:\/\/www.facebook.com\/neuroconcept","article_modified_time":"2025-06-11T21:27:34+00:00","og_image":[{"url":"https:\/\/www.neuro-concept.ca\/wp-content\/uploads\/elementor\/thumbs\/IMG_7148-scaled-r763pvck230a0fq4nz3faml5xfk41pcs20rsmvzvho.jpg","type":"","width":"","height":""}],"twitter_card":"summary_large_image","twitter_site":"@NeuroConcept","schema":{"@context":"https:\/\/schema.org","@graph":[{"@type":"WebPage","@id":"https:\/\/www.neuro-concept.ca\/fr\/traitements-adaptes\/entrainement-et-blessures\/faiblesse-fatigue-et-deconditionnement\/","url":"https:\/\/www.neuro-concept.ca\/fr\/traitements-adaptes\/entrainement-et-blessures\/faiblesse-fatigue-et-deconditionnement\/","name":"Faiblesse, fatigue, d\u00e9conditionnement physique | Neuro-Concept","isPartOf":{"@id":"https:\/\/www.neuro-concept.ca\/fr\/#website"},"primaryImageOfPage":{"@id":"https:\/\/www.neuro-concept.ca\/fr\/traitements-adaptes\/entrainement-et-blessures\/faiblesse-fatigue-et-deconditionnement\/#primaryimage"},"image":{"@id":"https:\/\/www.neuro-concept.ca\/fr\/traitements-adaptes\/entrainement-et-blessures\/faiblesse-fatigue-et-deconditionnement\/#primaryimage"},"thumbnailUrl":"https:\/\/www.neuro-concept.ca\/wp-content\/uploads\/elementor\/thumbs\/IMG_7148-scaled-r763pvck230a0fq4nz3faml5xfk41pcs20rsmvzvho.jpg","datePublished":"2019-09-09T17:48:20+00:00","dateModified":"2025-06-11T21:27:34+00:00","description":"Retrouvez force musculaire et endurance gr\u00e2ce \u00e0 une r\u00e9adaptation personnalis\u00e9e chez Neuro-Concept. Nous traitons la faiblesse, la fatigue et le d\u00e9conditionnement li\u00e9s aux troubles neurologiques ou \u00e0 l\u2019inactivit\u00e9.","breadcrumb":{"@id":"https:\/\/www.neuro-concept.ca\/fr\/traitements-adaptes\/entrainement-et-blessures\/faiblesse-fatigue-et-deconditionnement\/#breadcrumb"},"inLanguage":"fr-ca","potentialAction":[{"@type":"ReadAction","target":["https:\/\/www.neuro-concept.ca\/fr\/traitements-adaptes\/entrainement-et-blessures\/faiblesse-fatigue-et-deconditionnement\/"]}]},{"@type":"ImageObject","inLanguage":"fr-ca","@id":"https:\/\/www.neuro-concept.ca\/fr\/traitements-adaptes\/entrainement-et-blessures\/faiblesse-fatigue-et-deconditionnement\/#primaryimage","url":"https:\/\/www.neuro-concept.ca\/wp-content\/uploads\/elementor\/thumbs\/IMG_7148-scaled-r763pvck230a0fq4nz3faml5xfk41pcs20rsmvzvho.jpg","contentUrl":"https:\/\/www.neuro-concept.ca\/wp-content\/uploads\/elementor\/thumbs\/IMG_7148-scaled-r763pvck230a0fq4nz3faml5xfk41pcs20rsmvzvho.jpg"},{"@type":"BreadcrumbList","@id":"https:\/\/www.neuro-concept.ca\/fr\/traitements-adaptes\/entrainement-et-blessures\/faiblesse-fatigue-et-deconditionnement\/#breadcrumb","itemListElement":[{"@type":"ListItem","position":1,"name":"Home","item":"https:\/\/www.neuro-concept.ca\/fr\/"},{"@type":"ListItem","position":2,"name":"Nos traitements adapt\u00e9s","item":"https:\/\/www.neuro-concept.ca\/fr\/traitements-adaptes\/"},{"@type":"ListItem","position":3,"name":"Entra\u00eenement et blessures","item":"https:\/\/www.neuro-concept.ca\/fr\/traitements-adaptes\/entrainement-et-blessures\/"},{"@type":"ListItem","position":4,"name":"Faiblesse, fatigue et d\u00e9conditionnement"}]},{"@type":"WebSite","@id":"https:\/\/www.neuro-concept.ca\/fr\/#website","url":"https:\/\/www.neuro-concept.ca\/fr\/","name":"Neuro-Concept - Centre de r\u00e9adaptation neurologique","description":"La sant\u00e9 - \u00c0 la port\u00e9e de tous","publisher":{"@id":"https:\/\/www.neuro-concept.ca\/fr\/#organization"},"potentialAction":[{"@type":"SearchAction","target":{"@type":"EntryPoint","urlTemplate":"https:\/\/www.neuro-concept.ca\/fr\/?s={search_term_string}"},"query-input":{"@type":"PropertyValueSpecification","valueRequired":true,"valueName":"search_term_string"}}],"inLanguage":"fr-ca"},{"@type":"Organization","@id":"https:\/\/www.neuro-concept.ca\/fr\/#organization","name":"Neuro-Concept","url":"https:\/\/www.neuro-concept.ca\/fr\/","logo":{"@type":"ImageObject","inLanguage":"fr-ca","@id":"https:\/\/www.neuro-concept.ca\/fr\/#\/schema\/logo\/image\/","url":"https:\/\/www.neuro-concept.ca\/wp-content\/uploads\/2019\/07\/favicon-1.png","contentUrl":"https:\/\/www.neuro-concept.ca\/wp-content\/uploads\/2019\/07\/favicon-1.png","width":330,"height":330,"caption":"Neuro-Concept"},"image":{"@id":"https:\/\/www.neuro-concept.ca\/fr\/#\/schema\/logo\/image\/"},"sameAs":["https:\/\/www.facebook.com\/neuroconcept","https:\/\/x.com\/NeuroConcept","https:\/\/www.instagram.com\/neuroconcept.rehab\/","https:\/\/twitter.com\/NeuroConcept"]}]}},"_links":{"self":[{"href":"https:\/\/www.neuro-concept.ca\/fr\/wp-json\/wp\/v2\/pages\/6772","targetHints":{"allow":["GET"]}}],"collection":[{"href":"https:\/\/www.neuro-concept.ca\/fr\/wp-json\/wp\/v2\/pages"}],"about":[{"href":"https:\/\/www.neuro-concept.ca\/fr\/wp-json\/wp\/v2\/types\/page"}],"author":[{"embeddable":true,"href":"https:\/\/www.neuro-concept.ca\/fr\/wp-json\/wp\/v2\/users\/9"}],"replies":[{"embeddable":true,"href":"https:\/\/www.neuro-concept.ca\/fr\/wp-json\/wp\/v2\/comments?post=6772"}],"version-history":[{"count":28,"href":"https:\/\/www.neuro-concept.ca\/fr\/wp-json\/wp\/v2\/pages\/6772\/revisions"}],"predecessor-version":[{"id":12824,"href":"https:\/\/www.neuro-concept.ca\/fr\/wp-json\/wp\/v2\/pages\/6772\/revisions\/12824"}],"up":[{"embeddable":true,"href":"https:\/\/www.neuro-concept.ca\/fr\/wp-json\/wp\/v2\/pages\/6770"}],"wp:attachment":[{"href":"https:\/\/www.neuro-concept.ca\/fr\/wp-json\/wp\/v2\/media?parent=6772"}],"curies":[{"name":"wp","href":"https:\/\/api.w.org\/{rel}","templated":true}]}}