{"id":6768,"date":"2019-09-09T12:44:13","date_gmt":"2019-09-09T17:44:13","guid":{"rendered":"https:\/\/www.neuro-concept.ca\/?page_id=6768"},"modified":"2025-06-10T12:22:26","modified_gmt":"2025-06-10T16:22:26","slug":"douleur-chronique-neuropathie","status":"publish","type":"page","link":"https:\/\/www.neuro-concept.ca\/fr\/traitements-adaptes\/douleur-chronique-neuropathie\/","title":{"rendered":"Douleur chronique &#8211; Douleur neuropathique"},"content":{"rendered":"\t\t<div data-elementor-type=\"wp-post\" data-elementor-id=\"6768\" class=\"elementor elementor-6768\">\n\t\t\t\t\t\t<section class=\"elementor-section elementor-top-section elementor-element elementor-element-dc243af elementor-section-boxed elementor-section-height-default elementor-section-height-default\" data-id=\"dc243af\" data-element_type=\"section\" data-e-type=\"section\">\n\t\t\t\t\t\t<div class=\"elementor-container elementor-column-gap-default\">\n\t\t\t\t\t<div class=\"elementor-column elementor-col-100 elementor-top-column elementor-element elementor-element-015a1c0\" data-id=\"015a1c0\" data-element_type=\"column\" data-e-type=\"column\">\n\t\t\t<div class=\"elementor-widget-wrap elementor-element-populated\">\n\t\t\t\t\t\t<div class=\"elementor-element elementor-element-3beb49c elementor-widget elementor-widget-heading\" data-id=\"3beb49c\" data-element_type=\"widget\" data-e-type=\"widget\" data-widget_type=\"heading.default\">\n\t\t\t\t<div class=\"elementor-widget-container\">\n\t\t\t\t\t<h2 class=\"elementor-heading-title elementor-size-default\">Comprendre la douleur neuropathique et la douleur chronique<\/h2>\t\t\t\t<\/div>\n\t\t\t\t<\/div>\n\t\t\t\t\t<\/div>\n\t\t<\/div>\n\t\t\t\t\t<\/div>\n\t\t<\/section>\n\t\t\t\t<section class=\"elementor-section elementor-top-section elementor-element elementor-element-2bd0dce elementor-section-boxed elementor-section-height-default elementor-section-height-default\" data-id=\"2bd0dce\" data-element_type=\"section\" data-e-type=\"section\">\n\t\t\t\t\t\t<div class=\"elementor-container elementor-column-gap-default\">\n\t\t\t\t\t<div class=\"elementor-column elementor-col-50 elementor-top-column elementor-element elementor-element-64e601d\" data-id=\"64e601d\" data-element_type=\"column\" data-e-type=\"column\">\n\t\t\t<div class=\"elementor-widget-wrap elementor-element-populated\">\n\t\t\t\t\t\t<div class=\"elementor-element elementor-element-5fcc003 elementor-widget elementor-widget-heading\" data-id=\"5fcc003\" data-element_type=\"widget\" data-e-type=\"widget\" data-widget_type=\"heading.default\">\n\t\t\t\t<div class=\"elementor-widget-container\">\n\t\t\t\t\t<h4 class=\"elementor-heading-title elementor-size-default\">Une approche globale et personnalis\u00e9e pour mieux vivre avec la douleur\n\n<\/h4>\t\t\t\t<\/div>\n\t\t\t\t<\/div>\n\t\t\t\t<div class=\"elementor-element elementor-element-411e481 elementor-widget elementor-widget-text-editor\" data-id=\"411e481\" data-element_type=\"widget\" data-e-type=\"widget\" data-widget_type=\"text-editor.default\">\n\t\t\t\t<div class=\"elementor-widget-container\">\n\t\t\t\t\t\t\t\t\t<p data-start=\"303\" data-end=\"665\">Contrairement \u00e0 la douleur aigu\u00eb qui agit comme un signal d\u2019alarme pour prot\u00e9ger le corps, la <strong data-start=\"397\" data-end=\"418\">douleur chronique<\/strong> s\u2019installe dans le temps et impacte profond\u00e9ment la qualit\u00e9 de vie. Elle est souvent accompagn\u00e9e de <strong data-start=\"519\" data-end=\"598\">fatigue chronique, d\u2019anxi\u00e9t\u00e9, de d\u00e9pression, de ralentissement psychomoteur<\/strong>, d\u2019un <strong data-start=\"605\" data-end=\"635\">d\u00e9conditionnement physique<\/strong> et d\u2019un <strong data-start=\"644\" data-end=\"664\">isolement social<\/strong>.<\/p><p data-start=\"667\" data-end=\"998\">La douleur, selon la d\u00e9finition de l\u2019IASP (<em data-start=\"710\" data-end=\"759\">International Association for the Study of Pain<\/em>), est une <strong data-start=\"770\" data-end=\"824\">exp\u00e9rience sensorielle et \u00e9motionnelle d\u00e9sagr\u00e9able<\/strong> li\u00e9e \u00e0 une l\u00e9sion tissulaire r\u00e9elle ou potentielle. Elle est <strong data-start=\"886\" data-end=\"935\">r\u00e9elle, m\u00eame en l\u2019absence de blessure visible<\/strong>, et m\u00e9rite une reconnaissance et une prise en charge adapt\u00e9es.<\/p>\t\t\t\t\t\t\t\t<\/div>\n\t\t\t\t<\/div>\n\t\t\t\t\t<\/div>\n\t\t<\/div>\n\t\t\t\t<div class=\"elementor-column elementor-col-50 elementor-top-column elementor-element elementor-element-3201042\" data-id=\"3201042\" data-element_type=\"column\" data-e-type=\"column\">\n\t\t\t<div class=\"elementor-widget-wrap elementor-element-populated\">\n\t\t\t\t\t\t<div class=\"elementor-element elementor-element-dde370c elementor-widget elementor-widget-image\" data-id=\"dde370c\" data-element_type=\"widget\" data-e-type=\"widget\" data-widget_type=\"image.default\">\n\t\t\t\t<div class=\"elementor-widget-container\">\n\t\t\t\t\t\t\t\t\t\t\t\t\t\t\t<img decoding=\"async\" src=\"https:\/\/www.neuro-concept.ca\/wp-content\/uploads\/elementor\/thumbs\/Capture-decran-le-2024-10-09-a-15.44.39-r73xghrjay8ass4g65btpkzb0i1wlok8paqollclkc.png\" title=\"neurorehab\" alt=\"douleur - neuro-concept\" loading=\"lazy\" \/>\t\t\t\t\t\t\t\t\t\t\t\t\t\t\t<\/div>\n\t\t\t\t<\/div>\n\t\t\t\t\t<\/div>\n\t\t<\/div>\n\t\t\t\t\t<\/div>\n\t\t<\/section>\n\t\t\t\t<section class=\"elementor-section elementor-top-section elementor-element elementor-element-24377d7 elementor-section-boxed elementor-section-height-default elementor-section-height-default\" data-id=\"24377d7\" data-element_type=\"section\" data-e-type=\"section\">\n\t\t\t\t\t\t<div class=\"elementor-container elementor-column-gap-default\">\n\t\t\t\t\t<div class=\"elementor-column elementor-col-100 elementor-top-column elementor-element elementor-element-6bb1ae0\" data-id=\"6bb1ae0\" data-element_type=\"column\" data-e-type=\"column\">\n\t\t\t<div class=\"elementor-widget-wrap elementor-element-populated\">\n\t\t\t\t\t\t<div class=\"elementor-element elementor-element-9b4b71a elementor-widget elementor-widget-heading\" data-id=\"9b4b71a\" data-element_type=\"widget\" data-e-type=\"widget\" data-widget_type=\"heading.default\">\n\t\t\t\t<div class=\"elementor-widget-container\">\n\t\t\t\t\t<h2 class=\"elementor-heading-title elementor-size-default\">\ud83d\udd0d Identifier les diff\u00e9rents types de douleurs<\/h2>\t\t\t\t<\/div>\n\t\t\t\t<\/div>\n\t\t\t\t<div class=\"elementor-element elementor-element-a397109 elementor-widget elementor-widget-text-editor\" data-id=\"a397109\" data-element_type=\"widget\" data-e-type=\"widget\" data-widget_type=\"text-editor.default\">\n\t\t\t\t<div class=\"elementor-widget-container\">\n\t\t\t\t\t\t\t\t\t<p data-start=\"1061\" data-end=\"1236\">Pour mieux intervenir, il est essentiel de comprendre les <strong data-start=\"1119\" data-end=\"1177\">m\u00e9canismes qui d\u00e9clenchent ou entretiennent la douleur<\/strong>. Il existe principalement trois grands types de douleurs :<\/p>\t\t\t\t\t\t\t\t<\/div>\n\t\t\t\t<\/div>\n\t\t\t\t\t<\/div>\n\t\t<\/div>\n\t\t\t\t\t<\/div>\n\t\t<\/section>\n\t\t\t\t<section class=\"elementor-section elementor-top-section elementor-element elementor-element-c464ba1 elementor-section-boxed elementor-section-height-default elementor-section-height-default\" data-id=\"c464ba1\" data-element_type=\"section\" data-e-type=\"section\">\n\t\t\t\t\t\t<div class=\"elementor-container elementor-column-gap-default\">\n\t\t\t\t\t<div class=\"elementor-column elementor-col-50 elementor-top-column elementor-element elementor-element-e23d451\" data-id=\"e23d451\" data-element_type=\"column\" data-e-type=\"column\">\n\t\t\t<div class=\"elementor-widget-wrap elementor-element-populated\">\n\t\t\t\t\t\t<div class=\"elementor-element elementor-element-362986a elementor-widget elementor-widget-text-editor\" data-id=\"362986a\" data-element_type=\"widget\" data-e-type=\"widget\" data-widget_type=\"text-editor.default\">\n\t\t\t\t<div class=\"elementor-widget-container\">\n\t\t\t\t\t\t\t\t\t<h4 data-start=\"1238\" data-end=\"1268\">\u27a4 <strong data-start=\"1245\" data-end=\"1268\">Douleur nociceptive<\/strong><\/h4><p>Provoqu\u00e9e par l\u2019<strong data-start=\"1285\" data-end=\"1316\">activation des nocicepteurs<\/strong> en r\u00e9ponse \u00e0 une blessure ou inflammation (ex. : entorse, arthrite).<br data-start=\"1385\" data-end=\"1388\" \/><strong data-start=\"1388\" data-end=\"1408\">Caract\u00e9ristiques<\/strong> :<\/p><ul><li data-start=\"1415\" data-end=\"1451\">Douleur m\u00e9canique ou inflammatoire<\/li><li data-start=\"1415\" data-end=\"1451\">Baisse de la force musculaire et de l\u2019endurance<\/li><li data-start=\"1415\" data-end=\"1451\">Raideurs articulaires<\/li><\/ul><h4 data-start=\"1531\" data-end=\"1563\">\u27a4 <strong data-start=\"1538\" data-end=\"1563\">Douleur neuropathique<\/strong><\/h4><p data-start=\"1564\" data-end=\"1665\">R\u00e9sulte d\u2019une <strong data-start=\"1578\" data-end=\"1635\">atteinte du syst\u00e8me nerveux (central ou p\u00e9riph\u00e9rique)<\/strong>.<br data-start=\"1636\" data-end=\"1639\" \/><strong data-start=\"1639\" data-end=\"1661\">Sympt\u00f4mes typiques<\/strong> :<\/p><ul><li data-start=\"1668\" data-end=\"1709\">Br\u00fblures, picotements, engourdissements<\/li><li data-start=\"1668\" data-end=\"1709\">D\u00e9charges \u00e9lectriques<\/li><li data-start=\"1668\" data-end=\"1709\">Difficult\u00e9 \u00e0 ex\u00e9cuter un mouvement malgr\u00e9 des muscles fonctionnels<\/li><\/ul>\t\t\t\t\t\t\t\t<\/div>\n\t\t\t\t<\/div>\n\t\t\t\t\t<\/div>\n\t\t<\/div>\n\t\t\t\t<div class=\"elementor-column elementor-col-50 elementor-top-column elementor-element elementor-element-9ceec60\" data-id=\"9ceec60\" data-element_type=\"column\" data-e-type=\"column\">\n\t\t\t<div class=\"elementor-widget-wrap elementor-element-populated\">\n\t\t\t\t\t\t<div class=\"elementor-element elementor-element-9946c7d elementor-widget elementor-widget-text-editor\" data-id=\"9946c7d\" data-element_type=\"widget\" data-e-type=\"widget\" data-widget_type=\"text-editor.default\">\n\t\t\t\t<div class=\"elementor-widget-container\">\n\t\t\t\t\t\t\t\t\t<h4 data-start=\"1808\" data-end=\"1840\">\u27a4 <strong data-start=\"1815\" data-end=\"1840\">Douleur nociplastique<\/strong><\/h4><p data-start=\"1841\" data-end=\"2007\">Cette douleur <strong data-start=\"1855\" data-end=\"1899\">n\u2019est pas li\u00e9e \u00e0 une l\u00e9sion identifiable<\/strong> mais \u00e0 une <strong data-start=\"1911\" data-end=\"1981\">dysfonction du syst\u00e8me de modulation de la douleur dans le cerveau<\/strong>.<br data-start=\"1982\" data-end=\"1985\" \/><strong data-start=\"1985\" data-end=\"2003\">Manifestations<\/strong> :<\/p><ul><li data-start=\"2010\" data-end=\"2041\">Douleur diffuse et changeante<\/li><li data-start=\"2010\" data-end=\"2041\">Hypersensibilit\u00e9 accrue<\/li><li data-start=\"2010\" data-end=\"2041\">Forte interaction entre \u00e9motions et douleur<\/li><li data-start=\"2010\" data-end=\"2041\">Peu de r\u00e9ponse aux traitements m\u00e9dicamenteux classiques<\/li><\/ul>\t\t\t\t\t\t\t\t<\/div>\n\t\t\t\t<\/div>\n\t\t\t\t\t<\/div>\n\t\t<\/div>\n\t\t\t\t\t<\/div>\n\t\t<\/section>\n\t\t\t\t<section class=\"elementor-section elementor-top-section elementor-element elementor-element-86053b6 elementor-section-boxed elementor-section-height-default elementor-section-height-default\" data-id=\"86053b6\" data-element_type=\"section\" data-e-type=\"section\">\n\t\t\t\t\t\t<div class=\"elementor-container elementor-column-gap-default\">\n\t\t\t\t\t<div class=\"elementor-column elementor-col-33 elementor-top-column elementor-element elementor-element-5ab1a18\" data-id=\"5ab1a18\" data-element_type=\"column\" data-e-type=\"column\">\n\t\t\t<div class=\"elementor-widget-wrap elementor-element-populated\">\n\t\t\t\t\t\t<div class=\"elementor-element elementor-element-95b6faa elementor-widget elementor-widget-video\" data-id=\"95b6faa\" data-element_type=\"widget\" data-e-type=\"widget\" data-settings=\"{&quot;youtube_url&quot;:&quot;https:\\\/\\\/www.youtube.com\\\/watch?v=voZ7JvAgIzQ&amp;feature=youtu.be&quot;,&quot;video_type&quot;:&quot;youtube&quot;,&quot;controls&quot;:&quot;yes&quot;}\" data-widget_type=\"video.default\">\n\t\t\t\t<div class=\"elementor-widget-container\">\n\t\t\t\t\t\t\t<div class=\"elementor-wrapper elementor-open-inline\">\n\t\t\t<div class=\"elementor-video\"><\/div>\t\t<\/div>\n\t\t\t\t\t\t<\/div>\n\t\t\t\t<\/div>\n\t\t\t\t\t<\/div>\n\t\t<\/div>\n\t\t\t\t<div class=\"elementor-column elementor-col-66 elementor-top-column elementor-element elementor-element-3ed8dd6\" data-id=\"3ed8dd6\" data-element_type=\"column\" data-e-type=\"column\">\n\t\t\t<div class=\"elementor-widget-wrap elementor-element-populated\">\n\t\t\t\t\t\t<div class=\"elementor-element elementor-element-b2a30bf elementor-widget elementor-widget-heading\" data-id=\"b2a30bf\" data-element_type=\"widget\" data-e-type=\"widget\" data-widget_type=\"heading.default\">\n\t\t\t\t<div class=\"elementor-widget-container\">\n\t\t\t\t\t<h2 class=\"elementor-heading-title elementor-size-default\">\ud83e\udde0 Le r\u00f4le de la neuroplasticit\u00e9 et l\u2019effet portillon<\/h2>\t\t\t\t<\/div>\n\t\t\t\t<\/div>\n\t\t\t\t<div class=\"elementor-element elementor-element-9ec070a elementor-widget elementor-widget-text-editor\" data-id=\"9ec070a\" data-element_type=\"widget\" data-e-type=\"widget\" data-widget_type=\"text-editor.default\">\n\t\t\t\t<div class=\"elementor-widget-container\">\n\t\t\t\t\t\t\t\t\t<p data-start=\"2247\" data-end=\"2573\">Le <strong data-start=\"2250\" data-end=\"2261\">cerveau<\/strong> joue un r\u00f4le central dans la perception de la douleur. L\u2019<strong data-start=\"2319\" data-end=\"2340\">effet &#8220;portillon&#8221;<\/strong> (ou <em data-start=\"2345\" data-end=\"2366\">Gate Control Theory<\/em>) d\u00e9crit un m\u00e9canisme situ\u00e9 dans la moelle \u00e9pini\u00e8re (corne dorsale) qui r\u00e9gule la transmission des signaux douloureux vers le cerveau. Lorsque ce syst\u00e8me est d\u00e9bord\u00e9 ou d\u00e9r\u00e9gl\u00e9, la douleur devient chronique.<\/p><p data-start=\"2575\" data-end=\"2670\"><strong data-start=\"2575\" data-end=\"2593\">Bon \u00e0 savoir :<\/strong><br data-start=\"2593\" data-end=\"2596\" \/>Certains facteurs peuvent &#8220;fermer&#8221; ce portillon et att\u00e9nuer la douleur :<\/p><ul><li data-start=\"2673\" data-end=\"2723\">Gestion de l\u2019\u00e9nergie (alternance repos\/activit\u00e9)-<\/li><li data-start=\"2673\" data-end=\"2723\">Concentration intense ou distraction<\/li><li data-start=\"2673\" data-end=\"2723\">Relaxation et m\u00e9ditation<\/li><li data-start=\"2673\" data-end=\"2723\">Exp\u00e9rience de plaisir dans l\u2019activit\u00e9 (\u00e9tat de \u201cflow\u201d)<\/li><li data-start=\"2673\" data-end=\"2723\">M\u00e9dication cibl\u00e9e<\/li><\/ul>\t\t\t\t\t\t\t\t<\/div>\n\t\t\t\t<\/div>\n\t\t\t\t\t<\/div>\n\t\t<\/div>\n\t\t\t\t\t<\/div>\n\t\t<\/section>\n\t\t\t\t<section class=\"elementor-section elementor-top-section elementor-element elementor-element-8e45ace elementor-section-boxed elementor-section-height-default elementor-section-height-default\" data-id=\"8e45ace\" data-element_type=\"section\" data-e-type=\"section\">\n\t\t\t\t\t\t<div class=\"elementor-container elementor-column-gap-default\">\n\t\t\t\t\t<div class=\"elementor-column elementor-col-100 elementor-top-column elementor-element elementor-element-5895ea3\" data-id=\"5895ea3\" data-element_type=\"column\" data-e-type=\"column\">\n\t\t\t<div class=\"elementor-widget-wrap elementor-element-populated\">\n\t\t\t\t\t\t<div class=\"elementor-element elementor-element-0bc920c elementor-widget elementor-widget-heading\" data-id=\"0bc920c\" data-element_type=\"widget\" data-e-type=\"widget\" data-widget_type=\"heading.default\">\n\t\t\t\t<div class=\"elementor-widget-container\">\n\t\t\t\t\t<h2 class=\"elementor-heading-title elementor-size-default\">\ud83e\udd1d Approche interdisciplinaire pour la gestion de la douleur<\/h2>\t\t\t\t<\/div>\n\t\t\t\t<\/div>\n\t\t\t\t<div class=\"elementor-element elementor-element-63f2559 elementor-widget elementor-widget-text-editor\" data-id=\"63f2559\" data-element_type=\"widget\" data-e-type=\"widget\" data-widget_type=\"text-editor.default\">\n\t\t\t\t<div class=\"elementor-widget-container\">\n\t\t\t\t\t\t\t\t\t<p data-start=\"2951\" data-end=\"3146\">Chez Neuro-Concept, nous croyons en une <strong data-start=\"2991\" data-end=\"3024\">prise en charge collaborative<\/strong>. Kin\u00e9siologues, ergoth\u00e9rapeutes et physioth\u00e9rapeutes travaillent ensemble pour vous offrir des strat\u00e9gies personnalis\u00e9es.<\/p>\t\t\t\t\t\t\t\t<\/div>\n\t\t\t\t<\/div>\n\t\t\t\t\t<\/div>\n\t\t<\/div>\n\t\t\t\t\t<\/div>\n\t\t<\/section>\n\t\t\t\t<section class=\"elementor-section elementor-top-section elementor-element elementor-element-de8e81a elementor-section-boxed elementor-section-height-default elementor-section-height-default\" data-id=\"de8e81a\" data-element_type=\"section\" data-e-type=\"section\">\n\t\t\t\t\t\t<div class=\"elementor-container elementor-column-gap-default\">\n\t\t\t\t\t<div class=\"elementor-column elementor-col-33 elementor-top-column elementor-element elementor-element-a0f9f4d\" data-id=\"a0f9f4d\" data-element_type=\"column\" data-e-type=\"column\">\n\t\t\t<div class=\"elementor-widget-wrap elementor-element-populated\">\n\t\t\t\t\t\t<div class=\"elementor-element elementor-element-9c688d0 elementor-widget elementor-widget-text-editor\" data-id=\"9c688d0\" data-element_type=\"widget\" data-e-type=\"widget\" data-widget_type=\"text-editor.default\">\n\t\t\t\t<div class=\"elementor-widget-container\">\n\t\t\t\t\t\t\t\t\t<h4 data-start=\"3148\" data-end=\"3168\">Nos objectifs :<\/h4><ul><li data-start=\"3171\" data-end=\"3234\"><strong data-start=\"3171\" data-end=\"3232\">Comprendre le type de douleur et ses impacts fonctionnels<\/strong><\/li><li data-start=\"3171\" data-end=\"3234\"><strong data-start=\"3237\" data-end=\"3278\">Favoriser l\u2019autogestion de la douleur<\/strong><\/li><li data-start=\"3171\" data-end=\"3234\"><strong data-start=\"3283\" data-end=\"3327\">Am\u00e9liorer la qualit\u00e9 de vie au quotidien<\/strong><\/li><\/ul>\t\t\t\t\t\t\t\t<\/div>\n\t\t\t\t<\/div>\n\t\t\t\t<div class=\"elementor-element elementor-element-2d2594b elementor-widget elementor-widget-image\" data-id=\"2d2594b\" data-element_type=\"widget\" data-e-type=\"widget\" data-widget_type=\"image.default\">\n\t\t\t\t<div class=\"elementor-widget-container\">\n\t\t\t\t\t\t\t\t\t\t\t\t\t\t\t<img decoding=\"async\" src=\"http:\/\/www.neuro-concept.ca\/wp-content\/uploads\/2019\/11\/douleurs-neurologiques.jpg\" title=\"\" alt=\"\" loading=\"lazy\" \/>\t\t\t\t\t\t\t\t\t\t\t\t\t\t\t<\/div>\n\t\t\t\t<\/div>\n\t\t\t\t\t<\/div>\n\t\t<\/div>\n\t\t\t\t<div class=\"elementor-column elementor-col-66 elementor-top-column elementor-element elementor-element-c67c4a7\" data-id=\"c67c4a7\" data-element_type=\"column\" data-e-type=\"column\">\n\t\t\t<div class=\"elementor-widget-wrap elementor-element-populated\">\n\t\t\t\t\t\t<div class=\"elementor-element elementor-element-175b057 elementor-widget elementor-widget-text-editor\" data-id=\"175b057\" data-element_type=\"widget\" data-e-type=\"widget\" data-widget_type=\"text-editor.default\">\n\t\t\t\t<div class=\"elementor-widget-container\">\n\t\t\t\t\t\t\t\t\t<h4 data-start=\"3334\" data-end=\"3368\">Nos interventions incluent :<\/h4><p data-start=\"3370\" data-end=\"3541\">\u2705 <strong data-start=\"3372\" data-end=\"3423\">Planification d\u2019un horaire occupationnel adapt\u00e9. <\/strong>Revoir les activit\u00e9s de la semaine pour retrouver un \u00e9quilibre entre efficacit\u00e9, repos et satisfaction personnelle.<\/p><p data-start=\"3370\" data-end=\"3541\">\u2705 <strong data-start=\"3545\" data-end=\"3590\">D\u00e9veloppement de strat\u00e9gies d\u2019autogestion. <\/strong>Relaxation, hygi\u00e8ne posturale, adaptation des t\u00e2ches, gestion \u00e9motionnelle, conservation de l\u2019\u00e9nergie, etc.<\/p><p data-start=\"3702\" data-end=\"3827\">\u2705 <strong data-start=\"3704\" data-end=\"3753\">R\u00e9introduction de l\u2019activit\u00e9 physique adapt\u00e9e. <\/strong>Pour am\u00e9liorer l\u2019endurance, le conditionnement et le bien-\u00eatre g\u00e9n\u00e9ral.<\/p><p data-start=\"3829\" data-end=\"3989\">\u2705 <strong data-start=\"3831\" data-end=\"3868\">R\u00e9duction des facteurs aggravants. <\/strong>Identification des \u00e9l\u00e9ments qui amplifient la douleur (stress, posture, surmenage) et mise en place d\u2019actions cibl\u00e9es.<\/p><p data-start=\"3991\" data-end=\"4179\">\u2705 <strong data-start=\"3993\" data-end=\"4040\">\u00c9ducation compl\u00e8te sur la douleur chronique. <\/strong>Mieux comprendre, c\u2019est mieux agir. Nous offrons une formation approfondie sur les m\u00e9canismes de la douleur et les outils d\u2019autogestion.<\/p>\t\t\t\t\t\t\t\t<\/div>\n\t\t\t\t<\/div>\n\t\t\t\t\t<\/div>\n\t\t<\/div>\n\t\t\t\t\t<\/div>\n\t\t<\/section>\n\t\t\t\t<section class=\"elementor-section elementor-top-section elementor-element elementor-element-042df76 elementor-section-boxed elementor-section-height-default elementor-section-height-default\" data-id=\"042df76\" data-element_type=\"section\" data-e-type=\"section\">\n\t\t\t\t\t\t<div class=\"elementor-container elementor-column-gap-default\">\n\t\t\t\t\t<div class=\"elementor-column elementor-col-100 elementor-top-column elementor-element elementor-element-c4274e0\" data-id=\"c4274e0\" data-element_type=\"column\" data-e-type=\"column\">\n\t\t\t<div class=\"elementor-widget-wrap\">\n\t\t\t\t\t\t\t<\/div>\n\t\t<\/div>\n\t\t\t\t\t<\/div>\n\t\t<\/section>\n\t\t\t\t<section class=\"elementor-section elementor-top-section elementor-element elementor-element-abfaa6c elementor-section-boxed elementor-section-height-default elementor-section-height-default\" data-id=\"abfaa6c\" data-element_type=\"section\" data-e-type=\"section\">\n\t\t\t\t\t\t<div class=\"elementor-container elementor-column-gap-default\">\n\t\t\t\t\t<div class=\"elementor-column elementor-col-33 elementor-top-column elementor-element elementor-element-4f8d175\" data-id=\"4f8d175\" data-element_type=\"column\" data-e-type=\"column\">\n\t\t\t<div class=\"elementor-widget-wrap elementor-element-populated\">\n\t\t\t\t\t\t<div class=\"elementor-element elementor-element-d1e215f elementor-widget elementor-widget-image\" data-id=\"d1e215f\" data-element_type=\"widget\" data-e-type=\"widget\" data-widget_type=\"image.default\">\n\t\t\t\t<div class=\"elementor-widget-container\">\n\t\t\t\t\t\t\t\t\t\t\t\t\t\t\t<img fetchpriority=\"high\" decoding=\"async\" width=\"860\" height=\"1020\" src=\"https:\/\/www.neuro-concept.ca\/wp-content\/uploads\/2024\/01\/therapie-miroir.jpg\" class=\"attachment-full size-full wp-image-11419\" alt=\"therapie-main\" srcset=\"https:\/\/www.neuro-concept.ca\/wp-content\/uploads\/2024\/01\/therapie-miroir.jpg 860w, https:\/\/www.neuro-concept.ca\/wp-content\/uploads\/2024\/01\/therapie-miroir-253x300.jpg 253w\" sizes=\"(max-width: 860px) 100vw, 860px\" \/>\t\t\t\t\t\t\t\t\t\t\t\t\t\t\t<\/div>\n\t\t\t\t<\/div>\n\t\t\t\t\t<\/div>\n\t\t<\/div>\n\t\t\t\t<div class=\"elementor-column elementor-col-66 elementor-top-column elementor-element elementor-element-1854f18\" data-id=\"1854f18\" data-element_type=\"column\" data-e-type=\"column\">\n\t\t\t<div class=\"elementor-widget-wrap elementor-element-populated\">\n\t\t\t\t\t\t<div class=\"elementor-element elementor-element-87ee4d2 elementor-widget elementor-widget-heading\" data-id=\"87ee4d2\" data-element_type=\"widget\" data-e-type=\"widget\" data-widget_type=\"heading.default\">\n\t\t\t\t<div class=\"elementor-widget-container\">\n\t\t\t\t\t<h2 class=\"elementor-heading-title elementor-size-default\">\ud83e\udde0\ud83d\udd04 Nouvelles approches th\u00e9rapeutiques : miroir, imagerie motrice, r\u00e9alit\u00e9 virtuelle<\/h2>\t\t\t\t<\/div>\n\t\t\t\t<\/div>\n\t\t\t\t<div class=\"elementor-element elementor-element-23cec71 elementor-widget elementor-widget-text-editor\" data-id=\"23cec71\" data-element_type=\"widget\" data-e-type=\"widget\" data-widget_type=\"text-editor.default\">\n\t\t\t\t<div class=\"elementor-widget-container\">\n\t\t\t\t\t\t\t\t\t<p data-start=\"4281\" data-end=\"4492\">Outre la m\u00e9dication, des techniques modernes comme l\u2019<strong data-start=\"4334\" data-end=\"4354\">imagerie motrice<\/strong>, la <strong data-start=\"4359\" data-end=\"4378\">th\u00e9rapie miroir<\/strong>, ou la <strong data-start=\"4386\" data-end=\"4407\">r\u00e9alit\u00e9 virtuelle<\/strong> permettent de <strong data-start=\"4422\" data-end=\"4449\">reprogrammer le cerveau<\/strong> pour modifier la perception de la douleur.<\/p><p data-start=\"4494\" data-end=\"4765\">La <strong data-start=\"4497\" data-end=\"4516\">th\u00e9rapie miroir<\/strong>, par exemple, utilise le reflet d\u2019un membre sain pour tromper le cerveau et cr\u00e9er une illusion de mouvement dans le membre affect\u00e9. Ces interventions stimulent des zones sp\u00e9cifiques du cerveau li\u00e9es au <strong data-start=\"4719\" data-end=\"4764\">mouvement, \u00e0 la sensation et \u00e0 la douleur<\/strong>.<\/p>\t\t\t\t\t\t\t\t<\/div>\n\t\t\t\t<\/div>\n\t\t\t\t<div class=\"elementor-element elementor-element-0c98666 elementor-widget elementor-widget-heading\" data-id=\"0c98666\" data-element_type=\"widget\" data-e-type=\"widget\" data-widget_type=\"heading.default\">\n\t\t\t\t<div class=\"elementor-widget-container\">\n\t\t\t\t\t<h2 class=\"elementor-heading-title elementor-size-default\">\ud83d\udcac Votre douleur est r\u00e9elle et m\u00e9rite une attention sp\u00e9cialis\u00e9e<\/h2>\t\t\t\t<\/div>\n\t\t\t\t<\/div>\n\t\t\t\t<div class=\"elementor-element elementor-element-d35f91c elementor-widget elementor-widget-text-editor\" data-id=\"d35f91c\" data-element_type=\"widget\" data-e-type=\"widget\" data-widget_type=\"text-editor.default\">\n\t\t\t\t<div class=\"elementor-widget-container\">\n\t\t\t\t\t\t\t\t\t<p data-start=\"4841\" data-end=\"5114\">Chaque douleur est unique, influenc\u00e9e par votre <strong data-start=\"4889\" data-end=\"4956\">histoire de vie, vos \u00e9motions, votre g\u00e9n\u00e9tique et votre culture<\/strong>. Chez Neuro-Concept, nous valorisons une <strong data-start=\"4998\" data-end=\"5035\">approche humaine et personnalis\u00e9e<\/strong>, centr\u00e9e sur <strong data-start=\"5049\" data-end=\"5113\">l\u2019\u00e9coute, l\u2019expertise clinique et l\u2019innovation th\u00e9rapeutique<\/strong>.<\/p>\t\t\t\t\t\t\t\t<\/div>\n\t\t\t\t<\/div>\n\t\t\t\t\t<\/div>\n\t\t<\/div>\n\t\t\t\t\t<\/div>\n\t\t<\/section>\n\t\t\t\t<section class=\"elementor-section elementor-top-section elementor-element elementor-element-d4a5cea elementor-section-boxed elementor-section-height-default elementor-section-height-default\" data-id=\"d4a5cea\" data-element_type=\"section\" data-e-type=\"section\">\n\t\t\t\t\t\t<div class=\"elementor-container elementor-column-gap-default\">\n\t\t\t\t\t<div class=\"elementor-column elementor-col-100 elementor-top-column elementor-element elementor-element-e48de54\" data-id=\"e48de54\" data-element_type=\"column\" data-e-type=\"column\">\n\t\t\t<div class=\"elementor-widget-wrap elementor-element-populated\">\n\t\t\t\t\t\t<div class=\"elementor-element elementor-element-2c65862 elementor-widget elementor-widget-text-editor\" data-id=\"2c65862\" data-element_type=\"widget\" data-e-type=\"widget\" data-widget_type=\"text-editor.default\">\n\t\t\t\t<div class=\"elementor-widget-container\">\n\t\t\t\t\t\t\t\t\t<p><span data-contrast=\"auto\">Ressources disponibles pour les personnes vivant avec de la douleur chronique :<\/span><\/p><p><span data-contrast=\"auto\"> <span data-ccp-props=\"{&quot;201341983&quot;:0,&quot;335551550&quot;:6,&quot;335551620&quot;:6,&quot;335559739&quot;:160,&quot;335559740&quot;:279}\"><a href=\"https:\/\/gerermadouleur.ca\/\"><i><span data-contrast=\"none\">https:\/\/gerermadouleur.ca\/<\/span><\/i><\/a><\/span><\/span><\/p><p><a href=\"https:\/\/aqdc.info\/\"><i><span data-contrast=\"none\">https:\/\/aqdc.info\/<\/span><\/i><\/a><span data-ccp-props=\"{&quot;201341983&quot;:0,&quot;335551550&quot;:6,&quot;335551620&quot;:6,&quot;335559739&quot;:160,&quot;335559740&quot;:279}\">\u00a0<\/span><\/p><p><a href=\"https:\/\/www.paincanada.ca\/fr\/page-daccueil\"><i><span data-contrast=\"none\">https:\/\/www.paincanada.ca\/fr\/page-daccueil<\/span><\/i><\/a><span data-ccp-props=\"{&quot;201341983&quot;:0,&quot;335551550&quot;:6,&quot;335551620&quot;:6,&quot;335559739&quot;:160,&quot;335559740&quot;:279}\">\u00a0<\/span><\/p><p><a href=\"https:\/\/sqf.quebec\/\"><i><span data-contrast=\"none\">https:\/\/sqf.quebec\/<\/span><\/i><\/a><span data-ccp-props=\"{&quot;201341983&quot;:0,&quot;335551550&quot;:6,&quot;335551620&quot;:6,&quot;335559739&quot;:160,&quot;335559740&quot;:279}\">\u00a0<\/span><\/p>\t\t\t\t\t\t\t\t<\/div>\n\t\t\t\t<\/div>\n\t\t\t\t\t<\/div>\n\t\t<\/div>\n\t\t\t\t\t<\/div>\n\t\t<\/section>\n\t\t\t\t<section class=\"elementor-section elementor-top-section elementor-element elementor-element-7d7b503 elementor-section-height-min-height elementor-section-stretched elementor-section-boxed elementor-section-height-default elementor-section-items-middle\" data-id=\"7d7b503\" data-element_type=\"section\" data-e-type=\"section\" data-settings=\"{&quot;stretch_section&quot;:&quot;section-stretched&quot;,&quot;background_background&quot;:&quot;classic&quot;}\">\n\t\t\t\t\t\t<div class=\"elementor-container elementor-column-gap-default\">\n\t\t\t\t\t<div class=\"elementor-column elementor-col-100 elementor-top-column elementor-element elementor-element-c6d4ab3\" data-id=\"c6d4ab3\" data-element_type=\"column\" data-e-type=\"column\">\n\t\t\t<div class=\"elementor-widget-wrap elementor-element-populated\">\n\t\t\t\t\t\t<div class=\"elementor-element elementor-element-7df2311 elementor-widget elementor-widget-text-editor\" data-id=\"7df2311\" data-element_type=\"widget\" data-e-type=\"widget\" data-widget_type=\"text-editor.default\">\n\t\t\t\t<div class=\"elementor-widget-container\">\n\t\t\t\t\t\t\t\t\t<p>Une <strong data-start=\"5116\" data-end=\"5168\">\u00e9quipe sp\u00e9cialis\u00e9e<\/strong> pour d\u00e9couvrir des solutions concr\u00e8tes, adapt\u00e9es \u00e0 votre douleur chronique.<\/p>\t\t\t\t\t\t\t\t<\/div>\n\t\t\t\t<\/div>\n\t\t\t\t<div class=\"elementor-element elementor-element-58046ea elementor-align-center elementor-widget elementor-widget-button\" data-id=\"58046ea\" data-element_type=\"widget\" data-e-type=\"widget\" data-widget_type=\"button.default\">\n\t\t\t\t<div class=\"elementor-widget-container\">\n\t\t\t\t\t\t\t\t\t<div class=\"elementor-button-wrapper\">\n\t\t\t\t\t<a class=\"elementor-button elementor-size-sm\" role=\"button\">\n\t\t\t\t\t\t<span class=\"elementor-button-content-wrapper\">\n\t\t\t\t\t\t\t\t\t<span class=\"elementor-button-text\">Prendre rendez-vous<\/span>\n\t\t\t\t\t<\/span>\n\t\t\t\t\t<\/a>\n\t\t\t\t<\/div>\n\t\t\t\t\t\t\t\t<\/div>\n\t\t\t\t<\/div>\n\t\t\t\t\t<\/div>\n\t\t<\/div>\n\t\t\t\t\t<\/div>\n\t\t<\/section>\n\t\t\t\t<\/div>\n\t\t","protected":false},"excerpt":{"rendered":"<p>Comprendre la douleur neuropathique et la douleur chronique Une approche globale et personnalis\u00e9e pour mieux vivre avec la douleur Contrairement \u00e0 la douleur aigu\u00eb qui agit comme un signal d\u2019alarme pour prot\u00e9ger le corps, la douleur chronique s\u2019installe dans le temps et impacte profond\u00e9ment la qualit\u00e9 de vie. Elle est souvent accompagn\u00e9e de fatigue chronique,&#8230;<\/p>\n","protected":false},"author":9,"featured_media":0,"parent":6088,"menu_order":0,"comment_status":"closed","ping_status":"closed","template":"","meta":{"_monsterinsights_skip_tracking":false,"_monsterinsights_sitenote_active":false,"_monsterinsights_sitenote_note":"","_monsterinsights_sitenote_category":0,"footnotes":""},"class_list":["post-6768","page","type-page","status-publish","hentry"],"yoast_head":"<!-- This site is optimized with the Yoast SEO plugin v27.5 - https:\/\/yoast.com\/product\/yoast-seo-wordpress\/ -->\n<title>Traitements de la douleur | Neuro-Concept | r\u00e9adaptation neuro<\/title>\n<meta name=\"description\" content=\"Comprendre la douleur chronique et neuropathique : causes, m\u00e9canismes, sympt\u00f4mes et traitements personnalis\u00e9s pour mieux g\u00e9rer votre douleur au quotidien.\" \/>\n<meta name=\"robots\" content=\"index, follow, max-snippet:-1, max-image-preview:large, max-video-preview:-1\" \/>\n<link rel=\"canonical\" href=\"https:\/\/www.neuro-concept.ca\/fr\/traitements-adaptes\/douleur-chronique-neuropathie\/\" \/>\n<meta property=\"og:locale\" content=\"fr_FR\" \/>\n<meta property=\"og:type\" content=\"article\" \/>\n<meta property=\"og:title\" content=\"Traitements de la douleur | Neuro-Concept | r\u00e9adaptation neuro\" \/>\n<meta property=\"og:description\" content=\"Comprendre la douleur chronique et neuropathique : causes, m\u00e9canismes, sympt\u00f4mes et traitements personnalis\u00e9s pour mieux g\u00e9rer votre douleur au quotidien.\" \/>\n<meta property=\"og:url\" content=\"https:\/\/www.neuro-concept.ca\/fr\/traitements-adaptes\/douleur-chronique-neuropathie\/\" \/>\n<meta property=\"og:site_name\" content=\"Neuro-Concept - Centre de r\u00e9adaptation neurologique\" \/>\n<meta property=\"article:publisher\" content=\"https:\/\/www.facebook.com\/neuroconcept\" \/>\n<meta property=\"article:modified_time\" content=\"2025-06-10T16:22:26+00:00\" \/>\n<meta property=\"og:image\" content=\"https:\/\/www.neuro-concept.ca\/wp-content\/uploads\/elementor\/thumbs\/Capture-decran-le-2024-10-09-a-15.44.39-r73xghrjay8ass4g65btpkzb0i1wlok8paqollclkc.png\" \/>\n<meta name=\"twitter:card\" content=\"summary_large_image\" \/>\n<meta name=\"twitter:site\" content=\"@NeuroConcept\" \/>\n<script type=\"application\/ld+json\" class=\"yoast-schema-graph\">{\"@context\":\"https:\\\/\\\/schema.org\",\"@graph\":[{\"@type\":\"WebPage\",\"@id\":\"https:\\\/\\\/www.neuro-concept.ca\\\/fr\\\/traitements-adaptes\\\/douleur-chronique-neuropathie\\\/\",\"url\":\"https:\\\/\\\/www.neuro-concept.ca\\\/fr\\\/traitements-adaptes\\\/douleur-chronique-neuropathie\\\/\",\"name\":\"Traitements de la douleur | Neuro-Concept | r\u00e9adaptation neuro\",\"isPartOf\":{\"@id\":\"https:\\\/\\\/www.neuro-concept.ca\\\/fr\\\/#website\"},\"primaryImageOfPage\":{\"@id\":\"https:\\\/\\\/www.neuro-concept.ca\\\/fr\\\/traitements-adaptes\\\/douleur-chronique-neuropathie\\\/#primaryimage\"},\"image\":{\"@id\":\"https:\\\/\\\/www.neuro-concept.ca\\\/fr\\\/traitements-adaptes\\\/douleur-chronique-neuropathie\\\/#primaryimage\"},\"thumbnailUrl\":\"https:\\\/\\\/www.neuro-concept.ca\\\/wp-content\\\/uploads\\\/elementor\\\/thumbs\\\/Capture-decran-le-2024-10-09-a-15.44.39-r73xghrjay8ass4g65btpkzb0i1wlok8paqollclkc.png\",\"datePublished\":\"2019-09-09T17:44:13+00:00\",\"dateModified\":\"2025-06-10T16:22:26+00:00\",\"description\":\"Comprendre la douleur chronique et neuropathique : causes, m\u00e9canismes, sympt\u00f4mes et traitements personnalis\u00e9s pour mieux g\u00e9rer votre douleur au quotidien.\",\"breadcrumb\":{\"@id\":\"https:\\\/\\\/www.neuro-concept.ca\\\/fr\\\/traitements-adaptes\\\/douleur-chronique-neuropathie\\\/#breadcrumb\"},\"inLanguage\":\"fr-ca\",\"potentialAction\":[{\"@type\":\"ReadAction\",\"target\":[\"https:\\\/\\\/www.neuro-concept.ca\\\/fr\\\/traitements-adaptes\\\/douleur-chronique-neuropathie\\\/\"]}]},{\"@type\":\"ImageObject\",\"inLanguage\":\"fr-ca\",\"@id\":\"https:\\\/\\\/www.neuro-concept.ca\\\/fr\\\/traitements-adaptes\\\/douleur-chronique-neuropathie\\\/#primaryimage\",\"url\":\"https:\\\/\\\/www.neuro-concept.ca\\\/wp-content\\\/uploads\\\/elementor\\\/thumbs\\\/Capture-decran-le-2024-10-09-a-15.44.39-r73xghrjay8ass4g65btpkzb0i1wlok8paqollclkc.png\",\"contentUrl\":\"https:\\\/\\\/www.neuro-concept.ca\\\/wp-content\\\/uploads\\\/elementor\\\/thumbs\\\/Capture-decran-le-2024-10-09-a-15.44.39-r73xghrjay8ass4g65btpkzb0i1wlok8paqollclkc.png\"},{\"@type\":\"BreadcrumbList\",\"@id\":\"https:\\\/\\\/www.neuro-concept.ca\\\/fr\\\/traitements-adaptes\\\/douleur-chronique-neuropathie\\\/#breadcrumb\",\"itemListElement\":[{\"@type\":\"ListItem\",\"position\":1,\"name\":\"Home\",\"item\":\"https:\\\/\\\/www.neuro-concept.ca\\\/fr\\\/\"},{\"@type\":\"ListItem\",\"position\":2,\"name\":\"Nos traitements adapt\u00e9s\",\"item\":\"https:\\\/\\\/www.neuro-concept.ca\\\/fr\\\/traitements-adaptes\\\/\"},{\"@type\":\"ListItem\",\"position\":3,\"name\":\"Douleur chronique &#8211; Douleur neuropathique\"}]},{\"@type\":\"WebSite\",\"@id\":\"https:\\\/\\\/www.neuro-concept.ca\\\/fr\\\/#website\",\"url\":\"https:\\\/\\\/www.neuro-concept.ca\\\/fr\\\/\",\"name\":\"Neuro-Concept - Centre de r\u00e9adaptation neurologique\",\"description\":\"La sant\u00e9 - \u00c0 la port\u00e9e de tous\",\"publisher\":{\"@id\":\"https:\\\/\\\/www.neuro-concept.ca\\\/fr\\\/#organization\"},\"potentialAction\":[{\"@type\":\"SearchAction\",\"target\":{\"@type\":\"EntryPoint\",\"urlTemplate\":\"https:\\\/\\\/www.neuro-concept.ca\\\/fr\\\/?s={search_term_string}\"},\"query-input\":{\"@type\":\"PropertyValueSpecification\",\"valueRequired\":true,\"valueName\":\"search_term_string\"}}],\"inLanguage\":\"fr-ca\"},{\"@type\":\"Organization\",\"@id\":\"https:\\\/\\\/www.neuro-concept.ca\\\/fr\\\/#organization\",\"name\":\"Neuro-Concept\",\"url\":\"https:\\\/\\\/www.neuro-concept.ca\\\/fr\\\/\",\"logo\":{\"@type\":\"ImageObject\",\"inLanguage\":\"fr-ca\",\"@id\":\"https:\\\/\\\/www.neuro-concept.ca\\\/fr\\\/#\\\/schema\\\/logo\\\/image\\\/\",\"url\":\"https:\\\/\\\/www.neuro-concept.ca\\\/wp-content\\\/uploads\\\/2019\\\/07\\\/favicon-1.png\",\"contentUrl\":\"https:\\\/\\\/www.neuro-concept.ca\\\/wp-content\\\/uploads\\\/2019\\\/07\\\/favicon-1.png\",\"width\":330,\"height\":330,\"caption\":\"Neuro-Concept\"},\"image\":{\"@id\":\"https:\\\/\\\/www.neuro-concept.ca\\\/fr\\\/#\\\/schema\\\/logo\\\/image\\\/\"},\"sameAs\":[\"https:\\\/\\\/www.facebook.com\\\/neuroconcept\",\"https:\\\/\\\/x.com\\\/NeuroConcept\",\"https:\\\/\\\/www.instagram.com\\\/neuroconcept.rehab\\\/\",\"https:\\\/\\\/twitter.com\\\/NeuroConcept\"]}]}<\/script>\n<!-- \/ Yoast SEO plugin. -->","yoast_head_json":{"title":"Traitements de la douleur | Neuro-Concept | r\u00e9adaptation neuro","description":"Comprendre la douleur chronique et neuropathique : causes, m\u00e9canismes, sympt\u00f4mes et traitements personnalis\u00e9s pour mieux g\u00e9rer votre douleur au quotidien.","robots":{"index":"index","follow":"follow","max-snippet":"max-snippet:-1","max-image-preview":"max-image-preview:large","max-video-preview":"max-video-preview:-1"},"canonical":"https:\/\/www.neuro-concept.ca\/fr\/traitements-adaptes\/douleur-chronique-neuropathie\/","og_locale":"fr_FR","og_type":"article","og_title":"Traitements de la douleur | Neuro-Concept | r\u00e9adaptation neuro","og_description":"Comprendre la douleur chronique et neuropathique : causes, m\u00e9canismes, sympt\u00f4mes et traitements personnalis\u00e9s pour mieux g\u00e9rer votre douleur au quotidien.","og_url":"https:\/\/www.neuro-concept.ca\/fr\/traitements-adaptes\/douleur-chronique-neuropathie\/","og_site_name":"Neuro-Concept - Centre de r\u00e9adaptation neurologique","article_publisher":"https:\/\/www.facebook.com\/neuroconcept","article_modified_time":"2025-06-10T16:22:26+00:00","og_image":[{"url":"https:\/\/www.neuro-concept.ca\/wp-content\/uploads\/elementor\/thumbs\/Capture-decran-le-2024-10-09-a-15.44.39-r73xghrjay8ass4g65btpkzb0i1wlok8paqollclkc.png","type":"","width":"","height":""}],"twitter_card":"summary_large_image","twitter_site":"@NeuroConcept","schema":{"@context":"https:\/\/schema.org","@graph":[{"@type":"WebPage","@id":"https:\/\/www.neuro-concept.ca\/fr\/traitements-adaptes\/douleur-chronique-neuropathie\/","url":"https:\/\/www.neuro-concept.ca\/fr\/traitements-adaptes\/douleur-chronique-neuropathie\/","name":"Traitements de la douleur | Neuro-Concept | r\u00e9adaptation neuro","isPartOf":{"@id":"https:\/\/www.neuro-concept.ca\/fr\/#website"},"primaryImageOfPage":{"@id":"https:\/\/www.neuro-concept.ca\/fr\/traitements-adaptes\/douleur-chronique-neuropathie\/#primaryimage"},"image":{"@id":"https:\/\/www.neuro-concept.ca\/fr\/traitements-adaptes\/douleur-chronique-neuropathie\/#primaryimage"},"thumbnailUrl":"https:\/\/www.neuro-concept.ca\/wp-content\/uploads\/elementor\/thumbs\/Capture-decran-le-2024-10-09-a-15.44.39-r73xghrjay8ass4g65btpkzb0i1wlok8paqollclkc.png","datePublished":"2019-09-09T17:44:13+00:00","dateModified":"2025-06-10T16:22:26+00:00","description":"Comprendre la douleur chronique et neuropathique : causes, m\u00e9canismes, sympt\u00f4mes et traitements personnalis\u00e9s pour mieux g\u00e9rer votre douleur au quotidien.","breadcrumb":{"@id":"https:\/\/www.neuro-concept.ca\/fr\/traitements-adaptes\/douleur-chronique-neuropathie\/#breadcrumb"},"inLanguage":"fr-ca","potentialAction":[{"@type":"ReadAction","target":["https:\/\/www.neuro-concept.ca\/fr\/traitements-adaptes\/douleur-chronique-neuropathie\/"]}]},{"@type":"ImageObject","inLanguage":"fr-ca","@id":"https:\/\/www.neuro-concept.ca\/fr\/traitements-adaptes\/douleur-chronique-neuropathie\/#primaryimage","url":"https:\/\/www.neuro-concept.ca\/wp-content\/uploads\/elementor\/thumbs\/Capture-decran-le-2024-10-09-a-15.44.39-r73xghrjay8ass4g65btpkzb0i1wlok8paqollclkc.png","contentUrl":"https:\/\/www.neuro-concept.ca\/wp-content\/uploads\/elementor\/thumbs\/Capture-decran-le-2024-10-09-a-15.44.39-r73xghrjay8ass4g65btpkzb0i1wlok8paqollclkc.png"},{"@type":"BreadcrumbList","@id":"https:\/\/www.neuro-concept.ca\/fr\/traitements-adaptes\/douleur-chronique-neuropathie\/#breadcrumb","itemListElement":[{"@type":"ListItem","position":1,"name":"Home","item":"https:\/\/www.neuro-concept.ca\/fr\/"},{"@type":"ListItem","position":2,"name":"Nos traitements adapt\u00e9s","item":"https:\/\/www.neuro-concept.ca\/fr\/traitements-adaptes\/"},{"@type":"ListItem","position":3,"name":"Douleur chronique &#8211; Douleur neuropathique"}]},{"@type":"WebSite","@id":"https:\/\/www.neuro-concept.ca\/fr\/#website","url":"https:\/\/www.neuro-concept.ca\/fr\/","name":"Neuro-Concept - Centre de r\u00e9adaptation neurologique","description":"La sant\u00e9 - \u00c0 la port\u00e9e de tous","publisher":{"@id":"https:\/\/www.neuro-concept.ca\/fr\/#organization"},"potentialAction":[{"@type":"SearchAction","target":{"@type":"EntryPoint","urlTemplate":"https:\/\/www.neuro-concept.ca\/fr\/?s={search_term_string}"},"query-input":{"@type":"PropertyValueSpecification","valueRequired":true,"valueName":"search_term_string"}}],"inLanguage":"fr-ca"},{"@type":"Organization","@id":"https:\/\/www.neuro-concept.ca\/fr\/#organization","name":"Neuro-Concept","url":"https:\/\/www.neuro-concept.ca\/fr\/","logo":{"@type":"ImageObject","inLanguage":"fr-ca","@id":"https:\/\/www.neuro-concept.ca\/fr\/#\/schema\/logo\/image\/","url":"https:\/\/www.neuro-concept.ca\/wp-content\/uploads\/2019\/07\/favicon-1.png","contentUrl":"https:\/\/www.neuro-concept.ca\/wp-content\/uploads\/2019\/07\/favicon-1.png","width":330,"height":330,"caption":"Neuro-Concept"},"image":{"@id":"https:\/\/www.neuro-concept.ca\/fr\/#\/schema\/logo\/image\/"},"sameAs":["https:\/\/www.facebook.com\/neuroconcept","https:\/\/x.com\/NeuroConcept","https:\/\/www.instagram.com\/neuroconcept.rehab\/","https:\/\/twitter.com\/NeuroConcept"]}]}},"_links":{"self":[{"href":"https:\/\/www.neuro-concept.ca\/fr\/wp-json\/wp\/v2\/pages\/6768","targetHints":{"allow":["GET"]}}],"collection":[{"href":"https:\/\/www.neuro-concept.ca\/fr\/wp-json\/wp\/v2\/pages"}],"about":[{"href":"https:\/\/www.neuro-concept.ca\/fr\/wp-json\/wp\/v2\/types\/page"}],"author":[{"embeddable":true,"href":"https:\/\/www.neuro-concept.ca\/fr\/wp-json\/wp\/v2\/users\/9"}],"replies":[{"embeddable":true,"href":"https:\/\/www.neuro-concept.ca\/fr\/wp-json\/wp\/v2\/comments?post=6768"}],"version-history":[{"count":39,"href":"https:\/\/www.neuro-concept.ca\/fr\/wp-json\/wp\/v2\/pages\/6768\/revisions"}],"predecessor-version":[{"id":12707,"href":"https:\/\/www.neuro-concept.ca\/fr\/wp-json\/wp\/v2\/pages\/6768\/revisions\/12707"}],"up":[{"embeddable":true,"href":"https:\/\/www.neuro-concept.ca\/fr\/wp-json\/wp\/v2\/pages\/6088"}],"wp:attachment":[{"href":"https:\/\/www.neuro-concept.ca\/fr\/wp-json\/wp\/v2\/media?parent=6768"}],"curies":[{"name":"wp","href":"https:\/\/api.w.org\/{rel}","templated":true}]}}