{"id":6088,"date":"2019-06-03T08:53:57","date_gmt":"2019-06-03T13:53:57","guid":{"rendered":"https:\/\/www.neuro-concept.ca\/?page_id=6088"},"modified":"2025-06-20T14:43:44","modified_gmt":"2025-06-20T18:43:44","slug":"traitements-adaptes","status":"publish","type":"page","link":"https:\/\/www.neuro-concept.ca\/fr\/traitements-adaptes\/","title":{"rendered":"Nos traitements adapt\u00e9s"},"content":{"rendered":"\t\t<div data-elementor-type=\"wp-post\" data-elementor-id=\"6088\" class=\"elementor elementor-6088\">\n\t\t\t\t\t\t<section class=\"elementor-section elementor-top-section elementor-element elementor-element-421c7386 elementor-section-boxed elementor-section-height-default elementor-section-height-default\" data-id=\"421c7386\" data-element_type=\"section\" data-e-type=\"section\">\n\t\t\t\t\t\t<div class=\"elementor-container elementor-column-gap-default\">\n\t\t\t\t\t<div class=\"elementor-column elementor-col-100 elementor-top-column elementor-element elementor-element-6b92ace2\" data-id=\"6b92ace2\" data-element_type=\"column\" data-e-type=\"column\">\n\t\t\t<div class=\"elementor-widget-wrap elementor-element-populated\">\n\t\t\t\t\t\t<div class=\"elementor-element elementor-element-6d80d69 elementor-widget elementor-widget-heading\" data-id=\"6d80d69\" data-element_type=\"widget\" data-e-type=\"widget\" data-widget_type=\"heading.default\">\n\t\t\t\t<div class=\"elementor-widget-container\">\n\t\t\t\t\t<h2 class=\"elementor-heading-title elementor-size-default\">\ud83e\udd1d Des traitements adapt\u00e9s \u00e0 votre r\u00e9alit\u00e9<\/h2>\t\t\t\t<\/div>\n\t\t\t\t<\/div>\n\t\t\t\t<div class=\"elementor-element elementor-element-eaca13d elementor-widget elementor-widget-text-editor\" data-id=\"eaca13d\" data-element_type=\"widget\" data-e-type=\"widget\" data-widget_type=\"text-editor.default\">\n\t\t\t\t<div class=\"elementor-widget-container\">\n\t\t\t\t\t\t\t\t\t<h5><em>Vous avez un objectif, une difficult\u00e9 ou un sympt\u00f4me qui freine votre quotidien\u202f? Nous avons l\u2019expertise pour vous aider \u00e0 avancer.<\/em><\/h5>\t\t\t\t\t\t\t\t<\/div>\n\t\t\t\t<\/div>\n\t\t\t\t\t<\/div>\n\t\t<\/div>\n\t\t\t\t\t<\/div>\n\t\t<\/section>\n\t\t\t\t<section class=\"elementor-section elementor-top-section elementor-element elementor-element-e75fe5a elementor-section-boxed elementor-section-height-default elementor-section-height-default\" data-id=\"e75fe5a\" data-element_type=\"section\" data-e-type=\"section\">\n\t\t\t\t\t\t<div class=\"elementor-container elementor-column-gap-default\">\n\t\t\t\t\t<div class=\"elementor-column elementor-col-50 elementor-top-column elementor-element elementor-element-45d0f56\" data-id=\"45d0f56\" data-element_type=\"column\" data-e-type=\"column\">\n\t\t\t<div class=\"elementor-widget-wrap elementor-element-populated\">\n\t\t\t\t\t\t<div class=\"elementor-element elementor-element-19f0284 elementor-widget elementor-widget-heading\" data-id=\"19f0284\" data-element_type=\"widget\" data-e-type=\"widget\" data-widget_type=\"heading.default\">\n\t\t\t\t<div class=\"elementor-widget-container\">\n\t\t\t\t\t<h3 class=\"elementor-heading-title elementor-size-default\">Est-ce qu\u2019une visite chez Neuro-Concept pourrait vous aider\u202f?<\/h3>\t\t\t\t<\/div>\n\t\t\t\t<\/div>\n\t\t\t\t<div class=\"elementor-element elementor-element-41cf0a4 elementor-widget elementor-widget-text-editor\" data-id=\"41cf0a4\" data-element_type=\"widget\" data-e-type=\"widget\" data-widget_type=\"text-editor.default\">\n\t\t\t\t<div class=\"elementor-widget-container\">\n\t\t\t\t\t\t\t\t\t<p data-start=\"401\" data-end=\"502\">Si vous vous posez la question, le meilleur point de d\u00e9part est d\u2019observer vos besoins.<br data-start=\"488\" data-end=\"491\" \/>Avez-vous\u202f:<\/p><ul><li data-start=\"505\" data-end=\"548\">Un objectif de r\u00e9adaptation \u00e0 atteindre\u202f?<\/li><li data-start=\"505\" data-end=\"548\">Une difficult\u00e9 fonctionnelle que vous souhaitez am\u00e9liorer\u202f?<\/li><li data-start=\"505\" data-end=\"548\">Un sympt\u00f4me persistant que vous aimeriez r\u00e9duire\u202f?<\/li><\/ul><p data-start=\"667\" data-end=\"909\">Que vous viviez avec une condition neurologique, une blessure orthop\u00e9dique ou un d\u00e9fi moteur, <strong data-start=\"761\" data-end=\"833\">Neuro-Concept met \u00e0 votre disposition une \u00e9quipe hautement qualifi\u00e9e<\/strong>, dans un environnement riche et stimulant con\u00e7u pour maximiser vos progr\u00e8s.<\/p>\t\t\t\t\t\t\t\t<\/div>\n\t\t\t\t<\/div>\n\t\t\t\t\t<\/div>\n\t\t<\/div>\n\t\t\t\t<div class=\"elementor-column elementor-col-50 elementor-top-column elementor-element elementor-element-64b844d\" data-id=\"64b844d\" data-element_type=\"column\" data-e-type=\"column\">\n\t\t\t<div class=\"elementor-widget-wrap elementor-element-populated\">\n\t\t\t\t\t\t<div class=\"elementor-element elementor-element-65123d6 elementor-widget elementor-widget-heading\" data-id=\"65123d6\" data-element_type=\"widget\" data-e-type=\"widget\" data-widget_type=\"heading.default\">\n\t\t\t\t<div class=\"elementor-widget-container\">\n\t\t\t\t\t<h3 class=\"elementor-heading-title elementor-size-default\">\ud83c\udfe5 Un service compl\u00e9mentaire et accessible<\/h3>\t\t\t\t<\/div>\n\t\t\t\t<\/div>\n\t\t\t\t<div class=\"elementor-element elementor-element-6da71e9 elementor-widget elementor-widget-text-editor\" data-id=\"6da71e9\" data-element_type=\"widget\" data-e-type=\"widget\" data-widget_type=\"text-editor.default\">\n\t\t\t\t<div class=\"elementor-widget-container\">\n\t\t\t\t\t\t\t\t\t<p data-start=\"964\" data-end=\"1166\">Nous travaillons <strong data-start=\"981\" data-end=\"1059\">en collaboration avec les h\u00f4pitaux de r\u00e9adaptation<\/strong>, les CMR, les CLSC, et d&#8217;autres cliniques priv\u00e9es, <strong data-start=\"1102\" data-end=\"1127\">au Qu\u00e9bec et ailleurs<\/strong>. Vous pouvez b\u00e9n\u00e9ficier de nos soins :<\/p><ul><li data-start=\"1170\" data-end=\"1219\">Si vous \u00eates <strong data-start=\"1183\" data-end=\"1217\">en attente d\u2019un service public<\/strong><\/li><li data-start=\"1170\" data-end=\"1219\">Si vous <strong data-start=\"1230\" data-end=\"1272\">n\u2019\u00eates pas admissible au r\u00e9seau public<\/strong><\/li><li data-start=\"1170\" data-end=\"1219\">Si vous souhaitez <strong data-start=\"1295\" data-end=\"1343\">acc\u00e9l\u00e9rer ou compl\u00e9ter votre prise en charge<\/strong><\/li><\/ul><p data-start=\"1345\" data-end=\"1437\">Nos programmes sont <strong data-start=\"1365\" data-end=\"1436\">personnalis\u00e9s, adapt\u00e9s \u00e0 votre situation, et ax\u00e9s sur vos objectifs<\/strong>.<\/p>\t\t\t\t\t\t\t\t<\/div>\n\t\t\t\t<\/div>\n\t\t\t\t\t<\/div>\n\t\t<\/div>\n\t\t\t\t\t<\/div>\n\t\t<\/section>\n\t\t\t\t<section class=\"elementor-section elementor-top-section elementor-element elementor-element-ce951d3 elementor-section-boxed elementor-section-height-default elementor-section-height-default\" data-id=\"ce951d3\" data-element_type=\"section\" data-e-type=\"section\">\n\t\t\t\t\t\t<div class=\"elementor-container elementor-column-gap-default\">\n\t\t\t\t\t<div class=\"elementor-column elementor-col-50 elementor-top-column elementor-element elementor-element-2d8e9ff\" data-id=\"2d8e9ff\" data-element_type=\"column\" data-e-type=\"column\">\n\t\t\t<div class=\"elementor-widget-wrap elementor-element-populated\">\n\t\t\t\t\t\t<div class=\"elementor-element elementor-element-5100866 elementor-widget elementor-widget-heading\" data-id=\"5100866\" data-element_type=\"widget\" data-e-type=\"widget\" data-widget_type=\"heading.default\">\n\t\t\t\t<div class=\"elementor-widget-container\">\n\t\t\t\t\t<h2 class=\"elementor-heading-title elementor-size-default\">\ud83d\udc4b Venez nous rencontrer gratuitement<\/h2>\t\t\t\t<\/div>\n\t\t\t\t<\/div>\n\t\t\t\t<div class=\"elementor-element elementor-element-99cb9c4 elementor-widget elementor-widget-text-editor\" data-id=\"99cb9c4\" data-element_type=\"widget\" data-e-type=\"widget\" data-widget_type=\"text-editor.default\">\n\t\t\t\t<div class=\"elementor-widget-container\">\n\t\t\t\t\t\t\t\t\t<p>Vous h\u00e9sitez encore\u202f?<br data-start=\"1508\" data-end=\"1511\" \/>Prenez rendez-vous pour une <strong data-start=\"1539\" data-end=\"1568\">visite gratuite du centre<\/strong>. Un de nos professionnels vous fera d\u00e9couvrir nos installations et r\u00e9pondra \u00e0 toutes vos questions, sans engagement.<\/p>\t\t\t\t\t\t\t\t<\/div>\n\t\t\t\t<\/div>\n\t\t\t\t<div class=\"elementor-element elementor-element-3ddc07a elementor-widget elementor-widget-image\" data-id=\"3ddc07a\" data-element_type=\"widget\" data-e-type=\"widget\" data-widget_type=\"image.default\">\n\t\t\t\t<div class=\"elementor-widget-container\">\n\t\t\t\t\t\t\t\t\t\t\t\t\t\t\t<img fetchpriority=\"high\" decoding=\"async\" width=\"400\" height=\"138\" src=\"https:\/\/www.neuro-concept.ca\/wp-content\/uploads\/2025\/06\/Neuro-Concept-SiteWeb.png\" class=\"attachment-large size-large wp-image-13467\" alt=\"\" srcset=\"https:\/\/www.neuro-concept.ca\/wp-content\/uploads\/2025\/06\/Neuro-Concept-SiteWeb.png 400w, https:\/\/www.neuro-concept.ca\/wp-content\/uploads\/2025\/06\/Neuro-Concept-SiteWeb-300x104.png 300w\" sizes=\"(max-width: 400px) 100vw, 400px\" \/>\t\t\t\t\t\t\t\t\t\t\t\t\t\t\t<\/div>\n\t\t\t\t<\/div>\n\t\t\t\t\t<\/div>\n\t\t<\/div>\n\t\t\t\t<div class=\"elementor-column elementor-col-50 elementor-top-column elementor-element elementor-element-ea98f72\" data-id=\"ea98f72\" data-element_type=\"column\" data-e-type=\"column\">\n\t\t\t<div class=\"elementor-widget-wrap elementor-element-populated\">\n\t\t\t\t\t\t<div class=\"elementor-element elementor-element-c20e98a elementor-widget elementor-widget-video\" data-id=\"c20e98a\" data-element_type=\"widget\" data-e-type=\"widget\" data-settings=\"{&quot;youtube_url&quot;:&quot;https:\\\/\\\/www.youtube.com\\\/shorts\\\/-IUBu8F5WdQ?feature=share&quot;,&quot;video_type&quot;:&quot;youtube&quot;,&quot;controls&quot;:&quot;yes&quot;}\" data-widget_type=\"video.default\">\n\t\t\t\t<div class=\"elementor-widget-container\">\n\t\t\t\t\t\t\t<div class=\"elementor-wrapper elementor-open-inline\">\n\t\t\t<div class=\"elementor-video\"><\/div>\t\t<\/div>\n\t\t\t\t\t\t<\/div>\n\t\t\t\t<\/div>\n\t\t\t\t\t<\/div>\n\t\t<\/div>\n\t\t\t\t\t<\/div>\n\t\t<\/section>\n\t\t\t\t<section class=\"elementor-section elementor-top-section elementor-element elementor-element-c955855 elementor-section-boxed elementor-section-height-default elementor-section-height-default\" data-id=\"c955855\" data-element_type=\"section\" data-e-type=\"section\">\n\t\t\t\t\t\t<div class=\"elementor-container elementor-column-gap-default\">\n\t\t\t\t\t<div class=\"elementor-column elementor-col-25 elementor-top-column elementor-element elementor-element-e8298ca\" data-id=\"e8298ca\" data-element_type=\"column\" data-e-type=\"column\">\n\t\t\t<div class=\"elementor-widget-wrap elementor-element-populated\">\n\t\t\t\t\t\t<div class=\"elementor-element elementor-element-6e3c370 elementor-widget elementor-widget-text-editor\" data-id=\"6e3c370\" data-element_type=\"widget\" data-e-type=\"widget\" data-widget_type=\"text-editor.default\">\n\t\t\t\t<div class=\"elementor-widget-container\">\n\t\t\t\t\t\t\t\t\t<p><a href=\"https:\/\/www.neuro-concept.ca\/fr\/traitements-adaptes\/posture-et-mobilite\/\">Posture et mobilit\u00e9<\/a><\/p><ul><li><a href=\"https:\/\/www.neuro-concept.ca\/fr\/traitements-adaptes\/posture-et-mobilite\/readaptation-marche\/\">R\u00e9apprendre \u00e0 marcher<\/a><\/li><li><a href=\"https:\/\/www.neuro-concept.ca\/fr\/traitements-adaptes\/posture-et-mobilite\/equilibre-chutes\/\">Manque d&#8217;\u00e9quilibre \/ chutes<\/a><\/li><li><a href=\"https:\/\/www.neuro-concept.ca\/fr\/traitements-adaptes\/posture-et-mobilite\/etourdissements-et-vertiges\/\">\u00c9tourdissements et vertiges<\/a><\/li><li><a href=\"https:\/\/www.neuro-concept.ca\/fr\/traitements-adaptes\/posture-et-mobilite\/pied-tombant\/\">Pied tombant<\/a><\/li><\/ul><p><a href=\"https:\/\/www.neuro-concept.ca\/fr\/traitements-adaptes\/therapie-du-bras-et-de-la-main\/\">Th\u00e9rapie du bras et de la main<\/a><\/p>\t\t\t\t\t\t\t\t<\/div>\n\t\t\t\t<\/div>\n\t\t\t\t\t<\/div>\n\t\t<\/div>\n\t\t\t\t<div class=\"elementor-column elementor-col-25 elementor-top-column elementor-element elementor-element-410ffad\" data-id=\"410ffad\" data-element_type=\"column\" data-e-type=\"column\">\n\t\t\t<div class=\"elementor-widget-wrap elementor-element-populated\">\n\t\t\t\t\t\t<div class=\"elementor-element elementor-element-756421e elementor-widget elementor-widget-text-editor\" data-id=\"756421e\" data-element_type=\"widget\" data-e-type=\"widget\" data-widget_type=\"text-editor.default\">\n\t\t\t\t<div class=\"elementor-widget-container\">\n\t\t\t\t\t\t\t\t\t<p><a href=\"https:\/\/www.neuro-concept.ca\/fr\/traitements-adaptes\/la-spasticite-raideur-musculaire\/\">Spasticit\u00e9 et raideur musculaire<\/a><\/p><p><a href=\"https:\/\/www.neuro-concept.ca\/fr\/traitements-adaptes\/douleurs-en-neurologie\/\">Douleurs chroniques et neuropathiques<\/a><\/p><p><a href=\"https:\/\/www.neuro-concept.ca\/fr\/traitements-adaptes\/cancer-et-leucemie\/\">Cancer et leuc\u00e9mie<\/a><\/p>\t\t\t\t\t\t\t\t<\/div>\n\t\t\t\t<\/div>\n\t\t\t\t\t<\/div>\n\t\t<\/div>\n\t\t\t\t<div class=\"elementor-column elementor-col-25 elementor-top-column elementor-element elementor-element-24f0b31\" data-id=\"24f0b31\" data-element_type=\"column\" data-e-type=\"column\">\n\t\t\t<div class=\"elementor-widget-wrap elementor-element-populated\">\n\t\t\t\t\t\t<div class=\"elementor-element elementor-element-64d8cdf elementor-widget elementor-widget-text-editor\" data-id=\"64d8cdf\" data-element_type=\"widget\" data-e-type=\"widget\" data-widget_type=\"text-editor.default\">\n\t\t\t\t<div class=\"elementor-widget-container\">\n\t\t\t\t\t\t\t\t\t<p><a style=\"background-color: #ffffff;\" href=\"https:\/\/www.neuro-concept.ca\/fr\/traitements-adaptes\/entrainement-et-blessures\/\">Entra\u00eenement et blessures<\/a><\/p><ul><li><a href=\"https:\/\/www.neuro-concept.ca\/fr\/traitements-adaptes\/entrainement-et-blessures\/faiblesse-diminution-dendurance-et-deconditionnement\/\">Faiblesse, fatigue et d\u00e9conditionnement<\/a><\/li><li><a href=\"https:\/\/www.neuro-concept.ca\/fr\/traitements-adaptes\/entrainement-et-blessures\/recuperation-blessure-aigue\/\">R\u00e9cup\u00e9ration suite \u00e0 une blessure r\u00e9cente<\/a><\/li><li><a href=\"https:\/\/www.neuro-concept.ca\/fr\/traitements-adaptes\/entrainement-et-blessures\/optimisation-de-la-performance-sportive\/\">Optimisation de la performance sportive<\/a><\/li><\/ul>\t\t\t\t\t\t\t\t<\/div>\n\t\t\t\t<\/div>\n\t\t\t\t\t<\/div>\n\t\t<\/div>\n\t\t\t\t<div class=\"elementor-column elementor-col-25 elementor-top-column elementor-element elementor-element-c9188a5\" data-id=\"c9188a5\" data-element_type=\"column\" data-e-type=\"column\">\n\t\t\t<div class=\"elementor-widget-wrap elementor-element-populated\">\n\t\t\t\t\t\t<div class=\"elementor-element elementor-element-7713e4a elementor-widget elementor-widget-text-editor\" data-id=\"7713e4a\" data-element_type=\"widget\" data-e-type=\"widget\" data-widget_type=\"text-editor.default\">\n\t\t\t\t<div class=\"elementor-widget-container\">\n\t\t\t\t\t\t\t\t\t<p><a href=\"https:\/\/www.neuro-concept.ca\/fr\/traitements-adaptes\/approche-myofasciale\/\">Th\u00e9rapie myofasciale<\/a><\/p><p><a style=\"background-color: #ffffff;\" href=\"https:\/\/www.neuro-concept.ca\/fr\/traitements-adaptes\/trouble-sensibilite\/\">Troubles de la sensibilit\u00e9<\/a><\/p>\t\t\t\t\t\t\t\t<\/div>\n\t\t\t\t<\/div>\n\t\t\t\t\t<\/div>\n\t\t<\/div>\n\t\t\t\t\t<\/div>\n\t\t<\/section>\n\t\t\t\t<section class=\"elementor-section elementor-top-section elementor-element elementor-element-8db07c3 elementor-section-stretched elementor-section-boxed elementor-section-height-default elementor-section-height-default\" data-id=\"8db07c3\" data-element_type=\"section\" data-e-type=\"section\" data-settings=\"{&quot;stretch_section&quot;:&quot;section-stretched&quot;,&quot;background_background&quot;:&quot;classic&quot;}\">\n\t\t\t\t\t\t<div class=\"elementor-container elementor-column-gap-default\">\n\t\t\t\t\t<div class=\"elementor-column elementor-col-100 elementor-top-column elementor-element elementor-element-307ce3f4\" data-id=\"307ce3f4\" data-element_type=\"column\" data-e-type=\"column\">\n\t\t\t<div class=\"elementor-widget-wrap elementor-element-populated\">\n\t\t\t\t\t\t<div class=\"elementor-element elementor-element-1328a5a5 elementor-widget elementor-widget-rt-title\" data-id=\"1328a5a5\" data-element_type=\"widget\" data-e-type=\"widget\" data-widget_type=\"rt-title.default\">\n\t\t\t\t<div class=\"elementor-widget-container\">\n\t\t\t\t\t\t\t<div class=\"rt-el-title section-heading heading-dark text-center heading-layout1 style1 theme5\">\t\t\n\t\t\t\t\t\t\t<p class=\"rtin-subtitle\">Notre \u00e9quipe de professionnels saura vous accompagner vers votre objectif<\/p>\n\t\t\t\n\t\t\t<h2 class=\"rtin-title\">Prenez Un Rendez-Vous<\/h2>\n\t\t<\/div>\n\t\t\t\t<\/div>\n\t\t\t\t<\/div>\n\t\t\t\t<div class=\"elementor-element elementor-element-42f3ee82 elementor-align-center elementor-widget elementor-widget-button\" data-id=\"42f3ee82\" data-element_type=\"widget\" data-e-type=\"widget\" data-widget_type=\"button.default\">\n\t\t\t\t<div class=\"elementor-widget-container\">\n\t\t\t\t\t\t\t\t\t<div class=\"elementor-button-wrapper\">\n\t\t\t\t\t<a class=\"elementor-button elementor-button-link elementor-size-sm\" href=\"https:\/\/secure.medexa.com\/#\/onlineAppointmentInformation?APIKey=9AA42B530BF74C1CABDDAAEF83B61AD0&#038;flowColor=228fa6&#038;backgroundColor=ffffff\" target=\"_blank\" rel=\"nofollow\">\n\t\t\t\t\t\t<span class=\"elementor-button-content-wrapper\">\n\t\t\t\t\t\t\t\t\t<span class=\"elementor-button-text\">Se sentir mieux commence maintenant<\/span>\n\t\t\t\t\t<\/span>\n\t\t\t\t\t<\/a>\n\t\t\t\t<\/div>\n\t\t\t\t\t\t\t\t<\/div>\n\t\t\t\t<\/div>\n\t\t\t\t\t<\/div>\n\t\t<\/div>\n\t\t\t\t\t<\/div>\n\t\t<\/section>\n\t\t\t\t<\/div>\n\t\t","protected":false},"excerpt":{"rendered":"<p>\ud83e\udd1d Des traitements adapt\u00e9s \u00e0 votre r\u00e9alit\u00e9 Vous avez un objectif, une difficult\u00e9 ou un sympt\u00f4me qui freine votre quotidien\u202f? Nous avons l\u2019expertise pour vous aider \u00e0 avancer. Est-ce qu\u2019une visite chez Neuro-Concept pourrait vous aider\u202f? Si vous vous posez la question, le meilleur point de d\u00e9part est d\u2019observer vos besoins.Avez-vous\u202f: Un objectif de r\u00e9adaptation&#8230;<\/p>\n","protected":false},"author":1,"featured_media":13459,"parent":0,"menu_order":0,"comment_status":"closed","ping_status":"closed","template":"","meta":{"_monsterinsights_skip_tracking":false,"_monsterinsights_sitenote_active":false,"_monsterinsights_sitenote_note":"","_monsterinsights_sitenote_category":0,"footnotes":""},"class_list":["post-6088","page","type-page","status-publish","has-post-thumbnail","hentry"],"yoast_head":"<!-- This site is optimized with the Yoast SEO plugin v27.5 - https:\/\/yoast.com\/product\/yoast-seo-wordpress\/ -->\n<title>Traitements adapt\u00e9s | Neuro-Concept<\/title>\n<meta name=\"description\" content=\"D\u00e9couvrez nos traitements de r\u00e9adaptation adapt\u00e9s \u00e0 votre situation, en compl\u00e9ment ou en alternative au r\u00e9seau public. Visite gratuite avec un professionnel.\" \/>\n<meta name=\"robots\" content=\"index, follow, max-snippet:-1, max-image-preview:large, max-video-preview:-1\" \/>\n<link rel=\"canonical\" href=\"https:\/\/www.neuro-concept.ca\/fr\/traitements-adaptes\/\" \/>\n<meta property=\"og:locale\" content=\"fr_FR\" \/>\n<meta property=\"og:type\" content=\"article\" \/>\n<meta property=\"og:title\" content=\"Traitements adapt\u00e9s | Neuro-Concept\" \/>\n<meta property=\"og:description\" content=\"D\u00e9couvrez nos traitements de r\u00e9adaptation adapt\u00e9s \u00e0 votre situation, en compl\u00e9ment ou en alternative au r\u00e9seau public. Visite gratuite avec un professionnel.\" \/>\n<meta property=\"og:url\" content=\"https:\/\/www.neuro-concept.ca\/fr\/traitements-adaptes\/\" \/>\n<meta property=\"og:site_name\" content=\"Neuro-Concept - Centre de r\u00e9adaptation neurologique\" \/>\n<meta property=\"article:publisher\" content=\"https:\/\/www.facebook.com\/neuroconcept\" \/>\n<meta property=\"article:modified_time\" content=\"2025-06-20T18:43:44+00:00\" \/>\n<meta property=\"og:image\" content=\"https:\/\/www.neuro-concept.ca\/wp-content\/uploads\/2025\/06\/neuro-concept-scaled.jpeg\" \/>\n\t<meta property=\"og:image:width\" content=\"1920\" \/>\n\t<meta property=\"og:image:height\" content=\"2560\" \/>\n\t<meta property=\"og:image:type\" content=\"image\/jpeg\" \/>\n<meta name=\"twitter:card\" content=\"summary_large_image\" \/>\n<meta name=\"twitter:site\" content=\"@NeuroConcept\" \/>\n<script type=\"application\/ld+json\" class=\"yoast-schema-graph\">{\"@context\":\"https:\\\/\\\/schema.org\",\"@graph\":[{\"@type\":\"WebPage\",\"@id\":\"https:\\\/\\\/www.neuro-concept.ca\\\/fr\\\/traitements-adaptes\\\/\",\"url\":\"https:\\\/\\\/www.neuro-concept.ca\\\/fr\\\/traitements-adaptes\\\/\",\"name\":\"Traitements adapt\u00e9s | Neuro-Concept\",\"isPartOf\":{\"@id\":\"https:\\\/\\\/www.neuro-concept.ca\\\/fr\\\/#website\"},\"primaryImageOfPage\":{\"@id\":\"https:\\\/\\\/www.neuro-concept.ca\\\/fr\\\/traitements-adaptes\\\/#primaryimage\"},\"image\":{\"@id\":\"https:\\\/\\\/www.neuro-concept.ca\\\/fr\\\/traitements-adaptes\\\/#primaryimage\"},\"thumbnailUrl\":\"https:\\\/\\\/www.neuro-concept.ca\\\/wp-content\\\/uploads\\\/2025\\\/06\\\/neuro-concept-scaled.jpeg\",\"datePublished\":\"2019-06-03T13:53:57+00:00\",\"dateModified\":\"2025-06-20T18:43:44+00:00\",\"description\":\"D\u00e9couvrez nos traitements de r\u00e9adaptation adapt\u00e9s \u00e0 votre situation, en compl\u00e9ment ou en alternative au r\u00e9seau public. Visite gratuite avec un professionnel.\",\"breadcrumb\":{\"@id\":\"https:\\\/\\\/www.neuro-concept.ca\\\/fr\\\/traitements-adaptes\\\/#breadcrumb\"},\"inLanguage\":\"fr-ca\",\"potentialAction\":[{\"@type\":\"ReadAction\",\"target\":[\"https:\\\/\\\/www.neuro-concept.ca\\\/fr\\\/traitements-adaptes\\\/\"]}]},{\"@type\":\"ImageObject\",\"inLanguage\":\"fr-ca\",\"@id\":\"https:\\\/\\\/www.neuro-concept.ca\\\/fr\\\/traitements-adaptes\\\/#primaryimage\",\"url\":\"https:\\\/\\\/www.neuro-concept.ca\\\/wp-content\\\/uploads\\\/2025\\\/06\\\/neuro-concept-scaled.jpeg\",\"contentUrl\":\"https:\\\/\\\/www.neuro-concept.ca\\\/wp-content\\\/uploads\\\/2025\\\/06\\\/neuro-concept-scaled.jpeg\",\"width\":1920,\"height\":2560,\"caption\":\"traitement adapt\u00e9\"},{\"@type\":\"BreadcrumbList\",\"@id\":\"https:\\\/\\\/www.neuro-concept.ca\\\/fr\\\/traitements-adaptes\\\/#breadcrumb\",\"itemListElement\":[{\"@type\":\"ListItem\",\"position\":1,\"name\":\"Home\",\"item\":\"https:\\\/\\\/www.neuro-concept.ca\\\/fr\\\/\"},{\"@type\":\"ListItem\",\"position\":2,\"name\":\"Nos traitements adapt\u00e9s\"}]},{\"@type\":\"WebSite\",\"@id\":\"https:\\\/\\\/www.neuro-concept.ca\\\/fr\\\/#website\",\"url\":\"https:\\\/\\\/www.neuro-concept.ca\\\/fr\\\/\",\"name\":\"Neuro-Concept - Centre de r\u00e9adaptation neurologique\",\"description\":\"La sant\u00e9 - \u00c0 la port\u00e9e de tous\",\"publisher\":{\"@id\":\"https:\\\/\\\/www.neuro-concept.ca\\\/fr\\\/#organization\"},\"potentialAction\":[{\"@type\":\"SearchAction\",\"target\":{\"@type\":\"EntryPoint\",\"urlTemplate\":\"https:\\\/\\\/www.neuro-concept.ca\\\/fr\\\/?s={search_term_string}\"},\"query-input\":{\"@type\":\"PropertyValueSpecification\",\"valueRequired\":true,\"valueName\":\"search_term_string\"}}],\"inLanguage\":\"fr-ca\"},{\"@type\":\"Organization\",\"@id\":\"https:\\\/\\\/www.neuro-concept.ca\\\/fr\\\/#organization\",\"name\":\"Neuro-Concept\",\"url\":\"https:\\\/\\\/www.neuro-concept.ca\\\/fr\\\/\",\"logo\":{\"@type\":\"ImageObject\",\"inLanguage\":\"fr-ca\",\"@id\":\"https:\\\/\\\/www.neuro-concept.ca\\\/fr\\\/#\\\/schema\\\/logo\\\/image\\\/\",\"url\":\"https:\\\/\\\/www.neuro-concept.ca\\\/wp-content\\\/uploads\\\/2019\\\/07\\\/favicon-1.png\",\"contentUrl\":\"https:\\\/\\\/www.neuro-concept.ca\\\/wp-content\\\/uploads\\\/2019\\\/07\\\/favicon-1.png\",\"width\":330,\"height\":330,\"caption\":\"Neuro-Concept\"},\"image\":{\"@id\":\"https:\\\/\\\/www.neuro-concept.ca\\\/fr\\\/#\\\/schema\\\/logo\\\/image\\\/\"},\"sameAs\":[\"https:\\\/\\\/www.facebook.com\\\/neuroconcept\",\"https:\\\/\\\/x.com\\\/NeuroConcept\",\"https:\\\/\\\/www.instagram.com\\\/neuroconcept.rehab\\\/\",\"https:\\\/\\\/twitter.com\\\/NeuroConcept\"]}]}<\/script>\n<!-- \/ Yoast SEO plugin. -->","yoast_head_json":{"title":"Traitements adapt\u00e9s | Neuro-Concept","description":"D\u00e9couvrez nos traitements de r\u00e9adaptation adapt\u00e9s \u00e0 votre situation, en compl\u00e9ment ou en alternative au r\u00e9seau public. Visite gratuite avec un professionnel.","robots":{"index":"index","follow":"follow","max-snippet":"max-snippet:-1","max-image-preview":"max-image-preview:large","max-video-preview":"max-video-preview:-1"},"canonical":"https:\/\/www.neuro-concept.ca\/fr\/traitements-adaptes\/","og_locale":"fr_FR","og_type":"article","og_title":"Traitements adapt\u00e9s | Neuro-Concept","og_description":"D\u00e9couvrez nos traitements de r\u00e9adaptation adapt\u00e9s \u00e0 votre situation, en compl\u00e9ment ou en alternative au r\u00e9seau public. Visite gratuite avec un professionnel.","og_url":"https:\/\/www.neuro-concept.ca\/fr\/traitements-adaptes\/","og_site_name":"Neuro-Concept - Centre de r\u00e9adaptation neurologique","article_publisher":"https:\/\/www.facebook.com\/neuroconcept","article_modified_time":"2025-06-20T18:43:44+00:00","og_image":[{"width":1920,"height":2560,"url":"https:\/\/www.neuro-concept.ca\/wp-content\/uploads\/2025\/06\/neuro-concept-scaled.jpeg","type":"image\/jpeg"}],"twitter_card":"summary_large_image","twitter_site":"@NeuroConcept","schema":{"@context":"https:\/\/schema.org","@graph":[{"@type":"WebPage","@id":"https:\/\/www.neuro-concept.ca\/fr\/traitements-adaptes\/","url":"https:\/\/www.neuro-concept.ca\/fr\/traitements-adaptes\/","name":"Traitements adapt\u00e9s | Neuro-Concept","isPartOf":{"@id":"https:\/\/www.neuro-concept.ca\/fr\/#website"},"primaryImageOfPage":{"@id":"https:\/\/www.neuro-concept.ca\/fr\/traitements-adaptes\/#primaryimage"},"image":{"@id":"https:\/\/www.neuro-concept.ca\/fr\/traitements-adaptes\/#primaryimage"},"thumbnailUrl":"https:\/\/www.neuro-concept.ca\/wp-content\/uploads\/2025\/06\/neuro-concept-scaled.jpeg","datePublished":"2019-06-03T13:53:57+00:00","dateModified":"2025-06-20T18:43:44+00:00","description":"D\u00e9couvrez nos traitements de r\u00e9adaptation adapt\u00e9s \u00e0 votre situation, en compl\u00e9ment ou en alternative au r\u00e9seau public. Visite gratuite avec un professionnel.","breadcrumb":{"@id":"https:\/\/www.neuro-concept.ca\/fr\/traitements-adaptes\/#breadcrumb"},"inLanguage":"fr-ca","potentialAction":[{"@type":"ReadAction","target":["https:\/\/www.neuro-concept.ca\/fr\/traitements-adaptes\/"]}]},{"@type":"ImageObject","inLanguage":"fr-ca","@id":"https:\/\/www.neuro-concept.ca\/fr\/traitements-adaptes\/#primaryimage","url":"https:\/\/www.neuro-concept.ca\/wp-content\/uploads\/2025\/06\/neuro-concept-scaled.jpeg","contentUrl":"https:\/\/www.neuro-concept.ca\/wp-content\/uploads\/2025\/06\/neuro-concept-scaled.jpeg","width":1920,"height":2560,"caption":"traitement adapt\u00e9"},{"@type":"BreadcrumbList","@id":"https:\/\/www.neuro-concept.ca\/fr\/traitements-adaptes\/#breadcrumb","itemListElement":[{"@type":"ListItem","position":1,"name":"Home","item":"https:\/\/www.neuro-concept.ca\/fr\/"},{"@type":"ListItem","position":2,"name":"Nos traitements adapt\u00e9s"}]},{"@type":"WebSite","@id":"https:\/\/www.neuro-concept.ca\/fr\/#website","url":"https:\/\/www.neuro-concept.ca\/fr\/","name":"Neuro-Concept - Centre de r\u00e9adaptation neurologique","description":"La sant\u00e9 - \u00c0 la port\u00e9e de tous","publisher":{"@id":"https:\/\/www.neuro-concept.ca\/fr\/#organization"},"potentialAction":[{"@type":"SearchAction","target":{"@type":"EntryPoint","urlTemplate":"https:\/\/www.neuro-concept.ca\/fr\/?s={search_term_string}"},"query-input":{"@type":"PropertyValueSpecification","valueRequired":true,"valueName":"search_term_string"}}],"inLanguage":"fr-ca"},{"@type":"Organization","@id":"https:\/\/www.neuro-concept.ca\/fr\/#organization","name":"Neuro-Concept","url":"https:\/\/www.neuro-concept.ca\/fr\/","logo":{"@type":"ImageObject","inLanguage":"fr-ca","@id":"https:\/\/www.neuro-concept.ca\/fr\/#\/schema\/logo\/image\/","url":"https:\/\/www.neuro-concept.ca\/wp-content\/uploads\/2019\/07\/favicon-1.png","contentUrl":"https:\/\/www.neuro-concept.ca\/wp-content\/uploads\/2019\/07\/favicon-1.png","width":330,"height":330,"caption":"Neuro-Concept"},"image":{"@id":"https:\/\/www.neuro-concept.ca\/fr\/#\/schema\/logo\/image\/"},"sameAs":["https:\/\/www.facebook.com\/neuroconcept","https:\/\/x.com\/NeuroConcept","https:\/\/www.instagram.com\/neuroconcept.rehab\/","https:\/\/twitter.com\/NeuroConcept"]}]}},"_links":{"self":[{"href":"https:\/\/www.neuro-concept.ca\/fr\/wp-json\/wp\/v2\/pages\/6088","targetHints":{"allow":["GET"]}}],"collection":[{"href":"https:\/\/www.neuro-concept.ca\/fr\/wp-json\/wp\/v2\/pages"}],"about":[{"href":"https:\/\/www.neuro-concept.ca\/fr\/wp-json\/wp\/v2\/types\/page"}],"author":[{"embeddable":true,"href":"https:\/\/www.neuro-concept.ca\/fr\/wp-json\/wp\/v2\/users\/1"}],"replies":[{"embeddable":true,"href":"https:\/\/www.neuro-concept.ca\/fr\/wp-json\/wp\/v2\/comments?post=6088"}],"version-history":[{"count":67,"href":"https:\/\/www.neuro-concept.ca\/fr\/wp-json\/wp\/v2\/pages\/6088\/revisions"}],"predecessor-version":[{"id":13481,"href":"https:\/\/www.neuro-concept.ca\/fr\/wp-json\/wp\/v2\/pages\/6088\/revisions\/13481"}],"wp:featuredmedia":[{"embeddable":true,"href":"https:\/\/www.neuro-concept.ca\/fr\/wp-json\/wp\/v2\/media\/13459"}],"wp:attachment":[{"href":"https:\/\/www.neuro-concept.ca\/fr\/wp-json\/wp\/v2\/media?parent=6088"}],"curies":[{"name":"wp","href":"https:\/\/api.w.org\/{rel}","templated":true}]}}