{"id":6085,"date":"2019-06-03T08:18:57","date_gmt":"2019-06-03T13:18:57","guid":{"rendered":"https:\/\/www.neuro-concept.ca\/?page_id=6085"},"modified":"2025-06-20T15:57:51","modified_gmt":"2025-06-20T19:57:51","slug":"services-readaptation-neurologique","status":"publish","type":"page","link":"https:\/\/www.neuro-concept.ca\/fr\/services-readaptation-neurologique\/","title":{"rendered":"Services de r\u00e9adaptation neurologique"},"content":{"rendered":"\t\t<div data-elementor-type=\"wp-post\" data-elementor-id=\"6085\" class=\"elementor elementor-6085 elementor-7991\">\n\t\t\t\t\t\t<section class=\"elementor-section elementor-top-section elementor-element elementor-element-a0854c5 elementor-section-boxed elementor-section-height-default elementor-section-height-default\" data-id=\"a0854c5\" data-element_type=\"section\" data-e-type=\"section\">\n\t\t\t\t\t\t<div class=\"elementor-container elementor-column-gap-default\">\n\t\t\t\t\t<div class=\"elementor-column elementor-col-100 elementor-top-column elementor-element elementor-element-674db60\" data-id=\"674db60\" data-element_type=\"column\" data-e-type=\"column\">\n\t\t\t<div class=\"elementor-widget-wrap elementor-element-populated\">\n\t\t\t\t\t\t<div class=\"elementor-element elementor-element-57b8bac elementor-widget elementor-widget-heading\" data-id=\"57b8bac\" data-element_type=\"widget\" data-e-type=\"widget\" data-widget_type=\"heading.default\">\n\t\t\t\t<div class=\"elementor-widget-container\">\n\t\t\t\t\t<h2 class=\"elementor-heading-title elementor-size-default\">\ud83e\udde9 Nos services de r\u00e9adaptation neurologique et physique<\/h2>\t\t\t\t<\/div>\n\t\t\t\t<\/div>\n\t\t\t\t<div class=\"elementor-element elementor-element-663b68f elementor-widget elementor-widget-text-editor\" data-id=\"663b68f\" data-element_type=\"widget\" data-e-type=\"widget\" data-widget_type=\"text-editor.default\">\n\t\t\t\t<div class=\"elementor-widget-container\">\n\t\t\t\t\t\t\t\t\t<p><em><strong>Une approche personnalis\u00e9e, humaine et fond\u00e9e sur les meilleures pratiques<\/strong><\/em><\/p>\t\t\t\t\t\t\t\t<\/div>\n\t\t\t\t<\/div>\n\t\t\t\t\t<\/div>\n\t\t<\/div>\n\t\t\t\t\t<\/div>\n\t\t<\/section>\n\t\t\t\t<section class=\"elementor-section elementor-top-section elementor-element elementor-element-41f25ba3 elementor-section-boxed elementor-section-height-default elementor-section-height-default\" data-id=\"41f25ba3\" data-element_type=\"section\" data-e-type=\"section\">\n\t\t\t\t\t\t<div class=\"elementor-container elementor-column-gap-default\">\n\t\t\t\t\t<div class=\"elementor-column elementor-col-100 elementor-top-column elementor-element elementor-element-1a23a730\" data-id=\"1a23a730\" data-element_type=\"column\" data-e-type=\"column\">\n\t\t\t<div class=\"elementor-widget-wrap elementor-element-populated\">\n\t\t\t\t\t\t<div class=\"elementor-element elementor-element-5c6b74c3 elementor-widget elementor-widget-text-editor\" data-id=\"5c6b74c3\" data-element_type=\"widget\" data-e-type=\"widget\" data-widget_type=\"text-editor.default\">\n\t\t\t\t<div class=\"elementor-widget-container\">\n\t\t\t\t\t\t\t\t\t<p>Chez <strong data-start=\"441\" data-end=\"458\">Neuro-Concept<\/strong>, nous offrons une gamme compl\u00e8te de services de r\u00e9adaptation sp\u00e9cialis\u00e9s pour les personnes vivant avec une condition <strong data-start=\"577\" data-end=\"641\">neurologique, neuromusculaire, orthop\u00e9dique ou fonctionnelle<\/strong>.<br data-start=\"642\" data-end=\"645\" \/>Notre approche vise \u00e0 maximiser le potentiel fonctionnel, restaurer l\u2019autonomie et am\u00e9liorer la qualit\u00e9 de vie, \u00e0 chaque \u00e9tape du parcours.<\/p>\t\t\t\t\t\t\t\t<\/div>\n\t\t\t\t<\/div>\n\t\t\t\t\t<\/div>\n\t\t<\/div>\n\t\t\t\t\t<\/div>\n\t\t<\/section>\n\t\t\t\t<section class=\"elementor-section elementor-top-section elementor-element elementor-element-8682275 elementor-section-boxed elementor-section-height-default elementor-section-height-default\" data-id=\"8682275\" data-element_type=\"section\" data-e-type=\"section\">\n\t\t\t\t\t\t<div class=\"elementor-container elementor-column-gap-default\">\n\t\t\t\t\t<div class=\"elementor-column elementor-col-50 elementor-top-column elementor-element elementor-element-3e0c09b\" data-id=\"3e0c09b\" data-element_type=\"column\" data-e-type=\"column\">\n\t\t\t<div class=\"elementor-widget-wrap elementor-element-populated\">\n\t\t\t\t\t\t<div class=\"elementor-element elementor-element-908296a elementor-widget elementor-widget-heading\" data-id=\"908296a\" data-element_type=\"widget\" data-e-type=\"widget\" data-widget_type=\"heading.default\">\n\t\t\t\t<div class=\"elementor-widget-container\">\n\t\t\t\t\t<h3 class=\"elementor-heading-title elementor-size-default\">\ud83d\udd0e Pour qui s\u2019adressent nos services\u202f?<\/h3>\t\t\t\t<\/div>\n\t\t\t\t<\/div>\n\t\t\t\t<div class=\"elementor-element elementor-element-6ed2a67 elementor-widget elementor-widget-text-editor\" data-id=\"6ed2a67\" data-element_type=\"widget\" data-e-type=\"widget\" data-widget_type=\"text-editor.default\">\n\t\t\t\t<div class=\"elementor-widget-container\">\n\t\t\t\t\t\t\t\t\t<p data-start=\"835\" data-end=\"898\">Nos services s\u2019adressent aux adultes et enfants vivant avec :<\/p><ul><li data-start=\"901\" data-end=\"983\"><a href=\"https:\/\/www.neuro-concept.ca\/fr\/readaptation-neurologique\/\">Une atteinte du syst\u00e8me nerveux<\/a> (AVC, traumatisme cr\u00e2nien, SEP, Parkinson, etc.)<\/li><li data-start=\"901\" data-end=\"983\">Une maladie neuromusculaire ou d\u00e9g\u00e9n\u00e9rative (ataxie, dystrophie, SLA, etc.)<\/li><li data-start=\"901\" data-end=\"983\">Une blessure orthop\u00e9dique complexe ou des douleurs chroniques<\/li><li data-start=\"901\" data-end=\"983\">Des troubles vestibulaires ou de l\u2019\u00e9quilibre<\/li><li data-start=\"901\" data-end=\"983\">Une condition post-chirurgicale ou post-hospitalisation<\/li><li data-start=\"901\" data-end=\"983\">Des troubles fonctionnels ou moteurs<\/li><\/ul>\t\t\t\t\t\t\t\t<\/div>\n\t\t\t\t<\/div>\n\t\t\t\t<div class=\"elementor-element elementor-element-2785aa1 elementor-widget elementor-widget-heading\" data-id=\"2785aa1\" data-element_type=\"widget\" data-e-type=\"widget\" data-widget_type=\"heading.default\">\n\t\t\t\t<div class=\"elementor-widget-container\">\n\t\t\t\t\t<h3 class=\"elementor-heading-title elementor-size-default\">\ud83d\udccd Des services flexibles et accessibles<\/h3>\t\t\t\t<\/div>\n\t\t\t\t<\/div>\n\t\t\t\t<div class=\"elementor-element elementor-element-a067e07 elementor-widget elementor-widget-text-editor\" data-id=\"a067e07\" data-element_type=\"widget\" data-e-type=\"widget\" data-widget_type=\"text-editor.default\">\n\t\t\t\t<div class=\"elementor-widget-container\">\n\t\t\t\t\t\t\t\t\t<p data-start=\"2594\" data-end=\"2632\">Vous pouvez acc\u00e9der \u00e0 nos services\u202f:<\/p><ul><li data-start=\"2635\" data-end=\"2666\">En suivi r\u00e9gulier ou intensif<\/li><li data-start=\"2635\" data-end=\"2666\">En clinique, \u00e0 domicile ou en t\u00e9l\u00e9-r\u00e9adaptation<\/li><li data-start=\"2635\" data-end=\"2666\">En attendant des soins publics ou en compl\u00e9ment<\/li><li data-start=\"2635\" data-end=\"2666\">Quel que soit votre \u00e2ge ou votre condition<\/li><\/ul>\t\t\t\t\t\t\t\t<\/div>\n\t\t\t\t<\/div>\n\t\t\t\t\t<\/div>\n\t\t<\/div>\n\t\t\t\t<div class=\"elementor-column elementor-col-50 elementor-top-column elementor-element elementor-element-4d1f5cd\" data-id=\"4d1f5cd\" data-element_type=\"column\" data-e-type=\"column\">\n\t\t\t<div class=\"elementor-widget-wrap elementor-element-populated\">\n\t\t\t\t\t\t<div class=\"elementor-element elementor-element-3da3a08 elementor-widget elementor-widget-heading\" data-id=\"3da3a08\" data-element_type=\"widget\" data-e-type=\"widget\" data-widget_type=\"heading.default\">\n\t\t\t\t<div class=\"elementor-widget-container\">\n\t\t\t\t\t<h3 class=\"elementor-heading-title elementor-size-default\">\u2699\ufe0f Nos principaux services de r\u00e9adaptation<\/h3>\t\t\t\t<\/div>\n\t\t\t\t<\/div>\n\t\t\t\t<div class=\"elementor-element elementor-element-a6c610d elementor-widget elementor-widget-text-editor\" data-id=\"a6c610d\" data-element_type=\"widget\" data-e-type=\"widget\" data-widget_type=\"text-editor.default\">\n\t\t\t\t<div class=\"elementor-widget-container\">\n\t\t\t\t\t\t\t\t\t<p data-start=\"1332\" data-end=\"1481\"><strong data-start=\"1332\" data-end=\"1386\">\ud83e\udde0 R\u00e9adaptation neurologique adulte et p\u00e9diatrique<\/strong><br data-start=\"1386\" data-end=\"1389\" \/>Th\u00e9rapies personnalis\u00e9es pour AVC, TCC, SEP, ataxie, paralysie c\u00e9r\u00e9brale, spina bifida, etc.<\/p><p data-start=\"1483\" data-end=\"1631\"><strong data-start=\"1483\" data-end=\"1538\">\ud83e\uddb4 R\u00e9adaptation orthop\u00e9dique et musculosquelettique<\/strong><br data-start=\"1538\" data-end=\"1541\" \/>Traitement de tendinites, s\u00e9quelles post-fracture ou chirurgie, lombalgies, arthrose, etc.<\/p><p data-start=\"1633\" data-end=\"1742\"><strong data-start=\"1633\" data-end=\"1665\">\ud83c\udf00 R\u00e9adaptation vestibulaire<\/strong><br data-start=\"1665\" data-end=\"1668\" \/>Prise en charge des vertiges, troubles de l\u2019\u00e9quilibre, labyrinthites, etc.<\/p><p data-start=\"1744\" data-end=\"1867\"><strong data-start=\"1744\" data-end=\"1777\">\ud83d\udcc8 Reconditionnement physique<\/strong><br data-start=\"1777\" data-end=\"1780\" \/>Programmes sur mesure pour retrouver endurance, force, mobilit\u00e9 et pr\u00e9venir la rechute.<\/p><p data-start=\"1869\" data-end=\"1968\"><strong data-start=\"1869\" data-end=\"1893\">\ud83d\udcbb T\u00e9l\u00e9-r\u00e9adaptation<\/strong><br data-start=\"1893\" data-end=\"1896\" \/>Services \u00e0 distance pour continuer votre plan de soins depuis la maison.<\/p><p data-start=\"1970\" data-end=\"2093\"><strong data-start=\"1970\" data-end=\"2000\">\ud83e\udde0 Technologies innovantes<\/strong><br data-start=\"2000\" data-end=\"2003\" \/>R\u00e9alit\u00e9 virtuelle, exosquelettes, plateformes d\u2019\u00e9quilibre, \u00e9lectrostimulation, PoNS\u00ae, etc.<\/p>\t\t\t\t\t\t\t\t<\/div>\n\t\t\t\t<\/div>\n\t\t\t\t\t<\/div>\n\t\t<\/div>\n\t\t\t\t\t<\/div>\n\t\t<\/section>\n\t\t\t\t<section class=\"elementor-section elementor-top-section elementor-element elementor-element-8949640 elementor-section-boxed elementor-section-height-default elementor-section-height-default\" data-id=\"8949640\" data-element_type=\"section\" data-e-type=\"section\">\n\t\t\t\t\t\t<div class=\"elementor-container elementor-column-gap-default\">\n\t\t\t\t\t<div class=\"elementor-column elementor-col-100 elementor-top-column elementor-element elementor-element-04f1416\" data-id=\"04f1416\" data-element_type=\"column\" data-e-type=\"column\">\n\t\t\t<div class=\"elementor-widget-wrap elementor-element-populated\">\n\t\t\t\t\t\t<div class=\"elementor-element elementor-element-4f0ec78 elementor-widget elementor-widget-heading\" data-id=\"4f0ec78\" data-element_type=\"widget\" data-e-type=\"widget\" data-widget_type=\"heading.default\">\n\t\t\t\t<div class=\"elementor-widget-container\">\n\t\t\t\t\t<h2 class=\"elementor-heading-title elementor-size-default\">\ud83d\udc65 Une \u00e9quipe interdisciplinaire \u00e0 votre \u00e9coute<\/h2>\t\t\t\t<\/div>\n\t\t\t\t<\/div>\n\t\t\t\t<div class=\"elementor-element elementor-element-d30d096 elementor-widget elementor-widget-text-editor\" data-id=\"d30d096\" data-element_type=\"widget\" data-e-type=\"widget\" data-widget_type=\"text-editor.default\">\n\t\t\t\t<div class=\"elementor-widget-container\">\n\t\t\t\t\t\t\t\t\t<p data-start=\"2153\" data-end=\"2389\">Notre \u00e9quipe regroupe des <strong data-start=\"2179\" data-end=\"2269\">physioth\u00e9rapeutes, ergoth\u00e9rapeutes, kin\u00e9siologues, orthophonistes et ergoth\u00e9rapeutes<\/strong>. Chacun collabore pour b\u00e2tir un <strong data-start=\"2302\" data-end=\"2332\">plan de traitement int\u00e9gr\u00e9<\/strong>, adapt\u00e9 \u00e0 vos capacit\u00e9s, vos objectifs et votre r\u00e9alit\u00e9.<\/p><p data-start=\"2391\" data-end=\"2541\">Nous intervenons selon <strong data-start=\"2414\" data-end=\"2450\">les meilleures donn\u00e9es probantes<\/strong> et nous participons activement \u00e0 la recherche clinique via notre d\u00e9partement <a href=\"https:\/\/www.neuro-concept.ca\/fr\/innovation\/\"><strong data-start=\"2528\" data-end=\"2540\">NeuroTeQ<\/strong><\/a>.<\/p>\t\t\t\t\t\t\t\t<\/div>\n\t\t\t\t<\/div>\n\t\t\t\t\t<\/div>\n\t\t<\/div>\n\t\t\t\t\t<\/div>\n\t\t<\/section>\n\t\t\t\t<section class=\"elementor-section elementor-top-section elementor-element elementor-element-ecd0831 elementor-section-boxed elementor-section-height-default elementor-section-height-default\" data-id=\"ecd0831\" data-element_type=\"section\" data-e-type=\"section\">\n\t\t\t\t\t\t<div class=\"elementor-container elementor-column-gap-default\">\n\t\t\t\t\t<div class=\"elementor-column elementor-col-33 elementor-top-column elementor-element elementor-element-a46d6c1\" data-id=\"a46d6c1\" data-element_type=\"column\" data-e-type=\"column\">\n\t\t\t<div class=\"elementor-widget-wrap elementor-element-populated\">\n\t\t\t\t\t\t<div class=\"elementor-element elementor-element-29e75d3 elementor-widget elementor-widget-text-editor\" data-id=\"29e75d3\" data-element_type=\"widget\" data-e-type=\"widget\" data-widget_type=\"text-editor.default\">\n\t\t\t\t<div class=\"elementor-widget-container\">\n\t\t\t\t\t\t\t\t\t<p><a style=\"font-family: var( --e-global-typography-text-font-family ), Helvetica; font-weight: var( --e-global-typography-text-font-weight ); background-color: #ffffff;\" href=\"https:\/\/www.neuro-concept.ca\/fr\/nos-services-readaptation-neurologique\/kinesiologie\/\">Kin\u00e9siologie<\/a><\/p><p><a href=\"https:\/\/www.neuro-concept.ca\/fr\/nos-services-readaptation-neurologique\/massotherapie\/\">Massoth\u00e9rapie<\/a><a href=\"https:\/\/www.neuro-concept.ca\/fr\/nos-services-readaptation-neurologique\/services-a-domicile\/\"><br \/><\/a><\/p><p><a href=\"https:\/\/www.neuro-concept.ca\/fr\/nos-services-readaptation-neurologique\/physiotherapie-neurologique\/\">Physioth\u00e9rapie<\/a><\/p>\t\t\t\t\t\t\t\t<\/div>\n\t\t\t\t<\/div>\n\t\t\t\t\t<\/div>\n\t\t<\/div>\n\t\t\t\t<div class=\"elementor-column elementor-col-33 elementor-top-column elementor-element elementor-element-3ec384b\" data-id=\"3ec384b\" data-element_type=\"column\" data-e-type=\"column\">\n\t\t\t<div class=\"elementor-widget-wrap elementor-element-populated\">\n\t\t\t\t\t\t<div class=\"elementor-element elementor-element-ce2a2e0 elementor-widget elementor-widget-text-editor\" data-id=\"ce2a2e0\" data-element_type=\"widget\" data-e-type=\"widget\" data-widget_type=\"text-editor.default\">\n\t\t\t\t<div class=\"elementor-widget-container\">\n\t\t\t\t\t\t\t\t\t<p><a href=\"https:\/\/www.neuro-concept.ca\/fr\/services-readaptation-neurologique\/telereadaptation\/\">T\u00e9l\u00e9r\u00e9adaptation<\/a><\/p><p><a href=\"https:\/\/www.neuro-concept.ca\/fr\/services-readaptation-neurologique\/services-a-domicile\/\">Service \u00e0 domicile<\/a><\/p><p><a href=\"https:\/\/www.neuro-concept.ca\/fr\/nos-services-readaptation-neurologique\/pediatrie-neurologique\/\">P\u00e9diatrie<\/a><\/p>\t\t\t\t\t\t\t\t<\/div>\n\t\t\t\t<\/div>\n\t\t\t\t\t<\/div>\n\t\t<\/div>\n\t\t\t\t<div class=\"elementor-column elementor-col-33 elementor-top-column elementor-element elementor-element-5a41bd8\" data-id=\"5a41bd8\" data-element_type=\"column\" data-e-type=\"column\">\n\t\t\t<div class=\"elementor-widget-wrap elementor-element-populated\">\n\t\t\t\t\t\t<div class=\"elementor-element elementor-element-51a0536 elementor-widget elementor-widget-text-editor\" data-id=\"51a0536\" data-element_type=\"widget\" data-e-type=\"widget\" data-widget_type=\"text-editor.default\">\n\t\t\t\t<div class=\"elementor-widget-container\">\n\t\t\t\t\t\t\t\t\t<p><a style=\"font-family: var( --e-global-typography-text-font-family ), Helvetica; font-weight: var( --e-global-typography-text-font-weight ); background-color: #ffffff;\" href=\"https:\/\/www.neuro-concept.ca\/fr\/nos-services-readaptation-neurologique\/ergotherapie\/\">Ergoth\u00e9rapie<\/a><\/p><p><a href=\"https:\/\/www.neuro-concept.ca\/fr\/services-readaptation-neurologique\/orthophonie\/\">Orthophonie<\/a><\/p><p><a href=\"https:\/\/www.neuro-concept.ca\/fr\/physiatrie\/\">Physiatrie<\/a><\/p>\t\t\t\t\t\t\t\t<\/div>\n\t\t\t\t<\/div>\n\t\t\t\t\t<\/div>\n\t\t<\/div>\n\t\t\t\t\t<\/div>\n\t\t<\/section>\n\t\t\t\t<\/div>\n\t\t","protected":false},"excerpt":{"rendered":"<p>\ud83e\udde9 Nos services de r\u00e9adaptation neurologique et physique Une approche personnalis\u00e9e, humaine et fond\u00e9e sur les meilleures pratiques Chez Neuro-Concept, nous offrons une gamme compl\u00e8te de services de r\u00e9adaptation sp\u00e9cialis\u00e9s pour les personnes vivant avec une condition neurologique, neuromusculaire, orthop\u00e9dique ou fonctionnelle.Notre approche vise \u00e0 maximiser le potentiel fonctionnel, restaurer l\u2019autonomie et am\u00e9liorer la qualit\u00e9&#8230;<\/p>\n","protected":false},"author":1,"featured_media":5129,"parent":0,"menu_order":0,"comment_status":"closed","ping_status":"closed","template":"","meta":{"_monsterinsights_skip_tracking":false,"_monsterinsights_sitenote_active":false,"_monsterinsights_sitenote_note":"","_monsterinsights_sitenote_category":0,"footnotes":""},"class_list":["post-6085","page","type-page","status-publish","has-post-thumbnail","hentry"],"yoast_head":"<!-- This site is optimized with the Yoast SEO plugin v27.5 - https:\/\/yoast.com\/product\/yoast-seo-wordpress\/ -->\n<title>Services de r\u00e9adaptation neurologique | Neuro-Concept<\/title>\n<meta name=\"description\" content=\"D\u00e9couvrez tous nos services de r\u00e9adaptation adapt\u00e9s \u00e0 votre condition : neurologique, musculosquelettique, vestibulaire ou post-chirurgicale. \u00c9quipe interdisciplinaire et technologies avanc\u00e9es.\" \/>\n<meta name=\"robots\" content=\"index, follow, max-snippet:-1, max-image-preview:large, max-video-preview:-1\" \/>\n<link rel=\"canonical\" href=\"https:\/\/www.neuro-concept.ca\/fr\/services-readaptation-neurologique\/\" \/>\n<meta property=\"og:locale\" content=\"fr_FR\" \/>\n<meta property=\"og:type\" content=\"article\" \/>\n<meta property=\"og:title\" content=\"Services de r\u00e9adaptation neurologique | Neuro-Concept\" \/>\n<meta property=\"og:description\" content=\"D\u00e9couvrez tous nos services de r\u00e9adaptation adapt\u00e9s \u00e0 votre condition : neurologique, musculosquelettique, vestibulaire ou post-chirurgicale. \u00c9quipe interdisciplinaire et technologies avanc\u00e9es.\" \/>\n<meta property=\"og:url\" content=\"https:\/\/www.neuro-concept.ca\/fr\/services-readaptation-neurologique\/\" \/>\n<meta property=\"og:site_name\" content=\"Neuro-Concept - Centre de r\u00e9adaptation neurologique\" \/>\n<meta property=\"article:publisher\" content=\"https:\/\/www.facebook.com\/neuroconcept\" \/>\n<meta property=\"article:modified_time\" content=\"2025-06-20T19:57:51+00:00\" \/>\n<meta property=\"og:image\" content=\"https:\/\/www.neuro-concept.ca\/wp-content\/uploads\/2019\/03\/Accueil-6.jpg\" \/>\n\t<meta property=\"og:image:width\" content=\"1689\" \/>\n\t<meta property=\"og:image:height\" content=\"950\" \/>\n\t<meta property=\"og:image:type\" content=\"image\/jpeg\" \/>\n<meta name=\"twitter:card\" content=\"summary_large_image\" \/>\n<meta name=\"twitter:site\" content=\"@NeuroConcept\" \/>\n<script type=\"application\/ld+json\" class=\"yoast-schema-graph\">{\"@context\":\"https:\\\/\\\/schema.org\",\"@graph\":[{\"@type\":\"WebPage\",\"@id\":\"https:\\\/\\\/www.neuro-concept.ca\\\/fr\\\/services-readaptation-neurologique\\\/\",\"url\":\"https:\\\/\\\/www.neuro-concept.ca\\\/fr\\\/services-readaptation-neurologique\\\/\",\"name\":\"Services de r\u00e9adaptation neurologique | Neuro-Concept\",\"isPartOf\":{\"@id\":\"https:\\\/\\\/www.neuro-concept.ca\\\/fr\\\/#website\"},\"primaryImageOfPage\":{\"@id\":\"https:\\\/\\\/www.neuro-concept.ca\\\/fr\\\/services-readaptation-neurologique\\\/#primaryimage\"},\"image\":{\"@id\":\"https:\\\/\\\/www.neuro-concept.ca\\\/fr\\\/services-readaptation-neurologique\\\/#primaryimage\"},\"thumbnailUrl\":\"https:\\\/\\\/www.neuro-concept.ca\\\/wp-content\\\/uploads\\\/2019\\\/03\\\/Accueil-6.jpg\",\"datePublished\":\"2019-06-03T13:18:57+00:00\",\"dateModified\":\"2025-06-20T19:57:51+00:00\",\"description\":\"D\u00e9couvrez tous nos services de r\u00e9adaptation adapt\u00e9s \u00e0 votre condition : neurologique, musculosquelettique, vestibulaire ou post-chirurgicale. \u00c9quipe interdisciplinaire et technologies avanc\u00e9es.\",\"breadcrumb\":{\"@id\":\"https:\\\/\\\/www.neuro-concept.ca\\\/fr\\\/services-readaptation-neurologique\\\/#breadcrumb\"},\"inLanguage\":\"fr-ca\",\"potentialAction\":[{\"@type\":\"ReadAction\",\"target\":[\"https:\\\/\\\/www.neuro-concept.ca\\\/fr\\\/services-readaptation-neurologique\\\/\"]}]},{\"@type\":\"ImageObject\",\"inLanguage\":\"fr-ca\",\"@id\":\"https:\\\/\\\/www.neuro-concept.ca\\\/fr\\\/services-readaptation-neurologique\\\/#primaryimage\",\"url\":\"https:\\\/\\\/www.neuro-concept.ca\\\/wp-content\\\/uploads\\\/2019\\\/03\\\/Accueil-6.jpg\",\"contentUrl\":\"https:\\\/\\\/www.neuro-concept.ca\\\/wp-content\\\/uploads\\\/2019\\\/03\\\/Accueil-6.jpg\",\"width\":1689,\"height\":950,\"caption\":\"r\u00e9adaptation physique\"},{\"@type\":\"BreadcrumbList\",\"@id\":\"https:\\\/\\\/www.neuro-concept.ca\\\/fr\\\/services-readaptation-neurologique\\\/#breadcrumb\",\"itemListElement\":[{\"@type\":\"ListItem\",\"position\":1,\"name\":\"Home\",\"item\":\"https:\\\/\\\/www.neuro-concept.ca\\\/fr\\\/\"},{\"@type\":\"ListItem\",\"position\":2,\"name\":\"Services de r\u00e9adaptation neurologique\"}]},{\"@type\":\"WebSite\",\"@id\":\"https:\\\/\\\/www.neuro-concept.ca\\\/fr\\\/#website\",\"url\":\"https:\\\/\\\/www.neuro-concept.ca\\\/fr\\\/\",\"name\":\"Neuro-Concept - Centre de r\u00e9adaptation neurologique\",\"description\":\"La sant\u00e9 - \u00c0 la port\u00e9e de tous\",\"publisher\":{\"@id\":\"https:\\\/\\\/www.neuro-concept.ca\\\/fr\\\/#organization\"},\"potentialAction\":[{\"@type\":\"SearchAction\",\"target\":{\"@type\":\"EntryPoint\",\"urlTemplate\":\"https:\\\/\\\/www.neuro-concept.ca\\\/fr\\\/?s={search_term_string}\"},\"query-input\":{\"@type\":\"PropertyValueSpecification\",\"valueRequired\":true,\"valueName\":\"search_term_string\"}}],\"inLanguage\":\"fr-ca\"},{\"@type\":\"Organization\",\"@id\":\"https:\\\/\\\/www.neuro-concept.ca\\\/fr\\\/#organization\",\"name\":\"Neuro-Concept\",\"url\":\"https:\\\/\\\/www.neuro-concept.ca\\\/fr\\\/\",\"logo\":{\"@type\":\"ImageObject\",\"inLanguage\":\"fr-ca\",\"@id\":\"https:\\\/\\\/www.neuro-concept.ca\\\/fr\\\/#\\\/schema\\\/logo\\\/image\\\/\",\"url\":\"https:\\\/\\\/www.neuro-concept.ca\\\/wp-content\\\/uploads\\\/2019\\\/07\\\/favicon-1.png\",\"contentUrl\":\"https:\\\/\\\/www.neuro-concept.ca\\\/wp-content\\\/uploads\\\/2019\\\/07\\\/favicon-1.png\",\"width\":330,\"height\":330,\"caption\":\"Neuro-Concept\"},\"image\":{\"@id\":\"https:\\\/\\\/www.neuro-concept.ca\\\/fr\\\/#\\\/schema\\\/logo\\\/image\\\/\"},\"sameAs\":[\"https:\\\/\\\/www.facebook.com\\\/neuroconcept\",\"https:\\\/\\\/x.com\\\/NeuroConcept\",\"https:\\\/\\\/www.instagram.com\\\/neuroconcept.rehab\\\/\",\"https:\\\/\\\/twitter.com\\\/NeuroConcept\"]}]}<\/script>\n<!-- \/ Yoast SEO plugin. -->","yoast_head_json":{"title":"Services de r\u00e9adaptation neurologique | Neuro-Concept","description":"D\u00e9couvrez tous nos services de r\u00e9adaptation adapt\u00e9s \u00e0 votre condition : neurologique, musculosquelettique, vestibulaire ou post-chirurgicale. \u00c9quipe interdisciplinaire et technologies avanc\u00e9es.","robots":{"index":"index","follow":"follow","max-snippet":"max-snippet:-1","max-image-preview":"max-image-preview:large","max-video-preview":"max-video-preview:-1"},"canonical":"https:\/\/www.neuro-concept.ca\/fr\/services-readaptation-neurologique\/","og_locale":"fr_FR","og_type":"article","og_title":"Services de r\u00e9adaptation neurologique | Neuro-Concept","og_description":"D\u00e9couvrez tous nos services de r\u00e9adaptation adapt\u00e9s \u00e0 votre condition : neurologique, musculosquelettique, vestibulaire ou post-chirurgicale. \u00c9quipe interdisciplinaire et technologies avanc\u00e9es.","og_url":"https:\/\/www.neuro-concept.ca\/fr\/services-readaptation-neurologique\/","og_site_name":"Neuro-Concept - Centre de r\u00e9adaptation neurologique","article_publisher":"https:\/\/www.facebook.com\/neuroconcept","article_modified_time":"2025-06-20T19:57:51+00:00","og_image":[{"width":1689,"height":950,"url":"https:\/\/www.neuro-concept.ca\/wp-content\/uploads\/2019\/03\/Accueil-6.jpg","type":"image\/jpeg"}],"twitter_card":"summary_large_image","twitter_site":"@NeuroConcept","schema":{"@context":"https:\/\/schema.org","@graph":[{"@type":"WebPage","@id":"https:\/\/www.neuro-concept.ca\/fr\/services-readaptation-neurologique\/","url":"https:\/\/www.neuro-concept.ca\/fr\/services-readaptation-neurologique\/","name":"Services de r\u00e9adaptation neurologique | Neuro-Concept","isPartOf":{"@id":"https:\/\/www.neuro-concept.ca\/fr\/#website"},"primaryImageOfPage":{"@id":"https:\/\/www.neuro-concept.ca\/fr\/services-readaptation-neurologique\/#primaryimage"},"image":{"@id":"https:\/\/www.neuro-concept.ca\/fr\/services-readaptation-neurologique\/#primaryimage"},"thumbnailUrl":"https:\/\/www.neuro-concept.ca\/wp-content\/uploads\/2019\/03\/Accueil-6.jpg","datePublished":"2019-06-03T13:18:57+00:00","dateModified":"2025-06-20T19:57:51+00:00","description":"D\u00e9couvrez tous nos services de r\u00e9adaptation adapt\u00e9s \u00e0 votre condition : neurologique, musculosquelettique, vestibulaire ou post-chirurgicale. \u00c9quipe interdisciplinaire et technologies avanc\u00e9es.","breadcrumb":{"@id":"https:\/\/www.neuro-concept.ca\/fr\/services-readaptation-neurologique\/#breadcrumb"},"inLanguage":"fr-ca","potentialAction":[{"@type":"ReadAction","target":["https:\/\/www.neuro-concept.ca\/fr\/services-readaptation-neurologique\/"]}]},{"@type":"ImageObject","inLanguage":"fr-ca","@id":"https:\/\/www.neuro-concept.ca\/fr\/services-readaptation-neurologique\/#primaryimage","url":"https:\/\/www.neuro-concept.ca\/wp-content\/uploads\/2019\/03\/Accueil-6.jpg","contentUrl":"https:\/\/www.neuro-concept.ca\/wp-content\/uploads\/2019\/03\/Accueil-6.jpg","width":1689,"height":950,"caption":"r\u00e9adaptation physique"},{"@type":"BreadcrumbList","@id":"https:\/\/www.neuro-concept.ca\/fr\/services-readaptation-neurologique\/#breadcrumb","itemListElement":[{"@type":"ListItem","position":1,"name":"Home","item":"https:\/\/www.neuro-concept.ca\/fr\/"},{"@type":"ListItem","position":2,"name":"Services de r\u00e9adaptation neurologique"}]},{"@type":"WebSite","@id":"https:\/\/www.neuro-concept.ca\/fr\/#website","url":"https:\/\/www.neuro-concept.ca\/fr\/","name":"Neuro-Concept - Centre de r\u00e9adaptation neurologique","description":"La sant\u00e9 - \u00c0 la port\u00e9e de tous","publisher":{"@id":"https:\/\/www.neuro-concept.ca\/fr\/#organization"},"potentialAction":[{"@type":"SearchAction","target":{"@type":"EntryPoint","urlTemplate":"https:\/\/www.neuro-concept.ca\/fr\/?s={search_term_string}"},"query-input":{"@type":"PropertyValueSpecification","valueRequired":true,"valueName":"search_term_string"}}],"inLanguage":"fr-ca"},{"@type":"Organization","@id":"https:\/\/www.neuro-concept.ca\/fr\/#organization","name":"Neuro-Concept","url":"https:\/\/www.neuro-concept.ca\/fr\/","logo":{"@type":"ImageObject","inLanguage":"fr-ca","@id":"https:\/\/www.neuro-concept.ca\/fr\/#\/schema\/logo\/image\/","url":"https:\/\/www.neuro-concept.ca\/wp-content\/uploads\/2019\/07\/favicon-1.png","contentUrl":"https:\/\/www.neuro-concept.ca\/wp-content\/uploads\/2019\/07\/favicon-1.png","width":330,"height":330,"caption":"Neuro-Concept"},"image":{"@id":"https:\/\/www.neuro-concept.ca\/fr\/#\/schema\/logo\/image\/"},"sameAs":["https:\/\/www.facebook.com\/neuroconcept","https:\/\/x.com\/NeuroConcept","https:\/\/www.instagram.com\/neuroconcept.rehab\/","https:\/\/twitter.com\/NeuroConcept"]}]}},"_links":{"self":[{"href":"https:\/\/www.neuro-concept.ca\/fr\/wp-json\/wp\/v2\/pages\/6085","targetHints":{"allow":["GET"]}}],"collection":[{"href":"https:\/\/www.neuro-concept.ca\/fr\/wp-json\/wp\/v2\/pages"}],"about":[{"href":"https:\/\/www.neuro-concept.ca\/fr\/wp-json\/wp\/v2\/types\/page"}],"author":[{"embeddable":true,"href":"https:\/\/www.neuro-concept.ca\/fr\/wp-json\/wp\/v2\/users\/1"}],"replies":[{"embeddable":true,"href":"https:\/\/www.neuro-concept.ca\/fr\/wp-json\/wp\/v2\/comments?post=6085"}],"version-history":[{"count":54,"href":"https:\/\/www.neuro-concept.ca\/fr\/wp-json\/wp\/v2\/pages\/6085\/revisions"}],"predecessor-version":[{"id":13502,"href":"https:\/\/www.neuro-concept.ca\/fr\/wp-json\/wp\/v2\/pages\/6085\/revisions\/13502"}],"wp:featuredmedia":[{"embeddable":true,"href":"https:\/\/www.neuro-concept.ca\/fr\/wp-json\/wp\/v2\/media\/5129"}],"wp:attachment":[{"href":"https:\/\/www.neuro-concept.ca\/fr\/wp-json\/wp\/v2\/media?parent=6085"}],"curies":[{"name":"wp","href":"https:\/\/api.w.org\/{rel}","templated":true}]}}