{"id":6066,"date":"2019-06-05T12:45:26","date_gmt":"2019-06-05T17:45:26","guid":{"rendered":"https:\/\/www.neuro-concept.ca\/?page_id=6066"},"modified":"2025-06-19T10:30:36","modified_gmt":"2025-06-19T14:30:36","slug":"ampute","status":"publish","type":"page","link":"https:\/\/www.neuro-concept.ca\/fr\/readaptation-neurologique\/ampute\/","title":{"rendered":"Amputation"},"content":{"rendered":"\t\t<div data-elementor-type=\"wp-post\" data-elementor-id=\"6066\" class=\"elementor elementor-6066\">\n\t\t\t\t\t\t<section class=\"elementor-section elementor-top-section elementor-element elementor-element-ea5a379 elementor-section-boxed elementor-section-height-default elementor-section-height-default\" data-id=\"ea5a379\" data-element_type=\"section\" data-e-type=\"section\">\n\t\t\t\t\t\t<div class=\"elementor-container elementor-column-gap-default\">\n\t\t\t\t\t<div class=\"elementor-column elementor-col-100 elementor-top-column elementor-element elementor-element-1a57ee2\" data-id=\"1a57ee2\" data-element_type=\"column\" data-e-type=\"column\">\n\t\t\t<div class=\"elementor-widget-wrap elementor-element-populated\">\n\t\t\t\t\t\t<div class=\"elementor-element elementor-element-5a689b5 elementor-widget elementor-widget-heading\" data-id=\"5a689b5\" data-element_type=\"widget\" data-e-type=\"widget\" data-widget_type=\"heading.default\">\n\t\t\t\t<div class=\"elementor-widget-container\">\n\t\t\t\t\t<h2 class=\"elementor-heading-title elementor-size-default\">\ud83e\uddbf R\u00e9adaptation apr\u00e8s une amputation: la vie continue et nous marchons \u00e0 vos c\u00f4t\u00e9s<\/h2>\t\t\t\t<\/div>\n\t\t\t\t<\/div>\n\t\t\t\t<div class=\"elementor-element elementor-element-7c75826 elementor-widget elementor-widget-text-editor\" data-id=\"7c75826\" data-element_type=\"widget\" data-e-type=\"widget\" data-widget_type=\"text-editor.default\">\n\t\t\t\t<div class=\"elementor-widget-container\">\n\t\t\t\t\t\t\t\t\t<h5><em><strong>Retrouver son \u00e9quilibre, r\u00e9apprendre \u00e0 avancer<\/strong><\/em><\/h5>\t\t\t\t\t\t\t\t<\/div>\n\t\t\t\t<\/div>\n\t\t\t\t<div class=\"elementor-element elementor-element-9af20b7 elementor-widget elementor-widget-text-editor\" data-id=\"9af20b7\" data-element_type=\"widget\" data-e-type=\"widget\" data-widget_type=\"text-editor.default\">\n\t\t\t\t<div class=\"elementor-widget-container\">\n\t\t\t\t\t\t\t\t\t<p>Vivre une amputation est un bouleversement physique, psychologique et fonctionnel. Que l\u2019amputation concerne un <strong data-start=\"742\" data-end=\"762\">membre sup\u00e9rieur<\/strong> ou <strong data-start=\"766\" data-end=\"779\">inf\u00e9rieur<\/strong>, la personne doit entamer un processus de r\u00e9adaptation en plusieurs \u00e9tapes : gestion du moignon, adaptation \u00e0 la proth\u00e8se, r\u00e9cup\u00e9ration de la mobilit\u00e9, et r\u00e9int\u00e9gration \u00e0 la vie quotidienne.<\/p>\t\t\t\t\t\t\t\t<\/div>\n\t\t\t\t<\/div>\n\t\t\t\t\t<\/div>\n\t\t<\/div>\n\t\t\t\t\t<\/div>\n\t\t<\/section>\n\t\t\t\t<section class=\"elementor-section elementor-top-section elementor-element elementor-element-3c9d027 elementor-section-boxed elementor-section-height-default elementor-section-height-default\" data-id=\"3c9d027\" data-element_type=\"section\" data-e-type=\"section\">\n\t\t\t\t\t\t<div class=\"elementor-container elementor-column-gap-default\">\n\t\t\t\t\t<div class=\"elementor-column elementor-col-100 elementor-top-column elementor-element elementor-element-a19f59c\" data-id=\"a19f59c\" data-element_type=\"column\" data-e-type=\"column\">\n\t\t\t<div class=\"elementor-widget-wrap elementor-element-populated\">\n\t\t\t\t\t\t<div class=\"elementor-element elementor-element-7cd1053 elementor-widget elementor-widget-heading\" data-id=\"7cd1053\" data-element_type=\"widget\" data-e-type=\"widget\" data-widget_type=\"heading.default\">\n\t\t\t\t<div class=\"elementor-widget-container\">\n\t\t\t\t\t<h3 class=\"elementor-heading-title elementor-size-default\">\ud83d\udd0d Les \u00e9tapes essentielles de la r\u00e9adaptation post-amputation<\/h3>\t\t\t\t<\/div>\n\t\t\t\t<\/div>\n\t\t\t\t\t<\/div>\n\t\t<\/div>\n\t\t\t\t\t<\/div>\n\t\t<\/section>\n\t\t\t\t<section class=\"elementor-section elementor-top-section elementor-element elementor-element-e37e79c elementor-section-boxed elementor-section-height-default elementor-section-height-default\" data-id=\"e37e79c\" data-element_type=\"section\" data-e-type=\"section\">\n\t\t\t\t\t\t<div class=\"elementor-container elementor-column-gap-default\">\n\t\t\t\t\t<div class=\"elementor-column elementor-col-50 elementor-top-column elementor-element elementor-element-b69ee23\" data-id=\"b69ee23\" data-element_type=\"column\" data-e-type=\"column\">\n\t\t\t<div class=\"elementor-widget-wrap elementor-element-populated\">\n\t\t\t\t\t\t<div class=\"elementor-element elementor-element-e573a83 elementor-widget elementor-widget-text-editor\" data-id=\"e573a83\" data-element_type=\"widget\" data-e-type=\"widget\" data-widget_type=\"text-editor.default\">\n\t\t\t\t<div class=\"elementor-widget-container\">\n\t\t\t\t\t\t\t\t\t<ul><li data-start=\"1046\" data-end=\"1121\"><strong data-start=\"1046\" data-end=\"1066\">Soins du moignon<\/strong> (hygi\u00e8ne, bandage, pr\u00e9vention des douleurs fant\u00f4mes)<\/li><li data-start=\"1046\" data-end=\"1121\"><strong data-start=\"1124\" data-end=\"1164\">Apprentissage du port de la proth\u00e8se<\/strong><\/li><li data-start=\"1046\" data-end=\"1121\"><strong data-start=\"1169\" data-end=\"1238\">R\u00e9entra\u00eenement \u00e0 la marche ou \u00e0 l\u2019utilisation du membre sup\u00e9rieur<\/strong><\/li><li data-start=\"1046\" data-end=\"1121\"><strong data-start=\"1243\" data-end=\"1301\">R\u00e9\u00e9quilibrage postural et pr\u00e9vention des compensations<\/strong><\/li><li data-start=\"1046\" data-end=\"1121\"><strong data-start=\"1306\" data-end=\"1363\">Renforcement musculaire et r\u00e9cup\u00e9ration fonctionnelle<\/strong><\/li><\/ul><p data-start=\"1365\" data-end=\"1496\">Ce parcours mobilise une \u00e9quipe interdisciplinaire : <strong data-start=\"1418\" data-end=\"1495\">physiatre, proth\u00e9sistes, physioth\u00e9rapeutes, ergoth\u00e9rapeutes, kin\u00e9siologues<\/strong>.<\/p>\t\t\t\t\t\t\t\t<\/div>\n\t\t\t\t<\/div>\n\t\t\t\t\t<\/div>\n\t\t<\/div>\n\t\t\t\t<div class=\"elementor-column elementor-col-50 elementor-top-column elementor-element elementor-element-4f5e76f\" data-id=\"4f5e76f\" data-element_type=\"column\" data-e-type=\"column\">\n\t\t\t<div class=\"elementor-widget-wrap elementor-element-populated\">\n\t\t\t\t\t\t<div class=\"elementor-element elementor-element-92d567f elementor-widget elementor-widget-image\" data-id=\"92d567f\" data-element_type=\"widget\" data-e-type=\"widget\" data-widget_type=\"image.default\">\n\t\t\t\t<div class=\"elementor-widget-container\">\n\t\t\t\t\t\t\t\t\t\t\t\t\t\t\t<img fetchpriority=\"high\" decoding=\"async\" width=\"300\" height=\"243\" src=\"https:\/\/www.neuro-concept.ca\/wp-content\/uploads\/2025\/06\/amputation-physio-1-300x243.jpg\" class=\"attachment-medium size-medium wp-image-13388\" alt=\"neuro-concept\" srcset=\"https:\/\/www.neuro-concept.ca\/wp-content\/uploads\/2025\/06\/amputation-physio-1-300x243.jpg 300w, https:\/\/www.neuro-concept.ca\/wp-content\/uploads\/2025\/06\/amputation-physio-1-1024x828.jpg 1024w, https:\/\/www.neuro-concept.ca\/wp-content\/uploads\/2025\/06\/amputation-physio-1-1536x1242.jpg 1536w, https:\/\/www.neuro-concept.ca\/wp-content\/uploads\/2025\/06\/amputation-physio-1-2048x1656.jpg 2048w, https:\/\/www.neuro-concept.ca\/wp-content\/uploads\/2025\/06\/amputation-physio-1-700x568.jpg 700w\" sizes=\"(max-width: 300px) 100vw, 300px\" \/>\t\t\t\t\t\t\t\t\t\t\t\t\t\t\t<\/div>\n\t\t\t\t<\/div>\n\t\t\t\t\t<\/div>\n\t\t<\/div>\n\t\t\t\t\t<\/div>\n\t\t<\/section>\n\t\t\t\t<section class=\"elementor-section elementor-top-section elementor-element elementor-element-5f14464 elementor-section-boxed elementor-section-height-default elementor-section-height-default\" data-id=\"5f14464\" data-element_type=\"section\" data-e-type=\"section\">\n\t\t\t\t\t\t<div class=\"elementor-container elementor-column-gap-default\">\n\t\t\t\t\t<div class=\"elementor-column elementor-col-66 elementor-top-column elementor-element elementor-element-9008c3e\" data-id=\"9008c3e\" data-element_type=\"column\" data-e-type=\"column\">\n\t\t\t<div class=\"elementor-widget-wrap elementor-element-populated\">\n\t\t\t\t\t\t<div class=\"elementor-element elementor-element-2220558 elementor-widget elementor-widget-heading\" data-id=\"2220558\" data-element_type=\"widget\" data-e-type=\"widget\" data-widget_type=\"heading.default\">\n\t\t\t\t<div class=\"elementor-widget-container\">\n\t\t\t\t\t<h3 class=\"elementor-heading-title elementor-size-default\">\ud83c\udfc3Bouger, c\u2019est se reconstruire.<\/h3>\t\t\t\t<\/div>\n\t\t\t\t<\/div>\n\t\t\t\t<div class=\"elementor-element elementor-element-6882c31 elementor-widget elementor-widget-text-editor\" data-id=\"6882c31\" data-element_type=\"widget\" data-e-type=\"widget\" data-widget_type=\"text-editor.default\">\n\t\t\t\t<div class=\"elementor-widget-container\">\n\t\t\t\t\t\t\t\t\t<p>Apr\u00e8s une amputation, l\u2019activit\u00e9 physique adapt\u00e9e devient un <strong data-start=\"384\" data-end=\"425\">pilier fondamental de la r\u00e9adaptation<\/strong>. Elle ne se limite pas \u00e0 retrouver de la force ou \u00e0 apprendre \u00e0 marcher : elle vise \u00e0 <strong data-start=\"512\" data-end=\"588\">reprendre confiance, restaurer l\u2019autonomie et pr\u00e9venir les complications<\/strong> \u00e0 long terme.<\/p><p data-start=\"1153\" data-end=\"1390\"><strong data-start=\"1153\" data-end=\"1273\">Qu\u2019il s\u2019agisse d\u2019une reprise de la marche, d\u2019un retour au sport ou d\u2019une simple volont\u00e9 de bouger mieux au quotidien<\/strong>, notre \u00e9quipe vous accompagne \u00e0 chaque \u00e9tape avec des outils adapt\u00e9s, dans un environnement motivant et s\u00e9curitaire.<\/p><p data-start=\"1392\" data-end=\"1480\">\ud83c\udfaf <strong data-start=\"1395\" data-end=\"1480\">Objectif : que chaque mouvement redevienne possible, utile et porteur de libert\u00e9.<\/strong><\/p>\t\t\t\t\t\t\t\t<\/div>\n\t\t\t\t<\/div>\n\t\t\t\t\t<\/div>\n\t\t<\/div>\n\t\t\t\t<div class=\"elementor-column elementor-col-33 elementor-top-column elementor-element elementor-element-26e7d39\" data-id=\"26e7d39\" data-element_type=\"column\" data-e-type=\"column\">\n\t\t\t<div class=\"elementor-widget-wrap elementor-element-populated\">\n\t\t\t\t\t\t<div class=\"elementor-element elementor-element-c2ca2b8 elementor-widget elementor-widget-video\" data-id=\"c2ca2b8\" data-element_type=\"widget\" data-e-type=\"widget\" data-settings=\"{&quot;youtube_url&quot;:&quot;https:\\\/\\\/www.youtube.com\\\/watch?v=2Bo97vPv7GY&amp;feature=youtu.be&quot;,&quot;video_type&quot;:&quot;youtube&quot;,&quot;controls&quot;:&quot;yes&quot;}\" data-widget_type=\"video.default\">\n\t\t\t\t<div class=\"elementor-widget-container\">\n\t\t\t\t\t\t\t<div class=\"elementor-wrapper elementor-open-inline\">\n\t\t\t<div class=\"elementor-video\"><\/div>\t\t<\/div>\n\t\t\t\t\t\t<\/div>\n\t\t\t\t<\/div>\n\t\t\t\t\t<\/div>\n\t\t<\/div>\n\t\t\t\t\t<\/div>\n\t\t<\/section>\n\t\t\t\t<section class=\"elementor-section elementor-top-section elementor-element elementor-element-5caf804 elementor-section-boxed elementor-section-height-default elementor-section-height-default\" data-id=\"5caf804\" data-element_type=\"section\" data-e-type=\"section\">\n\t\t\t\t\t\t<div class=\"elementor-container elementor-column-gap-default\">\n\t\t\t\t\t<div class=\"elementor-column elementor-col-100 elementor-top-column elementor-element elementor-element-934ce08\" data-id=\"934ce08\" data-element_type=\"column\" data-e-type=\"column\">\n\t\t\t<div class=\"elementor-widget-wrap elementor-element-populated\">\n\t\t\t\t\t\t<div class=\"elementor-element elementor-element-fbcae9f elementor-widget elementor-widget-heading\" data-id=\"fbcae9f\" data-element_type=\"widget\" data-e-type=\"widget\" data-widget_type=\"heading.default\">\n\t\t\t\t<div class=\"elementor-widget-container\">\n\t\t\t\t\t<h3 class=\"elementor-heading-title elementor-size-default\">\ud83c\udfe5 Un accompagnement personnalis\u00e9 chez Neuro-Concept<\/h3>\t\t\t\t<\/div>\n\t\t\t\t<\/div>\n\t\t\t\t<div class=\"elementor-element elementor-element-fe094da elementor-widget elementor-widget-text-editor\" data-id=\"fe094da\" data-element_type=\"widget\" data-e-type=\"widget\" data-widget_type=\"text-editor.default\">\n\t\t\t\t<div class=\"elementor-widget-container\">\n\t\t\t\t\t\t\t\t\t<p>Chez <strong data-start=\"1565\" data-end=\"1582\">Neuro-Concept<\/strong>, nous proposons une prise en charge globale, combinant <strong data-start=\"1638\" data-end=\"1668\">th\u00e9rapies conventionnelles<\/strong> et <strong data-start=\"1672\" data-end=\"1698\">technologies de pointe<\/strong> pour maximiser la r\u00e9cup\u00e9ration.<\/p>\t\t\t\t\t\t\t\t<\/div>\n\t\t\t\t<\/div>\n\t\t\t\t\t<\/div>\n\t\t<\/div>\n\t\t\t\t\t<\/div>\n\t\t<\/section>\n\t\t\t\t<section class=\"elementor-section elementor-top-section elementor-element elementor-element-3e7979b elementor-section-boxed elementor-section-height-default elementor-section-height-default\" data-id=\"3e7979b\" data-element_type=\"section\" data-e-type=\"section\">\n\t\t\t\t\t\t<div class=\"elementor-container elementor-column-gap-default\">\n\t\t\t\t\t<div class=\"elementor-column elementor-col-50 elementor-top-column elementor-element elementor-element-cdfc45b\" data-id=\"cdfc45b\" data-element_type=\"column\" data-e-type=\"column\">\n\t\t\t<div class=\"elementor-widget-wrap elementor-element-populated\">\n\t\t\t\t\t\t<div class=\"elementor-element elementor-element-e46237b elementor-widget elementor-widget-text-editor\" data-id=\"e46237b\" data-element_type=\"widget\" data-e-type=\"widget\" data-widget_type=\"text-editor.default\">\n\t\t\t\t<div class=\"elementor-widget-container\">\n\t\t\t\t\t\t\t\t\t<p data-start=\"1732\" data-end=\"1772\"><strong>Nos \u00e9quipements innovants incluent :<\/strong><\/p><p data-start=\"1908\" data-end=\"2002\">\ud83d\udd39 <a href=\"https:\/\/www.neuro-concept.ca\/fr\/les-technologies-readaptation\/kinesim\/\"><strong data-start=\"1911\" data-end=\"1923\">Kin\u00e9sim\u00ae<\/strong><\/a> : plateforme robotis\u00e9e pour am\u00e9liorer l\u2019\u00e9quilibre, la stabilit\u00e9 et la posture.<\/p><p data-start=\"2004\" data-end=\"2114\">\ud83d\udd39 <a href=\"https:\/\/www.neuro-concept.ca\/fr\/les-technologies-readaptation\/jeux-interactifs\/\"><strong data-start=\"2007\" data-end=\"2021\">Jintronix\u00ae<\/strong>\u00a0 et <strong>Reflexcare<\/strong><\/a>: jeux th\u00e9rapeutiques interactifs pour motiver les patients \u00e0 travers des activit\u00e9s cibl\u00e9es.<\/p><p data-start=\"2004\" data-end=\"2114\">\ud83d\udd39 <b><a href=\"https:\/\/www.neuro-concept.ca\/fr\/les-technologies-readaptation\/stimulation-electrique-fonctionnelle\/\">L&#8217;Xcite et le Mindmove: <\/a><\/b>deux de nos timulateurs \u00e9lectriques fonctionnelles.<\/p>\t\t\t\t\t\t\t\t<\/div>\n\t\t\t\t<\/div>\n\t\t\t\t<div class=\"elementor-element elementor-element-6ca4a6c elementor-widget__width-initial elementor-widget elementor-widget-image\" data-id=\"6ca4a6c\" data-element_type=\"widget\" data-e-type=\"widget\" data-widget_type=\"image.default\">\n\t\t\t\t<div class=\"elementor-widget-container\">\n\t\t\t\t\t\t\t\t\t\t\t\t\t\t\t<img decoding=\"async\" width=\"690\" height=\"348\" src=\"https:\/\/www.neuro-concept.ca\/wp-content\/uploads\/2025\/06\/amputation-bras.png\" class=\"attachment-full size-full wp-image-13311\" alt=\"\" srcset=\"https:\/\/www.neuro-concept.ca\/wp-content\/uploads\/2025\/06\/amputation-bras.png 690w, https:\/\/www.neuro-concept.ca\/wp-content\/uploads\/2025\/06\/amputation-bras-300x151.png 300w\" sizes=\"(max-width: 690px) 100vw, 690px\" \/>\t\t\t\t\t\t\t\t\t\t\t\t\t\t\t<\/div>\n\t\t\t\t<\/div>\n\t\t\t\t\t<\/div>\n\t\t<\/div>\n\t\t\t\t<div class=\"elementor-column elementor-col-50 elementor-top-column elementor-element elementor-element-f051452\" data-id=\"f051452\" data-element_type=\"column\" data-e-type=\"column\">\n\t\t\t<div class=\"elementor-widget-wrap elementor-element-populated\">\n\t\t\t\t\t\t<div class=\"elementor-element elementor-element-53007b3 elementor-widget__width-initial elementor-widget elementor-widget-image\" data-id=\"53007b3\" data-element_type=\"widget\" data-e-type=\"widget\" data-widget_type=\"image.default\">\n\t\t\t\t<div class=\"elementor-widget-container\">\n\t\t\t\t\t\t\t\t\t\t\t\t\t\t\t<img decoding=\"async\" width=\"659\" height=\"1024\" src=\"https:\/\/www.neuro-concept.ca\/wp-content\/uploads\/2025\/06\/amputation-neuro-concept-659x1024.jpg\" class=\"attachment-large size-large wp-image-13390\" alt=\"amputation marche\" srcset=\"https:\/\/www.neuro-concept.ca\/wp-content\/uploads\/2025\/06\/amputation-neuro-concept-659x1024.jpg 659w, https:\/\/www.neuro-concept.ca\/wp-content\/uploads\/2025\/06\/amputation-neuro-concept-193x300.jpg 193w, https:\/\/www.neuro-concept.ca\/wp-content\/uploads\/2025\/06\/amputation-neuro-concept-988x1536.jpg 988w, https:\/\/www.neuro-concept.ca\/wp-content\/uploads\/2025\/06\/amputation-neuro-concept-1317x2048.jpg 1317w, https:\/\/www.neuro-concept.ca\/wp-content\/uploads\/2025\/06\/amputation-neuro-concept-scaled.jpg 1647w\" sizes=\"(max-width: 659px) 100vw, 659px\" \/>\t\t\t\t\t\t\t\t\t\t\t\t\t\t\t<\/div>\n\t\t\t\t<\/div>\n\t\t\t\t\t<\/div>\n\t\t<\/div>\n\t\t\t\t\t<\/div>\n\t\t<\/section>\n\t\t\t\t<section class=\"elementor-section elementor-top-section elementor-element elementor-element-b18ce38 elementor-section-boxed elementor-section-height-default elementor-section-height-default\" data-id=\"b18ce38\" data-element_type=\"section\" data-e-type=\"section\">\n\t\t\t\t\t\t<div class=\"elementor-container elementor-column-gap-default\">\n\t\t\t\t\t<div class=\"elementor-column elementor-col-100 elementor-top-column elementor-element elementor-element-511a538\" data-id=\"511a538\" data-element_type=\"column\" data-e-type=\"column\">\n\t\t\t<div class=\"elementor-widget-wrap elementor-element-populated\">\n\t\t\t\t\t\t<div class=\"elementor-element elementor-element-2570528 elementor-widget elementor-widget-text-editor\" data-id=\"2570528\" data-element_type=\"widget\" data-e-type=\"widget\" data-widget_type=\"text-editor.default\">\n\t\t\t\t<div class=\"elementor-widget-container\">\n\t\t\t\t\t\t\t\t\t<p>En effet, Chez <strong data-start=\"314\" data-end=\"331\">Neuro-Concept<\/strong>, nous int\u00e9grons la <strong data-start=\"351\" data-end=\"397\">stimulation \u00e9lectrique fonctionnelle (SEF)<\/strong> dans nos protocoles de r\u00e9adaptation post-amputation, car elle offre plusieurs b\u00e9n\u00e9fices concrets pour favoriser le retour \u00e0 la mobilit\u00e9.<\/p><p data-start=\"536\" data-end=\"572\"><strong>\ud83d\udd39 Pr\u00e9server la force musculaire: <\/strong>Apr\u00e8s une amputation, certains muscles du membre r\u00e9siduel peuvent s\u2019affaiblir rapidement. La SEF permet de <strong data-start=\"680\" data-end=\"725\">stimuler ces muscles de fa\u00e7on s\u00e9curitaire<\/strong>, pr\u00e9venant ainsi l\u2019atrophie et facilitant le port de la proth\u00e8se.<\/p><p data-start=\"793\" data-end=\"860\"><strong>\ud83d\udd39 Am\u00e9liorer le contr\u00f4le du moignon et l\u2019ajustement proth\u00e9tique: <\/strong>En renfor\u00e7ant les muscles r\u00e9siduels, la SEF <strong data-start=\"905\" data-end=\"929\">stabilise le moignon<\/strong>, ce qui optimise <strong data-start=\"947\" data-end=\"977\">le confort et l\u2019efficacit\u00e9<\/strong> de la marche avec la proth\u00e8se.<\/p><p data-start=\"1010\" data-end=\"1060\"><strong>\ud83d\udd39 R\u00e9duire la spasticit\u00e9 et certaines douleurs:\u00a0<\/strong>La SEF peut aider \u00e0 <strong data-start=\"1081\" data-end=\"1112\">r\u00e9guler l\u2019activit\u00e9 nerveuse<\/strong>, contribuant ainsi \u00e0 soulager les douleurs musculaires, les douleurs fant\u00f4mes et \u00e0 r\u00e9duire la spasticit\u00e9 lorsqu\u2019elle est pr\u00e9sente.<\/p><p data-start=\"1245\" data-end=\"1274\"><strong>\ud83d\udd39Reprogrammer la marche: <\/strong>Int\u00e9gr\u00e9e dans l&#8217;entra\u00eenement locomoteur, la SEF peut activer les muscles au bon moment du cycle de marche, aidant \u00e0 retrouver un <strong data-start=\"1404\" data-end=\"1452\">patron moteur fluide, sym\u00e9trique et efficace<\/strong>, tout en diminuant les compensations.<\/p><p data-start=\"1492\" data-end=\"1543\"><strong>\ud83d\udd39 Favoriser la circulation et la cicatrisation: <\/strong>En activant les muscles en profondeur, la stimulation contribue aussi \u00e0 <strong data-start=\"1616\" data-end=\"1651\">am\u00e9liorer la circulation locale<\/strong>, r\u00e9duire l\u2019\u0153d\u00e8me et <strong data-start=\"1672\" data-end=\"1719\">acc\u00e9l\u00e9rer la r\u00e9cup\u00e9ration post-chirurgicale<\/strong>.<\/p>\t\t\t\t\t\t\t\t<\/div>\n\t\t\t\t<\/div>\n\t\t\t\t\t<\/div>\n\t\t<\/div>\n\t\t\t\t\t<\/div>\n\t\t<\/section>\n\t\t\t\t<section class=\"elementor-section elementor-top-section elementor-element elementor-element-acbda01 elementor-section-boxed elementor-section-height-default elementor-section-height-default\" data-id=\"acbda01\" data-element_type=\"section\" data-e-type=\"section\">\n\t\t\t\t\t\t<div class=\"elementor-container elementor-column-gap-default\">\n\t\t\t\t\t<div class=\"elementor-column elementor-col-100 elementor-top-column elementor-element elementor-element-b44ea30\" data-id=\"b44ea30\" data-element_type=\"column\" data-e-type=\"column\">\n\t\t\t<div class=\"elementor-widget-wrap elementor-element-populated\">\n\t\t\t\t\t\t<div class=\"elementor-element elementor-element-25b97e0 elementor-widget elementor-widget-heading\" data-id=\"25b97e0\" data-element_type=\"widget\" data-e-type=\"widget\" data-widget_type=\"heading.default\">\n\t\t\t\t<div class=\"elementor-widget-container\">\n\t\t\t\t\t<h3 class=\"elementor-heading-title elementor-size-default\">\u2699\ufe0f Reprogrammation de la marche et pr\u00e9vention des compensations<\/h3>\t\t\t\t<\/div>\n\t\t\t\t<\/div>\n\t\t\t\t\t<\/div>\n\t\t<\/div>\n\t\t\t\t\t<\/div>\n\t\t<\/section>\n\t\t\t\t<section class=\"elementor-section elementor-top-section elementor-element elementor-element-804645c elementor-section-boxed elementor-section-height-default elementor-section-height-default\" data-id=\"804645c\" data-element_type=\"section\" data-e-type=\"section\">\n\t\t\t\t\t\t<div class=\"elementor-container elementor-column-gap-default\">\n\t\t\t\t\t<div class=\"elementor-column elementor-col-50 elementor-top-column elementor-element elementor-element-3921429\" data-id=\"3921429\" data-element_type=\"column\" data-e-type=\"column\">\n\t\t\t<div class=\"elementor-widget-wrap elementor-element-populated\">\n\t\t\t\t\t\t<div class=\"elementor-element elementor-element-1575f1c elementor-widget elementor-widget-image\" data-id=\"1575f1c\" data-element_type=\"widget\" data-e-type=\"widget\" data-widget_type=\"image.default\">\n\t\t\t\t<div class=\"elementor-widget-container\">\n\t\t\t\t\t\t\t\t\t\t\t\t\t\t\t<img loading=\"lazy\" decoding=\"async\" width=\"1024\" height=\"1024\" src=\"https:\/\/www.neuro-concept.ca\/wp-content\/uploads\/2025\/06\/amputation-et-marche.png\" class=\"attachment-large size-large wp-image-13308\" alt=\"\" srcset=\"https:\/\/www.neuro-concept.ca\/wp-content\/uploads\/2025\/06\/amputation-et-marche.png 1024w, https:\/\/www.neuro-concept.ca\/wp-content\/uploads\/2025\/06\/amputation-et-marche-300x300.png 300w, https:\/\/www.neuro-concept.ca\/wp-content\/uploads\/2025\/06\/amputation-et-marche-150x150.png 150w, https:\/\/www.neuro-concept.ca\/wp-content\/uploads\/2025\/06\/amputation-et-marche-230x230.png 230w, https:\/\/www.neuro-concept.ca\/wp-content\/uploads\/2025\/06\/amputation-et-marche-70x70.png 70w, https:\/\/www.neuro-concept.ca\/wp-content\/uploads\/2025\/06\/amputation-et-marche-315x315.png 315w\" sizes=\"(max-width: 1024px) 100vw, 1024px\" \/>\t\t\t\t\t\t\t\t\t\t\t\t\t\t\t<\/div>\n\t\t\t\t<\/div>\n\t\t\t\t\t<\/div>\n\t\t<\/div>\n\t\t\t\t<div class=\"elementor-column elementor-col-50 elementor-top-column elementor-element elementor-element-3ac8f55\" data-id=\"3ac8f55\" data-element_type=\"column\" data-e-type=\"column\">\n\t\t\t<div class=\"elementor-widget-wrap elementor-element-populated\">\n\t\t\t\t\t\t<div class=\"elementor-element elementor-element-b44b04d elementor-widget elementor-widget-text-editor\" data-id=\"b44b04d\" data-element_type=\"widget\" data-e-type=\"widget\" data-widget_type=\"text-editor.default\">\n\t\t\t\t<div class=\"elementor-widget-container\">\n\t\t\t\t\t\t\t\t\t<p data-start=\"2189\" data-end=\"2231\">La litt\u00e9rature scientifique montre que :<\/p><ul><li data-start=\"2234\" data-end=\"2325\"><strong data-start=\"2234\" data-end=\"2242\">40\u202f%<\/strong> du cycle de marche correspond \u00e0 la <strong data-start=\"2278\" data-end=\"2301\">phase d\u2019oscillation<\/strong> (jambe en mouvement),<\/li><li data-start=\"2234\" data-end=\"2325\"><strong data-start=\"2328\" data-end=\"2336\">60\u202f%<\/strong> \u00e0 la <strong data-start=\"2342\" data-end=\"2359\">phase d\u2019appui<\/strong> (pied au sol).<\/li><\/ul><p data-start=\"2376\" data-end=\"2598\">Apr\u00e8s une amputation, ce cycle est alt\u00e9r\u00e9. La d\u00e9marche devient instable, et le corps d\u00e9veloppe des <strong data-start=\"2475\" data-end=\"2500\">compensations nocives<\/strong> (boiterie, d\u00e9s\u00e9quilibre du bassin, surcharge du dos). Ces mauvaises habitudes peuvent entra\u00eener :<\/p><ul><li data-start=\"2602\" data-end=\"2637\">Douleurs articulaires secondaires<\/li><li data-start=\"2602\" data-end=\"2637\">Surconsommation d\u2019\u00e9nergie pour se d\u00e9placer<\/li><li data-start=\"2602\" data-end=\"2637\">Fatigue accrue<\/li><li data-start=\"2602\" data-end=\"2637\">Risque de blessures \u00e0 long terme<\/li><\/ul><p data-start=\"2740\" data-end=\"2922\">La d\u00e9pense \u00e9nerg\u00e9tique augmente de :<br data-start=\"2802\" data-end=\"2805\" \/>\ud83d\udd38 <strong data-start=\"2808\" data-end=\"2821\">10 \u00e0 40\u202f%<\/strong> pour une amputation <strong data-start=\"2842\" data-end=\"2859\">sous le genou<\/strong><br data-start=\"2859\" data-end=\"2862\" \/>\ud83d\udd38 <strong data-start=\"2865\" data-end=\"2879\">60 \u00e0 100\u202f%<\/strong> pour une amputation <strong data-start=\"2900\" data-end=\"2922\">au-dessus du genou<\/strong><\/p>\t\t\t\t\t\t\t\t<\/div>\n\t\t\t\t<\/div>\n\t\t\t\t\t<\/div>\n\t\t<\/div>\n\t\t\t\t\t<\/div>\n\t\t<\/section>\n\t\t\t\t<section class=\"elementor-section elementor-top-section elementor-element elementor-element-e6d86e7 elementor-section-boxed elementor-section-height-default elementor-section-height-default\" data-id=\"e6d86e7\" data-element_type=\"section\" data-e-type=\"section\">\n\t\t\t\t\t\t<div class=\"elementor-container elementor-column-gap-default\">\n\t\t\t\t\t<div class=\"elementor-column elementor-col-100 elementor-top-column elementor-element elementor-element-8445c40\" data-id=\"8445c40\" data-element_type=\"column\" data-e-type=\"column\">\n\t\t\t<div class=\"elementor-widget-wrap elementor-element-populated\">\n\t\t\t\t\t\t<div class=\"elementor-element elementor-element-84d490c elementor-widget elementor-widget-heading\" data-id=\"84d490c\" data-element_type=\"widget\" data-e-type=\"widget\" data-widget_type=\"heading.default\">\n\t\t\t\t<div class=\"elementor-widget-container\">\n\t\t\t\t\t<h3 class=\"elementor-heading-title elementor-size-default\">\ud83c\udfaf Objectif : marcher mieux, plus efficacement et sans douleur<\/h3>\t\t\t\t<\/div>\n\t\t\t\t<\/div>\n\t\t\t\t<div class=\"elementor-element elementor-element-4bbde4f elementor-widget elementor-widget-text-editor\" data-id=\"4bbde4f\" data-element_type=\"widget\" data-e-type=\"widget\" data-widget_type=\"text-editor.default\">\n\t\t\t\t<div class=\"elementor-widget-container\">\n\t\t\t\t\t\t\t\t\t<p data-start=\"2996\" data-end=\"3163\">Un <strong data-start=\"2999\" data-end=\"3027\">entra\u00eenement \u00e0 la marche<\/strong> supervis\u00e9 par un <strong data-start=\"3045\" data-end=\"3079\">expert en analyse du mouvement<\/strong> (physioth\u00e9rapeute, kin\u00e9siologue ou th\u00e9rapeute en r\u00e9adaptation physique) permet de :<\/p><p data-start=\"3165\" data-end=\"3338\">\u2705 Adopter une d\u00e9marche sym\u00e9trique<br data-start=\"3198\" data-end=\"3201\" \/>\u2705 R\u00e9duire la charge sur les articulations restantes<br data-start=\"3252\" data-end=\"3255\" \/>\u2705 \u00c9conomiser de l\u2019\u00e9nergie<br data-start=\"3280\" data-end=\"3283\" \/>\u2705 Favoriser l\u2019autonomie<br data-start=\"3306\" data-end=\"3309\" \/>\u2705 R\u00e9duire le risque de chutes<\/p>\t\t\t\t\t\t\t\t<\/div>\n\t\t\t\t<\/div>\n\t\t\t\t\t<\/div>\n\t\t<\/div>\n\t\t\t\t\t<\/div>\n\t\t<\/section>\n\t\t\t\t<section class=\"elementor-section elementor-top-section elementor-element elementor-element-45886676 elementor-section-stretched elementor-section-boxed elementor-section-height-default elementor-section-height-default\" data-id=\"45886676\" data-element_type=\"section\" data-e-type=\"section\" data-settings=\"{&quot;stretch_section&quot;:&quot;section-stretched&quot;,&quot;background_background&quot;:&quot;classic&quot;}\">\n\t\t\t\t\t\t<div class=\"elementor-container elementor-column-gap-default\">\n\t\t\t\t\t<div class=\"elementor-column elementor-col-100 elementor-top-column elementor-element elementor-element-11331e6e\" data-id=\"11331e6e\" data-element_type=\"column\" data-e-type=\"column\">\n\t\t\t<div class=\"elementor-widget-wrap elementor-element-populated\">\n\t\t\t\t\t\t<div class=\"elementor-element elementor-element-5829ee88 elementor-widget elementor-widget-rt-title\" data-id=\"5829ee88\" data-element_type=\"widget\" data-e-type=\"widget\" data-widget_type=\"rt-title.default\">\n\t\t\t\t<div class=\"elementor-widget-container\">\n\t\t\t\t\t\t\t<div class=\"rt-el-title section-heading heading-dark text-center heading-layout1 style1 theme5\">\t\t\n\t\t\t\t\t\t\t<p class=\"rtin-subtitle\">Vous avez v\u00e9cu une amputation ? Vous portez une proth\u00e8se et souhaitez am\u00e9liorer votre confort ou votre d\u00e9marche ?<\/p>\n\t\t\t\n\t\t\t<h2 class=\"rtin-title\">Prenez un rendez-vous<\/h2>\n\t\t<\/div>\n\t\t\t\t<\/div>\n\t\t\t\t<\/div>\n\t\t\t\t<div class=\"elementor-element elementor-element-71d9f2e5 elementor-align-center elementor-widget elementor-widget-button\" data-id=\"71d9f2e5\" data-element_type=\"widget\" data-e-type=\"widget\" data-widget_type=\"button.default\">\n\t\t\t\t<div class=\"elementor-widget-container\">\n\t\t\t\t\t\t\t\t\t<div class=\"elementor-button-wrapper\">\n\t\t\t\t\t<a class=\"elementor-button elementor-button-link elementor-size-sm\" href=\"https:\/\/secure.medexa.com\/#\/onlineAppointmentInformation?APIKey=9AA42B530BF74C1CABDDAAEF83B61AD0&#038;flowColor=228fa6&#038;backgroundColor=ffffff%20width=1000%20height=500%20frameborder=0\" target=\"_blank\" rel=\"nofollow\">\n\t\t\t\t\t\t<span class=\"elementor-button-content-wrapper\">\n\t\t\t\t\t\t\t\t\t<span class=\"elementor-button-text\">Se sentir mieux commence maintenant<\/span>\n\t\t\t\t\t<\/span>\n\t\t\t\t\t<\/a>\n\t\t\t\t<\/div>\n\t\t\t\t\t\t\t\t<\/div>\n\t\t\t\t<\/div>\n\t\t\t\t\t<\/div>\n\t\t<\/div>\n\t\t\t\t\t<\/div>\n\t\t<\/section>\n\t\t\t\t<\/div>\n\t\t","protected":false},"excerpt":{"rendered":"<p>\ud83e\uddbf R\u00e9adaptation apr\u00e8s une amputation: la vie continue et nous marchons \u00e0 vos c\u00f4t\u00e9s Retrouver son \u00e9quilibre, r\u00e9apprendre \u00e0 avancer Vivre une amputation est un bouleversement physique, psychologique et fonctionnel. Que l\u2019amputation concerne un membre sup\u00e9rieur ou inf\u00e9rieur, la personne doit entamer un processus de r\u00e9adaptation en plusieurs \u00e9tapes : gestion du moignon, adaptation \u00e0&#8230;<\/p>\n","protected":false},"author":1,"featured_media":0,"parent":3045,"menu_order":0,"comment_status":"closed","ping_status":"closed","template":"","meta":{"_monsterinsights_skip_tracking":false,"_monsterinsights_sitenote_active":false,"_monsterinsights_sitenote_note":"","_monsterinsights_sitenote_category":0,"footnotes":""},"class_list":["post-6066","page","type-page","status-publish","hentry"],"yoast_head":"<!-- This site is optimized with the Yoast SEO plugin v27.5 - https:\/\/yoast.com\/product\/yoast-seo-wordpress\/ -->\n<title>R\u00e9adaptation apr\u00e8s une amputation | Neuro-Concept<\/title>\n<meta name=\"description\" content=\"D\u00e9couvrez notre programme sp\u00e9cialis\u00e9 de r\u00e9adaptation apr\u00e8s une amputation. Th\u00e9rapies personnalis\u00e9es, technologies avanc\u00e9es, entra\u00eenement \u00e0 la marche et gestion du moignon pour retrouver mobilit\u00e9, \u00e9quilibre et qualit\u00e9 de vie.\" \/>\n<meta name=\"robots\" content=\"index, follow, max-snippet:-1, max-image-preview:large, max-video-preview:-1\" \/>\n<link rel=\"canonical\" href=\"https:\/\/www.neuro-concept.ca\/fr\/readaptation-neurologique\/ampute\/\" \/>\n<meta property=\"og:locale\" content=\"fr_FR\" \/>\n<meta property=\"og:type\" content=\"article\" \/>\n<meta property=\"og:title\" content=\"R\u00e9adaptation apr\u00e8s une amputation | Neuro-Concept\" \/>\n<meta property=\"og:description\" content=\"D\u00e9couvrez notre programme sp\u00e9cialis\u00e9 de r\u00e9adaptation apr\u00e8s une amputation. Th\u00e9rapies personnalis\u00e9es, technologies avanc\u00e9es, entra\u00eenement \u00e0 la marche et gestion du moignon pour retrouver mobilit\u00e9, \u00e9quilibre et qualit\u00e9 de vie.\" \/>\n<meta property=\"og:url\" content=\"https:\/\/www.neuro-concept.ca\/fr\/readaptation-neurologique\/ampute\/\" \/>\n<meta property=\"og:site_name\" content=\"Neuro-Concept - Centre de r\u00e9adaptation neurologique\" \/>\n<meta property=\"article:publisher\" content=\"https:\/\/www.facebook.com\/neuroconcept\" \/>\n<meta property=\"article:modified_time\" content=\"2025-06-19T14:30:36+00:00\" \/>\n<meta property=\"og:image\" content=\"https:\/\/www.neuro-concept.ca\/wp-content\/uploads\/2025\/06\/amputation-physio-1-300x243.jpg\" \/>\n<meta name=\"twitter:card\" content=\"summary_large_image\" \/>\n<meta name=\"twitter:site\" content=\"@NeuroConcept\" \/>\n<script type=\"application\/ld+json\" class=\"yoast-schema-graph\">{\"@context\":\"https:\\\/\\\/schema.org\",\"@graph\":[{\"@type\":\"WebPage\",\"@id\":\"https:\\\/\\\/www.neuro-concept.ca\\\/fr\\\/readaptation-neurologique\\\/ampute\\\/\",\"url\":\"https:\\\/\\\/www.neuro-concept.ca\\\/fr\\\/readaptation-neurologique\\\/ampute\\\/\",\"name\":\"R\u00e9adaptation apr\u00e8s une amputation | Neuro-Concept\",\"isPartOf\":{\"@id\":\"https:\\\/\\\/www.neuro-concept.ca\\\/fr\\\/#website\"},\"primaryImageOfPage\":{\"@id\":\"https:\\\/\\\/www.neuro-concept.ca\\\/fr\\\/readaptation-neurologique\\\/ampute\\\/#primaryimage\"},\"image\":{\"@id\":\"https:\\\/\\\/www.neuro-concept.ca\\\/fr\\\/readaptation-neurologique\\\/ampute\\\/#primaryimage\"},\"thumbnailUrl\":\"https:\\\/\\\/www.neuro-concept.ca\\\/wp-content\\\/uploads\\\/2025\\\/06\\\/amputation-physio-1-300x243.jpg\",\"datePublished\":\"2019-06-05T17:45:26+00:00\",\"dateModified\":\"2025-06-19T14:30:36+00:00\",\"description\":\"D\u00e9couvrez notre programme sp\u00e9cialis\u00e9 de r\u00e9adaptation apr\u00e8s une amputation. Th\u00e9rapies personnalis\u00e9es, technologies avanc\u00e9es, entra\u00eenement \u00e0 la marche et gestion du moignon pour retrouver mobilit\u00e9, \u00e9quilibre et qualit\u00e9 de vie.\",\"breadcrumb\":{\"@id\":\"https:\\\/\\\/www.neuro-concept.ca\\\/fr\\\/readaptation-neurologique\\\/ampute\\\/#breadcrumb\"},\"inLanguage\":\"fr-ca\",\"potentialAction\":[{\"@type\":\"ReadAction\",\"target\":[\"https:\\\/\\\/www.neuro-concept.ca\\\/fr\\\/readaptation-neurologique\\\/ampute\\\/\"]}]},{\"@type\":\"ImageObject\",\"inLanguage\":\"fr-ca\",\"@id\":\"https:\\\/\\\/www.neuro-concept.ca\\\/fr\\\/readaptation-neurologique\\\/ampute\\\/#primaryimage\",\"url\":\"https:\\\/\\\/www.neuro-concept.ca\\\/wp-content\\\/uploads\\\/2025\\\/06\\\/amputation-physio-1-300x243.jpg\",\"contentUrl\":\"https:\\\/\\\/www.neuro-concept.ca\\\/wp-content\\\/uploads\\\/2025\\\/06\\\/amputation-physio-1-300x243.jpg\"},{\"@type\":\"BreadcrumbList\",\"@id\":\"https:\\\/\\\/www.neuro-concept.ca\\\/fr\\\/readaptation-neurologique\\\/ampute\\\/#breadcrumb\",\"itemListElement\":[{\"@type\":\"ListItem\",\"position\":1,\"name\":\"Home\",\"item\":\"https:\\\/\\\/www.neuro-concept.ca\\\/fr\\\/\"},{\"@type\":\"ListItem\",\"position\":2,\"name\":\"Conditions neurologiques\",\"item\":\"https:\\\/\\\/www.neuro-concept.ca\\\/fr\\\/readaptation-neurologique\\\/\"},{\"@type\":\"ListItem\",\"position\":3,\"name\":\"Amputation\"}]},{\"@type\":\"WebSite\",\"@id\":\"https:\\\/\\\/www.neuro-concept.ca\\\/fr\\\/#website\",\"url\":\"https:\\\/\\\/www.neuro-concept.ca\\\/fr\\\/\",\"name\":\"Neuro-Concept - Centre de r\u00e9adaptation neurologique\",\"description\":\"La sant\u00e9 - \u00c0 la port\u00e9e de tous\",\"publisher\":{\"@id\":\"https:\\\/\\\/www.neuro-concept.ca\\\/fr\\\/#organization\"},\"potentialAction\":[{\"@type\":\"SearchAction\",\"target\":{\"@type\":\"EntryPoint\",\"urlTemplate\":\"https:\\\/\\\/www.neuro-concept.ca\\\/fr\\\/?s={search_term_string}\"},\"query-input\":{\"@type\":\"PropertyValueSpecification\",\"valueRequired\":true,\"valueName\":\"search_term_string\"}}],\"inLanguage\":\"fr-ca\"},{\"@type\":\"Organization\",\"@id\":\"https:\\\/\\\/www.neuro-concept.ca\\\/fr\\\/#organization\",\"name\":\"Neuro-Concept\",\"url\":\"https:\\\/\\\/www.neuro-concept.ca\\\/fr\\\/\",\"logo\":{\"@type\":\"ImageObject\",\"inLanguage\":\"fr-ca\",\"@id\":\"https:\\\/\\\/www.neuro-concept.ca\\\/fr\\\/#\\\/schema\\\/logo\\\/image\\\/\",\"url\":\"https:\\\/\\\/www.neuro-concept.ca\\\/wp-content\\\/uploads\\\/2019\\\/07\\\/favicon-1.png\",\"contentUrl\":\"https:\\\/\\\/www.neuro-concept.ca\\\/wp-content\\\/uploads\\\/2019\\\/07\\\/favicon-1.png\",\"width\":330,\"height\":330,\"caption\":\"Neuro-Concept\"},\"image\":{\"@id\":\"https:\\\/\\\/www.neuro-concept.ca\\\/fr\\\/#\\\/schema\\\/logo\\\/image\\\/\"},\"sameAs\":[\"https:\\\/\\\/www.facebook.com\\\/neuroconcept\",\"https:\\\/\\\/x.com\\\/NeuroConcept\",\"https:\\\/\\\/www.instagram.com\\\/neuroconcept.rehab\\\/\",\"https:\\\/\\\/twitter.com\\\/NeuroConcept\"]}]}<\/script>\n<!-- \/ Yoast SEO plugin. -->","yoast_head_json":{"title":"R\u00e9adaptation apr\u00e8s une amputation | Neuro-Concept","description":"D\u00e9couvrez notre programme sp\u00e9cialis\u00e9 de r\u00e9adaptation apr\u00e8s une amputation. Th\u00e9rapies personnalis\u00e9es, technologies avanc\u00e9es, entra\u00eenement \u00e0 la marche et gestion du moignon pour retrouver mobilit\u00e9, \u00e9quilibre et qualit\u00e9 de vie.","robots":{"index":"index","follow":"follow","max-snippet":"max-snippet:-1","max-image-preview":"max-image-preview:large","max-video-preview":"max-video-preview:-1"},"canonical":"https:\/\/www.neuro-concept.ca\/fr\/readaptation-neurologique\/ampute\/","og_locale":"fr_FR","og_type":"article","og_title":"R\u00e9adaptation apr\u00e8s une amputation | Neuro-Concept","og_description":"D\u00e9couvrez notre programme sp\u00e9cialis\u00e9 de r\u00e9adaptation apr\u00e8s une amputation. Th\u00e9rapies personnalis\u00e9es, technologies avanc\u00e9es, entra\u00eenement \u00e0 la marche et gestion du moignon pour retrouver mobilit\u00e9, \u00e9quilibre et qualit\u00e9 de vie.","og_url":"https:\/\/www.neuro-concept.ca\/fr\/readaptation-neurologique\/ampute\/","og_site_name":"Neuro-Concept - Centre de r\u00e9adaptation neurologique","article_publisher":"https:\/\/www.facebook.com\/neuroconcept","article_modified_time":"2025-06-19T14:30:36+00:00","og_image":[{"url":"https:\/\/www.neuro-concept.ca\/wp-content\/uploads\/2025\/06\/amputation-physio-1-300x243.jpg","type":"","width":"","height":""}],"twitter_card":"summary_large_image","twitter_site":"@NeuroConcept","schema":{"@context":"https:\/\/schema.org","@graph":[{"@type":"WebPage","@id":"https:\/\/www.neuro-concept.ca\/fr\/readaptation-neurologique\/ampute\/","url":"https:\/\/www.neuro-concept.ca\/fr\/readaptation-neurologique\/ampute\/","name":"R\u00e9adaptation apr\u00e8s une amputation | Neuro-Concept","isPartOf":{"@id":"https:\/\/www.neuro-concept.ca\/fr\/#website"},"primaryImageOfPage":{"@id":"https:\/\/www.neuro-concept.ca\/fr\/readaptation-neurologique\/ampute\/#primaryimage"},"image":{"@id":"https:\/\/www.neuro-concept.ca\/fr\/readaptation-neurologique\/ampute\/#primaryimage"},"thumbnailUrl":"https:\/\/www.neuro-concept.ca\/wp-content\/uploads\/2025\/06\/amputation-physio-1-300x243.jpg","datePublished":"2019-06-05T17:45:26+00:00","dateModified":"2025-06-19T14:30:36+00:00","description":"D\u00e9couvrez notre programme sp\u00e9cialis\u00e9 de r\u00e9adaptation apr\u00e8s une amputation. Th\u00e9rapies personnalis\u00e9es, technologies avanc\u00e9es, entra\u00eenement \u00e0 la marche et gestion du moignon pour retrouver mobilit\u00e9, \u00e9quilibre et qualit\u00e9 de vie.","breadcrumb":{"@id":"https:\/\/www.neuro-concept.ca\/fr\/readaptation-neurologique\/ampute\/#breadcrumb"},"inLanguage":"fr-ca","potentialAction":[{"@type":"ReadAction","target":["https:\/\/www.neuro-concept.ca\/fr\/readaptation-neurologique\/ampute\/"]}]},{"@type":"ImageObject","inLanguage":"fr-ca","@id":"https:\/\/www.neuro-concept.ca\/fr\/readaptation-neurologique\/ampute\/#primaryimage","url":"https:\/\/www.neuro-concept.ca\/wp-content\/uploads\/2025\/06\/amputation-physio-1-300x243.jpg","contentUrl":"https:\/\/www.neuro-concept.ca\/wp-content\/uploads\/2025\/06\/amputation-physio-1-300x243.jpg"},{"@type":"BreadcrumbList","@id":"https:\/\/www.neuro-concept.ca\/fr\/readaptation-neurologique\/ampute\/#breadcrumb","itemListElement":[{"@type":"ListItem","position":1,"name":"Home","item":"https:\/\/www.neuro-concept.ca\/fr\/"},{"@type":"ListItem","position":2,"name":"Conditions neurologiques","item":"https:\/\/www.neuro-concept.ca\/fr\/readaptation-neurologique\/"},{"@type":"ListItem","position":3,"name":"Amputation"}]},{"@type":"WebSite","@id":"https:\/\/www.neuro-concept.ca\/fr\/#website","url":"https:\/\/www.neuro-concept.ca\/fr\/","name":"Neuro-Concept - Centre de r\u00e9adaptation neurologique","description":"La sant\u00e9 - \u00c0 la port\u00e9e de tous","publisher":{"@id":"https:\/\/www.neuro-concept.ca\/fr\/#organization"},"potentialAction":[{"@type":"SearchAction","target":{"@type":"EntryPoint","urlTemplate":"https:\/\/www.neuro-concept.ca\/fr\/?s={search_term_string}"},"query-input":{"@type":"PropertyValueSpecification","valueRequired":true,"valueName":"search_term_string"}}],"inLanguage":"fr-ca"},{"@type":"Organization","@id":"https:\/\/www.neuro-concept.ca\/fr\/#organization","name":"Neuro-Concept","url":"https:\/\/www.neuro-concept.ca\/fr\/","logo":{"@type":"ImageObject","inLanguage":"fr-ca","@id":"https:\/\/www.neuro-concept.ca\/fr\/#\/schema\/logo\/image\/","url":"https:\/\/www.neuro-concept.ca\/wp-content\/uploads\/2019\/07\/favicon-1.png","contentUrl":"https:\/\/www.neuro-concept.ca\/wp-content\/uploads\/2019\/07\/favicon-1.png","width":330,"height":330,"caption":"Neuro-Concept"},"image":{"@id":"https:\/\/www.neuro-concept.ca\/fr\/#\/schema\/logo\/image\/"},"sameAs":["https:\/\/www.facebook.com\/neuroconcept","https:\/\/x.com\/NeuroConcept","https:\/\/www.instagram.com\/neuroconcept.rehab\/","https:\/\/twitter.com\/NeuroConcept"]}]}},"_links":{"self":[{"href":"https:\/\/www.neuro-concept.ca\/fr\/wp-json\/wp\/v2\/pages\/6066","targetHints":{"allow":["GET"]}}],"collection":[{"href":"https:\/\/www.neuro-concept.ca\/fr\/wp-json\/wp\/v2\/pages"}],"about":[{"href":"https:\/\/www.neuro-concept.ca\/fr\/wp-json\/wp\/v2\/types\/page"}],"author":[{"embeddable":true,"href":"https:\/\/www.neuro-concept.ca\/fr\/wp-json\/wp\/v2\/users\/1"}],"replies":[{"embeddable":true,"href":"https:\/\/www.neuro-concept.ca\/fr\/wp-json\/wp\/v2\/comments?post=6066"}],"version-history":[{"count":42,"href":"https:\/\/www.neuro-concept.ca\/fr\/wp-json\/wp\/v2\/pages\/6066\/revisions"}],"predecessor-version":[{"id":13396,"href":"https:\/\/www.neuro-concept.ca\/fr\/wp-json\/wp\/v2\/pages\/6066\/revisions\/13396"}],"up":[{"embeddable":true,"href":"https:\/\/www.neuro-concept.ca\/fr\/wp-json\/wp\/v2\/pages\/3045"}],"wp:attachment":[{"href":"https:\/\/www.neuro-concept.ca\/fr\/wp-json\/wp\/v2\/media?parent=6066"}],"curies":[{"name":"wp","href":"https:\/\/api.w.org\/{rel}","templated":true}]}}