{"id":5611,"date":"2019-05-30T15:04:08","date_gmt":"2019-05-30T20:04:08","guid":{"rendered":"https:\/\/www.neuro-concept.ca\/?page_id=5611"},"modified":"2025-06-12T16:49:38","modified_gmt":"2025-06-12T20:49:38","slug":"trouble-sensibilite","status":"publish","type":"page","link":"https:\/\/www.neuro-concept.ca\/fr\/traitements-adaptes\/trouble-sensibilite\/","title":{"rendered":"Trouble de la sensibilit\u00e9"},"content":{"rendered":"\t\t<div data-elementor-type=\"wp-post\" data-elementor-id=\"5611\" class=\"elementor elementor-5611\">\n\t\t\t\t\t\t<section class=\"elementor-section elementor-top-section elementor-element elementor-element-c89254a elementor-section-boxed elementor-section-height-default elementor-section-height-default\" data-id=\"c89254a\" data-element_type=\"section\" data-e-type=\"section\">\n\t\t\t\t\t\t<div class=\"elementor-container elementor-column-gap-default\">\n\t\t\t\t\t<div class=\"elementor-column elementor-col-100 elementor-top-column elementor-element elementor-element-510b392\" data-id=\"510b392\" data-element_type=\"column\" data-e-type=\"column\">\n\t\t\t<div class=\"elementor-widget-wrap elementor-element-populated\">\n\t\t\t\t\t\t<div class=\"elementor-element elementor-element-7f320dc elementor-widget elementor-widget-heading\" data-id=\"7f320dc\" data-element_type=\"widget\" data-e-type=\"widget\" data-widget_type=\"heading.default\">\n\t\t\t\t<div class=\"elementor-widget-container\">\n\t\t\t\t\t<h2 class=\"elementor-heading-title elementor-size-default\">\ud83e\udde0 Traitement des troubles de la sensibilit\u00e9 : Retrouver le lien avec votre corps<\/h2>\t\t\t\t<\/div>\n\t\t\t\t<\/div>\n\t\t\t\t<div class=\"elementor-element elementor-element-353daec elementor-widget elementor-widget-text-editor\" data-id=\"353daec\" data-element_type=\"widget\" data-e-type=\"widget\" data-widget_type=\"text-editor.default\">\n\t\t\t\t<div class=\"elementor-widget-container\">\n\t\t\t\t\t\t\t\t\t<p><strong data-start=\"332\" data-end=\"406\">Engourdissements, picotements, hypersensibilit\u00e9 ou perte de sensation?<\/strong> Ces troubles sensoriels peuvent nuire \u00e0 la qualit\u00e9 de vie, \u00e0 la mobilit\u00e9 et \u00e0 la s\u00e9curit\u00e9. Heureusement, des approches de r\u00e9\u00e9ducation cibl\u00e9es permettent de stimuler ou moduler la sensibilit\u00e9 et de r\u00e9tablir les fonctions sensorielles du corps.<\/p>\t\t\t\t\t\t\t\t<\/div>\n\t\t\t\t<\/div>\n\t\t\t\t\t<\/div>\n\t\t<\/div>\n\t\t\t\t\t<\/div>\n\t\t<\/section>\n\t\t\t\t<section class=\"elementor-section elementor-top-section elementor-element elementor-element-41ee16e elementor-section-boxed elementor-section-height-default elementor-section-height-default\" data-id=\"41ee16e\" data-element_type=\"section\" data-e-type=\"section\">\n\t\t\t\t\t\t<div class=\"elementor-container elementor-column-gap-default\">\n\t\t\t\t\t<div class=\"elementor-column elementor-col-66 elementor-top-column elementor-element elementor-element-427a62e\" data-id=\"427a62e\" data-element_type=\"column\" data-e-type=\"column\">\n\t\t\t<div class=\"elementor-widget-wrap elementor-element-populated\">\n\t\t\t\t\t\t<div class=\"elementor-element elementor-element-75699f9 elementor-widget elementor-widget-heading\" data-id=\"75699f9\" data-element_type=\"widget\" data-e-type=\"widget\" data-widget_type=\"heading.default\">\n\t\t\t\t<div class=\"elementor-widget-container\">\n\t\t\t\t\t<h2 class=\"elementor-heading-title elementor-size-default\">\ud83d\udd0d Qu\u2019est-ce qu\u2019un trouble de la sensibilit\u00e9?<\/h2>\t\t\t\t<\/div>\n\t\t\t\t<\/div>\n\t\t\t\t<div class=\"elementor-element elementor-element-72ff1f7 elementor-widget elementor-widget-text-editor\" data-id=\"72ff1f7\" data-element_type=\"widget\" data-e-type=\"widget\" data-widget_type=\"text-editor.default\">\n\t\t\t\t<div class=\"elementor-widget-container\">\n\t\t\t\t\t\t\t\t\t<p data-start=\"707\" data-end=\"812\">Un <strong data-start=\"710\" data-end=\"739\">trouble de la sensibilit\u00e9<\/strong> d\u00e9signe une alt\u00e9ration de la perception sensorielle. Cela peut toucher :<\/p><ul><li data-start=\"815\" data-end=\"869\">La <strong data-start=\"818\" data-end=\"841\">sensibilit\u00e9 tactile<\/strong> (au toucher, \u00e0 la pression)-<\/li><li data-start=\"815\" data-end=\"869\">La <strong data-start=\"875\" data-end=\"905\">sensibilit\u00e9 proprioceptive<\/strong> (perception du corps dans l\u2019espace)<\/li><li data-start=\"815\" data-end=\"869\">La <strong data-start=\"947\" data-end=\"972\">sensibilit\u00e9 thermique<\/strong> (chaud\/froid)<\/li><li data-start=\"815\" data-end=\"869\">La <strong data-start=\"992\" data-end=\"1020\">sensibilit\u00e9 \u00e0 la douleur<\/strong><\/li><\/ul><p data-start=\"1022\" data-end=\"1116\">Les sympt\u00f4mes varient selon les atteintes neurologiques ou traumatiques. Ils peuvent inclure :<\/p><ul><li data-start=\"1119\" data-end=\"1153\">Engourdissements ou fourmillements<\/li><li data-start=\"1119\" data-end=\"1153\">Hypersensibilit\u00e9 au toucher<\/li><li data-start=\"1119\" data-end=\"1153\">Sensation de br\u00fblure ou de froid anormal<\/li><li data-start=\"1119\" data-end=\"1153\">Diminution ou perte de sensation<\/li><li data-start=\"1119\" data-end=\"1153\">Difficult\u00e9 \u00e0 reconna\u00eetre des objets sans les regarder (st\u00e9r\u00e9ognosie alt\u00e9r\u00e9e)<\/li><\/ul>\t\t\t\t\t\t\t\t<\/div>\n\t\t\t\t<\/div>\n\t\t\t\t\t<\/div>\n\t\t<\/div>\n\t\t\t\t<div class=\"elementor-column elementor-col-33 elementor-top-column elementor-element elementor-element-77641f7\" data-id=\"77641f7\" data-element_type=\"column\" data-e-type=\"column\">\n\t\t\t<div class=\"elementor-widget-wrap elementor-element-populated\">\n\t\t\t\t\t\t<div class=\"elementor-element elementor-element-3e5e1c8 elementor-widget elementor-widget-video\" data-id=\"3e5e1c8\" data-element_type=\"widget\" data-e-type=\"widget\" data-settings=\"{&quot;youtube_url&quot;:&quot;https:\\\/\\\/www.youtube.com\\\/shorts\\\/F8AQqyspdi8?feature=share&quot;,&quot;video_type&quot;:&quot;youtube&quot;,&quot;controls&quot;:&quot;yes&quot;}\" data-widget_type=\"video.default\">\n\t\t\t\t<div class=\"elementor-widget-container\">\n\t\t\t\t\t\t\t<div class=\"elementor-wrapper elementor-open-inline\">\n\t\t\t<div class=\"elementor-video\"><\/div>\t\t<\/div>\n\t\t\t\t\t\t<\/div>\n\t\t\t\t<\/div>\n\t\t\t\t\t<\/div>\n\t\t<\/div>\n\t\t\t\t\t<\/div>\n\t\t<\/section>\n\t\t\t\t<section class=\"elementor-section elementor-top-section elementor-element elementor-element-9d5967a elementor-section-boxed elementor-section-height-default elementor-section-height-default\" data-id=\"9d5967a\" data-element_type=\"section\" data-e-type=\"section\">\n\t\t\t\t\t\t<div class=\"elementor-container elementor-column-gap-default\">\n\t\t\t\t\t<div class=\"elementor-column elementor-col-100 elementor-top-column elementor-element elementor-element-e430cc0\" data-id=\"e430cc0\" data-element_type=\"column\" data-e-type=\"column\">\n\t\t\t<div class=\"elementor-widget-wrap elementor-element-populated\">\n\t\t\t\t\t\t<div class=\"elementor-element elementor-element-6ff8e16 elementor-widget elementor-widget-heading\" data-id=\"6ff8e16\" data-element_type=\"widget\" data-e-type=\"widget\" data-widget_type=\"heading.default\">\n\t\t\t\t<div class=\"elementor-widget-container\">\n\t\t\t\t\t<h2 class=\"elementor-heading-title elementor-size-default\">Causes fr\u00e9quentes des troubles sensoriels<\/h2>\t\t\t\t<\/div>\n\t\t\t\t<\/div>\n\t\t\t\t\t<\/div>\n\t\t<\/div>\n\t\t\t\t\t<\/div>\n\t\t<\/section>\n\t\t\t\t<section class=\"elementor-section elementor-top-section elementor-element elementor-element-393ed99 elementor-section-boxed elementor-section-height-default elementor-section-height-default\" data-id=\"393ed99\" data-element_type=\"section\" data-e-type=\"section\">\n\t\t\t\t\t\t<div class=\"elementor-container elementor-column-gap-default\">\n\t\t\t\t\t<div class=\"elementor-column elementor-col-25 elementor-top-column elementor-element elementor-element-e0cc6b6\" data-id=\"e0cc6b6\" data-element_type=\"column\" data-e-type=\"column\">\n\t\t\t<div class=\"elementor-widget-wrap elementor-element-populated\">\n\t\t\t\t\t\t<div class=\"elementor-element elementor-element-07d7cd0 elementor-widget elementor-widget-image\" data-id=\"07d7cd0\" data-element_type=\"widget\" data-e-type=\"widget\" data-widget_type=\"image.default\">\n\t\t\t\t<div class=\"elementor-widget-container\">\n\t\t\t\t\t\t\t\t\t\t\t\t\t\t\t<img fetchpriority=\"high\" decoding=\"async\" width=\"292\" height=\"173\" src=\"https:\/\/www.neuro-concept.ca\/wp-content\/uploads\/2025\/06\/snsibilite-neuro.jpg\" class=\"attachment-large size-large wp-image-12880\" alt=\"\" \/>\t\t\t\t\t\t\t\t\t\t\t\t\t\t\t<\/div>\n\t\t\t\t<\/div>\n\t\t\t\t\t<\/div>\n\t\t<\/div>\n\t\t\t\t<div class=\"elementor-column elementor-col-50 elementor-top-column elementor-element elementor-element-6652a25\" data-id=\"6652a25\" data-element_type=\"column\" data-e-type=\"column\">\n\t\t\t<div class=\"elementor-widget-wrap elementor-element-populated\">\n\t\t\t\t\t\t<div class=\"elementor-element elementor-element-9aabc99 elementor-widget elementor-widget-text-editor\" data-id=\"9aabc99\" data-element_type=\"widget\" data-e-type=\"widget\" data-widget_type=\"text-editor.default\">\n\t\t\t\t<div class=\"elementor-widget-container\">\n\t\t\t\t\t\t\t\t\t<p data-start=\"1397\" data-end=\"1453\">Les troubles de la sensibilit\u00e9 peuvent \u00eatre caus\u00e9s par :<\/p><ul><li data-start=\"1456\" data-end=\"1490\">AVC (accident vasculaire c\u00e9r\u00e9bral)<\/li><li data-start=\"1456\" data-end=\"1490\">L\u00e9sions m\u00e9dullaires<\/li><li data-start=\"1456\" data-end=\"1490\">Neuropathies p\u00e9riph\u00e9riques<\/li><li data-start=\"1456\" data-end=\"1490\">Scl\u00e9rose en plaques<\/li><li data-start=\"1456\" data-end=\"1490\">Traumatisme cr\u00e2nien<\/li><li data-start=\"1456\" data-end=\"1490\">Syndrome douloureux r\u00e9gional complexe (SDRC)<\/li><li data-start=\"1633\" data-end=\"1663\"><p data-start=\"1635\" data-end=\"1663\">Chirurgie ou blessure locale<\/p><\/li><\/ul>\t\t\t\t\t\t\t\t<\/div>\n\t\t\t\t<\/div>\n\t\t\t\t\t<\/div>\n\t\t<\/div>\n\t\t\t\t<div class=\"elementor-column elementor-col-25 elementor-top-column elementor-element elementor-element-4f3bd70\" data-id=\"4f3bd70\" data-element_type=\"column\" data-e-type=\"column\">\n\t\t\t<div class=\"elementor-widget-wrap elementor-element-populated\">\n\t\t\t\t\t\t<div class=\"elementor-element elementor-element-60971e0 elementor-widget elementor-widget-image\" data-id=\"60971e0\" data-element_type=\"widget\" data-e-type=\"widget\" data-widget_type=\"image.default\">\n\t\t\t\t<div class=\"elementor-widget-container\">\n\t\t\t\t\t\t\t\t\t\t\t\t\t\t\t<img decoding=\"async\" src=\"https:\/\/www.neuro-concept.ca\/wp-content\/uploads\/elementor\/thumbs\/test-monofilament-sensibilite-2-r77r6f95w12tx67ppvd5bciuo8q702dov30n9egjps.jpg\" title=\"test-monofilament-sensibilite-2\" alt=\"test-monofilament-sensibilite-2\" loading=\"lazy\" \/>\t\t\t\t\t\t\t\t\t\t\t\t\t\t\t<\/div>\n\t\t\t\t<\/div>\n\t\t\t\t\t<\/div>\n\t\t<\/div>\n\t\t\t\t\t<\/div>\n\t\t<\/section>\n\t\t\t\t<section class=\"elementor-section elementor-top-section elementor-element elementor-element-b2a8ef0 elementor-section-boxed elementor-section-height-default elementor-section-height-default\" data-id=\"b2a8ef0\" data-element_type=\"section\" data-e-type=\"section\">\n\t\t\t\t\t\t<div class=\"elementor-container elementor-column-gap-default\">\n\t\t\t\t\t<div class=\"elementor-column elementor-col-100 elementor-top-column elementor-element elementor-element-73b4875\" data-id=\"73b4875\" data-element_type=\"column\" data-e-type=\"column\">\n\t\t\t<div class=\"elementor-widget-wrap elementor-element-populated\">\n\t\t\t\t\t\t<div class=\"elementor-element elementor-element-4d7e83f elementor-widget elementor-widget-heading\" data-id=\"4d7e83f\" data-element_type=\"widget\" data-e-type=\"widget\" data-widget_type=\"heading.default\">\n\t\t\t\t<div class=\"elementor-widget-container\">\n\t\t\t\t\t<h2 class=\"elementor-heading-title elementor-size-default\">\ud83e\uddf0 Approches de traitement personnalis\u00e9es<\/h2>\t\t\t\t<\/div>\n\t\t\t\t<\/div>\n\t\t\t\t\t<\/div>\n\t\t<\/div>\n\t\t\t\t\t<\/div>\n\t\t<\/section>\n\t\t\t\t<section class=\"elementor-section elementor-top-section elementor-element elementor-element-604d95f elementor-section-boxed elementor-section-height-default elementor-section-height-default\" data-id=\"604d95f\" data-element_type=\"section\" data-e-type=\"section\">\n\t\t\t\t\t\t<div class=\"elementor-container elementor-column-gap-default\">\n\t\t\t\t\t<div class=\"elementor-column elementor-col-66 elementor-top-column elementor-element elementor-element-4360435\" data-id=\"4360435\" data-element_type=\"column\" data-e-type=\"column\">\n\t\t\t<div class=\"elementor-widget-wrap elementor-element-populated\">\n\t\t\t\t\t\t<div class=\"elementor-element elementor-element-a9535aa elementor-widget elementor-widget-text-editor\" data-id=\"a9535aa\" data-element_type=\"widget\" data-e-type=\"widget\" data-widget_type=\"text-editor.default\">\n\t\t\t\t<div class=\"elementor-widget-container\">\n\t\t\t\t\t\t\t\t\t<p data-start=\"1717\" data-end=\"1826\">Le traitement d\u00e9pend du type de trouble sensoriel et de sa cause. Voici les principales approches utilis\u00e9es :<\/p><h4 data-start=\"1828\" data-end=\"1859\">\ud83d\udd39 R\u00e9\u00e9ducation sensorielle<\/h4><ul><li data-start=\"1862\" data-end=\"1947\">Exercices progressifs de <strong data-start=\"1887\" data-end=\"1910\">stimulation tactile<\/strong> (textures, temp\u00e9ratures, vibrations)<\/li><li data-start=\"1862\" data-end=\"1947\"><strong data-start=\"1950\" data-end=\"1980\">Discrimination sensorielle<\/strong> (reconna\u00eetre des formes, poids, objets)<\/li><li data-start=\"1862\" data-end=\"1947\"><strong data-start=\"2023\" data-end=\"2055\">Int\u00e9gration multisensorielle<\/strong> (associer le visuel et le tactile)<\/li><\/ul><h4 data-start=\"2092\" data-end=\"2130\">\ud83d\udd39 Proprioception et coordination<\/h4><ul><li data-start=\"2133\" data-end=\"2195\">Travail en mouvement pour <strong data-start=\"2159\" data-end=\"2195\">am\u00e9liorer la perception du corps<\/strong><\/li><li data-start=\"2133\" data-end=\"2195\">Entra\u00eenement fonctionnel (attraper des objets, marcher en terrain irr\u00e9gulier)<\/li><li data-start=\"2133\" data-end=\"2195\">Usage de miroirs ou de r\u00e9alit\u00e9 virtuelle<\/li><\/ul><h4 data-start=\"2320\" data-end=\"2352\">\ud83d\udd39 Approches technologiques<\/h4><ul><li data-start=\"2355\" data-end=\"2397\"><strong data-start=\"2355\" data-end=\"2397\">\u00c9lectrostimulation transcutan\u00e9e (TENS) ou <a href=\"https:\/\/www.neuro-concept.ca\/fr\/les-technologies-readaptation\/stimulation-electrique-fonctionnelle\/\">stimulation \u00e9lectrique fonctionnelle<\/a><\/strong><\/li><li data-start=\"2355\" data-end=\"2397\"><strong data-start=\"2400\" data-end=\"2438\">Technologies de feedback sensoriel<\/strong> (capteurs, biofeedback)<\/li><li data-start=\"2355\" data-end=\"2397\"><a href=\"https:\/\/www.neuro-concept.ca\/fr\/les-technologies-readaptation\/robot-entrainement-main\/\">Th\u00e9rapies assist\u00e9es par robot<\/a> ou dispositifs haptiques<\/li><\/ul><h4 data-start=\"2521\" data-end=\"2558\">\ud83d\udd39 Gestion de l\u2019hypersensibilit\u00e9<\/h4><ul><li data-start=\"2561\" data-end=\"2594\"><strong data-start=\"2561\" data-end=\"2594\">D\u00e9sensibilisation progressive<\/strong><\/li><li data-start=\"2561\" data-end=\"2594\">Techniques de relaxation et de r\u00e9gulation du syst\u00e8me nerveux autonome<\/li><\/ul>\t\t\t\t\t\t\t\t<\/div>\n\t\t\t\t<\/div>\n\t\t\t\t\t<\/div>\n\t\t<\/div>\n\t\t\t\t<div class=\"elementor-column elementor-col-33 elementor-top-column elementor-element elementor-element-822bfcd\" data-id=\"822bfcd\" data-element_type=\"column\" data-e-type=\"column\">\n\t\t\t<div class=\"elementor-widget-wrap elementor-element-populated\">\n\t\t\t\t\t\t<div class=\"elementor-element elementor-element-f64a399 elementor-widget elementor-widget-image\" data-id=\"f64a399\" data-element_type=\"widget\" data-e-type=\"widget\" data-widget_type=\"image.default\">\n\t\t\t\t<div class=\"elementor-widget-container\">\n\t\t\t\t\t\t\t\t\t\t\t\t\t\t\t<img decoding=\"async\" width=\"254\" height=\"300\" src=\"https:\/\/www.neuro-concept.ca\/wp-content\/uploads\/2025\/06\/reeducation-sensorielle-2-254x300.jpeg\" class=\"attachment-medium size-medium wp-image-13008\" alt=\"trouble sensibilit\u00e9\" srcset=\"https:\/\/www.neuro-concept.ca\/wp-content\/uploads\/2025\/06\/reeducation-sensorielle-2-254x300.jpeg 254w, https:\/\/www.neuro-concept.ca\/wp-content\/uploads\/2025\/06\/reeducation-sensorielle-2-866x1024.jpeg 866w, https:\/\/www.neuro-concept.ca\/wp-content\/uploads\/2025\/06\/reeducation-sensorielle-2-1299x1536.jpeg 1299w, https:\/\/www.neuro-concept.ca\/wp-content\/uploads\/2025\/06\/reeducation-sensorielle-2-1732x2048.jpeg 1732w\" sizes=\"(max-width: 254px) 100vw, 254px\" \/>\t\t\t\t\t\t\t\t\t\t\t\t\t\t\t<\/div>\n\t\t\t\t<\/div>\n\t\t\t\t<div class=\"elementor-element elementor-element-397a6c2 elementor-widget elementor-widget-image\" data-id=\"397a6c2\" data-element_type=\"widget\" data-e-type=\"widget\" data-widget_type=\"image.default\">\n\t\t\t\t<div class=\"elementor-widget-container\">\n\t\t\t\t\t\t\t\t\t\t\t\t\t\t\t<img decoding=\"async\" src=\"https:\/\/www.neuro-concept.ca\/wp-content\/uploads\/elementor\/thumbs\/Amadeo-r77le0hf6d6bip0rw8omiz8rlc27nwm2hg1jpgplc4.png\" title=\"Amadeo\" alt=\"Amadeo\" loading=\"lazy\" \/>\t\t\t\t\t\t\t\t\t\t\t\t\t\t\t<\/div>\n\t\t\t\t<\/div>\n\t\t\t\t\t<\/div>\n\t\t<\/div>\n\t\t\t\t\t<\/div>\n\t\t<\/section>\n\t\t\t\t<section class=\"elementor-section elementor-top-section elementor-element elementor-element-e49d43a elementor-section-boxed elementor-section-height-default elementor-section-height-default\" data-id=\"e49d43a\" data-element_type=\"section\" data-e-type=\"section\">\n\t\t\t\t\t\t<div class=\"elementor-container elementor-column-gap-default\">\n\t\t\t\t\t<div class=\"elementor-column elementor-col-50 elementor-top-column elementor-element elementor-element-d936f24\" data-id=\"d936f24\" data-element_type=\"column\" data-e-type=\"column\">\n\t\t\t<div class=\"elementor-widget-wrap elementor-element-populated\">\n\t\t\t\t\t\t<div class=\"elementor-element elementor-element-ab3dd7d elementor-widget elementor-widget-heading\" data-id=\"ab3dd7d\" data-element_type=\"widget\" data-e-type=\"widget\" data-widget_type=\"heading.default\">\n\t\t\t\t<div class=\"elementor-widget-container\">\n\t\t\t\t\t<h2 class=\"elementor-heading-title elementor-size-default\">\ud83d\udc69\u200d\u2695\ufe0f Quelle \u00e9quipe intervient?<\/h2>\t\t\t\t<\/div>\n\t\t\t\t<\/div>\n\t\t\t\t<div class=\"elementor-element elementor-element-5b710d8 elementor-widget elementor-widget-text-editor\" data-id=\"5b710d8\" data-element_type=\"widget\" data-e-type=\"widget\" data-widget_type=\"text-editor.default\">\n\t\t\t\t<div class=\"elementor-widget-container\">\n\t\t\t\t\t\t\t\t\t<p data-start=\"2710\" data-end=\"2762\">Selon le besoin, la prise en charge peut impliquer :<\/p><ul><li data-start=\"2765\" data-end=\"2827\"><a href=\"https:\/\/www.neuro-concept.ca\/fr\/services-readaptation-neurologique\/ergotherapie\/\"><strong data-start=\"2765\" data-end=\"2784\">Ergoth\u00e9rapeutes<\/strong><\/a> (r\u00e9\u00e9ducation fonctionnelle et sensorielle)<\/li><li data-start=\"2765\" data-end=\"2827\"><strong data-start=\"2830\" data-end=\"2851\">Physioth\u00e9rapeutes ou kin\u00e9siologues<\/strong> (mobilit\u00e9, proprioception)<\/li><li data-start=\"2765\" data-end=\"2827\"><strong data-start=\"2881\" data-end=\"2921\">Neurologues ou physiatres <\/strong>\u00a0(\u00e9valuation m\u00e9dicale)<\/li><\/ul>\t\t\t\t\t\t\t\t<\/div>\n\t\t\t\t<\/div>\n\t\t\t\t\t<\/div>\n\t\t<\/div>\n\t\t\t\t<div class=\"elementor-column elementor-col-50 elementor-top-column elementor-element elementor-element-0aba3a2\" data-id=\"0aba3a2\" data-element_type=\"column\" data-e-type=\"column\">\n\t\t\t<div class=\"elementor-widget-wrap elementor-element-populated\">\n\t\t\t\t\t\t<div class=\"elementor-element elementor-element-ae08ac5 elementor-widget elementor-widget-heading\" data-id=\"ae08ac5\" data-element_type=\"widget\" data-e-type=\"widget\" data-widget_type=\"heading.default\">\n\t\t\t\t<div class=\"elementor-widget-container\">\n\t\t\t\t\t<h2 class=\"elementor-heading-title elementor-size-default\">\ud83c\udfaf Objectifs du traitement<\/h2>\t\t\t\t<\/div>\n\t\t\t\t<\/div>\n\t\t\t\t<div class=\"elementor-element elementor-element-34083be elementor-widget elementor-widget-text-editor\" data-id=\"34083be\" data-element_type=\"widget\" data-e-type=\"widget\" data-widget_type=\"text-editor.default\">\n\t\t\t\t<div class=\"elementor-widget-container\">\n\t\t\t\t\t\t\t\t\t<p data-start=\"3046\" data-end=\"3077\">\u2705 R\u00e9duire l\u2019inconfort sensoriel<\/p><p data-start=\"3080\" data-end=\"3129\">\u2705 Am\u00e9liorer la perception du corps et la s\u00e9curit\u00e9<\/p><p data-start=\"3132\" data-end=\"3200\">\u2705 Retrouver des gestes du quotidien (\u00e9criture, marche, manipulation)<\/p><p data-start=\"3203\" data-end=\"3258\">\u2705 Favoriser la r\u00e9int\u00e9gration sociale et professionnelle<\/p>\t\t\t\t\t\t\t\t<\/div>\n\t\t\t\t<\/div>\n\t\t\t\t\t<\/div>\n\t\t<\/div>\n\t\t\t\t\t<\/div>\n\t\t<\/section>\n\t\t\t\t<section class=\"elementor-section elementor-top-section elementor-element elementor-element-fb180ff elementor-section-boxed elementor-section-height-default elementor-section-height-default\" data-id=\"fb180ff\" data-element_type=\"section\" data-e-type=\"section\">\n\t\t\t\t\t\t<div class=\"elementor-container elementor-column-gap-default\">\n\t\t\t\t\t<div class=\"elementor-column elementor-col-100 elementor-top-column elementor-element elementor-element-4a70910\" data-id=\"4a70910\" data-element_type=\"column\" data-e-type=\"column\">\n\t\t\t<div class=\"elementor-widget-wrap elementor-element-populated\">\n\t\t\t\t\t\t<div class=\"elementor-element elementor-element-cce9716 elementor-widget elementor-widget-heading\" data-id=\"cce9716\" data-element_type=\"widget\" data-e-type=\"widget\" data-widget_type=\"heading.default\">\n\t\t\t\t<div class=\"elementor-widget-container\">\n\t\t\t\t\t<h2 class=\"elementor-heading-title elementor-size-default\">\ud83d\udcde Reconnectez-vous \u00e0 votre corps d\u00e8s aujourd\u2019hui<\/h2>\t\t\t\t<\/div>\n\t\t\t\t<\/div>\n\t\t\t\t<div class=\"elementor-element elementor-element-8b66c64 elementor-widget elementor-widget-text-editor\" data-id=\"8b66c64\" data-element_type=\"widget\" data-e-type=\"widget\" data-widget_type=\"text-editor.default\">\n\t\t\t\t<div class=\"elementor-widget-container\">\n\t\t\t\t\t\t\t\t\t<p><strong data-start=\"3611\" data-end=\"3675\">Ne laissez pas un trouble sensoriel limiter votre quotidien.<\/strong> Gr\u00e2ce \u00e0 des traitements sp\u00e9cialis\u00e9s, il est possible de r\u00e9tablir un meilleur lien avec son corps et de retrouver confiance en ses mouvements.<\/p>\t\t\t\t\t\t\t\t<\/div>\n\t\t\t\t<\/div>\n\t\t\t\t\t<\/div>\n\t\t<\/div>\n\t\t\t\t\t<\/div>\n\t\t<\/section>\n\t\t\t\t<section class=\"elementor-section elementor-top-section elementor-element elementor-element-e2465f6 elementor-section-height-min-height elementor-section-stretched elementor-section-boxed elementor-section-height-default elementor-section-items-middle\" data-id=\"e2465f6\" data-element_type=\"section\" data-e-type=\"section\" data-settings=\"{&quot;stretch_section&quot;:&quot;section-stretched&quot;,&quot;background_background&quot;:&quot;classic&quot;}\">\n\t\t\t\t\t\t<div class=\"elementor-container elementor-column-gap-default\">\n\t\t\t\t\t<div class=\"elementor-column elementor-col-100 elementor-top-column elementor-element elementor-element-9b8aabe\" data-id=\"9b8aabe\" data-element_type=\"column\" data-e-type=\"column\">\n\t\t\t<div class=\"elementor-widget-wrap elementor-element-populated\">\n\t\t\t\t\t\t<div class=\"elementor-element elementor-element-ee533f0 elementor-align-center elementor-widget elementor-widget-button\" data-id=\"ee533f0\" data-element_type=\"widget\" data-e-type=\"widget\" data-widget_type=\"button.default\">\n\t\t\t\t<div class=\"elementor-widget-container\">\n\t\t\t\t\t\t\t\t\t<div class=\"elementor-button-wrapper\">\n\t\t\t\t\t<a class=\"elementor-button elementor-button-link elementor-size-sm\" href=\"https:\/\/www.neuro-concept.ca\/fr\/contact-neuro\/\">\n\t\t\t\t\t\t<span class=\"elementor-button-content-wrapper\">\n\t\t\t\t\t\t\t\t\t<span class=\"elementor-button-text\">Prenez rendez-vous avec notre \u00e9quipe<\/span>\n\t\t\t\t\t<\/span>\n\t\t\t\t\t<\/a>\n\t\t\t\t<\/div>\n\t\t\t\t\t\t\t\t<\/div>\n\t\t\t\t<\/div>\n\t\t\t\t\t<\/div>\n\t\t<\/div>\n\t\t\t\t\t<\/div>\n\t\t<\/section>\n\t\t\t\t<\/div>\n\t\t","protected":false},"excerpt":{"rendered":"<p>\ud83e\udde0 Traitement des troubles de la sensibilit\u00e9 : Retrouver le lien avec votre corps Engourdissements, picotements, hypersensibilit\u00e9 ou perte de sensation? Ces troubles sensoriels peuvent nuire \u00e0 la qualit\u00e9 de vie, \u00e0 la mobilit\u00e9 et \u00e0 la s\u00e9curit\u00e9. Heureusement, des approches de r\u00e9\u00e9ducation cibl\u00e9es permettent de stimuler ou moduler la sensibilit\u00e9 et de r\u00e9tablir les&#8230;<\/p>\n","protected":false},"author":1,"featured_media":0,"parent":6088,"menu_order":0,"comment_status":"closed","ping_status":"closed","template":"","meta":{"_monsterinsights_skip_tracking":false,"_monsterinsights_sitenote_active":false,"_monsterinsights_sitenote_note":"","_monsterinsights_sitenote_category":0,"footnotes":""},"class_list":["post-5611","page","type-page","status-publish","hentry"],"yoast_head":"<!-- This site is optimized with the Yoast SEO plugin v27.5 - https:\/\/yoast.com\/product\/yoast-seo-wordpress\/ -->\n<title>Traitement trouble de la sensibilit\u00e9 | Neuro-Concept<\/title>\n<meta name=\"description\" content=\"Traitez efficacement les troubles de la sensibilit\u00e9 (engourdissements, hypersensibilit\u00e9, perte sensorielle) gr\u00e2ce \u00e0 une r\u00e9\u00e9ducation personnalis\u00e9e. Retrouver confort, s\u00e9curit\u00e9 et contr\u00f4le de vos mouvements.\" \/>\n<meta name=\"robots\" content=\"index, follow, max-snippet:-1, max-image-preview:large, max-video-preview:-1\" \/>\n<link rel=\"canonical\" href=\"https:\/\/www.neuro-concept.ca\/fr\/traitements-adaptes\/trouble-sensibilite\/\" \/>\n<meta property=\"og:locale\" content=\"fr_FR\" \/>\n<meta property=\"og:type\" content=\"article\" \/>\n<meta property=\"og:title\" content=\"Traitement trouble de la sensibilit\u00e9 | Neuro-Concept\" \/>\n<meta property=\"og:description\" content=\"Traitez efficacement les troubles de la sensibilit\u00e9 (engourdissements, hypersensibilit\u00e9, perte sensorielle) gr\u00e2ce \u00e0 une r\u00e9\u00e9ducation personnalis\u00e9e. Retrouver confort, s\u00e9curit\u00e9 et contr\u00f4le de vos mouvements.\" \/>\n<meta property=\"og:url\" content=\"https:\/\/www.neuro-concept.ca\/fr\/traitements-adaptes\/trouble-sensibilite\/\" \/>\n<meta property=\"og:site_name\" content=\"Neuro-Concept - Centre de r\u00e9adaptation neurologique\" \/>\n<meta property=\"article:publisher\" content=\"https:\/\/www.facebook.com\/neuroconcept\" \/>\n<meta property=\"article:modified_time\" content=\"2025-06-12T20:49:38+00:00\" \/>\n<meta property=\"og:image\" content=\"https:\/\/www.neuro-concept.ca\/wp-content\/uploads\/2025\/06\/snsibilite-neuro.jpg\" \/>\n<meta name=\"twitter:card\" content=\"summary_large_image\" \/>\n<meta name=\"twitter:site\" content=\"@NeuroConcept\" \/>\n<script type=\"application\/ld+json\" class=\"yoast-schema-graph\">{\"@context\":\"https:\\\/\\\/schema.org\",\"@graph\":[{\"@type\":\"WebPage\",\"@id\":\"https:\\\/\\\/www.neuro-concept.ca\\\/fr\\\/traitements-adaptes\\\/trouble-sensibilite\\\/\",\"url\":\"https:\\\/\\\/www.neuro-concept.ca\\\/fr\\\/traitements-adaptes\\\/trouble-sensibilite\\\/\",\"name\":\"Traitement trouble de la sensibilit\u00e9 | Neuro-Concept\",\"isPartOf\":{\"@id\":\"https:\\\/\\\/www.neuro-concept.ca\\\/fr\\\/#website\"},\"primaryImageOfPage\":{\"@id\":\"https:\\\/\\\/www.neuro-concept.ca\\\/fr\\\/traitements-adaptes\\\/trouble-sensibilite\\\/#primaryimage\"},\"image\":{\"@id\":\"https:\\\/\\\/www.neuro-concept.ca\\\/fr\\\/traitements-adaptes\\\/trouble-sensibilite\\\/#primaryimage\"},\"thumbnailUrl\":\"https:\\\/\\\/www.neuro-concept.ca\\\/wp-content\\\/uploads\\\/2025\\\/06\\\/snsibilite-neuro.jpg\",\"datePublished\":\"2019-05-30T20:04:08+00:00\",\"dateModified\":\"2025-06-12T20:49:38+00:00\",\"description\":\"Traitez efficacement les troubles de la sensibilit\u00e9 (engourdissements, hypersensibilit\u00e9, perte sensorielle) gr\u00e2ce \u00e0 une r\u00e9\u00e9ducation personnalis\u00e9e. Retrouver confort, s\u00e9curit\u00e9 et contr\u00f4le de vos mouvements.\",\"breadcrumb\":{\"@id\":\"https:\\\/\\\/www.neuro-concept.ca\\\/fr\\\/traitements-adaptes\\\/trouble-sensibilite\\\/#breadcrumb\"},\"inLanguage\":\"fr-ca\",\"potentialAction\":[{\"@type\":\"ReadAction\",\"target\":[\"https:\\\/\\\/www.neuro-concept.ca\\\/fr\\\/traitements-adaptes\\\/trouble-sensibilite\\\/\"]}]},{\"@type\":\"ImageObject\",\"inLanguage\":\"fr-ca\",\"@id\":\"https:\\\/\\\/www.neuro-concept.ca\\\/fr\\\/traitements-adaptes\\\/trouble-sensibilite\\\/#primaryimage\",\"url\":\"https:\\\/\\\/www.neuro-concept.ca\\\/wp-content\\\/uploads\\\/2025\\\/06\\\/snsibilite-neuro.jpg\",\"contentUrl\":\"https:\\\/\\\/www.neuro-concept.ca\\\/wp-content\\\/uploads\\\/2025\\\/06\\\/snsibilite-neuro.jpg\"},{\"@type\":\"BreadcrumbList\",\"@id\":\"https:\\\/\\\/www.neuro-concept.ca\\\/fr\\\/traitements-adaptes\\\/trouble-sensibilite\\\/#breadcrumb\",\"itemListElement\":[{\"@type\":\"ListItem\",\"position\":1,\"name\":\"Home\",\"item\":\"https:\\\/\\\/www.neuro-concept.ca\\\/fr\\\/\"},{\"@type\":\"ListItem\",\"position\":2,\"name\":\"Nos traitements adapt\u00e9s\",\"item\":\"https:\\\/\\\/www.neuro-concept.ca\\\/fr\\\/traitements-adaptes\\\/\"},{\"@type\":\"ListItem\",\"position\":3,\"name\":\"Trouble de la sensibilit\u00e9\"}]},{\"@type\":\"WebSite\",\"@id\":\"https:\\\/\\\/www.neuro-concept.ca\\\/fr\\\/#website\",\"url\":\"https:\\\/\\\/www.neuro-concept.ca\\\/fr\\\/\",\"name\":\"Neuro-Concept - Centre de r\u00e9adaptation neurologique\",\"description\":\"La sant\u00e9 - \u00c0 la port\u00e9e de tous\",\"publisher\":{\"@id\":\"https:\\\/\\\/www.neuro-concept.ca\\\/fr\\\/#organization\"},\"potentialAction\":[{\"@type\":\"SearchAction\",\"target\":{\"@type\":\"EntryPoint\",\"urlTemplate\":\"https:\\\/\\\/www.neuro-concept.ca\\\/fr\\\/?s={search_term_string}\"},\"query-input\":{\"@type\":\"PropertyValueSpecification\",\"valueRequired\":true,\"valueName\":\"search_term_string\"}}],\"inLanguage\":\"fr-ca\"},{\"@type\":\"Organization\",\"@id\":\"https:\\\/\\\/www.neuro-concept.ca\\\/fr\\\/#organization\",\"name\":\"Neuro-Concept\",\"url\":\"https:\\\/\\\/www.neuro-concept.ca\\\/fr\\\/\",\"logo\":{\"@type\":\"ImageObject\",\"inLanguage\":\"fr-ca\",\"@id\":\"https:\\\/\\\/www.neuro-concept.ca\\\/fr\\\/#\\\/schema\\\/logo\\\/image\\\/\",\"url\":\"https:\\\/\\\/www.neuro-concept.ca\\\/wp-content\\\/uploads\\\/2019\\\/07\\\/favicon-1.png\",\"contentUrl\":\"https:\\\/\\\/www.neuro-concept.ca\\\/wp-content\\\/uploads\\\/2019\\\/07\\\/favicon-1.png\",\"width\":330,\"height\":330,\"caption\":\"Neuro-Concept\"},\"image\":{\"@id\":\"https:\\\/\\\/www.neuro-concept.ca\\\/fr\\\/#\\\/schema\\\/logo\\\/image\\\/\"},\"sameAs\":[\"https:\\\/\\\/www.facebook.com\\\/neuroconcept\",\"https:\\\/\\\/x.com\\\/NeuroConcept\",\"https:\\\/\\\/www.instagram.com\\\/neuroconcept.rehab\\\/\",\"https:\\\/\\\/twitter.com\\\/NeuroConcept\"]}]}<\/script>\n<!-- \/ Yoast SEO plugin. -->","yoast_head_json":{"title":"Traitement trouble de la sensibilit\u00e9 | Neuro-Concept","description":"Traitez efficacement les troubles de la sensibilit\u00e9 (engourdissements, hypersensibilit\u00e9, perte sensorielle) gr\u00e2ce \u00e0 une r\u00e9\u00e9ducation personnalis\u00e9e. Retrouver confort, s\u00e9curit\u00e9 et contr\u00f4le de vos mouvements.","robots":{"index":"index","follow":"follow","max-snippet":"max-snippet:-1","max-image-preview":"max-image-preview:large","max-video-preview":"max-video-preview:-1"},"canonical":"https:\/\/www.neuro-concept.ca\/fr\/traitements-adaptes\/trouble-sensibilite\/","og_locale":"fr_FR","og_type":"article","og_title":"Traitement trouble de la sensibilit\u00e9 | Neuro-Concept","og_description":"Traitez efficacement les troubles de la sensibilit\u00e9 (engourdissements, hypersensibilit\u00e9, perte sensorielle) gr\u00e2ce \u00e0 une r\u00e9\u00e9ducation personnalis\u00e9e. Retrouver confort, s\u00e9curit\u00e9 et contr\u00f4le de vos mouvements.","og_url":"https:\/\/www.neuro-concept.ca\/fr\/traitements-adaptes\/trouble-sensibilite\/","og_site_name":"Neuro-Concept - Centre de r\u00e9adaptation neurologique","article_publisher":"https:\/\/www.facebook.com\/neuroconcept","article_modified_time":"2025-06-12T20:49:38+00:00","og_image":[{"url":"https:\/\/www.neuro-concept.ca\/wp-content\/uploads\/2025\/06\/snsibilite-neuro.jpg","type":"","width":"","height":""}],"twitter_card":"summary_large_image","twitter_site":"@NeuroConcept","schema":{"@context":"https:\/\/schema.org","@graph":[{"@type":"WebPage","@id":"https:\/\/www.neuro-concept.ca\/fr\/traitements-adaptes\/trouble-sensibilite\/","url":"https:\/\/www.neuro-concept.ca\/fr\/traitements-adaptes\/trouble-sensibilite\/","name":"Traitement trouble de la sensibilit\u00e9 | Neuro-Concept","isPartOf":{"@id":"https:\/\/www.neuro-concept.ca\/fr\/#website"},"primaryImageOfPage":{"@id":"https:\/\/www.neuro-concept.ca\/fr\/traitements-adaptes\/trouble-sensibilite\/#primaryimage"},"image":{"@id":"https:\/\/www.neuro-concept.ca\/fr\/traitements-adaptes\/trouble-sensibilite\/#primaryimage"},"thumbnailUrl":"https:\/\/www.neuro-concept.ca\/wp-content\/uploads\/2025\/06\/snsibilite-neuro.jpg","datePublished":"2019-05-30T20:04:08+00:00","dateModified":"2025-06-12T20:49:38+00:00","description":"Traitez efficacement les troubles de la sensibilit\u00e9 (engourdissements, hypersensibilit\u00e9, perte sensorielle) gr\u00e2ce \u00e0 une r\u00e9\u00e9ducation personnalis\u00e9e. Retrouver confort, s\u00e9curit\u00e9 et contr\u00f4le de vos mouvements.","breadcrumb":{"@id":"https:\/\/www.neuro-concept.ca\/fr\/traitements-adaptes\/trouble-sensibilite\/#breadcrumb"},"inLanguage":"fr-ca","potentialAction":[{"@type":"ReadAction","target":["https:\/\/www.neuro-concept.ca\/fr\/traitements-adaptes\/trouble-sensibilite\/"]}]},{"@type":"ImageObject","inLanguage":"fr-ca","@id":"https:\/\/www.neuro-concept.ca\/fr\/traitements-adaptes\/trouble-sensibilite\/#primaryimage","url":"https:\/\/www.neuro-concept.ca\/wp-content\/uploads\/2025\/06\/snsibilite-neuro.jpg","contentUrl":"https:\/\/www.neuro-concept.ca\/wp-content\/uploads\/2025\/06\/snsibilite-neuro.jpg"},{"@type":"BreadcrumbList","@id":"https:\/\/www.neuro-concept.ca\/fr\/traitements-adaptes\/trouble-sensibilite\/#breadcrumb","itemListElement":[{"@type":"ListItem","position":1,"name":"Home","item":"https:\/\/www.neuro-concept.ca\/fr\/"},{"@type":"ListItem","position":2,"name":"Nos traitements adapt\u00e9s","item":"https:\/\/www.neuro-concept.ca\/fr\/traitements-adaptes\/"},{"@type":"ListItem","position":3,"name":"Trouble de la sensibilit\u00e9"}]},{"@type":"WebSite","@id":"https:\/\/www.neuro-concept.ca\/fr\/#website","url":"https:\/\/www.neuro-concept.ca\/fr\/","name":"Neuro-Concept - Centre de r\u00e9adaptation neurologique","description":"La sant\u00e9 - \u00c0 la port\u00e9e de tous","publisher":{"@id":"https:\/\/www.neuro-concept.ca\/fr\/#organization"},"potentialAction":[{"@type":"SearchAction","target":{"@type":"EntryPoint","urlTemplate":"https:\/\/www.neuro-concept.ca\/fr\/?s={search_term_string}"},"query-input":{"@type":"PropertyValueSpecification","valueRequired":true,"valueName":"search_term_string"}}],"inLanguage":"fr-ca"},{"@type":"Organization","@id":"https:\/\/www.neuro-concept.ca\/fr\/#organization","name":"Neuro-Concept","url":"https:\/\/www.neuro-concept.ca\/fr\/","logo":{"@type":"ImageObject","inLanguage":"fr-ca","@id":"https:\/\/www.neuro-concept.ca\/fr\/#\/schema\/logo\/image\/","url":"https:\/\/www.neuro-concept.ca\/wp-content\/uploads\/2019\/07\/favicon-1.png","contentUrl":"https:\/\/www.neuro-concept.ca\/wp-content\/uploads\/2019\/07\/favicon-1.png","width":330,"height":330,"caption":"Neuro-Concept"},"image":{"@id":"https:\/\/www.neuro-concept.ca\/fr\/#\/schema\/logo\/image\/"},"sameAs":["https:\/\/www.facebook.com\/neuroconcept","https:\/\/x.com\/NeuroConcept","https:\/\/www.instagram.com\/neuroconcept.rehab\/","https:\/\/twitter.com\/NeuroConcept"]}]}},"_links":{"self":[{"href":"https:\/\/www.neuro-concept.ca\/fr\/wp-json\/wp\/v2\/pages\/5611","targetHints":{"allow":["GET"]}}],"collection":[{"href":"https:\/\/www.neuro-concept.ca\/fr\/wp-json\/wp\/v2\/pages"}],"about":[{"href":"https:\/\/www.neuro-concept.ca\/fr\/wp-json\/wp\/v2\/types\/page"}],"author":[{"embeddable":true,"href":"https:\/\/www.neuro-concept.ca\/fr\/wp-json\/wp\/v2\/users\/1"}],"replies":[{"embeddable":true,"href":"https:\/\/www.neuro-concept.ca\/fr\/wp-json\/wp\/v2\/comments?post=5611"}],"version-history":[{"count":41,"href":"https:\/\/www.neuro-concept.ca\/fr\/wp-json\/wp\/v2\/pages\/5611\/revisions"}],"predecessor-version":[{"id":13013,"href":"https:\/\/www.neuro-concept.ca\/fr\/wp-json\/wp\/v2\/pages\/5611\/revisions\/13013"}],"up":[{"embeddable":true,"href":"https:\/\/www.neuro-concept.ca\/fr\/wp-json\/wp\/v2\/pages\/6088"}],"wp:attachment":[{"href":"https:\/\/www.neuro-concept.ca\/fr\/wp-json\/wp\/v2\/media?parent=5611"}],"curies":[{"name":"wp","href":"https:\/\/api.w.org\/{rel}","templated":true}]}}