{"id":5260,"date":"2019-04-04T09:09:47","date_gmt":"2019-04-04T14:09:47","guid":{"rendered":"https:\/\/www.neuro-concept.ca\/?page_id=5260"},"modified":"2025-05-27T14:42:14","modified_gmt":"2025-05-27T18:42:14","slug":"readaptation-marche","status":"publish","type":"page","link":"https:\/\/www.neuro-concept.ca\/fr\/traitements-adaptes\/posture-et-mobilite\/readaptation-marche\/","title":{"rendered":"R\u00e9apprendre \u00e0 marcher"},"content":{"rendered":"\t\t<div data-elementor-type=\"wp-post\" data-elementor-id=\"5260\" class=\"elementor elementor-5260\">\n\t\t\t\t\t\t<section class=\"elementor-section elementor-top-section elementor-element elementor-element-5553ab1 elementor-section-boxed elementor-section-height-default elementor-section-height-default\" data-id=\"5553ab1\" data-element_type=\"section\" data-e-type=\"section\">\n\t\t\t\t\t\t<div class=\"elementor-container elementor-column-gap-default\">\n\t\t\t\t\t<div class=\"elementor-column elementor-col-100 elementor-top-column elementor-element elementor-element-dc6caa2\" data-id=\"dc6caa2\" data-element_type=\"column\" data-e-type=\"column\">\n\t\t\t<div class=\"elementor-widget-wrap elementor-element-populated\">\n\t\t\t\t\t\t<div class=\"elementor-element elementor-element-45555d9 elementor-widget elementor-widget-heading\" data-id=\"45555d9\" data-element_type=\"widget\" data-e-type=\"widget\" data-widget_type=\"heading.default\">\n\t\t\t\t<div class=\"elementor-widget-container\">\n\t\t\t\t\t<h2 class=\"elementor-heading-title elementor-size-default\">\ud83d\udeb6\u200d\u2642\ufe0f Retrouver le plaisir de marcher\u2026 en toute confiance<\/h2>\t\t\t\t<\/div>\n\t\t\t\t<\/div>\n\t\t\t\t\t<\/div>\n\t\t<\/div>\n\t\t\t\t\t<\/div>\n\t\t<\/section>\n\t\t\t\t<section class=\"elementor-section elementor-top-section elementor-element elementor-element-c6588f6 elementor-section-boxed elementor-section-height-default elementor-section-height-default\" data-id=\"c6588f6\" data-element_type=\"section\" data-e-type=\"section\">\n\t\t\t\t\t\t<div class=\"elementor-container elementor-column-gap-default\">\n\t\t\t\t\t<div class=\"elementor-column elementor-col-50 elementor-top-column elementor-element elementor-element-c9a88c6\" data-id=\"c9a88c6\" data-element_type=\"column\" data-e-type=\"column\">\n\t\t\t<div class=\"elementor-widget-wrap elementor-element-populated\">\n\t\t\t\t\t\t<div class=\"elementor-element elementor-element-7568d01 elementor-widget elementor-widget-text-editor\" data-id=\"7568d01\" data-element_type=\"widget\" data-e-type=\"widget\" data-widget_type=\"text-editor.default\">\n\t\t\t\t<div class=\"elementor-widget-container\">\n\t\t\t\t\t\t\t\t\t<p>Aujourd\u2019hui, tout le monde conna\u00eet les bienfaits de l\u2019activit\u00e9 physique sur la sant\u00e9. \u00catre en position debout et actif contribue \u00e0 pr\u00e9venir de nombreux probl\u00e8mes : plaies de pression, troubles cardiorespiratoires, circulatoires, et bien plus encore.<\/p><p>\ud83d\udc49<a href=\"https:\/\/oppq.qc.ca\/blogue\/marche-a-pied-bienfaits-et-bonnes-pratiques\/\" target=\"_blank\" rel=\"noopener\">D\u00e9couvrez ici\u00a0<\/a>un article sur <strong data-start=\"509\" data-end=\"560\">l\u2019importance de la marche dans la r\u00e9adaptation.<\/strong><\/p><p data-start=\"562\" data-end=\"794\">Mais pour certaines personnes, marcher \u2014 un geste que l\u2019on tient souvent pour acquis \u2014 peut devenir un v\u00e9ritable d\u00e9fi. Les causes sont vari\u00e9es : <strong data-start=\"707\" data-end=\"788\">manque d\u2019endurance, pied tombant, pertes d\u2019\u00e9quilibre, appr\u00e9hension des chutes<\/strong>, etc.<\/p><p data-start=\"796\" data-end=\"976\">Peut-\u00eatre parvenez-vous \u00e0 marcher sans difficult\u00e9 \u00e0 l\u2019int\u00e9rieur, mais que cela devient complexe <strong data-start=\"892\" data-end=\"974\">\u00e0 l\u2019ext\u00e9rieur, sur un terrain irr\u00e9gulier ou en condition de faible luminosit\u00e9<\/strong> ?<\/p><p data-start=\"978\" data-end=\"1166\">\ud83d\udca1 <strong data-start=\"981\" data-end=\"1025\">Bonne nouvelle : des solutions existent.<\/strong> Nos sp\u00e9cialistes sont l\u00e0 pour vous aider \u00e0 retrouver mobilit\u00e9 et confiance, gr\u00e2ce \u00e0 une approche personnalis\u00e9e et adapt\u00e9e \u00e0 votre situation.<\/p>\t\t\t\t\t\t\t\t<\/div>\n\t\t\t\t<\/div>\n\t\t\t\t\t<\/div>\n\t\t<\/div>\n\t\t\t\t<div class=\"elementor-column elementor-col-50 elementor-top-column elementor-element elementor-element-ba399d6\" data-id=\"ba399d6\" data-element_type=\"column\" data-e-type=\"column\">\n\t\t\t<div class=\"elementor-widget-wrap elementor-element-populated\">\n\t\t\t\t\t\t<div class=\"elementor-element elementor-element-e38c259 elementor-widget elementor-widget-video\" data-id=\"e38c259\" data-element_type=\"widget\" data-e-type=\"widget\" data-settings=\"{&quot;youtube_url&quot;:&quot;https:\\\/\\\/youtube.com\\\/shorts\\\/271EdPQYuH8&quot;,&quot;video_type&quot;:&quot;youtube&quot;,&quot;controls&quot;:&quot;yes&quot;}\" data-widget_type=\"video.default\">\n\t\t\t\t<div class=\"elementor-widget-container\">\n\t\t\t\t\t\t\t<div class=\"elementor-wrapper elementor-open-inline\">\n\t\t\t<div class=\"elementor-video\"><\/div>\t\t<\/div>\n\t\t\t\t\t\t<\/div>\n\t\t\t\t<\/div>\n\t\t\t\t\t<\/div>\n\t\t<\/div>\n\t\t\t\t\t<\/div>\n\t\t<\/section>\n\t\t\t\t<section class=\"elementor-section elementor-top-section elementor-element elementor-element-0294d13 elementor-section-boxed elementor-section-height-default elementor-section-height-default\" data-id=\"0294d13\" data-element_type=\"section\" data-e-type=\"section\">\n\t\t\t\t\t\t<div class=\"elementor-container elementor-column-gap-default\">\n\t\t\t\t\t<div class=\"elementor-column elementor-col-100 elementor-top-column elementor-element elementor-element-8796008\" data-id=\"8796008\" data-element_type=\"column\" data-e-type=\"column\">\n\t\t\t<div class=\"elementor-widget-wrap elementor-element-populated\">\n\t\t\t\t\t\t<div class=\"elementor-element elementor-element-9d114a5 elementor-widget elementor-widget-heading\" data-id=\"9d114a5\" data-element_type=\"widget\" data-e-type=\"widget\" data-widget_type=\"heading.default\">\n\t\t\t\t<div class=\"elementor-widget-container\">\n\t\t\t\t\t<h2 class=\"elementor-heading-title elementor-size-default\">\n\ud83d\udee0\ufe0f Quels outils pour vous accompagner dans votre marche ?\n<\/h2>\t\t\t\t<\/div>\n\t\t\t\t<\/div>\n\t\t\t\t\t<\/div>\n\t\t<\/div>\n\t\t\t\t\t<\/div>\n\t\t<\/section>\n\t\t\t\t<section class=\"elementor-section elementor-top-section elementor-element elementor-element-6970940 elementor-section-boxed elementor-section-height-default elementor-section-height-default\" data-id=\"6970940\" data-element_type=\"section\" data-e-type=\"section\">\n\t\t\t\t\t\t<div class=\"elementor-container elementor-column-gap-default\">\n\t\t\t\t\t<div class=\"elementor-column elementor-col-33 elementor-top-column elementor-element elementor-element-3cd1c29\" data-id=\"3cd1c29\" data-element_type=\"column\" data-e-type=\"column\">\n\t\t\t<div class=\"elementor-widget-wrap elementor-element-populated\">\n\t\t\t\t\t\t<div class=\"elementor-element elementor-element-82cb78d elementor-widget elementor-widget-video\" data-id=\"82cb78d\" data-element_type=\"widget\" data-e-type=\"widget\" data-settings=\"{&quot;youtube_url&quot;:&quot;https:\\\/\\\/www.youtube.com\\\/shorts\\\/Bp2cjCU_FfY?feature=share&quot;,&quot;video_type&quot;:&quot;youtube&quot;,&quot;controls&quot;:&quot;yes&quot;}\" data-widget_type=\"video.default\">\n\t\t\t\t<div class=\"elementor-widget-container\">\n\t\t\t\t\t\t\t<div class=\"elementor-wrapper elementor-open-inline\">\n\t\t\t<div class=\"elementor-video\"><\/div>\t\t<\/div>\n\t\t\t\t\t\t<\/div>\n\t\t\t\t<\/div>\n\t\t\t\t\t<\/div>\n\t\t<\/div>\n\t\t\t\t<div class=\"elementor-column elementor-col-66 elementor-top-column elementor-element elementor-element-d38d059\" data-id=\"d38d059\" data-element_type=\"column\" data-e-type=\"column\">\n\t\t\t<div class=\"elementor-widget-wrap elementor-element-populated\">\n\t\t\t\t\t\t<div class=\"elementor-element elementor-element-ba67425 elementor-widget elementor-widget-text-editor\" data-id=\"ba67425\" data-element_type=\"widget\" data-e-type=\"widget\" data-widget_type=\"text-editor.default\">\n\t\t\t\t<div class=\"elementor-widget-container\">\n\t\t\t\t\t\t\t\t\t<p data-start=\"207\" data-end=\"465\">Heureusement, de nombreux outils peuvent vous aider \u00e0 marcher avec plus d\u2019aisance, de s\u00e9curit\u00e9 et d\u2019autonomie. Vous utilisez peut-\u00eatre d\u00e9j\u00e0 certains <strong data-start=\"356\" data-end=\"376\">aides techniques<\/strong> comme :<br data-start=\"384\" data-end=\"387\" \/><strong data-start=\"387\" data-end=\"465\">canne, b\u00e2tons de marche, marchette, d\u00e9ambulateur ou b\u00e9quilles canadiennes.<\/strong><\/p><p data-start=\"207\" data-end=\"465\">Mais\u2026<br data-start=\"472\" data-end=\"475\" \/>\ud83d\udd0e <strong data-start=\"478\" data-end=\"540\">Est-ce vraiment l\u2019outil le plus adapt\u00e9 \u00e0 votre situation?<\/strong><br data-start=\"540\" data-end=\"543\" \/>\ud83e\udded <strong>L\u2019utilisez-vous correctement pour en tirer tous les b\u00e9n\u00e9fices ?<\/strong><br data-start=\"613\" data-end=\"616\" \/>\ud83d\udeb6\u200d\u2640\ufe0f <strong>Et si votre objectif est d\u2019en r\u00e9duire l\u2019usage, voire de vous en passer?<\/strong><\/p><p data-start=\"700\" data-end=\"788\">Parfois, un simple ajustement ou un accompagnement cibl\u00e9 peut faire toute la diff\u00e9rence. Il existe aussi d\u2019autres options plus sp\u00e9cialis\u00e9es, comme les <strong data-start=\"852\" data-end=\"864\">orth\u00e8ses<\/strong> dynamiques ou technologiques (pour soutenir ou corriger un mouvement), les <strong data-start=\"911\" data-end=\"924\">proth\u00e8ses<\/strong> ou les <strong data-start=\"932\" data-end=\"973\">stimulateurs fonctionnels \u00e9lectriques<\/strong>, qui peuvent compenser certaines limitations et am\u00e9liorer la qualit\u00e9 de votre marche.<\/p>\t\t\t\t\t\t\t\t<\/div>\n\t\t\t\t<\/div>\n\t\t\t\t\t<\/div>\n\t\t<\/div>\n\t\t\t\t\t<\/div>\n\t\t<\/section>\n\t\t\t\t<section class=\"elementor-section elementor-top-section elementor-element elementor-element-129bf82 elementor-section-boxed elementor-section-height-default elementor-section-height-default\" data-id=\"129bf82\" data-element_type=\"section\" data-e-type=\"section\">\n\t\t\t\t\t\t<div class=\"elementor-container elementor-column-gap-default\">\n\t\t\t\t\t<div class=\"elementor-column elementor-col-100 elementor-top-column elementor-element elementor-element-8a37b84\" data-id=\"8a37b84\" data-element_type=\"column\" data-e-type=\"column\">\n\t\t\t<div class=\"elementor-widget-wrap elementor-element-populated\">\n\t\t\t\t\t\t<div class=\"elementor-element elementor-element-3d5772d elementor-widget elementor-widget-heading\" data-id=\"3d5772d\" data-element_type=\"widget\" data-e-type=\"widget\" data-widget_type=\"heading.default\">\n\t\t\t\t<div class=\"elementor-widget-container\">\n\t\t\t\t\t<h2 class=\"elementor-heading-title elementor-size-default\">\ud83e\uddd1\u200d\u2695\ufe0f L\u2019expertise de nos neuro-th\u00e9rapeutes \u00e0 votre service<\/h2>\t\t\t\t<\/div>\n\t\t\t\t<\/div>\n\t\t\t\t\t<\/div>\n\t\t<\/div>\n\t\t\t\t\t<\/div>\n\t\t<\/section>\n\t\t\t\t<section class=\"elementor-section elementor-top-section elementor-element elementor-element-2b52d14 elementor-section-boxed elementor-section-height-default elementor-section-height-default\" data-id=\"2b52d14\" data-element_type=\"section\" data-e-type=\"section\">\n\t\t\t\t\t\t<div class=\"elementor-container elementor-column-gap-default\">\n\t\t\t\t\t<div class=\"elementor-column elementor-col-50 elementor-top-column elementor-element elementor-element-3860a7f\" data-id=\"3860a7f\" data-element_type=\"column\" data-e-type=\"column\">\n\t\t\t<div class=\"elementor-widget-wrap elementor-element-populated\">\n\t\t\t\t\t\t<div class=\"elementor-element elementor-element-07c5c86 elementor-widget elementor-widget-text-editor\" data-id=\"07c5c86\" data-element_type=\"widget\" data-e-type=\"widget\" data-widget_type=\"text-editor.default\">\n\t\t\t\t<div class=\"elementor-widget-container\">\n\t\t\t\t\t\t\t\t\t<p data-start=\"1125\" data-end=\"1352\">En r\u00e9adaptation neurologique, nos professionnels prennent le temps <strong data-start=\"1181\" data-end=\"1220\">d\u2019analyser votre d\u00e9marche en d\u00e9tail<\/strong> :<br data-start=\"1222\" data-end=\"1225\" \/>\u27a1\ufe0f Quelles sont vos forces ?<br data-start=\"1253\" data-end=\"1256\" \/>\u27a1\ufe0f O\u00f9 se situent les d\u00e9s\u00e9quilibres ?<br data-start=\"1292\" data-end=\"1295\" \/>\u27a1\ufe0f Quelles sont vos limites actuelles\u2026 et vos objectifs ?<\/p><p data-start=\"1354\" data-end=\"1673\">\u00c0 partir de cette \u00e9valuation, nous \u00e9laborons avec vous un <strong data-start=\"1412\" data-end=\"1445\">plan de traitement sur mesure<\/strong>, qui peut inclure :<br data-start=\"1465\" data-end=\"1468\" \/>\u2714\ufe0f Des conseils pratiques et personnalis\u00e9s<br data-start=\"1510\" data-end=\"1513\" \/>\u2714\ufe0f Des strat\u00e9gies pour bien utiliser vos aides techniques<br data-start=\"1570\" data-end=\"1573\" \/>\u2714\ufe0f Un <strong data-start=\"1579\" data-end=\"1607\">programme de r\u00e9adaptation<\/strong> cibl\u00e9 pour am\u00e9liorer l\u2019endurance, la coordination et la stabilit\u00e9<\/p><p data-start=\"1675\" data-end=\"1756\">\ud83d\udcac <strong data-start=\"1678\" data-end=\"1756\">Notre but : vous aider \u00e0 marcher mieux, plus longtemps et avec confiance.<\/strong><\/p>\t\t\t\t\t\t\t\t<\/div>\n\t\t\t\t<\/div>\n\t\t\t\t\t<\/div>\n\t\t<\/div>\n\t\t\t\t<div class=\"elementor-column elementor-col-50 elementor-top-column elementor-element elementor-element-17cf277\" data-id=\"17cf277\" data-element_type=\"column\" data-e-type=\"column\">\n\t\t\t<div class=\"elementor-widget-wrap elementor-element-populated\">\n\t\t\t\t\t\t<div class=\"elementor-element elementor-element-2dd4f4f elementor-widget elementor-widget-video\" data-id=\"2dd4f4f\" data-element_type=\"widget\" data-e-type=\"widget\" data-settings=\"{&quot;youtube_url&quot;:&quot;https:\\\/\\\/youtube.com\\\/shorts\\\/z-YDWHXVEqM&quot;,&quot;video_type&quot;:&quot;youtube&quot;,&quot;controls&quot;:&quot;yes&quot;}\" data-widget_type=\"video.default\">\n\t\t\t\t<div class=\"elementor-widget-container\">\n\t\t\t\t\t\t\t<div class=\"elementor-wrapper elementor-open-inline\">\n\t\t\t<div class=\"elementor-video\"><\/div>\t\t<\/div>\n\t\t\t\t\t\t<\/div>\n\t\t\t\t<\/div>\n\t\t\t\t\t<\/div>\n\t\t<\/div>\n\t\t\t\t\t<\/div>\n\t\t<\/section>\n\t\t\t\t<section class=\"elementor-section elementor-top-section elementor-element elementor-element-30278e6 elementor-section-boxed elementor-section-height-default elementor-section-height-default\" data-id=\"30278e6\" data-element_type=\"section\" data-e-type=\"section\">\n\t\t\t\t\t\t<div class=\"elementor-container elementor-column-gap-default\">\n\t\t\t\t\t<div class=\"elementor-column elementor-col-100 elementor-top-column elementor-element elementor-element-1f97046\" data-id=\"1f97046\" data-element_type=\"column\" data-e-type=\"column\">\n\t\t\t<div class=\"elementor-widget-wrap elementor-element-populated\">\n\t\t\t\t\t\t<div class=\"elementor-element elementor-element-95db9d3 elementor-widget elementor-widget-heading\" data-id=\"95db9d3\" data-element_type=\"widget\" data-e-type=\"widget\" data-widget_type=\"heading.default\">\n\t\t\t\t<div class=\"elementor-widget-container\">\n\t\t\t\t\t<h2 class=\"elementor-heading-title elementor-size-default\">\ud83c\udfc3\u200d\u2642\ufe0f Des exercices adapt\u00e9s \u00e0 vos d\u00e9fis\u2026 et \u00e0 vos objectifs<\/h2>\t\t\t\t<\/div>\n\t\t\t\t<\/div>\n\t\t\t\t\t<\/div>\n\t\t<\/div>\n\t\t\t\t\t<\/div>\n\t\t<\/section>\n\t\t\t\t<section class=\"elementor-section elementor-top-section elementor-element elementor-element-f34d676 elementor-section-boxed elementor-section-height-default elementor-section-height-default\" data-id=\"f34d676\" data-element_type=\"section\" data-e-type=\"section\">\n\t\t\t\t\t\t<div class=\"elementor-container elementor-column-gap-default\">\n\t\t\t\t\t<div class=\"elementor-column elementor-col-66 elementor-top-column elementor-element elementor-element-cf2af2c\" data-id=\"cf2af2c\" data-element_type=\"column\" data-e-type=\"column\">\n\t\t\t<div class=\"elementor-widget-wrap elementor-element-populated\">\n\t\t\t\t\t\t<div class=\"elementor-element elementor-element-6b9c63a elementor-widget elementor-widget-text-editor\" data-id=\"6b9c63a\" data-element_type=\"widget\" data-e-type=\"widget\" data-widget_type=\"text-editor.default\">\n\t\t\t\t<div class=\"elementor-widget-container\">\n\t\t\t\t\t\t\t\t\t<p data-start=\"240\" data-end=\"529\">Les exercices de r\u00e9\u00e9ducation \u00e0 la marche que nous proposons vous placent dans des situations r\u00e9alistes, souvent similaires \u00e0 celles qui vous posent le plus de difficult\u00e9s :<br data-start=\"412\" data-end=\"415\" \/>\u26a0\ufe0f surfaces instables,<br data-start=\"437\" data-end=\"440\" \/>\u26a0\ufe0f obstacles \u00e0 franchir,<br data-start=\"464\" data-end=\"467\" \/>\u26a0\ufe0f espaces restreints,<br data-start=\"489\" data-end=\"492\" \/>\u26a0\ufe0f ou encore environnement changeant.<\/p><p data-start=\"531\" data-end=\"853\">Gr\u00e2ce \u00e0 ces mises en situation cibl\u00e9es, vous serez <strong data-start=\"582\" data-end=\"650\">accompagn\u00e9 dans la prise de conscience de votre patron de marche<\/strong> (votre fa\u00e7on personnelle de marcher), ainsi que dans l\u2019apprentissage ou la r\u00e9\u00e9ducation de chaque \u00e9tape du mouvement. L\u2019objectif : <strong data-start=\"781\" data-end=\"853\">retrouver une marche plus fluide, plus s\u00e9curitaire et plus efficace.<\/strong><\/p>\t\t\t\t\t\t\t\t<\/div>\n\t\t\t\t<\/div>\n\t\t\t\t\t<\/div>\n\t\t<\/div>\n\t\t\t\t<div class=\"elementor-column elementor-col-33 elementor-top-column elementor-element elementor-element-b3cf792\" data-id=\"b3cf792\" data-element_type=\"column\" data-e-type=\"column\">\n\t\t\t<div class=\"elementor-widget-wrap elementor-element-populated\">\n\t\t\t\t\t\t<div class=\"elementor-element elementor-element-1da9288 elementor-widget elementor-widget-image\" data-id=\"1da9288\" data-element_type=\"widget\" data-e-type=\"widget\" data-widget_type=\"image.default\">\n\t\t\t\t<div class=\"elementor-widget-container\">\n\t\t\t\t\t\t\t\t\t\t\t\t\t\t\t<img fetchpriority=\"high\" decoding=\"async\" width=\"700\" height=\"568\" src=\"https:\/\/www.neuro-concept.ca\/wp-content\/uploads\/2025\/05\/parcours-obstacle-neuro-700x568.jpg\" class=\"attachment-medilink-size7 size-medilink-size7 wp-image-12550\" alt=\"AVC\" \/>\t\t\t\t\t\t\t\t\t\t\t\t\t\t\t<\/div>\n\t\t\t\t<\/div>\n\t\t\t\t\t<\/div>\n\t\t<\/div>\n\t\t\t\t\t<\/div>\n\t\t<\/section>\n\t\t\t\t<section class=\"elementor-section elementor-top-section elementor-element elementor-element-328d5a7 elementor-section-boxed elementor-section-height-default elementor-section-height-default\" data-id=\"328d5a7\" data-element_type=\"section\" data-e-type=\"section\">\n\t\t\t\t\t\t<div class=\"elementor-container elementor-column-gap-default\">\n\t\t\t\t\t<div class=\"elementor-column elementor-col-100 elementor-top-column elementor-element elementor-element-c0eac76\" data-id=\"c0eac76\" data-element_type=\"column\" data-e-type=\"column\">\n\t\t\t<div class=\"elementor-widget-wrap elementor-element-populated\">\n\t\t\t\t\t\t<div class=\"elementor-element elementor-element-802787e elementor-widget elementor-widget-heading\" data-id=\"802787e\" data-element_type=\"widget\" data-e-type=\"widget\" data-widget_type=\"heading.default\">\n\t\t\t\t<div class=\"elementor-widget-container\">\n\t\t\t\t\t<h2 class=\"elementor-heading-title elementor-size-default\">\ud83e\udd16 Quand la marche semble hors de port\u00e9e\u2026 la technologie peut faire toute la diff\u00e9rence<\/h2>\t\t\t\t<\/div>\n\t\t\t\t<\/div>\n\t\t\t\t\t<\/div>\n\t\t<\/div>\n\t\t\t\t\t<\/div>\n\t\t<\/section>\n\t\t\t\t<section class=\"elementor-section elementor-top-section elementor-element elementor-element-5ec3084 elementor-section-boxed elementor-section-height-default elementor-section-height-default\" data-id=\"5ec3084\" data-element_type=\"section\" data-e-type=\"section\">\n\t\t\t\t\t\t<div class=\"elementor-container elementor-column-gap-default\">\n\t\t\t\t\t<div class=\"elementor-column elementor-col-66 elementor-top-column elementor-element elementor-element-67ebf09\" data-id=\"67ebf09\" data-element_type=\"column\" data-e-type=\"column\">\n\t\t\t<div class=\"elementor-widget-wrap elementor-element-populated\">\n\t\t\t\t\t\t<div class=\"elementor-element elementor-element-09db578 elementor-widget elementor-widget-text-editor\" data-id=\"09db578\" data-element_type=\"widget\" data-e-type=\"widget\" data-widget_type=\"text-editor.default\">\n\t\t\t\t<div class=\"elementor-widget-container\">\n\t\t\t\t\t\t\t\t\t<p data-start=\"953\" data-end=\"1197\">Pour certaines personnes atteintes de conditions <strong data-start=\"1002\" data-end=\"1027\">orthop\u00e9diques s\u00e9v\u00e8res<\/strong> ou de <strong data-start=\"1034\" data-end=\"1060\">troubles neurologiques<\/strong> avanc\u00e9s, marcher peut sembler impossible. Et pourtant, gr\u00e2ce aux avanc\u00e9es en r\u00e9adaptation et en technologie, <strong data-start=\"1170\" data-end=\"1197\">des solutions existent.<\/strong><\/p><p data-start=\"1199\" data-end=\"1348\">Chez <strong data-start=\"1204\" data-end=\"1221\">Neuro-Concept<\/strong>, nous mettons \u00e0 votre disposition des technologies de pointe comme:<br data-start=\"1290\" data-end=\"1293\" \/>\ud83d\udd39 Le <a href=\"https:\/\/www.neuro-concept.ca\/fr\/les-technologies-readaptation\/robots-dentrainement-de-la-marche\/systeme-robotise-avec-support-de-poids\/\"><strong data-start=\"1299\" data-end=\"1313\">GEO System<\/strong><\/a><\/p><p data-start=\"1199\" data-end=\"1348\">\ud83d\udd39 L\u2019<a href=\"https:\/\/www.neuro-concept.ca\/fr\/les-technologies-readaptation\/robots-dentrainement-de-la-marche\/exosquelette-motorise-pour-assistance-au-mouvement\/\"><strong data-start=\"1321\" data-end=\"1346\">exosquelette robotis\u00e9<\/strong><\/a><\/p><p data-start=\"1199\" data-end=\"1348\">\ud83d\udd39 l&#8217;<strong>Xcite<\/strong><\/p><p data-start=\"1350\" data-end=\"1632\">Ces outils peuvent <strong data-start=\"1369\" data-end=\"1443\">assister la marche m\u00eame en pr\u00e9sence de paralysie partielle ou compl\u00e8te<\/strong>, et offrent de nombreux b\u00e9n\u00e9fices :<br data-start=\"1479\" data-end=\"1482\" \/>\u2705 Stimulation cardio-respiratoire<br data-start=\"1515\" data-end=\"1518\" \/>\u2705 Am\u00e9lioration de l\u2019\u00e9quilibre<br data-start=\"1547\" data-end=\"1550\" \/>\u2705 Correction et r\u00e9\u00e9ducation du patron de marche<br data-start=\"1597\" data-end=\"1600\" \/>\u2705 Maintien de la densit\u00e9 osseuse<\/p><p data-start=\"1634\" data-end=\"1723\">\ud83d\udca1 <strong data-start=\"1637\" data-end=\"1723\">Parce que marcher, ce n\u2019est pas seulement se d\u00e9placer. C\u2019est retrouver sa libert\u00e9.<\/strong><\/p>\t\t\t\t\t\t\t\t<\/div>\n\t\t\t\t<\/div>\n\t\t\t\t\t<\/div>\n\t\t<\/div>\n\t\t\t\t<div class=\"elementor-column elementor-col-33 elementor-top-column elementor-element elementor-element-04c3652\" data-id=\"04c3652\" data-element_type=\"column\" data-e-type=\"column\">\n\t\t\t<div class=\"elementor-widget-wrap elementor-element-populated\">\n\t\t\t\t\t\t<div class=\"elementor-element elementor-element-1c4fbe2 elementor-widget elementor-widget-video\" data-id=\"1c4fbe2\" data-element_type=\"widget\" data-e-type=\"widget\" data-settings=\"{&quot;youtube_url&quot;:&quot;https:\\\/\\\/www.youtube.com\\\/shorts\\\/mM3VSf1sLCU?feature=share&quot;,&quot;video_type&quot;:&quot;youtube&quot;,&quot;controls&quot;:&quot;yes&quot;}\" data-widget_type=\"video.default\">\n\t\t\t\t<div class=\"elementor-widget-container\">\n\t\t\t\t\t\t\t<div class=\"elementor-wrapper elementor-open-inline\">\n\t\t\t<div class=\"elementor-video\"><\/div>\t\t<\/div>\n\t\t\t\t\t\t<\/div>\n\t\t\t\t<\/div>\n\t\t\t\t\t<\/div>\n\t\t<\/div>\n\t\t\t\t\t<\/div>\n\t\t<\/section>\n\t\t\t\t<section class=\"elementor-section elementor-top-section elementor-element elementor-element-3ec025b elementor-section-boxed elementor-section-height-default elementor-section-height-default\" data-id=\"3ec025b\" data-element_type=\"section\" data-e-type=\"section\">\n\t\t\t\t\t\t<div class=\"elementor-container elementor-column-gap-default\">\n\t\t\t\t\t<div class=\"elementor-column elementor-col-100 elementor-top-column elementor-element elementor-element-22236e7\" data-id=\"22236e7\" data-element_type=\"column\" data-e-type=\"column\">\n\t\t\t<div class=\"elementor-widget-wrap elementor-element-populated\">\n\t\t\t\t\t\t<div class=\"elementor-element elementor-element-1316d19 elementor-widget elementor-widget-heading\" data-id=\"1316d19\" data-element_type=\"widget\" data-e-type=\"widget\" data-widget_type=\"heading.default\">\n\t\t\t\t<div class=\"elementor-widget-container\">\n\t\t\t\t\t<h2 class=\"elementor-heading-title elementor-size-default\">\ud83e\udd1d Reprenez confiance, un pas \u00e0 la fois<\/h2>\t\t\t\t<\/div>\n\t\t\t\t<\/div>\n\t\t\t\t<div class=\"elementor-element elementor-element-2104873 elementor-widget elementor-widget-text-editor\" data-id=\"2104873\" data-element_type=\"widget\" data-e-type=\"widget\" data-widget_type=\"text-editor.default\">\n\t\t\t\t<div class=\"elementor-widget-container\">\n\t\t\t\t\t\t\t\t\t<p data-start=\"201\" data-end=\"417\">Que vous souhaitiez <strong data-start=\"221\" data-end=\"247\">am\u00e9liorer votre marche<\/strong>, <strong data-start=\"249\" data-end=\"298\">r\u00e9duire votre d\u00e9pendance aux aides techniques<\/strong>, ou m\u00eame <strong data-start=\"308\" data-end=\"362\">explorer des solutions avanc\u00e9es comme la robotique<\/strong>, notre \u00e9quipe est l\u00e0 pour vous guider, \u00e0 votre rythme.<\/p><p data-start=\"419\" data-end=\"583\">Chez <strong data-start=\"424\" data-end=\"441\">Neuro-Concept<\/strong>, chaque parcours est unique. Nous vous proposons une <strong data-start=\"495\" data-end=\"521\">approche personnalis\u00e9e<\/strong>, bas\u00e9e sur vos besoins r\u00e9els, vos capacit\u00e9s et vos objectifs.<\/p>\t\t\t\t\t\t\t\t<\/div>\n\t\t\t\t<\/div>\n\t\t\t\t\t<\/div>\n\t\t<\/div>\n\t\t\t\t\t<\/div>\n\t\t<\/section>\n\t\t\t\t<section class=\"elementor-section elementor-top-section elementor-element elementor-element-76a787a elementor-section-height-min-height elementor-section-stretched elementor-section-boxed elementor-section-height-default elementor-section-items-middle\" data-id=\"76a787a\" data-element_type=\"section\" data-e-type=\"section\" id=\"references\" data-settings=\"{&quot;stretch_section&quot;:&quot;section-stretched&quot;,&quot;background_background&quot;:&quot;classic&quot;}\">\n\t\t\t\t\t\t<div class=\"elementor-container elementor-column-gap-default\">\n\t\t\t\t\t<div class=\"elementor-column elementor-col-100 elementor-top-column elementor-element elementor-element-7c7fc79\" data-id=\"7c7fc79\" data-element_type=\"column\" data-e-type=\"column\">\n\t\t\t<div class=\"elementor-widget-wrap elementor-element-populated\">\n\t\t\t\t\t\t<div class=\"elementor-element elementor-element-5359e6e elementor-widget elementor-widget-text-editor\" data-id=\"5359e6e\" data-element_type=\"widget\" data-e-type=\"widget\" data-widget_type=\"text-editor.default\">\n\t\t\t\t<div class=\"elementor-widget-container\">\n\t\t\t\t\t\t\t\t\t<p>Faites le point sur votre mobilit\u00e9<\/p>\t\t\t\t\t\t\t\t<\/div>\n\t\t\t\t<\/div>\n\t\t\t\t<div class=\"elementor-element elementor-element-d28e201 elementor-align-center elementor-widget elementor-widget-button\" data-id=\"d28e201\" data-element_type=\"widget\" data-e-type=\"widget\" data-widget_type=\"button.default\">\n\t\t\t\t<div class=\"elementor-widget-container\">\n\t\t\t\t\t\t\t\t\t<div class=\"elementor-button-wrapper\">\n\t\t\t\t\t<a class=\"elementor-button elementor-button-link elementor-size-sm\" href=\"https:\/\/www.neuro-concept.ca\/fr\/contact-neuro\/\">\n\t\t\t\t\t\t<span class=\"elementor-button-content-wrapper\">\n\t\t\t\t\t\t\t\t\t<span class=\"elementor-button-text\">Planifiez mon \u00e9valuation<\/span>\n\t\t\t\t\t<\/span>\n\t\t\t\t\t<\/a>\n\t\t\t\t<\/div>\n\t\t\t\t\t\t\t\t<\/div>\n\t\t\t\t<\/div>\n\t\t\t\t\t<\/div>\n\t\t<\/div>\n\t\t\t\t\t<\/div>\n\t\t<\/section>\n\t\t\t\t<\/div>\n\t\t","protected":false},"excerpt":{"rendered":"<p>\ud83d\udeb6\u200d\u2642\ufe0f Retrouver le plaisir de marcher\u2026 en toute confiance Aujourd\u2019hui, tout le monde conna\u00eet les bienfaits de l\u2019activit\u00e9 physique sur la sant\u00e9. \u00catre en position debout et actif contribue \u00e0 pr\u00e9venir de nombreux probl\u00e8mes : plaies de pression, troubles cardiorespiratoires, circulatoires, et bien plus encore. \ud83d\udc49D\u00e9couvrez ici\u00a0un article sur l\u2019importance de la marche dans la&#8230;<\/p>\n","protected":false},"author":1,"featured_media":0,"parent":6759,"menu_order":0,"comment_status":"closed","ping_status":"closed","template":"","meta":{"_monsterinsights_skip_tracking":false,"_monsterinsights_sitenote_active":false,"_monsterinsights_sitenote_note":"","_monsterinsights_sitenote_category":0,"footnotes":""},"class_list":["post-5260","page","type-page","status-publish","hentry"],"yoast_head":"<!-- This site is optimized with the Yoast SEO plugin v27.5 - https:\/\/yoast.com\/product\/yoast-seo-wordpress\/ -->\n<title>R\u00e9apprendre \u00e0 marcher | Neuro-Concept<\/title>\n<meta name=\"description\" content=\"Vous avez des difficult\u00e9s \u00e0 marcher ? \u00c9valuation personnalis\u00e9e, exercices cibl\u00e9s et technologies de pointe pour retrouver mobilit\u00e9 et autonomie.\" \/>\n<meta name=\"robots\" content=\"index, follow, max-snippet:-1, max-image-preview:large, max-video-preview:-1\" \/>\n<link rel=\"canonical\" href=\"https:\/\/www.neuro-concept.ca\/fr\/traitements-adaptes\/posture-et-mobilite\/readaptation-marche\/\" \/>\n<meta property=\"og:locale\" content=\"fr_FR\" \/>\n<meta property=\"og:type\" content=\"article\" \/>\n<meta property=\"og:title\" content=\"R\u00e9apprendre \u00e0 marcher | Neuro-Concept\" \/>\n<meta property=\"og:description\" content=\"Vous avez des difficult\u00e9s \u00e0 marcher ? \u00c9valuation personnalis\u00e9e, exercices cibl\u00e9s et technologies de pointe pour retrouver mobilit\u00e9 et autonomie.\" \/>\n<meta property=\"og:url\" content=\"https:\/\/www.neuro-concept.ca\/fr\/traitements-adaptes\/posture-et-mobilite\/readaptation-marche\/\" \/>\n<meta property=\"og:site_name\" content=\"Neuro-Concept - Centre de r\u00e9adaptation neurologique\" \/>\n<meta property=\"article:publisher\" content=\"https:\/\/www.facebook.com\/neuroconcept\" \/>\n<meta property=\"article:modified_time\" content=\"2025-05-27T18:42:14+00:00\" \/>\n<meta property=\"og:image\" content=\"https:\/\/www.neuro-concept.ca\/wp-content\/uploads\/2025\/05\/parcours-obstacle-neuro-700x568.jpg\" \/>\n<meta name=\"twitter:card\" content=\"summary_large_image\" \/>\n<meta name=\"twitter:site\" content=\"@NeuroConcept\" \/>\n<script type=\"application\/ld+json\" class=\"yoast-schema-graph\">{\"@context\":\"https:\\\/\\\/schema.org\",\"@graph\":[{\"@type\":\"WebPage\",\"@id\":\"https:\\\/\\\/www.neuro-concept.ca\\\/fr\\\/traitements-adaptes\\\/posture-et-mobilite\\\/readaptation-marche\\\/\",\"url\":\"https:\\\/\\\/www.neuro-concept.ca\\\/fr\\\/traitements-adaptes\\\/posture-et-mobilite\\\/readaptation-marche\\\/\",\"name\":\"R\u00e9apprendre \u00e0 marcher | Neuro-Concept\",\"isPartOf\":{\"@id\":\"https:\\\/\\\/www.neuro-concept.ca\\\/fr\\\/#website\"},\"primaryImageOfPage\":{\"@id\":\"https:\\\/\\\/www.neuro-concept.ca\\\/fr\\\/traitements-adaptes\\\/posture-et-mobilite\\\/readaptation-marche\\\/#primaryimage\"},\"image\":{\"@id\":\"https:\\\/\\\/www.neuro-concept.ca\\\/fr\\\/traitements-adaptes\\\/posture-et-mobilite\\\/readaptation-marche\\\/#primaryimage\"},\"thumbnailUrl\":\"https:\\\/\\\/www.neuro-concept.ca\\\/wp-content\\\/uploads\\\/2025\\\/05\\\/parcours-obstacle-neuro-700x568.jpg\",\"datePublished\":\"2019-04-04T14:09:47+00:00\",\"dateModified\":\"2025-05-27T18:42:14+00:00\",\"description\":\"Vous avez des difficult\u00e9s \u00e0 marcher ? \u00c9valuation personnalis\u00e9e, exercices cibl\u00e9s et technologies de pointe pour retrouver mobilit\u00e9 et autonomie.\",\"breadcrumb\":{\"@id\":\"https:\\\/\\\/www.neuro-concept.ca\\\/fr\\\/traitements-adaptes\\\/posture-et-mobilite\\\/readaptation-marche\\\/#breadcrumb\"},\"inLanguage\":\"fr-ca\",\"potentialAction\":[{\"@type\":\"ReadAction\",\"target\":[\"https:\\\/\\\/www.neuro-concept.ca\\\/fr\\\/traitements-adaptes\\\/posture-et-mobilite\\\/readaptation-marche\\\/\"]}]},{\"@type\":\"ImageObject\",\"inLanguage\":\"fr-ca\",\"@id\":\"https:\\\/\\\/www.neuro-concept.ca\\\/fr\\\/traitements-adaptes\\\/posture-et-mobilite\\\/readaptation-marche\\\/#primaryimage\",\"url\":\"https:\\\/\\\/www.neuro-concept.ca\\\/wp-content\\\/uploads\\\/2025\\\/05\\\/parcours-obstacle-neuro-700x568.jpg\",\"contentUrl\":\"https:\\\/\\\/www.neuro-concept.ca\\\/wp-content\\\/uploads\\\/2025\\\/05\\\/parcours-obstacle-neuro-700x568.jpg\"},{\"@type\":\"BreadcrumbList\",\"@id\":\"https:\\\/\\\/www.neuro-concept.ca\\\/fr\\\/traitements-adaptes\\\/posture-et-mobilite\\\/readaptation-marche\\\/#breadcrumb\",\"itemListElement\":[{\"@type\":\"ListItem\",\"position\":1,\"name\":\"Home\",\"item\":\"https:\\\/\\\/www.neuro-concept.ca\\\/fr\\\/\"},{\"@type\":\"ListItem\",\"position\":2,\"name\":\"Nos traitements adapt\u00e9s\",\"item\":\"https:\\\/\\\/www.neuro-concept.ca\\\/fr\\\/traitements-adaptes\\\/\"},{\"@type\":\"ListItem\",\"position\":3,\"name\":\"Posture et mobilit\u00e9\",\"item\":\"https:\\\/\\\/www.neuro-concept.ca\\\/fr\\\/traitements-adaptes\\\/posture-et-mobilite\\\/\"},{\"@type\":\"ListItem\",\"position\":4,\"name\":\"R\u00e9apprendre \u00e0 marcher\"}]},{\"@type\":\"WebSite\",\"@id\":\"https:\\\/\\\/www.neuro-concept.ca\\\/fr\\\/#website\",\"url\":\"https:\\\/\\\/www.neuro-concept.ca\\\/fr\\\/\",\"name\":\"Neuro-Concept - Centre de r\u00e9adaptation neurologique\",\"description\":\"La sant\u00e9 - \u00c0 la port\u00e9e de tous\",\"publisher\":{\"@id\":\"https:\\\/\\\/www.neuro-concept.ca\\\/fr\\\/#organization\"},\"potentialAction\":[{\"@type\":\"SearchAction\",\"target\":{\"@type\":\"EntryPoint\",\"urlTemplate\":\"https:\\\/\\\/www.neuro-concept.ca\\\/fr\\\/?s={search_term_string}\"},\"query-input\":{\"@type\":\"PropertyValueSpecification\",\"valueRequired\":true,\"valueName\":\"search_term_string\"}}],\"inLanguage\":\"fr-ca\"},{\"@type\":\"Organization\",\"@id\":\"https:\\\/\\\/www.neuro-concept.ca\\\/fr\\\/#organization\",\"name\":\"Neuro-Concept\",\"url\":\"https:\\\/\\\/www.neuro-concept.ca\\\/fr\\\/\",\"logo\":{\"@type\":\"ImageObject\",\"inLanguage\":\"fr-ca\",\"@id\":\"https:\\\/\\\/www.neuro-concept.ca\\\/fr\\\/#\\\/schema\\\/logo\\\/image\\\/\",\"url\":\"https:\\\/\\\/www.neuro-concept.ca\\\/wp-content\\\/uploads\\\/2019\\\/07\\\/favicon-1.png\",\"contentUrl\":\"https:\\\/\\\/www.neuro-concept.ca\\\/wp-content\\\/uploads\\\/2019\\\/07\\\/favicon-1.png\",\"width\":330,\"height\":330,\"caption\":\"Neuro-Concept\"},\"image\":{\"@id\":\"https:\\\/\\\/www.neuro-concept.ca\\\/fr\\\/#\\\/schema\\\/logo\\\/image\\\/\"},\"sameAs\":[\"https:\\\/\\\/www.facebook.com\\\/neuroconcept\",\"https:\\\/\\\/x.com\\\/NeuroConcept\",\"https:\\\/\\\/www.instagram.com\\\/neuroconcept.rehab\\\/\",\"https:\\\/\\\/twitter.com\\\/NeuroConcept\"]}]}<\/script>\n<!-- \/ Yoast SEO plugin. -->","yoast_head_json":{"title":"R\u00e9apprendre \u00e0 marcher | Neuro-Concept","description":"Vous avez des difficult\u00e9s \u00e0 marcher ? \u00c9valuation personnalis\u00e9e, exercices cibl\u00e9s et technologies de pointe pour retrouver mobilit\u00e9 et autonomie.","robots":{"index":"index","follow":"follow","max-snippet":"max-snippet:-1","max-image-preview":"max-image-preview:large","max-video-preview":"max-video-preview:-1"},"canonical":"https:\/\/www.neuro-concept.ca\/fr\/traitements-adaptes\/posture-et-mobilite\/readaptation-marche\/","og_locale":"fr_FR","og_type":"article","og_title":"R\u00e9apprendre \u00e0 marcher | Neuro-Concept","og_description":"Vous avez des difficult\u00e9s \u00e0 marcher ? \u00c9valuation personnalis\u00e9e, exercices cibl\u00e9s et technologies de pointe pour retrouver mobilit\u00e9 et autonomie.","og_url":"https:\/\/www.neuro-concept.ca\/fr\/traitements-adaptes\/posture-et-mobilite\/readaptation-marche\/","og_site_name":"Neuro-Concept - Centre de r\u00e9adaptation neurologique","article_publisher":"https:\/\/www.facebook.com\/neuroconcept","article_modified_time":"2025-05-27T18:42:14+00:00","og_image":[{"url":"https:\/\/www.neuro-concept.ca\/wp-content\/uploads\/2025\/05\/parcours-obstacle-neuro-700x568.jpg","type":"","width":"","height":""}],"twitter_card":"summary_large_image","twitter_site":"@NeuroConcept","schema":{"@context":"https:\/\/schema.org","@graph":[{"@type":"WebPage","@id":"https:\/\/www.neuro-concept.ca\/fr\/traitements-adaptes\/posture-et-mobilite\/readaptation-marche\/","url":"https:\/\/www.neuro-concept.ca\/fr\/traitements-adaptes\/posture-et-mobilite\/readaptation-marche\/","name":"R\u00e9apprendre \u00e0 marcher | Neuro-Concept","isPartOf":{"@id":"https:\/\/www.neuro-concept.ca\/fr\/#website"},"primaryImageOfPage":{"@id":"https:\/\/www.neuro-concept.ca\/fr\/traitements-adaptes\/posture-et-mobilite\/readaptation-marche\/#primaryimage"},"image":{"@id":"https:\/\/www.neuro-concept.ca\/fr\/traitements-adaptes\/posture-et-mobilite\/readaptation-marche\/#primaryimage"},"thumbnailUrl":"https:\/\/www.neuro-concept.ca\/wp-content\/uploads\/2025\/05\/parcours-obstacle-neuro-700x568.jpg","datePublished":"2019-04-04T14:09:47+00:00","dateModified":"2025-05-27T18:42:14+00:00","description":"Vous avez des difficult\u00e9s \u00e0 marcher ? \u00c9valuation personnalis\u00e9e, exercices cibl\u00e9s et technologies de pointe pour retrouver mobilit\u00e9 et autonomie.","breadcrumb":{"@id":"https:\/\/www.neuro-concept.ca\/fr\/traitements-adaptes\/posture-et-mobilite\/readaptation-marche\/#breadcrumb"},"inLanguage":"fr-ca","potentialAction":[{"@type":"ReadAction","target":["https:\/\/www.neuro-concept.ca\/fr\/traitements-adaptes\/posture-et-mobilite\/readaptation-marche\/"]}]},{"@type":"ImageObject","inLanguage":"fr-ca","@id":"https:\/\/www.neuro-concept.ca\/fr\/traitements-adaptes\/posture-et-mobilite\/readaptation-marche\/#primaryimage","url":"https:\/\/www.neuro-concept.ca\/wp-content\/uploads\/2025\/05\/parcours-obstacle-neuro-700x568.jpg","contentUrl":"https:\/\/www.neuro-concept.ca\/wp-content\/uploads\/2025\/05\/parcours-obstacle-neuro-700x568.jpg"},{"@type":"BreadcrumbList","@id":"https:\/\/www.neuro-concept.ca\/fr\/traitements-adaptes\/posture-et-mobilite\/readaptation-marche\/#breadcrumb","itemListElement":[{"@type":"ListItem","position":1,"name":"Home","item":"https:\/\/www.neuro-concept.ca\/fr\/"},{"@type":"ListItem","position":2,"name":"Nos traitements adapt\u00e9s","item":"https:\/\/www.neuro-concept.ca\/fr\/traitements-adaptes\/"},{"@type":"ListItem","position":3,"name":"Posture et mobilit\u00e9","item":"https:\/\/www.neuro-concept.ca\/fr\/traitements-adaptes\/posture-et-mobilite\/"},{"@type":"ListItem","position":4,"name":"R\u00e9apprendre \u00e0 marcher"}]},{"@type":"WebSite","@id":"https:\/\/www.neuro-concept.ca\/fr\/#website","url":"https:\/\/www.neuro-concept.ca\/fr\/","name":"Neuro-Concept - Centre de r\u00e9adaptation neurologique","description":"La sant\u00e9 - \u00c0 la port\u00e9e de tous","publisher":{"@id":"https:\/\/www.neuro-concept.ca\/fr\/#organization"},"potentialAction":[{"@type":"SearchAction","target":{"@type":"EntryPoint","urlTemplate":"https:\/\/www.neuro-concept.ca\/fr\/?s={search_term_string}"},"query-input":{"@type":"PropertyValueSpecification","valueRequired":true,"valueName":"search_term_string"}}],"inLanguage":"fr-ca"},{"@type":"Organization","@id":"https:\/\/www.neuro-concept.ca\/fr\/#organization","name":"Neuro-Concept","url":"https:\/\/www.neuro-concept.ca\/fr\/","logo":{"@type":"ImageObject","inLanguage":"fr-ca","@id":"https:\/\/www.neuro-concept.ca\/fr\/#\/schema\/logo\/image\/","url":"https:\/\/www.neuro-concept.ca\/wp-content\/uploads\/2019\/07\/favicon-1.png","contentUrl":"https:\/\/www.neuro-concept.ca\/wp-content\/uploads\/2019\/07\/favicon-1.png","width":330,"height":330,"caption":"Neuro-Concept"},"image":{"@id":"https:\/\/www.neuro-concept.ca\/fr\/#\/schema\/logo\/image\/"},"sameAs":["https:\/\/www.facebook.com\/neuroconcept","https:\/\/x.com\/NeuroConcept","https:\/\/www.instagram.com\/neuroconcept.rehab\/","https:\/\/twitter.com\/NeuroConcept"]}]}},"_links":{"self":[{"href":"https:\/\/www.neuro-concept.ca\/fr\/wp-json\/wp\/v2\/pages\/5260","targetHints":{"allow":["GET"]}}],"collection":[{"href":"https:\/\/www.neuro-concept.ca\/fr\/wp-json\/wp\/v2\/pages"}],"about":[{"href":"https:\/\/www.neuro-concept.ca\/fr\/wp-json\/wp\/v2\/types\/page"}],"author":[{"embeddable":true,"href":"https:\/\/www.neuro-concept.ca\/fr\/wp-json\/wp\/v2\/users\/1"}],"replies":[{"embeddable":true,"href":"https:\/\/www.neuro-concept.ca\/fr\/wp-json\/wp\/v2\/comments?post=5260"}],"version-history":[{"count":44,"href":"https:\/\/www.neuro-concept.ca\/fr\/wp-json\/wp\/v2\/pages\/5260\/revisions"}],"predecessor-version":[{"id":12565,"href":"https:\/\/www.neuro-concept.ca\/fr\/wp-json\/wp\/v2\/pages\/5260\/revisions\/12565"}],"up":[{"embeddable":true,"href":"https:\/\/www.neuro-concept.ca\/fr\/wp-json\/wp\/v2\/pages\/6759"}],"wp:attachment":[{"href":"https:\/\/www.neuro-concept.ca\/fr\/wp-json\/wp\/v2\/media?parent=5260"}],"curies":[{"name":"wp","href":"https:\/\/api.w.org\/{rel}","templated":true}]}}