{"id":5258,"date":"2019-04-04T09:17:43","date_gmt":"2019-04-04T14:17:43","guid":{"rendered":"https:\/\/www.neuro-concept.ca\/?page_id=5258"},"modified":"2025-06-04T17:30:18","modified_gmt":"2025-06-04T21:30:18","slug":"pied-tombant","status":"publish","type":"page","link":"https:\/\/www.neuro-concept.ca\/fr\/traitements-adaptes\/posture-et-mobilite\/pied-tombant\/","title":{"rendered":"Pied tombant"},"content":{"rendered":"\t\t<div data-elementor-type=\"wp-post\" data-elementor-id=\"5258\" class=\"elementor elementor-5258\">\n\t\t\t\t\t\t<section class=\"elementor-section elementor-top-section elementor-element elementor-element-0a0ed5d elementor-section-boxed elementor-section-height-default elementor-section-height-default\" data-id=\"0a0ed5d\" data-element_type=\"section\" data-e-type=\"section\">\n\t\t\t\t\t\t<div class=\"elementor-container elementor-column-gap-default\">\n\t\t\t\t\t<div class=\"elementor-column elementor-col-100 elementor-top-column elementor-element elementor-element-9f56c59\" data-id=\"9f56c59\" data-element_type=\"column\" data-e-type=\"column\">\n\t\t\t<div class=\"elementor-widget-wrap elementor-element-populated\">\n\t\t\t\t\t\t<div class=\"elementor-element elementor-element-2eedf77 elementor-widget elementor-widget-heading\" data-id=\"2eedf77\" data-element_type=\"widget\" data-e-type=\"widget\" data-widget_type=\"heading.default\">\n\t\t\t\t<div class=\"elementor-widget-container\">\n\t\t\t\t\t<h2 class=\"elementor-heading-title elementor-size-default\">\ud83e\uddb6Traitement pied tombant: Retrouvez mobilit\u00e9, confort et autonomie gr\u00e2ce \u00e0 notre approche personnalis\u00e9e.<\/h2>\t\t\t\t<\/div>\n\t\t\t\t<\/div>\n\t\t\t\t\t<\/div>\n\t\t<\/div>\n\t\t\t\t\t<\/div>\n\t\t<\/section>\n\t\t\t\t<section class=\"elementor-section elementor-top-section elementor-element elementor-element-5c810b8 elementor-section-boxed elementor-section-height-default elementor-section-height-default\" data-id=\"5c810b8\" data-element_type=\"section\" data-e-type=\"section\">\n\t\t\t\t\t\t<div class=\"elementor-container elementor-column-gap-default\">\n\t\t\t\t\t<div class=\"elementor-column elementor-col-66 elementor-top-column elementor-element elementor-element-c8e3815\" data-id=\"c8e3815\" data-element_type=\"column\" data-e-type=\"column\">\n\t\t\t<div class=\"elementor-widget-wrap elementor-element-populated\">\n\t\t\t\t\t\t<div class=\"elementor-element elementor-element-bc0d124 elementor-widget elementor-widget-heading\" data-id=\"bc0d124\" data-element_type=\"widget\" data-e-type=\"widget\" data-widget_type=\"heading.default\">\n\t\t\t\t<div class=\"elementor-widget-container\">\n\t\t\t\t\t<h3 class=\"elementor-heading-title elementor-size-default\">\ud83e\udde0Comprendre le pied tombant<\/h3>\t\t\t\t<\/div>\n\t\t\t\t<\/div>\n\t\t\t\t<div class=\"elementor-element elementor-element-8322e6b elementor-widget elementor-widget-text-editor\" data-id=\"8322e6b\" data-element_type=\"widget\" data-e-type=\"widget\" data-widget_type=\"text-editor.default\">\n\t\t\t\t<div class=\"elementor-widget-container\">\n\t\t\t\t\t\t\t\t\t<p data-start=\"290\" data-end=\"458\">Le <strong data-start=\"293\" data-end=\"309\">pied tombant<\/strong> est une condition caus\u00e9e par une faiblesse ou une paralysie des muscles qui permettent de relever le pied. Les causes les plus fr\u00e9quentes incluent :<\/p><ul><li data-start=\"462\" data-end=\"492\">Compression du nerf p\u00e9ronier<\/li><li data-start=\"462\" data-end=\"492\">Effets secondaires du diab\u00e8te ou de la chimioth\u00e9rapie<\/li><li data-start=\"462\" data-end=\"492\">Nerf pinc\u00e9 dans le bas du dos<\/li><li data-start=\"462\" data-end=\"492\"><a href=\"https:\/\/www.neuro-concept.ca\/fr\/conditions-neurologiques\/accident-vasculaire-cerebral-avc\/\">accident vasculaire c\u00e9r\u00e9bral<\/a>\u00a0 (AVC)<\/li><li data-start=\"462\" data-end=\"492\"><a href=\"https:\/\/www.neuro-concept.ca\/fr\/conditions-neurologiques\/sclerose-en-plaques\/\">scl\u00e9rose en plaques<\/a> (SEP).<\/li><\/ul><p data-start=\"649\" data-end=\"930\">Selon son origine, le pied tombant peut \u00eatre temporaire ou permanent. Il augmente les risques de chute, diminue l\u2019endurance et ralentit la marche. Certaines personnes d\u00e9veloppent des strat\u00e9gies compensatoires, comme une \u00e9l\u00e9vation exag\u00e9r\u00e9e de la jambe ou des mouvements circulaires.<\/p>\t\t\t\t\t\t\t\t<\/div>\n\t\t\t\t<\/div>\n\t\t\t\t\t<\/div>\n\t\t<\/div>\n\t\t\t\t<div class=\"elementor-column elementor-col-33 elementor-top-column elementor-element elementor-element-e3d6d78\" data-id=\"e3d6d78\" data-element_type=\"column\" data-e-type=\"column\">\n\t\t\t<div class=\"elementor-widget-wrap elementor-element-populated\">\n\t\t\t\t\t\t<div class=\"elementor-element elementor-element-088a6df elementor-widget elementor-widget-video\" data-id=\"088a6df\" data-element_type=\"widget\" data-e-type=\"widget\" data-settings=\"{&quot;youtube_url&quot;:&quot;https:\\\/\\\/www.youtube.com\\\/watch?v=cwZYuVB595Q&amp;feature=youtu.be&quot;,&quot;video_type&quot;:&quot;youtube&quot;,&quot;controls&quot;:&quot;yes&quot;}\" data-widget_type=\"video.default\">\n\t\t\t\t<div class=\"elementor-widget-container\">\n\t\t\t\t\t\t\t<div class=\"elementor-wrapper elementor-open-inline\">\n\t\t\t<div class=\"elementor-video\"><\/div>\t\t<\/div>\n\t\t\t\t\t\t<\/div>\n\t\t\t\t<\/div>\n\t\t\t\t\t<\/div>\n\t\t<\/div>\n\t\t\t\t\t<\/div>\n\t\t<\/section>\n\t\t\t\t<section class=\"elementor-section elementor-top-section elementor-element elementor-element-a2b78c6 elementor-section-boxed elementor-section-height-default elementor-section-height-default\" data-id=\"a2b78c6\" data-element_type=\"section\" data-e-type=\"section\">\n\t\t\t\t\t\t<div class=\"elementor-container elementor-column-gap-default\">\n\t\t\t\t\t<div class=\"elementor-column elementor-col-66 elementor-top-column elementor-element elementor-element-f44b81c\" data-id=\"f44b81c\" data-element_type=\"column\" data-e-type=\"column\">\n\t\t\t<div class=\"elementor-widget-wrap elementor-element-populated\">\n\t\t\t\t\t\t<div class=\"elementor-element elementor-element-89b497d elementor-widget elementor-widget-heading\" data-id=\"89b497d\" data-element_type=\"widget\" data-e-type=\"widget\" data-widget_type=\"heading.default\">\n\t\t\t\t<div class=\"elementor-widget-container\">\n\t\t\t\t\t<h3 class=\"elementor-heading-title elementor-size-default\">\u2699\ufe0fNotre approche th\u00e9rapeutique<\/h3>\t\t\t\t<\/div>\n\t\t\t\t<\/div>\n\t\t\t\t<div class=\"elementor-element elementor-element-7e2f31f elementor-widget elementor-widget-text-editor\" data-id=\"7e2f31f\" data-element_type=\"widget\" data-e-type=\"widget\" data-widget_type=\"text-editor.default\">\n\t\t\t\t<div class=\"elementor-widget-container\">\n\t\t\t\t\t\t\t\t\t<p data-start=\"971\" data-end=\"1160\">Chez <strong data-start=\"976\" data-end=\"993\">Neuro-Concept<\/strong>, nous combinons le <strong data-start=\"1013\" data-end=\"1064\">r\u00e9entra\u00eenement des muscles fl\u00e9chisseurs dorsaux<\/strong> avec des protocoles de <a href=\"https:\/\/www.neuro-concept.ca\/fr\/les-technologies-readaptation\/stimulation-electrique-fonctionnelle\/\"><strong data-start=\"1088\" data-end=\"1128\">stimulation \u00e9lectrique fonctionnelle<\/strong><\/a> pour optimiser la r\u00e9cup\u00e9ration.<\/p><p data-start=\"1162\" data-end=\"1327\">Les appareils de stimulation envoient de l\u00e9g\u00e8res impulsions \u00e9lectriques aux muscles de la cheville, favorisant un mouvement plus naturel et fluide lors de la marche.<\/p><p data-start=\"1329\" data-end=\"1629\">En parall\u00e8le, des <strong data-start=\"1347\" data-end=\"1408\">exercices de renforcement musculaire et de proprioception<\/strong> permettent d&#8217;am\u00e9liorer le contr\u00f4le moteur. Gr\u00e2ce \u00e0 cette approche, il est parfois possible de passer d\u2019un appareillage statique contraignant \u00e0 une solution plus dynamique, favorisant une plus grande libert\u00e9 de mouvement.<\/p>\t\t\t\t\t\t\t\t<\/div>\n\t\t\t\t<\/div>\n\t\t\t\t<div class=\"elementor-element elementor-element-394de1f elementor-widget elementor-widget-heading\" data-id=\"394de1f\" data-element_type=\"widget\" data-e-type=\"widget\" data-widget_type=\"heading.default\">\n\t\t\t\t<div class=\"elementor-widget-container\">\n\t\t\t\t\t<h3 class=\"elementor-heading-title elementor-size-default\">\ud83d\udd0bTechnologies de r\u00e9troaction<\/h3>\t\t\t\t<\/div>\n\t\t\t\t<\/div>\n\t\t\t\t<div class=\"elementor-element elementor-element-24f0d41 elementor-widget elementor-widget-text-editor\" data-id=\"24f0d41\" data-element_type=\"widget\" data-e-type=\"widget\" data-widget_type=\"text-editor.default\">\n\t\t\t\t<div class=\"elementor-widget-container\">\n\t\t\t\t\t\t\t\t\t<p data-start=\"1669\" data-end=\"1962\">Lorsque la sensibilit\u00e9 est alt\u00e9r\u00e9e, l\u2019utilisation de <strong data-start=\"1722\" data-end=\"1753\">technologies de r\u00e9troaction<\/strong> peut jouer un r\u00f4le cl\u00e9 dans la r\u00e9\u00e9ducation. Ces outils fournissent des informations en temps r\u00e9el sur la qualit\u00e9 des gestes effectu\u00e9s, aidant ainsi \u00e0 guider le mouvement et \u00e0 renforcer l\u2019apprentissage moteur.<\/p><p data-start=\"1964\" data-end=\"2022\">Parmi les outils disponibles au centre <strong data-start=\"2003\" data-end=\"2020\">Neuro-Concept<\/strong> :<\/p><ul><li data-start=\"2026\" data-end=\"2043\"><a href=\"https:\/\/www.neuro-concept.ca\/fr\/les-technologies-readaptation\/robots-dentrainement-de-la-marche\/systeme-robotise-avec-support-de-poids\/\"><strong data-start=\"2026\" data-end=\"2041\">G-EO System<\/strong><\/a><\/li><li data-start=\"2026\" data-end=\"2043\"><a href=\"https:\/\/www.neuro-concept.ca\/fr\/les-technologies-readaptation\/kinesim\/\"><strong data-start=\"2046\" data-end=\"2058\">KIN\u00c9-SIM<\/strong><\/a><\/li><\/ul><p data-start=\"2060\" data-end=\"2215\">Ces \u00e9quipements permettent une r\u00e9troaction pr\u00e9cise des mouvements de la cheville et sont utilis\u00e9s sous la supervision de nos physioth\u00e9rapeutes sp\u00e9cialis\u00e9s.<\/p>\t\t\t\t\t\t\t\t<\/div>\n\t\t\t\t<\/div>\n\t\t\t\t\t<\/div>\n\t\t<\/div>\n\t\t\t\t<div class=\"elementor-column elementor-col-33 elementor-top-column elementor-element elementor-element-022656b\" data-id=\"022656b\" data-element_type=\"column\" data-e-type=\"column\">\n\t\t\t<div class=\"elementor-widget-wrap elementor-element-populated\">\n\t\t\t\t\t\t<div class=\"elementor-element elementor-element-a438a22 elementor-widget elementor-widget-video\" data-id=\"a438a22\" data-element_type=\"widget\" data-e-type=\"widget\" data-settings=\"{&quot;youtube_url&quot;:&quot;https:\\\/\\\/www.youtube.com\\\/shorts\\\/TWPDPjhfwVw?feature=share&quot;,&quot;video_type&quot;:&quot;youtube&quot;,&quot;controls&quot;:&quot;yes&quot;}\" data-widget_type=\"video.default\">\n\t\t\t\t<div class=\"elementor-widget-container\">\n\t\t\t\t\t\t\t<div class=\"elementor-wrapper elementor-open-inline\">\n\t\t\t<div class=\"elementor-video\"><\/div>\t\t<\/div>\n\t\t\t\t\t\t<\/div>\n\t\t\t\t<\/div>\n\t\t\t\t\t<\/div>\n\t\t<\/div>\n\t\t\t\t\t<\/div>\n\t\t<\/section>\n\t\t\t\t<section class=\"elementor-section elementor-top-section elementor-element elementor-element-2c273f6 elementor-section-boxed elementor-section-height-default elementor-section-height-default\" data-id=\"2c273f6\" data-element_type=\"section\" data-e-type=\"section\">\n\t\t\t\t\t\t<div class=\"elementor-container elementor-column-gap-default\">\n\t\t\t\t\t<div class=\"elementor-column elementor-col-66 elementor-top-column elementor-element elementor-element-c402588\" data-id=\"c402588\" data-element_type=\"column\" data-e-type=\"column\">\n\t\t\t<div class=\"elementor-widget-wrap elementor-element-populated\">\n\t\t\t\t\t\t<div class=\"elementor-element elementor-element-af944d1 elementor-widget elementor-widget-heading\" data-id=\"af944d1\" data-element_type=\"widget\" data-e-type=\"widget\" data-widget_type=\"heading.default\">\n\t\t\t\t<div class=\"elementor-widget-container\">\n\t\t\t\t\t<h3 class=\"elementor-heading-title elementor-size-default\">\ud83e\uddbeOrth\u00e8ses personnalis\u00e9es<\/h3>\t\t\t\t<\/div>\n\t\t\t\t<\/div>\n\t\t\t\t<div class=\"elementor-element elementor-element-7230af5 elementor-widget elementor-widget-text-editor\" data-id=\"7230af5\" data-element_type=\"widget\" data-e-type=\"widget\" data-widget_type=\"text-editor.default\">\n\t\t\t\t<div class=\"elementor-widget-container\">\n\t\t\t\t\t\t\t\t\t<p data-start=\"2251\" data-end=\"2392\">Une <strong data-start=\"2255\" data-end=\"2266\">orth\u00e8se<\/strong> peut \u00eatre n\u00e9cessaire pour soutenir le pied durant la marche. Il en existe plusieurs types, selon les besoins de la personne :<\/p><ul><li data-start=\"2396\" data-end=\"2478\"><strong data-start=\"2396\" data-end=\"2418\">Orth\u00e8ses statiques<\/strong> : pr\u00e9-moul\u00e9es ou moul\u00e9es sur mesure, g\u00e9n\u00e9ralement rigides<\/li><li data-start=\"2396\" data-end=\"2478\"><strong data-start=\"2481\" data-end=\"2518\">Orth\u00e8ses articul\u00e9es ou dynamiques<\/strong> : int\u00e9grant un principe de ressort pour favoriser le mouvement naturel de la cheville<\/li><\/ul><p data-start=\"2606\" data-end=\"2782\">Certaines orth\u00e8ses peuvent \u00eatre <strong data-start=\"2638\" data-end=\"2706\">rembours\u00e9es par la RAMQ (R\u00e9gie de l\u2019assurance maladie du Qu\u00e9bec)<\/strong>, lorsqu&#8217;elles sont prescrites par un m\u00e9decin sp\u00e9cialiste (ex. : physiatre).<\/p><p data-start=\"2784\" data-end=\"3167\">\ud83e\udd1dChez <strong data-start=\"2789\" data-end=\"2806\">Neuro-Concept<\/strong>, nos physioth\u00e9rapeutes et nos physiatres vous accompagnent \u00e0 chaque \u00e9tape. Ensuite, un de nos partenaires orth\u00e9siste proc\u00e9dera aux mesures ou au moulage. Vous b\u00e9n\u00e9ficiez ainsi d\u2019un suivi complet, de l\u2019\u00e9valuation \u00e0 la mise en place de la solution.<\/p>\t\t\t\t\t\t\t\t<\/div>\n\t\t\t\t<\/div>\n\t\t\t\t\t<\/div>\n\t\t<\/div>\n\t\t\t\t<div class=\"elementor-column elementor-col-33 elementor-top-column elementor-element elementor-element-e4c1c65\" data-id=\"e4c1c65\" data-element_type=\"column\" data-e-type=\"column\">\n\t\t\t<div class=\"elementor-widget-wrap elementor-element-populated\">\n\t\t\t\t\t\t<div class=\"elementor-element elementor-element-b7ba5ce elementor-widget elementor-widget-video\" data-id=\"b7ba5ce\" data-element_type=\"widget\" data-e-type=\"widget\" data-settings=\"{&quot;youtube_url&quot;:&quot;https:\\\/\\\/www.youtube.com\\\/shorts\\\/bUiWhIdV_Cs?feature=share&quot;,&quot;video_type&quot;:&quot;youtube&quot;,&quot;controls&quot;:&quot;yes&quot;}\" data-widget_type=\"video.default\">\n\t\t\t\t<div class=\"elementor-widget-container\">\n\t\t\t\t\t\t\t<div class=\"elementor-wrapper elementor-open-inline\">\n\t\t\t<div class=\"elementor-video\"><\/div>\t\t<\/div>\n\t\t\t\t\t\t<\/div>\n\t\t\t\t<\/div>\n\t\t\t\t\t<\/div>\n\t\t<\/div>\n\t\t\t\t\t<\/div>\n\t\t<\/section>\n\t\t\t\t<section class=\"elementor-section elementor-top-section elementor-element elementor-element-fba8857 elementor-section-height-min-height elementor-section-stretched elementor-section-boxed elementor-section-height-default elementor-section-items-middle\" data-id=\"fba8857\" data-element_type=\"section\" data-e-type=\"section\" data-settings=\"{&quot;stretch_section&quot;:&quot;section-stretched&quot;,&quot;background_background&quot;:&quot;classic&quot;}\">\n\t\t\t\t\t\t<div class=\"elementor-container elementor-column-gap-default\">\n\t\t\t\t\t<div class=\"elementor-column elementor-col-100 elementor-top-column elementor-element elementor-element-e19f335\" data-id=\"e19f335\" data-element_type=\"column\" data-e-type=\"column\">\n\t\t\t<div class=\"elementor-widget-wrap elementor-element-populated\">\n\t\t\t\t\t\t<div class=\"elementor-element elementor-element-e27d39e elementor-widget elementor-widget-text-editor\" data-id=\"e27d39e\" data-element_type=\"widget\" data-e-type=\"widget\" data-widget_type=\"text-editor.default\">\n\t\t\t\t<div class=\"elementor-widget-container\">\n\t\t\t\t\t\t\t\t\t<p data-start=\"3194\" data-end=\"3278\">Vous ou un proche souffrez de pied tombant ?<br data-start=\"3238\" data-end=\"3241\" \/><strong data-start=\"3241\" data-end=\"3276\">Nous sommes l\u00e0 pour vous aider.<\/strong><\/p>\t\t\t\t\t\t\t\t<\/div>\n\t\t\t\t<\/div>\n\t\t\t\t<div class=\"elementor-element elementor-element-53a6ebc elementor-align-center elementor-widget elementor-widget-button\" data-id=\"53a6ebc\" data-element_type=\"widget\" data-e-type=\"widget\" data-widget_type=\"button.default\">\n\t\t\t\t<div class=\"elementor-widget-container\">\n\t\t\t\t\t\t\t\t\t<div class=\"elementor-button-wrapper\">\n\t\t\t\t\t<a class=\"elementor-button elementor-button-link elementor-size-sm\" href=\"https:\/\/www.neuro-concept.ca\/fr\/contact-neuro\/\">\n\t\t\t\t\t\t<span class=\"elementor-button-content-wrapper\">\n\t\t\t\t\t\t\t\t\t<span class=\"elementor-button-text\">Contactez-nous<\/span>\n\t\t\t\t\t<\/span>\n\t\t\t\t\t<\/a>\n\t\t\t\t<\/div>\n\t\t\t\t\t\t\t\t<\/div>\n\t\t\t\t<\/div>\n\t\t\t\t\t<\/div>\n\t\t<\/div>\n\t\t\t\t\t<\/div>\n\t\t<\/section>\n\t\t\t\t<\/div>\n\t\t","protected":false},"excerpt":{"rendered":"<p>\ud83e\uddb6Traitement pied tombant: Retrouvez mobilit\u00e9, confort et autonomie gr\u00e2ce \u00e0 notre approche personnalis\u00e9e. \ud83e\udde0Comprendre le pied tombant Le pied tombant est une condition caus\u00e9e par une faiblesse ou une paralysie des muscles qui permettent de relever le pied. Les causes les plus fr\u00e9quentes incluent : Compression du nerf p\u00e9ronier Effets secondaires du diab\u00e8te ou de&#8230;<\/p>\n","protected":false},"author":1,"featured_media":0,"parent":6759,"menu_order":0,"comment_status":"closed","ping_status":"closed","template":"","meta":{"_monsterinsights_skip_tracking":false,"_monsterinsights_sitenote_active":false,"_monsterinsights_sitenote_note":"","_monsterinsights_sitenote_category":0,"footnotes":""},"class_list":["post-5258","page","type-page","status-publish","hentry"],"yoast_head":"<!-- This site is optimized with the Yoast SEO plugin v27.5 - https:\/\/yoast.com\/product\/yoast-seo-wordpress\/ -->\n<title>Traitement pour pied tombant | Neuro-Concept | r\u00e9adaptation<\/title>\n<meta name=\"description\" content=\"D\u00e9couvrez les solutions de Neuro-Concept pour le pied tombant : th\u00e9rapie, stimulation \u00e9lectrique, orth\u00e8ses, et technologies innovantes.\" \/>\n<meta name=\"robots\" content=\"index, follow, max-snippet:-1, max-image-preview:large, max-video-preview:-1\" \/>\n<link rel=\"canonical\" href=\"https:\/\/www.neuro-concept.ca\/fr\/traitements-adaptes\/posture-et-mobilite\/pied-tombant\/\" \/>\n<meta property=\"og:locale\" content=\"fr_FR\" \/>\n<meta property=\"og:type\" content=\"article\" \/>\n<meta property=\"og:title\" content=\"Traitement pour pied tombant | Neuro-Concept | r\u00e9adaptation\" \/>\n<meta property=\"og:description\" content=\"D\u00e9couvrez les solutions de Neuro-Concept pour le pied tombant : th\u00e9rapie, stimulation \u00e9lectrique, orth\u00e8ses, et technologies innovantes.\" \/>\n<meta property=\"og:url\" content=\"https:\/\/www.neuro-concept.ca\/fr\/traitements-adaptes\/posture-et-mobilite\/pied-tombant\/\" \/>\n<meta property=\"og:site_name\" content=\"Neuro-Concept - Centre de r\u00e9adaptation neurologique\" \/>\n<meta property=\"article:publisher\" content=\"https:\/\/www.facebook.com\/neuroconcept\" \/>\n<meta property=\"article:modified_time\" content=\"2025-06-04T21:30:18+00:00\" \/>\n<meta property=\"og:image\" content=\"https:\/\/www.neuro-concept.ca\/wp-content\/uploads\/2014\/12\/G_EO_System_Basi_4f47644ee9c28.jpg\" \/>\n\t<meta property=\"og:image:width\" content=\"300\" \/>\n\t<meta property=\"og:image:height\" content=\"200\" \/>\n\t<meta property=\"og:image:type\" content=\"image\/jpeg\" \/>\n<meta name=\"twitter:card\" content=\"summary_large_image\" \/>\n<meta name=\"twitter:site\" content=\"@NeuroConcept\" \/>\n<script type=\"application\/ld+json\" class=\"yoast-schema-graph\">{\"@context\":\"https:\\\/\\\/schema.org\",\"@graph\":[{\"@type\":\"WebPage\",\"@id\":\"https:\\\/\\\/www.neuro-concept.ca\\\/fr\\\/traitements-adaptes\\\/posture-et-mobilite\\\/pied-tombant\\\/\",\"url\":\"https:\\\/\\\/www.neuro-concept.ca\\\/fr\\\/traitements-adaptes\\\/posture-et-mobilite\\\/pied-tombant\\\/\",\"name\":\"Traitement pour pied tombant | Neuro-Concept | r\u00e9adaptation\",\"isPartOf\":{\"@id\":\"https:\\\/\\\/www.neuro-concept.ca\\\/fr\\\/#website\"},\"datePublished\":\"2019-04-04T14:17:43+00:00\",\"dateModified\":\"2025-06-04T21:30:18+00:00\",\"description\":\"D\u00e9couvrez les solutions de Neuro-Concept pour le pied tombant : th\u00e9rapie, stimulation \u00e9lectrique, orth\u00e8ses, et technologies innovantes.\",\"breadcrumb\":{\"@id\":\"https:\\\/\\\/www.neuro-concept.ca\\\/fr\\\/traitements-adaptes\\\/posture-et-mobilite\\\/pied-tombant\\\/#breadcrumb\"},\"inLanguage\":\"fr-ca\",\"potentialAction\":[{\"@type\":\"ReadAction\",\"target\":[\"https:\\\/\\\/www.neuro-concept.ca\\\/fr\\\/traitements-adaptes\\\/posture-et-mobilite\\\/pied-tombant\\\/\"]}]},{\"@type\":\"BreadcrumbList\",\"@id\":\"https:\\\/\\\/www.neuro-concept.ca\\\/fr\\\/traitements-adaptes\\\/posture-et-mobilite\\\/pied-tombant\\\/#breadcrumb\",\"itemListElement\":[{\"@type\":\"ListItem\",\"position\":1,\"name\":\"Home\",\"item\":\"https:\\\/\\\/www.neuro-concept.ca\\\/fr\\\/\"},{\"@type\":\"ListItem\",\"position\":2,\"name\":\"Nos traitements adapt\u00e9s\",\"item\":\"https:\\\/\\\/www.neuro-concept.ca\\\/fr\\\/traitements-adaptes\\\/\"},{\"@type\":\"ListItem\",\"position\":3,\"name\":\"Posture et mobilit\u00e9\",\"item\":\"https:\\\/\\\/www.neuro-concept.ca\\\/fr\\\/traitements-adaptes\\\/posture-et-mobilite\\\/\"},{\"@type\":\"ListItem\",\"position\":4,\"name\":\"Pied tombant\"}]},{\"@type\":\"WebSite\",\"@id\":\"https:\\\/\\\/www.neuro-concept.ca\\\/fr\\\/#website\",\"url\":\"https:\\\/\\\/www.neuro-concept.ca\\\/fr\\\/\",\"name\":\"Neuro-Concept - Centre de r\u00e9adaptation neurologique\",\"description\":\"La sant\u00e9 - \u00c0 la port\u00e9e de tous\",\"publisher\":{\"@id\":\"https:\\\/\\\/www.neuro-concept.ca\\\/fr\\\/#organization\"},\"potentialAction\":[{\"@type\":\"SearchAction\",\"target\":{\"@type\":\"EntryPoint\",\"urlTemplate\":\"https:\\\/\\\/www.neuro-concept.ca\\\/fr\\\/?s={search_term_string}\"},\"query-input\":{\"@type\":\"PropertyValueSpecification\",\"valueRequired\":true,\"valueName\":\"search_term_string\"}}],\"inLanguage\":\"fr-ca\"},{\"@type\":\"Organization\",\"@id\":\"https:\\\/\\\/www.neuro-concept.ca\\\/fr\\\/#organization\",\"name\":\"Neuro-Concept\",\"url\":\"https:\\\/\\\/www.neuro-concept.ca\\\/fr\\\/\",\"logo\":{\"@type\":\"ImageObject\",\"inLanguage\":\"fr-ca\",\"@id\":\"https:\\\/\\\/www.neuro-concept.ca\\\/fr\\\/#\\\/schema\\\/logo\\\/image\\\/\",\"url\":\"https:\\\/\\\/www.neuro-concept.ca\\\/wp-content\\\/uploads\\\/2019\\\/07\\\/favicon-1.png\",\"contentUrl\":\"https:\\\/\\\/www.neuro-concept.ca\\\/wp-content\\\/uploads\\\/2019\\\/07\\\/favicon-1.png\",\"width\":330,\"height\":330,\"caption\":\"Neuro-Concept\"},\"image\":{\"@id\":\"https:\\\/\\\/www.neuro-concept.ca\\\/fr\\\/#\\\/schema\\\/logo\\\/image\\\/\"},\"sameAs\":[\"https:\\\/\\\/www.facebook.com\\\/neuroconcept\",\"https:\\\/\\\/x.com\\\/NeuroConcept\",\"https:\\\/\\\/www.instagram.com\\\/neuroconcept.rehab\\\/\",\"https:\\\/\\\/twitter.com\\\/NeuroConcept\"]}]}<\/script>\n<!-- \/ Yoast SEO plugin. -->","yoast_head_json":{"title":"Traitement pour pied tombant | Neuro-Concept | r\u00e9adaptation","description":"D\u00e9couvrez les solutions de Neuro-Concept pour le pied tombant : th\u00e9rapie, stimulation \u00e9lectrique, orth\u00e8ses, et technologies innovantes.","robots":{"index":"index","follow":"follow","max-snippet":"max-snippet:-1","max-image-preview":"max-image-preview:large","max-video-preview":"max-video-preview:-1"},"canonical":"https:\/\/www.neuro-concept.ca\/fr\/traitements-adaptes\/posture-et-mobilite\/pied-tombant\/","og_locale":"fr_FR","og_type":"article","og_title":"Traitement pour pied tombant | Neuro-Concept | r\u00e9adaptation","og_description":"D\u00e9couvrez les solutions de Neuro-Concept pour le pied tombant : th\u00e9rapie, stimulation \u00e9lectrique, orth\u00e8ses, et technologies innovantes.","og_url":"https:\/\/www.neuro-concept.ca\/fr\/traitements-adaptes\/posture-et-mobilite\/pied-tombant\/","og_site_name":"Neuro-Concept - Centre de r\u00e9adaptation neurologique","article_publisher":"https:\/\/www.facebook.com\/neuroconcept","article_modified_time":"2025-06-04T21:30:18+00:00","og_image":[{"width":300,"height":200,"url":"https:\/\/www.neuro-concept.ca\/wp-content\/uploads\/2014\/12\/G_EO_System_Basi_4f47644ee9c28.jpg","type":"image\/jpeg"}],"twitter_card":"summary_large_image","twitter_site":"@NeuroConcept","schema":{"@context":"https:\/\/schema.org","@graph":[{"@type":"WebPage","@id":"https:\/\/www.neuro-concept.ca\/fr\/traitements-adaptes\/posture-et-mobilite\/pied-tombant\/","url":"https:\/\/www.neuro-concept.ca\/fr\/traitements-adaptes\/posture-et-mobilite\/pied-tombant\/","name":"Traitement pour pied tombant | Neuro-Concept | r\u00e9adaptation","isPartOf":{"@id":"https:\/\/www.neuro-concept.ca\/fr\/#website"},"datePublished":"2019-04-04T14:17:43+00:00","dateModified":"2025-06-04T21:30:18+00:00","description":"D\u00e9couvrez les solutions de Neuro-Concept pour le pied tombant : th\u00e9rapie, stimulation \u00e9lectrique, orth\u00e8ses, et technologies innovantes.","breadcrumb":{"@id":"https:\/\/www.neuro-concept.ca\/fr\/traitements-adaptes\/posture-et-mobilite\/pied-tombant\/#breadcrumb"},"inLanguage":"fr-ca","potentialAction":[{"@type":"ReadAction","target":["https:\/\/www.neuro-concept.ca\/fr\/traitements-adaptes\/posture-et-mobilite\/pied-tombant\/"]}]},{"@type":"BreadcrumbList","@id":"https:\/\/www.neuro-concept.ca\/fr\/traitements-adaptes\/posture-et-mobilite\/pied-tombant\/#breadcrumb","itemListElement":[{"@type":"ListItem","position":1,"name":"Home","item":"https:\/\/www.neuro-concept.ca\/fr\/"},{"@type":"ListItem","position":2,"name":"Nos traitements adapt\u00e9s","item":"https:\/\/www.neuro-concept.ca\/fr\/traitements-adaptes\/"},{"@type":"ListItem","position":3,"name":"Posture et mobilit\u00e9","item":"https:\/\/www.neuro-concept.ca\/fr\/traitements-adaptes\/posture-et-mobilite\/"},{"@type":"ListItem","position":4,"name":"Pied tombant"}]},{"@type":"WebSite","@id":"https:\/\/www.neuro-concept.ca\/fr\/#website","url":"https:\/\/www.neuro-concept.ca\/fr\/","name":"Neuro-Concept - Centre de r\u00e9adaptation neurologique","description":"La sant\u00e9 - \u00c0 la port\u00e9e de tous","publisher":{"@id":"https:\/\/www.neuro-concept.ca\/fr\/#organization"},"potentialAction":[{"@type":"SearchAction","target":{"@type":"EntryPoint","urlTemplate":"https:\/\/www.neuro-concept.ca\/fr\/?s={search_term_string}"},"query-input":{"@type":"PropertyValueSpecification","valueRequired":true,"valueName":"search_term_string"}}],"inLanguage":"fr-ca"},{"@type":"Organization","@id":"https:\/\/www.neuro-concept.ca\/fr\/#organization","name":"Neuro-Concept","url":"https:\/\/www.neuro-concept.ca\/fr\/","logo":{"@type":"ImageObject","inLanguage":"fr-ca","@id":"https:\/\/www.neuro-concept.ca\/fr\/#\/schema\/logo\/image\/","url":"https:\/\/www.neuro-concept.ca\/wp-content\/uploads\/2019\/07\/favicon-1.png","contentUrl":"https:\/\/www.neuro-concept.ca\/wp-content\/uploads\/2019\/07\/favicon-1.png","width":330,"height":330,"caption":"Neuro-Concept"},"image":{"@id":"https:\/\/www.neuro-concept.ca\/fr\/#\/schema\/logo\/image\/"},"sameAs":["https:\/\/www.facebook.com\/neuroconcept","https:\/\/x.com\/NeuroConcept","https:\/\/www.instagram.com\/neuroconcept.rehab\/","https:\/\/twitter.com\/NeuroConcept"]}]}},"_links":{"self":[{"href":"https:\/\/www.neuro-concept.ca\/fr\/wp-json\/wp\/v2\/pages\/5258","targetHints":{"allow":["GET"]}}],"collection":[{"href":"https:\/\/www.neuro-concept.ca\/fr\/wp-json\/wp\/v2\/pages"}],"about":[{"href":"https:\/\/www.neuro-concept.ca\/fr\/wp-json\/wp\/v2\/types\/page"}],"author":[{"embeddable":true,"href":"https:\/\/www.neuro-concept.ca\/fr\/wp-json\/wp\/v2\/users\/1"}],"replies":[{"embeddable":true,"href":"https:\/\/www.neuro-concept.ca\/fr\/wp-json\/wp\/v2\/comments?post=5258"}],"version-history":[{"count":30,"href":"https:\/\/www.neuro-concept.ca\/fr\/wp-json\/wp\/v2\/pages\/5258\/revisions"}],"predecessor-version":[{"id":12640,"href":"https:\/\/www.neuro-concept.ca\/fr\/wp-json\/wp\/v2\/pages\/5258\/revisions\/12640"}],"up":[{"embeddable":true,"href":"https:\/\/www.neuro-concept.ca\/fr\/wp-json\/wp\/v2\/pages\/6759"}],"wp:attachment":[{"href":"https:\/\/www.neuro-concept.ca\/fr\/wp-json\/wp\/v2\/media?parent=5258"}],"curies":[{"name":"wp","href":"https:\/\/api.w.org\/{rel}","templated":true}]}}