{"id":3103,"date":"2015-08-31T15:07:44","date_gmt":"2015-08-31T20:07:44","guid":{"rendered":"https:\/\/www.neuro-concept.ca\/?page_id=3103"},"modified":"2025-06-18T10:08:23","modified_gmt":"2025-06-18T14:08:23","slug":"lesion-medullaire","status":"publish","type":"page","link":"https:\/\/www.neuro-concept.ca\/fr\/readaptation-neurologique\/lesion-medullaire\/","title":{"rendered":"Parapl\u00e9gie et quadripl\u00e9gie"},"content":{"rendered":"\t\t<div data-elementor-type=\"wp-post\" data-elementor-id=\"3103\" class=\"elementor elementor-3103\">\n\t\t\t\t\t\t<section class=\"elementor-section elementor-top-section elementor-element elementor-element-d0bd5a1 elementor-section-boxed elementor-section-height-default elementor-section-height-default\" data-id=\"d0bd5a1\" data-element_type=\"section\" data-e-type=\"section\">\n\t\t\t\t\t\t<div class=\"elementor-container elementor-column-gap-default\">\n\t\t\t\t\t<div class=\"elementor-column elementor-col-100 elementor-top-column elementor-element elementor-element-30ccbd7\" data-id=\"30ccbd7\" data-element_type=\"column\" data-e-type=\"column\">\n\t\t\t<div class=\"elementor-widget-wrap elementor-element-populated\">\n\t\t\t\t\t\t<div class=\"elementor-element elementor-element-167567e elementor-widget elementor-widget-heading\" data-id=\"167567e\" data-element_type=\"widget\" data-e-type=\"widget\" data-widget_type=\"heading.default\">\n\t\t\t\t<div class=\"elementor-widget-container\">\n\t\t\t\t\t<h2 class=\"elementor-heading-title elementor-size-default\">\ud83e\udde0 R\u00e9adaptation neurologique pour personnes atteintes de l\u00e9sion m\u00e9dullaire (parapl\u00e9gie, t\u00e9trapl\u00e9gie)<\/h2>\t\t\t\t<\/div>\n\t\t\t\t<\/div>\n\t\t\t\t<div class=\"elementor-element elementor-element-5ffc21b elementor-widget elementor-widget-text-editor\" data-id=\"5ffc21b\" data-element_type=\"widget\" data-e-type=\"widget\" data-widget_type=\"text-editor.default\">\n\t\t\t\t<div class=\"elementor-widget-container\">\n\t\t\t\t\t\t\t\t\t<h4><strong><em>Une approche sp\u00e9cialis\u00e9e, humaine et fond\u00e9e sur la science<\/em><\/strong><\/h4>\t\t\t\t\t\t\t\t<\/div>\n\t\t\t\t<\/div>\n\t\t\t\t<div class=\"elementor-element elementor-element-2670fcc elementor-widget elementor-widget-heading\" data-id=\"2670fcc\" data-element_type=\"widget\" data-e-type=\"widget\" data-widget_type=\"heading.default\">\n\t\t\t\t<div class=\"elementor-widget-container\">\n\t\t\t\t\t<h2 class=\"elementor-heading-title elementor-size-default\">\ud83d\udd2c Comprendre la l\u00e9sion m\u00e9dullaire : une perspective neurophysiologique<\/h2>\t\t\t\t<\/div>\n\t\t\t\t<\/div>\n\t\t\t\t<div class=\"elementor-element elementor-element-f7ad68f elementor-widget elementor-widget-text-editor\" data-id=\"f7ad68f\" data-element_type=\"widget\" data-e-type=\"widget\" data-widget_type=\"text-editor.default\">\n\t\t\t\t<div class=\"elementor-widget-container\">\n\t\t\t\t\t\t\t\t\t<p data-start=\"694\" data-end=\"1026\">La l\u00e9sion de la moelle \u00e9pini\u00e8re (ou l\u00e9sion m\u00e9dullaire) est une atteinte neurologique grave qui interrompt partiellement ou compl\u00e8tement la transmission des signaux nerveux entre le cerveau et le reste du corps. Elle peut entra\u00eener une <strong data-start=\"929\" data-end=\"942\">paralysie<\/strong>, une <strong data-start=\"948\" data-end=\"970\">perte de sensation<\/strong>, et une <strong data-start=\"979\" data-end=\"1017\">alt\u00e9ration des fonctions autonomes<\/strong> vitales.<\/p><p data-start=\"694\" data-end=\"1026\">Qu\u2019elle soit <strong data-start=\"395\" data-end=\"474\">traumatique, vasculaire, d\u00e9g\u00e9n\u00e9rative, tumorale, infectieuse ou immunitaire, <\/strong>il peut y avoir une atteinte des membres inf\u00e9rieurs et du tronc (parapl\u00e9gie) ou des 4 membres et du tronc (t\u00e9trapl\u00e9gie). Lorsque la l\u00e9sion est incompl\u00e8te, <strong data-start=\"1894\" data-end=\"1908\">Incompl\u00e8te<\/strong> : certaines voies nerveuses sont pr\u00e9serv\u00e9es, permettant une r\u00e9cup\u00e9ration partielle.<\/p><p data-start=\"1028\" data-end=\"1277\">Chez <strong data-start=\"1033\" data-end=\"1050\">Neuro-Concept<\/strong>, notre mission est d&#8217;accompagner les personnes vivant avec ce type de l\u00e9sion \u00e0 travers une <strong data-start=\"1142\" data-end=\"1204\">approche scientifique, une prise en charge hautement sp\u00e9cialis\u00e9e, personnalis\u00e9e et interdisciplinaire<\/strong>, centr\u00e9e sur la <strong data-start=\"1221\" data-end=\"1251\">r\u00e9cup\u00e9ration fonctionnelle<\/strong> et la <strong data-start=\"1258\" data-end=\"1276\">qualit\u00e9 de vie<\/strong>.<\/p>\t\t\t\t\t\t\t\t<\/div>\n\t\t\t\t<\/div>\n\t\t\t\t\t<\/div>\n\t\t<\/div>\n\t\t\t\t\t<\/div>\n\t\t<\/section>\n\t\t\t\t<section class=\"elementor-section elementor-top-section elementor-element elementor-element-9525cf0 elementor-section-content-middle elementor-section-boxed elementor-section-height-default elementor-section-height-default\" data-id=\"9525cf0\" data-element_type=\"section\" data-e-type=\"section\">\n\t\t\t\t\t\t<div class=\"elementor-container elementor-column-gap-default\">\n\t\t\t\t\t<div class=\"elementor-column elementor-col-50 elementor-top-column elementor-element elementor-element-4975611\" data-id=\"4975611\" data-element_type=\"column\" data-e-type=\"column\">\n\t\t\t<div class=\"elementor-widget-wrap elementor-element-populated\">\n\t\t\t\t\t\t<div class=\"elementor-element elementor-element-3ef503a elementor-widget elementor-widget-heading\" data-id=\"3ef503a\" data-element_type=\"widget\" data-e-type=\"widget\" data-widget_type=\"heading.default\">\n\t\t\t\t<div class=\"elementor-widget-container\">\n\t\t\t\t\t<h2 class=\"elementor-heading-title elementor-size-default\">\u2699\ufe0f Cons\u00e9quences fonctionnelles d\u2019une l\u00e9sion m\u00e9dullaire<\/h2>\t\t\t\t<\/div>\n\t\t\t\t<\/div>\n\t\t\t\t<div class=\"elementor-element elementor-element-8ab8b48 elementor-widget elementor-widget-text-editor\" data-id=\"8ab8b48\" data-element_type=\"widget\" data-e-type=\"widget\" data-widget_type=\"text-editor.default\">\n\t\t\t\t<div class=\"elementor-widget-container\">\n\t\t\t\t\t\t\t\t\t<p data-start=\"2205\" data-end=\"2344\">Les r\u00e9percussions d\u2019une l\u00e9sion d\u00e9pendent de la <strong data-start=\"2252\" data-end=\"2276\">hauteur de la l\u00e9sion<\/strong> (cervicale, thoracique, lombaire, sacr\u00e9e) et de son <strong data-start=\"2329\" data-end=\"2342\">intensit\u00e9<\/strong> :<\/p><ul><li data-start=\"2348\" data-end=\"2389\">Alt\u00e9ration de la <strong data-start=\"2365\" data-end=\"2389\">motricit\u00e9 volontaire<\/strong><\/li><li data-start=\"2348\" data-end=\"2389\">Perte ou r\u00e9duction de la <strong data-start=\"2417\" data-end=\"2432\">sensibilit\u00e9<\/strong><\/li><li data-start=\"2348\" data-end=\"2389\">Troubles <strong data-start=\"2444\" data-end=\"2468\">v\u00e9sico-sphinct\u00e9riens<\/strong> (incontinence, r\u00e9tention)<\/li><li data-start=\"2348\" data-end=\"2389\">Dysfonction <strong data-start=\"2509\" data-end=\"2528\">g\u00e9nito-sexuelle<\/strong><\/li><li data-start=\"2348\" data-end=\"2389\"><strong data-start=\"2531\" data-end=\"2547\">Constipation<\/strong>, ralentissement du transit<\/li><li data-start=\"2348\" data-end=\"2389\"><strong data-start=\"2577\" data-end=\"2593\">Dysautonomie<\/strong> (instabilit\u00e9 tensionnelle, troubles de la sudation)<\/li><li data-start=\"2348\" data-end=\"2389\">Troubles <strong data-start=\"2657\" data-end=\"2674\">respiratoires<\/strong> (particuli\u00e8rement dans les l\u00e9sions cervicales)<\/li><\/ul><p data-start=\"2723\" data-end=\"2868\">Ces alt\u00e9rations m\u00e8nent \u00e0 des complications secondaires : <strong data-start=\"2780\" data-end=\"2862\"><a href=\"https:\/\/www.neuro-concept.ca\/fr\/traitements-adaptes\/la-spasticite-raideur-musculaire\/\">spasticit\u00e9<\/a>, <a href=\"https:\/\/www.neuro-concept.ca\/fr\/traitements-adaptes\/douleur-chronique-neuropathie\/\">douleurs neuropathiques<\/a>, <a href=\"https:\/\/pubmed.ncbi.nlm.nih.gov\/39648215\/\">ost\u00e9oporose<\/a>, risque de plaies de pression<\/strong>, etc.<\/p>\t\t\t\t\t\t\t\t<\/div>\n\t\t\t\t<\/div>\n\t\t\t\t\t<\/div>\n\t\t<\/div>\n\t\t\t\t<div class=\"elementor-column elementor-col-50 elementor-top-column elementor-element elementor-element-5aaa520\" data-id=\"5aaa520\" data-element_type=\"column\" data-e-type=\"column\">\n\t\t\t<div class=\"elementor-widget-wrap elementor-element-populated\">\n\t\t\t\t\t\t<div class=\"elementor-element elementor-element-e6904d8 elementor-widget elementor-widget-image\" data-id=\"e6904d8\" data-element_type=\"widget\" data-e-type=\"widget\" data-widget_type=\"image.default\">\n\t\t\t\t<div class=\"elementor-widget-container\">\n\t\t\t\t\t\t\t\t\t\t\t\t\t\t\t<img fetchpriority=\"high\" decoding=\"async\" width=\"1024\" height=\"1024\" src=\"https:\/\/www.neuro-concept.ca\/wp-content\/uploads\/2025\/06\/paraplegie-tetraplegie.png\" class=\"attachment-large size-large wp-image-13129\" alt=\"\" srcset=\"https:\/\/www.neuro-concept.ca\/wp-content\/uploads\/2025\/06\/paraplegie-tetraplegie.png 1024w, https:\/\/www.neuro-concept.ca\/wp-content\/uploads\/2025\/06\/paraplegie-tetraplegie-300x300.png 300w, https:\/\/www.neuro-concept.ca\/wp-content\/uploads\/2025\/06\/paraplegie-tetraplegie-150x150.png 150w, https:\/\/www.neuro-concept.ca\/wp-content\/uploads\/2025\/06\/paraplegie-tetraplegie-230x230.png 230w, https:\/\/www.neuro-concept.ca\/wp-content\/uploads\/2025\/06\/paraplegie-tetraplegie-70x70.png 70w, https:\/\/www.neuro-concept.ca\/wp-content\/uploads\/2025\/06\/paraplegie-tetraplegie-315x315.png 315w\" sizes=\"(max-width: 1024px) 100vw, 1024px\" \/>\t\t\t\t\t\t\t\t\t\t\t\t\t\t\t<\/div>\n\t\t\t\t<\/div>\n\t\t\t\t\t<\/div>\n\t\t<\/div>\n\t\t\t\t\t<\/div>\n\t\t<\/section>\n\t\t\t\t<section class=\"elementor-section elementor-top-section elementor-element elementor-element-1a555be elementor-section-boxed elementor-section-height-default elementor-section-height-default\" data-id=\"1a555be\" data-element_type=\"section\" data-e-type=\"section\">\n\t\t\t\t\t\t<div class=\"elementor-container elementor-column-gap-default\">\n\t\t\t\t\t<div class=\"elementor-column elementor-col-100 elementor-top-column elementor-element elementor-element-c54e9d4\" data-id=\"c54e9d4\" data-element_type=\"column\" data-e-type=\"column\">\n\t\t\t<div class=\"elementor-widget-wrap elementor-element-populated\">\n\t\t\t\t\t\t<div class=\"elementor-element elementor-element-2823344 elementor-widget elementor-widget-heading\" data-id=\"2823344\" data-element_type=\"widget\" data-e-type=\"widget\" data-widget_type=\"heading.default\">\n\t\t\t\t<div class=\"elementor-widget-container\">\n\t\t\t\t\t<h2 class=\"elementor-heading-title elementor-size-default\">\ud83d\udd04 Neuroplasticit\u00e9 et potentiel de r\u00e9cup\u00e9ration<\/h2>\t\t\t\t<\/div>\n\t\t\t\t<\/div>\n\t\t\t\t\t<\/div>\n\t\t<\/div>\n\t\t\t\t\t<\/div>\n\t\t<\/section>\n\t\t\t\t<section class=\"elementor-section elementor-top-section elementor-element elementor-element-f5e2f17 elementor-section-content-middle elementor-reverse-tablet elementor-reverse-mobile elementor-section-boxed elementor-section-height-default elementor-section-height-default\" data-id=\"f5e2f17\" data-element_type=\"section\" data-e-type=\"section\">\n\t\t\t\t\t\t<div class=\"elementor-container elementor-column-gap-default\">\n\t\t\t\t\t<div class=\"elementor-column elementor-col-50 elementor-top-column elementor-element elementor-element-e4fde43\" data-id=\"e4fde43\" data-element_type=\"column\" data-e-type=\"column\">\n\t\t\t<div class=\"elementor-widget-wrap elementor-element-populated\">\n\t\t\t\t\t\t<div class=\"elementor-element elementor-element-e29c72f elementor-widget elementor-widget-video\" data-id=\"e29c72f\" data-element_type=\"widget\" data-e-type=\"widget\" data-settings=\"{&quot;youtube_url&quot;:&quot;https:\\\/\\\/youtube.com\\\/shorts\\\/T-tW0ikJkMY&quot;,&quot;video_type&quot;:&quot;youtube&quot;,&quot;controls&quot;:&quot;yes&quot;}\" data-widget_type=\"video.default\">\n\t\t\t\t<div class=\"elementor-widget-container\">\n\t\t\t\t\t\t\t<div class=\"elementor-wrapper elementor-open-inline\">\n\t\t\t<div class=\"elementor-video\"><\/div>\t\t<\/div>\n\t\t\t\t\t\t<\/div>\n\t\t\t\t<\/div>\n\t\t\t\t\t<\/div>\n\t\t<\/div>\n\t\t\t\t<div class=\"elementor-column elementor-col-50 elementor-top-column elementor-element elementor-element-c65bdd8\" data-id=\"c65bdd8\" data-element_type=\"column\" data-e-type=\"column\">\n\t\t\t<div class=\"elementor-widget-wrap elementor-element-populated\">\n\t\t\t\t\t\t<div class=\"elementor-element elementor-element-915910c elementor-widget elementor-widget-text-editor\" data-id=\"915910c\" data-element_type=\"widget\" data-e-type=\"widget\" data-widget_type=\"text-editor.default\">\n\t\t\t\t<div class=\"elementor-widget-container\">\n\t\t\t\t\t\t\t\t\t<p data-start=\"2927\" data-end=\"3109\">Contrairement \u00e0 la croyance populaire, le <strong data-start=\"2969\" data-end=\"3036\">syst\u00e8me nerveux central conserve une capacit\u00e9 de r\u00e9organisation<\/strong> apr\u00e8s une l\u00e9sion. Ce ph\u00e9nom\u00e8ne, appel\u00e9 <a href=\"https:\/\/www.neuro-concept.ca\/fr\/quest-ce-que-la-neuroplasticite\/\"><strong data-start=\"3076\" data-end=\"3095\">neuroplasticit\u00e9<\/strong><\/a>, repose sur :<\/p><ul><li data-start=\"3113\" data-end=\"3160\">La cr\u00e9ation de nouvelles connexions synaptiques<\/li><li data-start=\"3113\" data-end=\"3160\">Le renforcement des circuits pr\u00e9serv\u00e9s<\/li><li data-start=\"3113\" data-end=\"3160\">L\u2019activation de zones compensatoires dans le cerveau ou la moelle<\/li><\/ul><p data-start=\"3271\" data-end=\"3428\">La stimulation appropri\u00e9e et r\u00e9p\u00e9t\u00e9e de certaines fonctions favorise une <strong data-start=\"3344\" data-end=\"3386\">reprogrammation motrice et sensorielle<\/strong>, surtout dans la p\u00e9riode proche suivant la l\u00e9sion, apr\u00e8s que l&#8217;\u00e9tat physiologique soit stabilis\u00e9.<\/p><p data-start=\"3430\" data-end=\"3577\">Cependant, cette plasticit\u00e9 doit \u00eatre <strong data-start=\"3468\" data-end=\"3501\">orient\u00e9e, guid\u00e9e et renforc\u00e9e<\/strong> par des interventions th\u00e9rapeutiques sp\u00e9cifiques et fond\u00e9es sur la science.<\/p>\t\t\t\t\t\t\t\t<\/div>\n\t\t\t\t<\/div>\n\t\t\t\t\t<\/div>\n\t\t<\/div>\n\t\t\t\t\t<\/div>\n\t\t<\/section>\n\t\t\t\t<section class=\"elementor-section elementor-top-section elementor-element elementor-element-3a6a5ef elementor-section-boxed elementor-section-height-default elementor-section-height-default\" data-id=\"3a6a5ef\" data-element_type=\"section\" data-e-type=\"section\">\n\t\t\t\t\t\t<div class=\"elementor-container elementor-column-gap-default\">\n\t\t\t\t\t<div class=\"elementor-column elementor-col-100 elementor-top-column elementor-element elementor-element-e803d57\" data-id=\"e803d57\" data-element_type=\"column\" data-e-type=\"column\">\n\t\t\t<div class=\"elementor-widget-wrap elementor-element-populated\">\n\t\t\t\t\t\t<div class=\"elementor-element elementor-element-b6c83a4 elementor-widget elementor-widget-heading\" data-id=\"b6c83a4\" data-element_type=\"widget\" data-e-type=\"widget\" data-widget_type=\"heading.default\">\n\t\t\t\t<div class=\"elementor-widget-container\">\n\t\t\t\t\t<h2 class=\"elementor-heading-title elementor-size-default\">\ud83c\udfe5 La r\u00e9adaptation sp\u00e9cialis\u00e9e \u00e0 Neuro-Concept<\/h2>\t\t\t\t<\/div>\n\t\t\t\t<\/div>\n\t\t\t\t<div class=\"elementor-element elementor-element-600db27 elementor-widget elementor-widget-text-editor\" data-id=\"600db27\" data-element_type=\"widget\" data-e-type=\"widget\" data-widget_type=\"text-editor.default\">\n\t\t\t\t<div class=\"elementor-widget-container\">\n\t\t\t\t\t\t\t\t\t<p>Notre \u00e9quipe interdisciplinaire met en \u0153uvre des <a href=\"https:\/\/www.neuro-concept.ca\/fr\/services-readaptation-neurologique\/readaptation-intensive\/\"><strong data-start=\"3684\" data-end=\"3742\">protocoles de r\u00e9adaptation intensifs et individualis\u00e9s<\/strong><\/a>, fond\u00e9s sur les <strong data-start=\"3759\" data-end=\"3802\">recommandations scientifiques actuelles<\/strong> en r\u00e9adaptation neurologique. pour agir sur diff\u00e9rents aspects de la l\u00e9sion m\u00e9dullaire et de ses complications.<\/p>\t\t\t\t\t\t\t\t<\/div>\n\t\t\t\t<\/div>\n\t\t\t\t\t<\/div>\n\t\t<\/div>\n\t\t\t\t\t<\/div>\n\t\t<\/section>\n\t\t\t\t<section class=\"elementor-section elementor-top-section elementor-element elementor-element-6c81a97 elementor-section-boxed elementor-section-height-default elementor-section-height-default\" data-id=\"6c81a97\" data-element_type=\"section\" data-e-type=\"section\">\n\t\t\t\t\t\t<div class=\"elementor-container elementor-column-gap-default\">\n\t\t\t\t\t<div class=\"elementor-column elementor-col-66 elementor-top-column elementor-element elementor-element-1e19e23\" data-id=\"1e19e23\" data-element_type=\"column\" data-e-type=\"column\">\n\t\t\t<div class=\"elementor-widget-wrap elementor-element-populated\">\n\t\t\t\t\t\t<div class=\"elementor-element elementor-element-37aa5eb elementor-widget elementor-widget-text-editor\" data-id=\"37aa5eb\" data-element_type=\"widget\" data-e-type=\"widget\" data-widget_type=\"text-editor.default\">\n\t\t\t\t<div class=\"elementor-widget-container\">\n\t\t\t\t\t\t\t\t\t<p data-start=\"3852\" data-end=\"3887\">\ud83d\udd39<a href=\"https:\/\/www.neuro-concept.ca\/fr\/physiatrie\/\"><strong>Physiatrie<\/strong><\/a>: joue un r\u00f4le central dans la prise en charge des l\u00e9sions m\u00e9dullaires en coordonnant la r\u00e9adaptation fonctionnelle, la gestion de la spasticit\u00e9 et des complications m\u00e9dicales et l\u2019optimisation de la qualit\u00e9 de vie.<\/p><p data-start=\"3852\" data-end=\"3887\">\ud83d\udd39 <strong><a href=\"https:\/\/www.neuro-concept.ca\/fr\/services-readaptation-neurologique\/physiotherapie-neurologique\/\">Physioth\u00e9rapie<\/a> et <a href=\"https:\/\/www.neuro-concept.ca\/fr\/services-readaptation-neurologique\/kinesiologie\/\">kin\u00e9siologie neurologique<\/a><\/strong> pour favoriser le contr\u00f4le moteur, l\u2019\u00e9quilibre, la posture, le renforcement musculaire, l&#8217;endurance cardiovasculaire et la mobilit\u00e9 fonctionnelle.<\/p><p data-start=\"3852\" data-end=\"3887\">\ud83d\udd39<a href=\"https:\/\/www.neuro-concept.ca\/fr\/services-readaptation-neurologique\/ergotherapie\/\"><strong>Ergoth\u00e9rapie<\/strong><\/a> pour la r\u00e9insertion sociale et professionnelle, pour l&#8217;adaptation de l&#8217;environnement (accessibilit\u00e9 et ergonomie), pour le soutien psychologique, pour la<a href=\"https:\/\/www.neuro-concept.ca\/fr\/services-readaptation-neurologique\/ergotherapie\/\"> r\u00e9adaptation sensorimotrice\u00a0et fonctionnelle<\/a>.<\/p><p data-start=\"3972\" data-end=\"4013\">\ud83d\udd39 <strong>Assistance robotique et verticalisation. <\/strong><a href=\"https:\/\/www.neuro-concept.ca\/fr\/les-technologies-readaptation\/robots-dentrainement-de-la-marche\/\">Technologies robotiques<\/a> permettant la mise en charge pr\u00e9coce et la r\u00e9\u00e9ducation \u00e0 la marche, m\u00eame en cas de paralysie compl\u00e8te.<\/p><p data-start=\"4142\" data-end=\"4192\">\ud83d\udd39 <strong>Stimulation \u00e9lectrique fonctionnelle <a href=\"https:\/\/www.neuro-concept.ca\/fr\/les-technologies-readaptation\/stimulation-electrique-fonctionnelle\/\">(FES): <\/a><\/strong>active les muscles d\u00e9nerv\u00e9s pour pr\u00e9venir l\u2019atrophie, favorise la circulation, r\u00e9gule la spasticit\u00e9 et contribue \u00e0 la r\u00e9cup\u00e9ration motrice.<\/p><p data-start=\"4314\" data-end=\"4347\">\ud83d\udd39 <strong><a href=\"https:\/\/www.neuro-concept.ca\/fr\/services-readaptation-neurologique\/massotherapie\/\">Massoth\u00e9rapie sp\u00e9cialis\u00e9e<\/a>: <\/strong>intervient dans la gestion des douleurs, de la spasticit\u00e9 et des troubles circulatoires secondaires.<\/p><p data-start=\"4450\" data-end=\"4485\">\ud83d\udd39 <strong>Imagerie motrice et mentale.<\/strong> Techniques d\u2019activation c\u00e9r\u00e9brale pour renforcer les circuits moteurs associ\u00e9s aux mouvements perdus.<\/p><p data-start=\"4450\" data-end=\"4485\">\ud83d\udd39Enseignement et \u00e9ducation pour mieux connaitre les complications li\u00e9es \u00e0 la l\u00e9sion m\u00e9dullaire: <a href=\"https:\/\/www.neuro-concept.ca\/fr\/traitements-adaptes\/douleur-chronique-neuropathie\/\">spasticit\u00e9<\/a> et <a href=\"https:\/\/www.neuro-concept.ca\/fr\/traitements-adaptes\/la-spasticite-raideur-musculaire\/\">douleurs neuropathiques<\/a>, troubles urinaires, intestinaux et sexuels, risques de plaie de pression et <a href=\"https:\/\/pubmed.ncbi.nlm.nih.gov\/39648215\/\">ost\u00e9oporose<\/a>.<\/p>\t\t\t\t\t\t\t\t<\/div>\n\t\t\t\t<\/div>\n\t\t\t\t<div class=\"elementor-element elementor-element-70df564 elementor-widget elementor-widget-text-editor\" data-id=\"70df564\" data-element_type=\"widget\" data-e-type=\"widget\" data-widget_type=\"text-editor.default\">\n\t\t\t\t<div class=\"elementor-widget-container\">\n\t\t\t\t\t\t\t\t\t<p>\ud83c\udfaf Chaque intervention vise \u00e0 am\u00e9liorer concr\u00e8tement la <strong data-start=\"3742\" data-end=\"3760\">qualit\u00e9 de vie<\/strong>, \u00e0 <strong data-start=\"3764\" data-end=\"3789\">pr\u00e9server l\u2019autonomie<\/strong> et \u00e0 <strong data-start=\"3795\" data-end=\"3847\">favoriser une vie active, \u00e9panouissante et digne<\/strong>.<\/p>\t\t\t\t\t\t\t\t<\/div>\n\t\t\t\t<\/div>\n\t\t\t\t\t<\/div>\n\t\t<\/div>\n\t\t\t\t<div class=\"elementor-column elementor-col-33 elementor-top-column elementor-element elementor-element-2cbc471\" data-id=\"2cbc471\" data-element_type=\"column\" data-e-type=\"column\">\n\t\t\t<div class=\"elementor-widget-wrap elementor-element-populated\">\n\t\t\t\t\t\t<div class=\"elementor-element elementor-element-a327b0e elementor-widget elementor-widget-image\" data-id=\"a327b0e\" data-element_type=\"widget\" data-e-type=\"widget\" data-widget_type=\"image.default\">\n\t\t\t\t<div class=\"elementor-widget-container\">\n\t\t\t\t\t\t\t\t\t\t\t\t\t\t\t<img decoding=\"async\" width=\"1024\" height=\"973\" src=\"https:\/\/www.neuro-concept.ca\/wp-content\/uploads\/2025\/06\/exosquette-paraplegia-1024x973.jpeg\" class=\"attachment-large size-large wp-image-13138\" alt=\"neurorehab - walking\" srcset=\"https:\/\/www.neuro-concept.ca\/wp-content\/uploads\/2025\/06\/exosquette-paraplegia-1024x973.jpeg 1024w, https:\/\/www.neuro-concept.ca\/wp-content\/uploads\/2025\/06\/exosquette-paraplegia-300x285.jpeg 300w, https:\/\/www.neuro-concept.ca\/wp-content\/uploads\/2025\/06\/exosquette-paraplegia-1536x1460.jpeg 1536w, https:\/\/www.neuro-concept.ca\/wp-content\/uploads\/2025\/06\/exosquette-paraplegia-2048x1946.jpeg 2048w\" sizes=\"(max-width: 1024px) 100vw, 1024px\" \/>\t\t\t\t\t\t\t\t\t\t\t\t\t\t\t<\/div>\n\t\t\t\t<\/div>\n\t\t\t\t<div class=\"elementor-element elementor-element-6d2b38f elementor-widget elementor-widget-video\" data-id=\"6d2b38f\" data-element_type=\"widget\" data-e-type=\"widget\" data-settings=\"{&quot;youtube_url&quot;:&quot;https:\\\/\\\/youtu.be\\\/ijMOfgryPaQ&quot;,&quot;video_type&quot;:&quot;youtube&quot;,&quot;controls&quot;:&quot;yes&quot;}\" data-widget_type=\"video.default\">\n\t\t\t\t<div class=\"elementor-widget-container\">\n\t\t\t\t\t\t\t<div class=\"elementor-wrapper elementor-open-inline\">\n\t\t\t<div class=\"elementor-video\"><\/div>\t\t<\/div>\n\t\t\t\t\t\t<\/div>\n\t\t\t\t<\/div>\n\t\t\t\t\t<\/div>\n\t\t<\/div>\n\t\t\t\t\t<\/div>\n\t\t<\/section>\n\t\t\t\t<section class=\"elementor-section elementor-top-section elementor-element elementor-element-4dce925 elementor-section-boxed elementor-section-height-default elementor-section-height-default\" data-id=\"4dce925\" data-element_type=\"section\" data-e-type=\"section\">\n\t\t\t\t\t\t<div class=\"elementor-container elementor-column-gap-default\">\n\t\t\t\t\t<div class=\"elementor-column elementor-col-100 elementor-top-column elementor-element elementor-element-0a79316\" data-id=\"0a79316\" data-element_type=\"column\" data-e-type=\"column\">\n\t\t\t<div class=\"elementor-widget-wrap elementor-element-populated\">\n\t\t\t\t\t\t<div class=\"elementor-element elementor-element-e2f22f6 elementor-widget elementor-widget-heading\" data-id=\"e2f22f6\" data-element_type=\"widget\" data-e-type=\"widget\" data-widget_type=\"heading.default\">\n\t\t\t\t<div class=\"elementor-widget-container\">\n\t\t\t\t\t<h3 class=\"elementor-heading-title elementor-size-default\">\ud83d\udcde Contactez notre \u00e9quipe sp\u00e9cialis\u00e9e<\/h3>\t\t\t\t<\/div>\n\t\t\t\t<\/div>\n\t\t\t\t<div class=\"elementor-element elementor-element-7a2bcd1 elementor-widget elementor-widget-text-editor\" data-id=\"7a2bcd1\" data-element_type=\"widget\" data-e-type=\"widget\" data-widget_type=\"text-editor.default\">\n\t\t\t\t<div class=\"elementor-widget-container\">\n\t\t\t\t\t\t\t\t\t<p data-start=\"5306\" data-end=\"5451\">Que la l\u00e9sion soit r\u00e9cente ou ancienne, partielle ou compl\u00e8te, il n\u2019est jamais trop tard pour <strong data-start=\"5400\" data-end=\"5450\">travailler sur la r\u00e9cup\u00e9ration et le bien-\u00eatre<\/strong>.<\/p>\t\t\t\t\t\t\t\t<\/div>\n\t\t\t\t<\/div>\n\t\t\t\t\t<\/div>\n\t\t<\/div>\n\t\t\t\t\t<\/div>\n\t\t<\/section>\n\t\t\t\t<section class=\"elementor-section elementor-top-section elementor-element elementor-element-0a82136 elementor-section-boxed elementor-section-height-default elementor-section-height-default\" data-id=\"0a82136\" data-element_type=\"section\" data-e-type=\"section\">\n\t\t\t\t\t\t<div class=\"elementor-container elementor-column-gap-default\">\n\t\t\t\t\t<div class=\"elementor-column elementor-col-33 elementor-top-column elementor-element elementor-element-574ca70\" data-id=\"574ca70\" data-element_type=\"column\" data-e-type=\"column\">\n\t\t\t<div class=\"elementor-widget-wrap elementor-element-populated\">\n\t\t\t\t\t\t<div class=\"elementor-element elementor-element-d604190 elementor-widget elementor-widget-image\" data-id=\"d604190\" data-element_type=\"widget\" data-e-type=\"widget\" data-widget_type=\"image.default\">\n\t\t\t\t<div class=\"elementor-widget-container\">\n\t\t\t\t\t\t\t\t\t\t\t\t\t\t\t<img decoding=\"async\" width=\"768\" height=\"1024\" src=\"https:\/\/www.neuro-concept.ca\/wp-content\/uploads\/2025\/06\/tetraplegie.jpg\" class=\"attachment-full size-full wp-image-13165\" alt=\"neurorehab\" srcset=\"https:\/\/www.neuro-concept.ca\/wp-content\/uploads\/2025\/06\/tetraplegie.jpg 768w, https:\/\/www.neuro-concept.ca\/wp-content\/uploads\/2025\/06\/tetraplegie-225x300.jpg 225w\" sizes=\"(max-width: 768px) 100vw, 768px\" \/>\t\t\t\t\t\t\t\t\t\t\t\t\t\t\t<\/div>\n\t\t\t\t<\/div>\n\t\t\t\t\t<\/div>\n\t\t<\/div>\n\t\t\t\t<div class=\"elementor-column elementor-col-33 elementor-top-column elementor-element elementor-element-2567b52\" data-id=\"2567b52\" data-element_type=\"column\" data-e-type=\"column\">\n\t\t\t<div class=\"elementor-widget-wrap elementor-element-populated\">\n\t\t\t\t\t\t<div class=\"elementor-element elementor-element-60250dc elementor-widget elementor-widget-video\" data-id=\"60250dc\" data-element_type=\"widget\" data-e-type=\"widget\" data-settings=\"{&quot;youtube_url&quot;:&quot;https:\\\/\\\/youtube.com\\\/shorts\\\/hJlPT9X3NJM&quot;,&quot;video_type&quot;:&quot;youtube&quot;,&quot;controls&quot;:&quot;yes&quot;}\" data-widget_type=\"video.default\">\n\t\t\t\t<div class=\"elementor-widget-container\">\n\t\t\t\t\t\t\t<div class=\"elementor-wrapper elementor-open-inline\">\n\t\t\t<div class=\"elementor-video\"><\/div>\t\t<\/div>\n\t\t\t\t\t\t<\/div>\n\t\t\t\t<\/div>\n\t\t\t\t\t<\/div>\n\t\t<\/div>\n\t\t\t\t<div class=\"elementor-column elementor-col-33 elementor-top-column elementor-element elementor-element-3c9d213\" data-id=\"3c9d213\" data-element_type=\"column\" data-e-type=\"column\">\n\t\t\t<div class=\"elementor-widget-wrap elementor-element-populated\">\n\t\t\t\t\t\t<div class=\"elementor-element elementor-element-f0fc121 elementor-widget elementor-widget-image\" data-id=\"f0fc121\" data-element_type=\"widget\" data-e-type=\"widget\" data-widget_type=\"image.default\">\n\t\t\t\t<div class=\"elementor-widget-container\">\n\t\t\t\t\t\t\t\t\t\t\t\t\t\t\t<img loading=\"lazy\" decoding=\"async\" width=\"1024\" height=\"768\" src=\"https:\/\/www.neuro-concept.ca\/wp-content\/uploads\/2025\/06\/verticalisation-paraplegie-1024x768.jpg\" class=\"attachment-large size-large wp-image-13133\" alt=\"readaptation lesion medullaire\" srcset=\"https:\/\/www.neuro-concept.ca\/wp-content\/uploads\/2025\/06\/verticalisation-paraplegie-1024x768.jpg 1024w, https:\/\/www.neuro-concept.ca\/wp-content\/uploads\/2025\/06\/verticalisation-paraplegie-300x225.jpg 300w, https:\/\/www.neuro-concept.ca\/wp-content\/uploads\/2025\/06\/verticalisation-paraplegie-1536x1152.jpg 1536w, https:\/\/www.neuro-concept.ca\/wp-content\/uploads\/2025\/06\/verticalisation-paraplegie-2048x1536.jpg 2048w\" sizes=\"(max-width: 1024px) 100vw, 1024px\" \/>\t\t\t\t\t\t\t\t\t\t\t\t\t\t\t<\/div>\n\t\t\t\t<\/div>\n\t\t\t\t\t<\/div>\n\t\t<\/div>\n\t\t\t\t\t<\/div>\n\t\t<\/section>\n\t\t\t\t<section class=\"elementor-section elementor-top-section elementor-element elementor-element-6d878ef4 elementor-section-stretched elementor-section-boxed elementor-section-height-default elementor-section-height-default\" data-id=\"6d878ef4\" data-element_type=\"section\" data-e-type=\"section\" data-settings=\"{&quot;stretch_section&quot;:&quot;section-stretched&quot;,&quot;background_background&quot;:&quot;classic&quot;}\">\n\t\t\t\t\t\t<div class=\"elementor-container elementor-column-gap-default\">\n\t\t\t\t\t<div class=\"elementor-column elementor-col-100 elementor-top-column elementor-element elementor-element-68f6c445\" data-id=\"68f6c445\" data-element_type=\"column\" data-e-type=\"column\">\n\t\t\t<div class=\"elementor-widget-wrap elementor-element-populated\">\n\t\t\t\t\t\t<div class=\"elementor-element elementor-element-6dc07458 elementor-widget elementor-widget-rt-title\" data-id=\"6dc07458\" data-element_type=\"widget\" data-e-type=\"widget\" data-widget_type=\"rt-title.default\">\n\t\t\t\t<div class=\"elementor-widget-container\">\n\t\t\t\t\t\t\t<div class=\"rt-el-title section-heading heading-dark text-center heading-layout1 style1 theme5\">\t\t\n\t\t\t\t\t\t\t<p class=\"rtin-subtitle\">Nous sommes l\u00e0 pour vous aider \u00e0 avancer, \u00e0 votre rythme.<\/p>\n\t\t\t\n\t\t\t<h2 class=\"rtin-title\">Prenez un rendez-vous<\/h2>\n\t\t<\/div>\n\t\t\t\t<\/div>\n\t\t\t\t<\/div>\n\t\t\t\t<div class=\"elementor-element elementor-element-2da2dffa elementor-align-center elementor-widget elementor-widget-button\" data-id=\"2da2dffa\" data-element_type=\"widget\" data-e-type=\"widget\" data-widget_type=\"button.default\">\n\t\t\t\t<div class=\"elementor-widget-container\">\n\t\t\t\t\t\t\t\t\t<div class=\"elementor-button-wrapper\">\n\t\t\t\t\t<a class=\"elementor-button elementor-button-link elementor-size-sm\" href=\"https:\/\/secure.medexa.com\/#\/onlineAppointmentInformation?APIKey=9AA42B530BF74C1CABDDAAEF83B61AD0&#038;flowColor=228fa6&#038;backgroundColor=ffffff%20width=1000%20height=500%20frameborder=0\" target=\"_blank\" rel=\"nofollow\">\n\t\t\t\t\t\t<span class=\"elementor-button-content-wrapper\">\n\t\t\t\t\t\t\t\t\t<span class=\"elementor-button-text\">Se sentir mieux commence maintenant<\/span>\n\t\t\t\t\t<\/span>\n\t\t\t\t\t<\/a>\n\t\t\t\t<\/div>\n\t\t\t\t\t\t\t\t<\/div>\n\t\t\t\t<\/div>\n\t\t\t\t\t<\/div>\n\t\t<\/div>\n\t\t\t\t\t<\/div>\n\t\t<\/section>\n\t\t\t\t<\/div>\n\t\t","protected":false},"excerpt":{"rendered":"<p>\ud83e\udde0 R\u00e9adaptation neurologique pour personnes atteintes de l\u00e9sion m\u00e9dullaire (parapl\u00e9gie, t\u00e9trapl\u00e9gie) Une approche sp\u00e9cialis\u00e9e, humaine et fond\u00e9e sur la science \ud83d\udd2c Comprendre la l\u00e9sion m\u00e9dullaire : une perspective neurophysiologique La l\u00e9sion de la moelle \u00e9pini\u00e8re (ou l\u00e9sion m\u00e9dullaire) est une atteinte neurologique grave qui interrompt partiellement ou compl\u00e8tement la transmission des signaux nerveux entre le&#8230;<\/p>\n","protected":false},"author":1,"featured_media":13138,"parent":3045,"menu_order":0,"comment_status":"closed","ping_status":"closed","template":"","meta":{"_monsterinsights_skip_tracking":false,"_monsterinsights_sitenote_active":false,"_monsterinsights_sitenote_note":"","_monsterinsights_sitenote_category":0,"footnotes":""},"class_list":["post-3103","page","type-page","status-publish","has-post-thumbnail","hentry"],"yoast_head":"<!-- This site is optimized with the Yoast SEO plugin v27.5 - https:\/\/yoast.com\/product\/yoast-seo-wordpress\/ -->\n<title>R\u00e9adaptation l\u00e9sion m\u00e9dullaire | Neuro-Concept<\/title>\n<meta name=\"description\" content=\"Sp\u00e9cialistes en r\u00e9adaptation neurologique des l\u00e9sions m\u00e9dullaires. Approche interdisciplinaire fond\u00e9e sur la science et int\u00e9grant les technologies pour favoriser la r\u00e9cup\u00e9ration et l&#039;autonomie.\" \/>\n<meta name=\"robots\" content=\"index, follow, max-snippet:-1, max-image-preview:large, max-video-preview:-1\" \/>\n<link rel=\"canonical\" href=\"https:\/\/www.neuro-concept.ca\/fr\/readaptation-neurologique\/lesion-medullaire\/\" \/>\n<meta property=\"og:locale\" content=\"fr_FR\" \/>\n<meta property=\"og:type\" content=\"article\" \/>\n<meta property=\"og:title\" content=\"R\u00e9adaptation l\u00e9sion m\u00e9dullaire | Neuro-Concept\" \/>\n<meta property=\"og:description\" content=\"Sp\u00e9cialistes en r\u00e9adaptation neurologique des l\u00e9sions m\u00e9dullaires. Approche interdisciplinaire fond\u00e9e sur la science et int\u00e9grant les technologies pour favoriser la r\u00e9cup\u00e9ration et l&#039;autonomie.\" \/>\n<meta property=\"og:url\" content=\"https:\/\/www.neuro-concept.ca\/fr\/readaptation-neurologique\/lesion-medullaire\/\" \/>\n<meta property=\"og:site_name\" content=\"Neuro-Concept - Centre de r\u00e9adaptation neurologique\" \/>\n<meta property=\"article:publisher\" content=\"https:\/\/www.facebook.com\/neuroconcept\" \/>\n<meta property=\"article:modified_time\" content=\"2025-06-18T14:08:23+00:00\" \/>\n<meta property=\"og:image\" content=\"https:\/\/www.neuro-concept.ca\/wp-content\/uploads\/2025\/06\/exosquette-paraplegia-scaled.jpeg\" \/>\n\t<meta property=\"og:image:width\" content=\"2560\" \/>\n\t<meta property=\"og:image:height\" content=\"2433\" \/>\n\t<meta property=\"og:image:type\" content=\"image\/jpeg\" \/>\n<meta name=\"twitter:card\" content=\"summary_large_image\" \/>\n<meta name=\"twitter:site\" content=\"@NeuroConcept\" \/>\n<script type=\"application\/ld+json\" class=\"yoast-schema-graph\">{\"@context\":\"https:\\\/\\\/schema.org\",\"@graph\":[{\"@type\":\"WebPage\",\"@id\":\"https:\\\/\\\/www.neuro-concept.ca\\\/fr\\\/readaptation-neurologique\\\/lesion-medullaire\\\/\",\"url\":\"https:\\\/\\\/www.neuro-concept.ca\\\/fr\\\/readaptation-neurologique\\\/lesion-medullaire\\\/\",\"name\":\"R\u00e9adaptation l\u00e9sion m\u00e9dullaire | Neuro-Concept\",\"isPartOf\":{\"@id\":\"https:\\\/\\\/www.neuro-concept.ca\\\/fr\\\/#website\"},\"primaryImageOfPage\":{\"@id\":\"https:\\\/\\\/www.neuro-concept.ca\\\/fr\\\/readaptation-neurologique\\\/lesion-medullaire\\\/#primaryimage\"},\"image\":{\"@id\":\"https:\\\/\\\/www.neuro-concept.ca\\\/fr\\\/readaptation-neurologique\\\/lesion-medullaire\\\/#primaryimage\"},\"thumbnailUrl\":\"https:\\\/\\\/www.neuro-concept.ca\\\/wp-content\\\/uploads\\\/2025\\\/06\\\/exosquette-paraplegia-scaled.jpeg\",\"datePublished\":\"2015-08-31T20:07:44+00:00\",\"dateModified\":\"2025-06-18T14:08:23+00:00\",\"description\":\"Sp\u00e9cialistes en r\u00e9adaptation neurologique des l\u00e9sions m\u00e9dullaires. Approche interdisciplinaire fond\u00e9e sur la science et int\u00e9grant les technologies pour favoriser la r\u00e9cup\u00e9ration et l'autonomie.\",\"breadcrumb\":{\"@id\":\"https:\\\/\\\/www.neuro-concept.ca\\\/fr\\\/readaptation-neurologique\\\/lesion-medullaire\\\/#breadcrumb\"},\"inLanguage\":\"fr-ca\",\"potentialAction\":[{\"@type\":\"ReadAction\",\"target\":[\"https:\\\/\\\/www.neuro-concept.ca\\\/fr\\\/readaptation-neurologique\\\/lesion-medullaire\\\/\"]}]},{\"@type\":\"ImageObject\",\"inLanguage\":\"fr-ca\",\"@id\":\"https:\\\/\\\/www.neuro-concept.ca\\\/fr\\\/readaptation-neurologique\\\/lesion-medullaire\\\/#primaryimage\",\"url\":\"https:\\\/\\\/www.neuro-concept.ca\\\/wp-content\\\/uploads\\\/2025\\\/06\\\/exosquette-paraplegia-scaled.jpeg\",\"contentUrl\":\"https:\\\/\\\/www.neuro-concept.ca\\\/wp-content\\\/uploads\\\/2025\\\/06\\\/exosquette-paraplegia-scaled.jpeg\",\"width\":2560,\"height\":2433,\"caption\":\"neurorehab - walking\"},{\"@type\":\"BreadcrumbList\",\"@id\":\"https:\\\/\\\/www.neuro-concept.ca\\\/fr\\\/readaptation-neurologique\\\/lesion-medullaire\\\/#breadcrumb\",\"itemListElement\":[{\"@type\":\"ListItem\",\"position\":1,\"name\":\"Home\",\"item\":\"https:\\\/\\\/www.neuro-concept.ca\\\/fr\\\/\"},{\"@type\":\"ListItem\",\"position\":2,\"name\":\"Conditions neurologiques\",\"item\":\"https:\\\/\\\/www.neuro-concept.ca\\\/fr\\\/readaptation-neurologique\\\/\"},{\"@type\":\"ListItem\",\"position\":3,\"name\":\"Parapl\u00e9gie et quadripl\u00e9gie\"}]},{\"@type\":\"WebSite\",\"@id\":\"https:\\\/\\\/www.neuro-concept.ca\\\/fr\\\/#website\",\"url\":\"https:\\\/\\\/www.neuro-concept.ca\\\/fr\\\/\",\"name\":\"Neuro-Concept - Centre de r\u00e9adaptation neurologique\",\"description\":\"La sant\u00e9 - \u00c0 la port\u00e9e de tous\",\"publisher\":{\"@id\":\"https:\\\/\\\/www.neuro-concept.ca\\\/fr\\\/#organization\"},\"potentialAction\":[{\"@type\":\"SearchAction\",\"target\":{\"@type\":\"EntryPoint\",\"urlTemplate\":\"https:\\\/\\\/www.neuro-concept.ca\\\/fr\\\/?s={search_term_string}\"},\"query-input\":{\"@type\":\"PropertyValueSpecification\",\"valueRequired\":true,\"valueName\":\"search_term_string\"}}],\"inLanguage\":\"fr-ca\"},{\"@type\":\"Organization\",\"@id\":\"https:\\\/\\\/www.neuro-concept.ca\\\/fr\\\/#organization\",\"name\":\"Neuro-Concept\",\"url\":\"https:\\\/\\\/www.neuro-concept.ca\\\/fr\\\/\",\"logo\":{\"@type\":\"ImageObject\",\"inLanguage\":\"fr-ca\",\"@id\":\"https:\\\/\\\/www.neuro-concept.ca\\\/fr\\\/#\\\/schema\\\/logo\\\/image\\\/\",\"url\":\"https:\\\/\\\/www.neuro-concept.ca\\\/wp-content\\\/uploads\\\/2019\\\/07\\\/favicon-1.png\",\"contentUrl\":\"https:\\\/\\\/www.neuro-concept.ca\\\/wp-content\\\/uploads\\\/2019\\\/07\\\/favicon-1.png\",\"width\":330,\"height\":330,\"caption\":\"Neuro-Concept\"},\"image\":{\"@id\":\"https:\\\/\\\/www.neuro-concept.ca\\\/fr\\\/#\\\/schema\\\/logo\\\/image\\\/\"},\"sameAs\":[\"https:\\\/\\\/www.facebook.com\\\/neuroconcept\",\"https:\\\/\\\/x.com\\\/NeuroConcept\",\"https:\\\/\\\/www.instagram.com\\\/neuroconcept.rehab\\\/\",\"https:\\\/\\\/twitter.com\\\/NeuroConcept\"]}]}<\/script>\n<!-- \/ Yoast SEO plugin. -->","yoast_head_json":{"title":"R\u00e9adaptation l\u00e9sion m\u00e9dullaire | Neuro-Concept","description":"Sp\u00e9cialistes en r\u00e9adaptation neurologique des l\u00e9sions m\u00e9dullaires. Approche interdisciplinaire fond\u00e9e sur la science et int\u00e9grant les technologies pour favoriser la r\u00e9cup\u00e9ration et l'autonomie.","robots":{"index":"index","follow":"follow","max-snippet":"max-snippet:-1","max-image-preview":"max-image-preview:large","max-video-preview":"max-video-preview:-1"},"canonical":"https:\/\/www.neuro-concept.ca\/fr\/readaptation-neurologique\/lesion-medullaire\/","og_locale":"fr_FR","og_type":"article","og_title":"R\u00e9adaptation l\u00e9sion m\u00e9dullaire | Neuro-Concept","og_description":"Sp\u00e9cialistes en r\u00e9adaptation neurologique des l\u00e9sions m\u00e9dullaires. Approche interdisciplinaire fond\u00e9e sur la science et int\u00e9grant les technologies pour favoriser la r\u00e9cup\u00e9ration et l'autonomie.","og_url":"https:\/\/www.neuro-concept.ca\/fr\/readaptation-neurologique\/lesion-medullaire\/","og_site_name":"Neuro-Concept - Centre de r\u00e9adaptation neurologique","article_publisher":"https:\/\/www.facebook.com\/neuroconcept","article_modified_time":"2025-06-18T14:08:23+00:00","og_image":[{"width":2560,"height":2433,"url":"https:\/\/www.neuro-concept.ca\/wp-content\/uploads\/2025\/06\/exosquette-paraplegia-scaled.jpeg","type":"image\/jpeg"}],"twitter_card":"summary_large_image","twitter_site":"@NeuroConcept","schema":{"@context":"https:\/\/schema.org","@graph":[{"@type":"WebPage","@id":"https:\/\/www.neuro-concept.ca\/fr\/readaptation-neurologique\/lesion-medullaire\/","url":"https:\/\/www.neuro-concept.ca\/fr\/readaptation-neurologique\/lesion-medullaire\/","name":"R\u00e9adaptation l\u00e9sion m\u00e9dullaire | Neuro-Concept","isPartOf":{"@id":"https:\/\/www.neuro-concept.ca\/fr\/#website"},"primaryImageOfPage":{"@id":"https:\/\/www.neuro-concept.ca\/fr\/readaptation-neurologique\/lesion-medullaire\/#primaryimage"},"image":{"@id":"https:\/\/www.neuro-concept.ca\/fr\/readaptation-neurologique\/lesion-medullaire\/#primaryimage"},"thumbnailUrl":"https:\/\/www.neuro-concept.ca\/wp-content\/uploads\/2025\/06\/exosquette-paraplegia-scaled.jpeg","datePublished":"2015-08-31T20:07:44+00:00","dateModified":"2025-06-18T14:08:23+00:00","description":"Sp\u00e9cialistes en r\u00e9adaptation neurologique des l\u00e9sions m\u00e9dullaires. Approche interdisciplinaire fond\u00e9e sur la science et int\u00e9grant les technologies pour favoriser la r\u00e9cup\u00e9ration et l'autonomie.","breadcrumb":{"@id":"https:\/\/www.neuro-concept.ca\/fr\/readaptation-neurologique\/lesion-medullaire\/#breadcrumb"},"inLanguage":"fr-ca","potentialAction":[{"@type":"ReadAction","target":["https:\/\/www.neuro-concept.ca\/fr\/readaptation-neurologique\/lesion-medullaire\/"]}]},{"@type":"ImageObject","inLanguage":"fr-ca","@id":"https:\/\/www.neuro-concept.ca\/fr\/readaptation-neurologique\/lesion-medullaire\/#primaryimage","url":"https:\/\/www.neuro-concept.ca\/wp-content\/uploads\/2025\/06\/exosquette-paraplegia-scaled.jpeg","contentUrl":"https:\/\/www.neuro-concept.ca\/wp-content\/uploads\/2025\/06\/exosquette-paraplegia-scaled.jpeg","width":2560,"height":2433,"caption":"neurorehab - walking"},{"@type":"BreadcrumbList","@id":"https:\/\/www.neuro-concept.ca\/fr\/readaptation-neurologique\/lesion-medullaire\/#breadcrumb","itemListElement":[{"@type":"ListItem","position":1,"name":"Home","item":"https:\/\/www.neuro-concept.ca\/fr\/"},{"@type":"ListItem","position":2,"name":"Conditions neurologiques","item":"https:\/\/www.neuro-concept.ca\/fr\/readaptation-neurologique\/"},{"@type":"ListItem","position":3,"name":"Parapl\u00e9gie et quadripl\u00e9gie"}]},{"@type":"WebSite","@id":"https:\/\/www.neuro-concept.ca\/fr\/#website","url":"https:\/\/www.neuro-concept.ca\/fr\/","name":"Neuro-Concept - Centre de r\u00e9adaptation neurologique","description":"La sant\u00e9 - \u00c0 la port\u00e9e de tous","publisher":{"@id":"https:\/\/www.neuro-concept.ca\/fr\/#organization"},"potentialAction":[{"@type":"SearchAction","target":{"@type":"EntryPoint","urlTemplate":"https:\/\/www.neuro-concept.ca\/fr\/?s={search_term_string}"},"query-input":{"@type":"PropertyValueSpecification","valueRequired":true,"valueName":"search_term_string"}}],"inLanguage":"fr-ca"},{"@type":"Organization","@id":"https:\/\/www.neuro-concept.ca\/fr\/#organization","name":"Neuro-Concept","url":"https:\/\/www.neuro-concept.ca\/fr\/","logo":{"@type":"ImageObject","inLanguage":"fr-ca","@id":"https:\/\/www.neuro-concept.ca\/fr\/#\/schema\/logo\/image\/","url":"https:\/\/www.neuro-concept.ca\/wp-content\/uploads\/2019\/07\/favicon-1.png","contentUrl":"https:\/\/www.neuro-concept.ca\/wp-content\/uploads\/2019\/07\/favicon-1.png","width":330,"height":330,"caption":"Neuro-Concept"},"image":{"@id":"https:\/\/www.neuro-concept.ca\/fr\/#\/schema\/logo\/image\/"},"sameAs":["https:\/\/www.facebook.com\/neuroconcept","https:\/\/x.com\/NeuroConcept","https:\/\/www.instagram.com\/neuroconcept.rehab\/","https:\/\/twitter.com\/NeuroConcept"]}]}},"_links":{"self":[{"href":"https:\/\/www.neuro-concept.ca\/fr\/wp-json\/wp\/v2\/pages\/3103","targetHints":{"allow":["GET"]}}],"collection":[{"href":"https:\/\/www.neuro-concept.ca\/fr\/wp-json\/wp\/v2\/pages"}],"about":[{"href":"https:\/\/www.neuro-concept.ca\/fr\/wp-json\/wp\/v2\/types\/page"}],"author":[{"embeddable":true,"href":"https:\/\/www.neuro-concept.ca\/fr\/wp-json\/wp\/v2\/users\/1"}],"replies":[{"embeddable":true,"href":"https:\/\/www.neuro-concept.ca\/fr\/wp-json\/wp\/v2\/comments?post=3103"}],"version-history":[{"count":51,"href":"https:\/\/www.neuro-concept.ca\/fr\/wp-json\/wp\/v2\/pages\/3103\/revisions"}],"predecessor-version":[{"id":13170,"href":"https:\/\/www.neuro-concept.ca\/fr\/wp-json\/wp\/v2\/pages\/3103\/revisions\/13170"}],"up":[{"embeddable":true,"href":"https:\/\/www.neuro-concept.ca\/fr\/wp-json\/wp\/v2\/pages\/3045"}],"wp:featuredmedia":[{"embeddable":true,"href":"https:\/\/www.neuro-concept.ca\/fr\/wp-json\/wp\/v2\/media\/13138"}],"wp:attachment":[{"href":"https:\/\/www.neuro-concept.ca\/fr\/wp-json\/wp\/v2\/media?parent=3103"}],"curies":[{"name":"wp","href":"https:\/\/api.w.org\/{rel}","templated":true}]}}