{"id":3045,"date":"2015-08-30T19:13:11","date_gmt":"2015-08-31T00:13:11","guid":{"rendered":"https:\/\/www.neuro-concept.ca\/?page_id=3045"},"modified":"2025-06-19T17:21:21","modified_gmt":"2025-06-19T21:21:21","slug":"readaptation-neurologique","status":"publish","type":"page","link":"https:\/\/www.neuro-concept.ca\/fr\/readaptation-neurologique\/","title":{"rendered":"Conditions neurologiques"},"content":{"rendered":"\t\t<div data-elementor-type=\"wp-post\" data-elementor-id=\"3045\" class=\"elementor elementor-3045\">\n\t\t\t\t\t\t<section class=\"elementor-section elementor-top-section elementor-element elementor-element-929a23c elementor-section-boxed elementor-section-height-default elementor-section-height-default\" data-id=\"929a23c\" data-element_type=\"section\" data-e-type=\"section\">\n\t\t\t\t\t\t<div class=\"elementor-container elementor-column-gap-default\">\n\t\t\t\t\t<div class=\"elementor-column elementor-col-100 elementor-top-column elementor-element elementor-element-9f97c1b\" data-id=\"9f97c1b\" data-element_type=\"column\" data-e-type=\"column\">\n\t\t\t<div class=\"elementor-widget-wrap elementor-element-populated\">\n\t\t\t\t\t\t<div class=\"elementor-element elementor-element-710f579 elementor-widget elementor-widget-heading\" data-id=\"710f579\" data-element_type=\"widget\" data-e-type=\"widget\" data-widget_type=\"heading.default\">\n\t\t\t\t<div class=\"elementor-widget-container\">\n\t\t\t\t\t<h2 class=\"elementor-heading-title elementor-size-default\">\ud83e\udde0 R\u00e9adaptation neurologique: maximisez votre autonomie et votre bien-\u00eatre<\/h2>\t\t\t\t<\/div>\n\t\t\t\t<\/div>\n\t\t\t\t<div class=\"elementor-element elementor-element-6180fc6 elementor-widget elementor-widget-text-editor\" data-id=\"6180fc6\" data-element_type=\"widget\" data-e-type=\"widget\" data-widget_type=\"text-editor.default\">\n\t\t\t\t<div class=\"elementor-widget-container\">\n\t\t\t\t\t\t\t\t\t<h5><em>Toute atteinte du syst\u00e8me nerveux peut \u00eatre prise en charge chez Neuro-Concept.<\/em><\/h5>\t\t\t\t\t\t\t\t<\/div>\n\t\t\t\t<\/div>\n\t\t\t\t<div class=\"elementor-element elementor-element-d0e0aec elementor-widget elementor-widget-text-editor\" data-id=\"d0e0aec\" data-element_type=\"widget\" data-e-type=\"widget\" data-widget_type=\"text-editor.default\">\n\t\t\t\t<div class=\"elementor-widget-container\">\n\t\t\t\t\t\t\t\t\t<p data-start=\"427\" data-end=\"796\">Les atteintes neurologiques \u2013 qu\u2019elles soient <strong data-start=\"473\" data-end=\"516\">cong\u00e9nitales, d\u00e9g\u00e9n\u00e9ratives ou acquises<\/strong> (comme \u00e0 la suite d\u2019un <a href=\"https:\/\/www.neuro-concept.ca\/fr\/conditions-neurologiques\/accident-vasculaire-cerebral-avc\/\">AVC<\/a> ou d\u2019un <a href=\"https:\/\/www.neuro-concept.ca\/fr\/conditions-neurologiques\/readaptation-traumatisme-cranien-commotion\/\">traumatisme cr\u00e2nien<\/a>) \u2013 peuvent entra\u00eener d\u2019importantes cons\u00e9quences sur la vie quotidienne. Une r\u00e9adaptation neurologique bien cibl\u00e9e est essentielle pour <strong data-start=\"707\" data-end=\"795\">pr\u00e9server l\u2019autonomie, r\u00e9duire les limitations et favoriser la participation sociale<\/strong>.<\/p><p data-start=\"798\" data-end=\"963\">Chez <strong data-start=\"803\" data-end=\"820\">Neuro-Concept<\/strong>, nous offrons une prise en charge <strong data-start=\"855\" data-end=\"895\">multidisciplinaire et individualis\u00e9e<\/strong>, fond\u00e9e sur les derni\u00e8res avanc\u00e9es scientifiques et technologiques.<\/p>\t\t\t\t\t\t\t\t<\/div>\n\t\t\t\t<\/div>\n\t\t\t\t\t<\/div>\n\t\t<\/div>\n\t\t\t\t\t<\/div>\n\t\t<\/section>\n\t\t\t\t<section class=\"elementor-section elementor-top-section elementor-element elementor-element-a75a809 elementor-section-boxed elementor-section-height-default elementor-section-height-default\" data-id=\"a75a809\" data-element_type=\"section\" data-e-type=\"section\">\n\t\t\t\t\t\t<div class=\"elementor-container elementor-column-gap-default\">\n\t\t\t\t\t<div class=\"elementor-column elementor-col-50 elementor-top-column elementor-element elementor-element-bedfb72\" data-id=\"bedfb72\" data-element_type=\"column\" data-e-type=\"column\">\n\t\t\t<div class=\"elementor-widget-wrap elementor-element-populated\">\n\t\t\t\t\t\t<div class=\"elementor-element elementor-element-d35242a elementor-widget elementor-widget-heading\" data-id=\"d35242a\" data-element_type=\"widget\" data-e-type=\"widget\" data-widget_type=\"heading.default\">\n\t\t\t\t<div class=\"elementor-widget-container\">\n\t\t\t\t\t<h3 class=\"elementor-heading-title elementor-size-default\">\ud83d\udd2c Une approche globale des troubles neurologiques<\/h3>\t\t\t\t<\/div>\n\t\t\t\t<\/div>\n\t\t\t\t<div class=\"elementor-element elementor-element-22dd9b4 elementor-widget elementor-widget-text-editor\" data-id=\"22dd9b4\" data-element_type=\"widget\" data-e-type=\"widget\" data-widget_type=\"text-editor.default\">\n\t\t\t\t<div class=\"elementor-widget-container\">\n\t\t\t\t\t\t\t\t\t<p data-start=\"1026\" data-end=\"1100\">Selon la condition, diverses fonctions peuvent \u00eatre affect\u00e9es, notamment\u202f:<\/p><ul><li data-start=\"1104\" data-end=\"1152\">Les sensations (engourdissement, fourmillements)<\/li><li data-start=\"1104\" data-end=\"1152\">La force et le tonus musculaire<\/li><li data-start=\"1104\" data-end=\"1152\">L\u2019\u00e9quilibre, la marche et la coordination<\/li><li data-start=\"1104\" data-end=\"1152\">La dext\u00e9rit\u00e9 manuelle et la motricit\u00e9 fine<\/li><\/ul><p data-start=\"1277\" data-end=\"1458\">Ces limitations peuvent avoir un impact important sur vos <strong data-start=\"1335\" data-end=\"1370\">activit\u00e9s de la vie quotidienne<\/strong>, votre autonomie et votre qualit\u00e9 de vie. Notre r\u00f4le est de vous aider \u00e0 les surmonter.<\/p>\t\t\t\t\t\t\t\t<\/div>\n\t\t\t\t<\/div>\n\t\t\t\t\t<\/div>\n\t\t<\/div>\n\t\t\t\t<div class=\"elementor-column elementor-col-50 elementor-top-column elementor-element elementor-element-36bc405\" data-id=\"36bc405\" data-element_type=\"column\" data-e-type=\"column\">\n\t\t\t<div class=\"elementor-widget-wrap elementor-element-populated\">\n\t\t\t\t\t\t<div class=\"elementor-element elementor-element-62426fe elementor-widget elementor-widget-heading\" data-id=\"62426fe\" data-element_type=\"widget\" data-e-type=\"widget\" data-widget_type=\"heading.default\">\n\t\t\t\t<div class=\"elementor-widget-container\">\n\t\t\t\t\t<h3 class=\"elementor-heading-title elementor-size-default\">\ud83d\udc69\u200d\u2695\ufe0f Une expertise clinique de plus de 20 ans<\/h3>\t\t\t\t<\/div>\n\t\t\t\t<\/div>\n\t\t\t\t<div class=\"elementor-element elementor-element-288d551 elementor-widget elementor-widget-text-editor\" data-id=\"288d551\" data-element_type=\"widget\" data-e-type=\"widget\" data-widget_type=\"text-editor.default\">\n\t\t\t\t<div class=\"elementor-widget-container\">\n\t\t\t\t\t\t\t\t\t<p data-start=\"1517\" data-end=\"1885\"><strong data-start=\"1517\" data-end=\"1621\">Neuro-Concept est sp\u00e9cialis\u00e9 dans la r\u00e9adaptation des troubles neurologiques et musculosquelettiques complexes<\/strong>, chez les adultes comme chez les enfants. Notre \u00e9quipe interdisciplinaire \u2014 compos\u00e9e de physioth\u00e9rapeutes, ergoth\u00e9rapeutes, kin\u00e9siologues, orthophonistes et neuropsychologues \u2014 d\u00e9veloppe un <strong data-start=\"1812\" data-end=\"1846\">plan d\u2019intervention sur mesure<\/strong>, selon vos objectifs et votre r\u00e9alit\u00e9.<\/p><p data-start=\"1887\" data-end=\"1918\">Nos programmes s\u2019appuient sur\u202f:<\/p><ul><li data-start=\"1922\" data-end=\"1965\">Des <strong data-start=\"1926\" data-end=\"1965\">protocoles valid\u00e9s scientifiquement<\/strong><\/li><li data-start=\"1922\" data-end=\"1965\">Des technologies de pointe (robotique, r\u00e9alit\u00e9 virtuelle, plateformes d\u2019\u00e9quilibre, etc.)<\/li><li data-start=\"1922\" data-end=\"1965\">Une approche centr\u00e9e sur le potentiel et les capacit\u00e9s fonctionnelles<\/li><\/ul>\t\t\t\t\t\t\t\t<\/div>\n\t\t\t\t<\/div>\n\t\t\t\t\t<\/div>\n\t\t<\/div>\n\t\t\t\t\t<\/div>\n\t\t<\/section>\n\t\t\t\t<section class=\"elementor-section elementor-top-section elementor-element elementor-element-310f574 elementor-section-boxed elementor-section-height-default elementor-section-height-default\" data-id=\"310f574\" data-element_type=\"section\" data-e-type=\"section\">\n\t\t\t\t\t\t<div class=\"elementor-container elementor-column-gap-default\">\n\t\t\t\t\t<div class=\"elementor-column elementor-col-50 elementor-top-column elementor-element elementor-element-19b63a0\" data-id=\"19b63a0\" data-element_type=\"column\" data-e-type=\"column\">\n\t\t\t<div class=\"elementor-widget-wrap elementor-element-populated\">\n\t\t\t\t\t\t<div class=\"elementor-element elementor-element-0c0444e elementor-widget elementor-widget-heading\" data-id=\"0c0444e\" data-element_type=\"widget\" data-e-type=\"widget\" data-widget_type=\"heading.default\">\n\t\t\t\t<div class=\"elementor-widget-container\">\n\t\t\t\t\t<h3 class=\"elementor-heading-title elementor-size-default\">\ud83d\udd52 Un service flexible et accessible<\/h3>\t\t\t\t<\/div>\n\t\t\t\t<\/div>\n\t\t\t\t<div class=\"elementor-element elementor-element-805c5be elementor-widget elementor-widget-text-editor\" data-id=\"805c5be\" data-element_type=\"widget\" data-e-type=\"widget\" data-widget_type=\"text-editor.default\">\n\t\t\t\t<div class=\"elementor-widget-container\">\n\t\t\t\t\t\t\t\t\t<p data-start=\"2177\" data-end=\"2243\">Vous pouvez b\u00e9n\u00e9ficier de nos services dans diff\u00e9rents contextes :<\/p><ul><li data-start=\"2247\" data-end=\"2292\"><strong data-start=\"2247\" data-end=\"2292\">Suivi en compl\u00e9ment de soins hospitaliers<\/strong><\/li><li data-start=\"2247\" data-end=\"2292\"><strong data-start=\"2295\" data-end=\"2332\">Transition apr\u00e8s un cong\u00e9 pr\u00e9coce<\/strong><\/li><li data-start=\"2247\" data-end=\"2292\"><strong data-start=\"2335\" data-end=\"2383\">En attendant une place dans un centre public<\/strong><\/li><li data-start=\"2247\" data-end=\"2292\"><strong data-start=\"2386\" data-end=\"2426\">Programme intensif ou suivi r\u00e9gulier<\/strong><\/li><li data-start=\"2247\" data-end=\"2292\"><strong data-start=\"2429\" data-end=\"2502\">\u00c0 domicile avec notre partenaire, si vous ne pouvez pas vous d\u00e9placer<\/strong><\/li><\/ul><p data-start=\"2504\" data-end=\"2566\">Chaque situation est unique, et nous nous adaptons \u00e0 la v\u00f4tre.<\/p>\t\t\t\t\t\t\t\t<\/div>\n\t\t\t\t<\/div>\n\t\t\t\t\t<\/div>\n\t\t<\/div>\n\t\t\t\t<div class=\"elementor-column elementor-col-50 elementor-top-column elementor-element elementor-element-cde4ee0\" data-id=\"cde4ee0\" data-element_type=\"column\" data-e-type=\"column\">\n\t\t\t<div class=\"elementor-widget-wrap elementor-element-populated\">\n\t\t\t\t\t\t<div class=\"elementor-element elementor-element-51ef763 elementor-widget elementor-widget-heading\" data-id=\"51ef763\" data-element_type=\"widget\" data-e-type=\"widget\" data-widget_type=\"heading.default\">\n\t\t\t\t<div class=\"elementor-widget-container\">\n\t\t\t\t\t<h3 class=\"elementor-heading-title elementor-size-default\">\ud83d\udccd Venez nous rencontrer<\/h3>\t\t\t\t<\/div>\n\t\t\t\t<\/div>\n\t\t\t\t<div class=\"elementor-element elementor-element-55b4c0c elementor-widget elementor-widget-text-editor\" data-id=\"55b4c0c\" data-element_type=\"widget\" data-e-type=\"widget\" data-widget_type=\"text-editor.default\">\n\t\t\t\t<div class=\"elementor-widget-container\">\n\t\t\t\t\t\t\t\t\t<p><strong data-start=\"2603\" data-end=\"2621\">Contactez-nous<\/strong> pour une premi\u00e8re rencontre d\u2019admission ou pour <strong data-start=\"2670\" data-end=\"2724\">planifier une visite gratuite de nos installations<\/strong>. Ensemble, mettons en place un plan de r\u00e9adaptation qui vous permettra de reprendre le contr\u00f4le sur votre quotidien.<\/p>\t\t\t\t\t\t\t\t<\/div>\n\t\t\t\t<\/div>\n\t\t\t\t\t<\/div>\n\t\t<\/div>\n\t\t\t\t\t<\/div>\n\t\t<\/section>\n\t\t\t\t<section class=\"elementor-section elementor-top-section elementor-element elementor-element-a084cfc elementor-section-boxed elementor-section-height-default elementor-section-height-default\" data-id=\"a084cfc\" data-element_type=\"section\" data-e-type=\"section\">\n\t\t\t\t\t\t<div class=\"elementor-container elementor-column-gap-default\">\n\t\t\t\t\t<div class=\"elementor-column elementor-col-33 elementor-top-column elementor-element elementor-element-70039a1\" data-id=\"70039a1\" data-element_type=\"column\" data-e-type=\"column\">\n\t\t\t<div class=\"elementor-widget-wrap elementor-element-populated\">\n\t\t\t\t\t\t<div class=\"elementor-element elementor-element-d3833da elementor-widget elementor-widget-text-editor\" data-id=\"d3833da\" data-element_type=\"widget\" data-e-type=\"widget\" data-widget_type=\"text-editor.default\">\n\t\t\t\t<div class=\"elementor-widget-container\">\n\t\t\t\t\t\t\t\t\t<p><a href=\"https:\/\/www.neuro-concept.ca\/fr\/conditions-neurologiques\/sclerose-en-plaques\/\">Scl\u00e9rose en plaques<\/a><\/p><p><a href=\"https:\/\/www.neuro-concept.ca\/fr\/conditions-neurologiques\/readaptation-traumatisme-cranien-commotion\/\">Traumatisme cr\u00e2nien et commotion<\/a><\/p><p><a href=\"https:\/\/www.neuro-concept.ca\/fr\/conditions-neurologiques\/lesion-medullaire\/\">L\u00e9sion m\u00e9dullaire<\/a><\/p>\t\t\t\t\t\t\t\t<\/div>\n\t\t\t\t<\/div>\n\t\t\t\t\t<\/div>\n\t\t<\/div>\n\t\t\t\t<div class=\"elementor-column elementor-col-33 elementor-top-column elementor-element elementor-element-aa3926e\" data-id=\"aa3926e\" data-element_type=\"column\" data-e-type=\"column\">\n\t\t\t<div class=\"elementor-widget-wrap elementor-element-populated\">\n\t\t\t\t\t\t<div class=\"elementor-element elementor-element-be583d2 elementor-widget elementor-widget-text-editor\" data-id=\"be583d2\" data-element_type=\"widget\" data-e-type=\"widget\" data-widget_type=\"text-editor.default\">\n\t\t\t\t<div class=\"elementor-widget-container\">\n\t\t\t\t\t\t\t\t\t<p><a style=\"background-color: #ffffff;\" href=\"https:\/\/www.neuro-concept.ca\/fr\/conditions-neurologiques\/accident-vasculaire-cerebral-avc\/\">AVC<\/a><\/p><p><a href=\"https:\/\/www.neuro-concept.ca\/fr\/conditions-neurologiques\/maladie-de-parkinson-et-apparentee\/\">Parkinson<\/a><\/p><p><a href=\"https:\/\/www.neuro-concept.ca\/fr\/conditions-neurologiques\/trouble-neurologique-fonctionnel\/\">Trouble neurologique fonctionnel<\/a><\/p>\t\t\t\t\t\t\t\t<\/div>\n\t\t\t\t<\/div>\n\t\t\t\t\t<\/div>\n\t\t<\/div>\n\t\t\t\t<div class=\"elementor-column elementor-col-33 elementor-top-column elementor-element elementor-element-ae2e9ef\" data-id=\"ae2e9ef\" data-element_type=\"column\" data-e-type=\"column\">\n\t\t\t<div class=\"elementor-widget-wrap elementor-element-populated\">\n\t\t\t\t\t\t<div class=\"elementor-element elementor-element-8f975da elementor-widget elementor-widget-text-editor\" data-id=\"8f975da\" data-element_type=\"widget\" data-e-type=\"widget\" data-widget_type=\"text-editor.default\">\n\t\t\t\t<div class=\"elementor-widget-container\">\n\t\t\t\t\t\t\t\t\t<p><a href=\"https:\/\/www.neuro-concept.ca\/fr\/conditions-neurologiques\/ampute\/\">Amputation<\/a><\/p><p><a href=\"https:\/\/www.neuro-concept.ca\/fr\/conditions-neurologiques\/ataxie\/\">Ataxie<\/a><\/p><p><a href=\"https:\/\/www.neuro-concept.ca\/fr\/conditions-neurologiques\/autres-conditions-neurologiques\/\">conditions rares et complexes<\/a><\/p>\t\t\t\t\t\t\t\t<\/div>\n\t\t\t\t<\/div>\n\t\t\t\t\t<\/div>\n\t\t<\/div>\n\t\t\t\t\t<\/div>\n\t\t<\/section>\n\t\t\t\t<section class=\"elementor-section elementor-top-section elementor-element elementor-element-4ddfba3b elementor-section-stretched elementor-section-boxed elementor-section-height-default elementor-section-height-default\" data-id=\"4ddfba3b\" data-element_type=\"section\" data-e-type=\"section\" data-settings=\"{&quot;stretch_section&quot;:&quot;section-stretched&quot;,&quot;background_background&quot;:&quot;classic&quot;}\">\n\t\t\t\t\t\t<div class=\"elementor-container elementor-column-gap-default\">\n\t\t\t\t\t<div class=\"elementor-column elementor-col-100 elementor-top-column elementor-element elementor-element-737fdb87\" data-id=\"737fdb87\" data-element_type=\"column\" data-e-type=\"column\">\n\t\t\t<div class=\"elementor-widget-wrap elementor-element-populated\">\n\t\t\t\t\t\t<div class=\"elementor-element elementor-element-6e0bac1e elementor-widget elementor-widget-rt-title\" data-id=\"6e0bac1e\" data-element_type=\"widget\" data-e-type=\"widget\" data-widget_type=\"rt-title.default\">\n\t\t\t\t<div class=\"elementor-widget-container\">\n\t\t\t\t\t\t\t<div class=\"rt-el-title section-heading heading-dark text-center heading-layout1 style1 theme5\">\t\t\n\t\t\t\t\t\t\t<p class=\"rtin-subtitle\">Notre \u00e9quipe de professionnels saura vous accompagner vers votre objectif<\/p>\n\t\t\t\n\t\t\t<h2 class=\"rtin-title\">Prenez Un Rendez-Vous<\/h2>\n\t\t<\/div>\n\t\t\t\t<\/div>\n\t\t\t\t<\/div>\n\t\t\t\t<div class=\"elementor-element elementor-element-1b658f2a elementor-align-center elementor-widget elementor-widget-button\" data-id=\"1b658f2a\" data-element_type=\"widget\" data-e-type=\"widget\" data-widget_type=\"button.default\">\n\t\t\t\t<div class=\"elementor-widget-container\">\n\t\t\t\t\t\t\t\t\t<div class=\"elementor-button-wrapper\">\n\t\t\t\t\t<a class=\"elementor-button elementor-button-link elementor-size-sm\" href=\"https:\/\/secure.medexa.com\/onlineAppointmentInformation?APIKey=9AA42B530BF74C1CABDDAAEF83B61AD0&#038;flowColor=228fa6&#038;backgroundColor=ffffff%20width=1000%20height=500%20frameborder=0\" target=\"_blank\" rel=\"nofollow\">\n\t\t\t\t\t\t<span class=\"elementor-button-content-wrapper\">\n\t\t\t\t\t\t\t\t\t<span class=\"elementor-button-text\">Se sentir mieux commence maintenant<\/span>\n\t\t\t\t\t<\/span>\n\t\t\t\t\t<\/a>\n\t\t\t\t<\/div>\n\t\t\t\t\t\t\t\t<\/div>\n\t\t\t\t<\/div>\n\t\t\t\t\t<\/div>\n\t\t<\/div>\n\t\t\t\t\t<\/div>\n\t\t<\/section>\n\t\t\t\t<\/div>\n\t\t","protected":false},"excerpt":{"rendered":"<p>\ud83e\udde0 R\u00e9adaptation neurologique: maximisez votre autonomie et votre bien-\u00eatre Toute atteinte du syst\u00e8me nerveux peut \u00eatre prise en charge chez Neuro-Concept. Les atteintes neurologiques \u2013 qu\u2019elles soient cong\u00e9nitales, d\u00e9g\u00e9n\u00e9ratives ou acquises (comme \u00e0 la suite d\u2019un AVC ou d\u2019un traumatisme cr\u00e2nien) \u2013 peuvent entra\u00eener d\u2019importantes cons\u00e9quences sur la vie quotidienne. Une r\u00e9adaptation neurologique bien cibl\u00e9e&#8230;<\/p>\n","protected":false},"author":1,"featured_media":0,"parent":0,"menu_order":0,"comment_status":"closed","ping_status":"closed","template":"","meta":{"_monsterinsights_skip_tracking":false,"_monsterinsights_sitenote_active":false,"_monsterinsights_sitenote_note":"","_monsterinsights_sitenote_category":0,"footnotes":""},"class_list":["post-3045","page","type-page","status-publish","hentry"],"yoast_head":"<!-- This site is optimized with the Yoast SEO plugin v27.5 - https:\/\/yoast.com\/product\/yoast-seo-wordpress\/ -->\n<title>R\u00e9adaptation neurologique \u2013 Perte d\u2019autonomie | Neuro-Concept<\/title>\n<meta name=\"description\" content=\"Neuro-Concept offre une r\u00e9adaptation neurologique personnalis\u00e9e pour adultes et enfants. Multidisciplinaire, technologique et fond\u00e9e sur les donn\u00e9es probantes.\" \/>\n<meta name=\"robots\" content=\"index, follow, max-snippet:-1, max-image-preview:large, max-video-preview:-1\" \/>\n<link rel=\"canonical\" href=\"https:\/\/www.neuro-concept.ca\/fr\/readaptation-neurologique\/\" \/>\n<meta property=\"og:locale\" content=\"fr_FR\" \/>\n<meta property=\"og:type\" content=\"article\" \/>\n<meta property=\"og:title\" content=\"R\u00e9adaptation neurologique \u2013 Perte d\u2019autonomie | Neuro-Concept\" \/>\n<meta property=\"og:description\" content=\"Neuro-Concept offre une r\u00e9adaptation neurologique personnalis\u00e9e pour adultes et enfants. Multidisciplinaire, technologique et fond\u00e9e sur les donn\u00e9es probantes.\" \/>\n<meta property=\"og:url\" content=\"https:\/\/www.neuro-concept.ca\/fr\/readaptation-neurologique\/\" \/>\n<meta property=\"og:site_name\" content=\"Neuro-Concept - Centre de r\u00e9adaptation neurologique\" \/>\n<meta property=\"article:publisher\" content=\"https:\/\/www.facebook.com\/neuroconcept\" \/>\n<meta property=\"article:modified_time\" content=\"2025-06-19T21:21:21+00:00\" \/>\n<meta property=\"og:image\" content=\"https:\/\/www.neuro-concept.ca\/wp-content\/uploads\/2014\/12\/G_EO_System_Basi_4f47644ee9c28.jpg\" \/>\n\t<meta property=\"og:image:width\" content=\"300\" \/>\n\t<meta property=\"og:image:height\" content=\"200\" \/>\n\t<meta property=\"og:image:type\" content=\"image\/jpeg\" \/>\n<meta name=\"twitter:card\" content=\"summary_large_image\" \/>\n<meta name=\"twitter:site\" content=\"@NeuroConcept\" \/>\n<script type=\"application\/ld+json\" class=\"yoast-schema-graph\">{\"@context\":\"https:\\\/\\\/schema.org\",\"@graph\":[{\"@type\":\"WebPage\",\"@id\":\"https:\\\/\\\/www.neuro-concept.ca\\\/fr\\\/readaptation-neurologique\\\/\",\"url\":\"https:\\\/\\\/www.neuro-concept.ca\\\/fr\\\/readaptation-neurologique\\\/\",\"name\":\"R\u00e9adaptation neurologique \u2013 Perte d\u2019autonomie | Neuro-Concept\",\"isPartOf\":{\"@id\":\"https:\\\/\\\/www.neuro-concept.ca\\\/fr\\\/#website\"},\"datePublished\":\"2015-08-31T00:13:11+00:00\",\"dateModified\":\"2025-06-19T21:21:21+00:00\",\"description\":\"Neuro-Concept offre une r\u00e9adaptation neurologique personnalis\u00e9e pour adultes et enfants. Multidisciplinaire, technologique et fond\u00e9e sur les donn\u00e9es probantes.\",\"breadcrumb\":{\"@id\":\"https:\\\/\\\/www.neuro-concept.ca\\\/fr\\\/readaptation-neurologique\\\/#breadcrumb\"},\"inLanguage\":\"fr-ca\",\"potentialAction\":[{\"@type\":\"ReadAction\",\"target\":[\"https:\\\/\\\/www.neuro-concept.ca\\\/fr\\\/readaptation-neurologique\\\/\"]}]},{\"@type\":\"BreadcrumbList\",\"@id\":\"https:\\\/\\\/www.neuro-concept.ca\\\/fr\\\/readaptation-neurologique\\\/#breadcrumb\",\"itemListElement\":[{\"@type\":\"ListItem\",\"position\":1,\"name\":\"Home\",\"item\":\"https:\\\/\\\/www.neuro-concept.ca\\\/fr\\\/\"},{\"@type\":\"ListItem\",\"position\":2,\"name\":\"Conditions neurologiques\"}]},{\"@type\":\"WebSite\",\"@id\":\"https:\\\/\\\/www.neuro-concept.ca\\\/fr\\\/#website\",\"url\":\"https:\\\/\\\/www.neuro-concept.ca\\\/fr\\\/\",\"name\":\"Neuro-Concept - Centre de r\u00e9adaptation neurologique\",\"description\":\"La sant\u00e9 - \u00c0 la port\u00e9e de tous\",\"publisher\":{\"@id\":\"https:\\\/\\\/www.neuro-concept.ca\\\/fr\\\/#organization\"},\"potentialAction\":[{\"@type\":\"SearchAction\",\"target\":{\"@type\":\"EntryPoint\",\"urlTemplate\":\"https:\\\/\\\/www.neuro-concept.ca\\\/fr\\\/?s={search_term_string}\"},\"query-input\":{\"@type\":\"PropertyValueSpecification\",\"valueRequired\":true,\"valueName\":\"search_term_string\"}}],\"inLanguage\":\"fr-ca\"},{\"@type\":\"Organization\",\"@id\":\"https:\\\/\\\/www.neuro-concept.ca\\\/fr\\\/#organization\",\"name\":\"Neuro-Concept\",\"url\":\"https:\\\/\\\/www.neuro-concept.ca\\\/fr\\\/\",\"logo\":{\"@type\":\"ImageObject\",\"inLanguage\":\"fr-ca\",\"@id\":\"https:\\\/\\\/www.neuro-concept.ca\\\/fr\\\/#\\\/schema\\\/logo\\\/image\\\/\",\"url\":\"https:\\\/\\\/www.neuro-concept.ca\\\/wp-content\\\/uploads\\\/2019\\\/07\\\/favicon-1.png\",\"contentUrl\":\"https:\\\/\\\/www.neuro-concept.ca\\\/wp-content\\\/uploads\\\/2019\\\/07\\\/favicon-1.png\",\"width\":330,\"height\":330,\"caption\":\"Neuro-Concept\"},\"image\":{\"@id\":\"https:\\\/\\\/www.neuro-concept.ca\\\/fr\\\/#\\\/schema\\\/logo\\\/image\\\/\"},\"sameAs\":[\"https:\\\/\\\/www.facebook.com\\\/neuroconcept\",\"https:\\\/\\\/x.com\\\/NeuroConcept\",\"https:\\\/\\\/www.instagram.com\\\/neuroconcept.rehab\\\/\",\"https:\\\/\\\/twitter.com\\\/NeuroConcept\"]}]}<\/script>\n<!-- \/ Yoast SEO plugin. -->","yoast_head_json":{"title":"R\u00e9adaptation neurologique \u2013 Perte d\u2019autonomie | Neuro-Concept","description":"Neuro-Concept offre une r\u00e9adaptation neurologique personnalis\u00e9e pour adultes et enfants. Multidisciplinaire, technologique et fond\u00e9e sur les donn\u00e9es probantes.","robots":{"index":"index","follow":"follow","max-snippet":"max-snippet:-1","max-image-preview":"max-image-preview:large","max-video-preview":"max-video-preview:-1"},"canonical":"https:\/\/www.neuro-concept.ca\/fr\/readaptation-neurologique\/","og_locale":"fr_FR","og_type":"article","og_title":"R\u00e9adaptation neurologique \u2013 Perte d\u2019autonomie | Neuro-Concept","og_description":"Neuro-Concept offre une r\u00e9adaptation neurologique personnalis\u00e9e pour adultes et enfants. Multidisciplinaire, technologique et fond\u00e9e sur les donn\u00e9es probantes.","og_url":"https:\/\/www.neuro-concept.ca\/fr\/readaptation-neurologique\/","og_site_name":"Neuro-Concept - Centre de r\u00e9adaptation neurologique","article_publisher":"https:\/\/www.facebook.com\/neuroconcept","article_modified_time":"2025-06-19T21:21:21+00:00","og_image":[{"width":300,"height":200,"url":"https:\/\/www.neuro-concept.ca\/wp-content\/uploads\/2014\/12\/G_EO_System_Basi_4f47644ee9c28.jpg","type":"image\/jpeg"}],"twitter_card":"summary_large_image","twitter_site":"@NeuroConcept","schema":{"@context":"https:\/\/schema.org","@graph":[{"@type":"WebPage","@id":"https:\/\/www.neuro-concept.ca\/fr\/readaptation-neurologique\/","url":"https:\/\/www.neuro-concept.ca\/fr\/readaptation-neurologique\/","name":"R\u00e9adaptation neurologique \u2013 Perte d\u2019autonomie | Neuro-Concept","isPartOf":{"@id":"https:\/\/www.neuro-concept.ca\/fr\/#website"},"datePublished":"2015-08-31T00:13:11+00:00","dateModified":"2025-06-19T21:21:21+00:00","description":"Neuro-Concept offre une r\u00e9adaptation neurologique personnalis\u00e9e pour adultes et enfants. Multidisciplinaire, technologique et fond\u00e9e sur les donn\u00e9es probantes.","breadcrumb":{"@id":"https:\/\/www.neuro-concept.ca\/fr\/readaptation-neurologique\/#breadcrumb"},"inLanguage":"fr-ca","potentialAction":[{"@type":"ReadAction","target":["https:\/\/www.neuro-concept.ca\/fr\/readaptation-neurologique\/"]}]},{"@type":"BreadcrumbList","@id":"https:\/\/www.neuro-concept.ca\/fr\/readaptation-neurologique\/#breadcrumb","itemListElement":[{"@type":"ListItem","position":1,"name":"Home","item":"https:\/\/www.neuro-concept.ca\/fr\/"},{"@type":"ListItem","position":2,"name":"Conditions neurologiques"}]},{"@type":"WebSite","@id":"https:\/\/www.neuro-concept.ca\/fr\/#website","url":"https:\/\/www.neuro-concept.ca\/fr\/","name":"Neuro-Concept - Centre de r\u00e9adaptation neurologique","description":"La sant\u00e9 - \u00c0 la port\u00e9e de tous","publisher":{"@id":"https:\/\/www.neuro-concept.ca\/fr\/#organization"},"potentialAction":[{"@type":"SearchAction","target":{"@type":"EntryPoint","urlTemplate":"https:\/\/www.neuro-concept.ca\/fr\/?s={search_term_string}"},"query-input":{"@type":"PropertyValueSpecification","valueRequired":true,"valueName":"search_term_string"}}],"inLanguage":"fr-ca"},{"@type":"Organization","@id":"https:\/\/www.neuro-concept.ca\/fr\/#organization","name":"Neuro-Concept","url":"https:\/\/www.neuro-concept.ca\/fr\/","logo":{"@type":"ImageObject","inLanguage":"fr-ca","@id":"https:\/\/www.neuro-concept.ca\/fr\/#\/schema\/logo\/image\/","url":"https:\/\/www.neuro-concept.ca\/wp-content\/uploads\/2019\/07\/favicon-1.png","contentUrl":"https:\/\/www.neuro-concept.ca\/wp-content\/uploads\/2019\/07\/favicon-1.png","width":330,"height":330,"caption":"Neuro-Concept"},"image":{"@id":"https:\/\/www.neuro-concept.ca\/fr\/#\/schema\/logo\/image\/"},"sameAs":["https:\/\/www.facebook.com\/neuroconcept","https:\/\/x.com\/NeuroConcept","https:\/\/www.instagram.com\/neuroconcept.rehab\/","https:\/\/twitter.com\/NeuroConcept"]}]}},"_links":{"self":[{"href":"https:\/\/www.neuro-concept.ca\/fr\/wp-json\/wp\/v2\/pages\/3045","targetHints":{"allow":["GET"]}}],"collection":[{"href":"https:\/\/www.neuro-concept.ca\/fr\/wp-json\/wp\/v2\/pages"}],"about":[{"href":"https:\/\/www.neuro-concept.ca\/fr\/wp-json\/wp\/v2\/types\/page"}],"author":[{"embeddable":true,"href":"https:\/\/www.neuro-concept.ca\/fr\/wp-json\/wp\/v2\/users\/1"}],"replies":[{"embeddable":true,"href":"https:\/\/www.neuro-concept.ca\/fr\/wp-json\/wp\/v2\/comments?post=3045"}],"version-history":[{"count":41,"href":"https:\/\/www.neuro-concept.ca\/fr\/wp-json\/wp\/v2\/pages\/3045\/revisions"}],"predecessor-version":[{"id":13431,"href":"https:\/\/www.neuro-concept.ca\/fr\/wp-json\/wp\/v2\/pages\/3045\/revisions\/13431"}],"wp:attachment":[{"href":"https:\/\/www.neuro-concept.ca\/fr\/wp-json\/wp\/v2\/media?parent=3045"}],"curies":[{"name":"wp","href":"https:\/\/api.w.org\/{rel}","templated":true}]}}