{"id":13906,"date":"2019-10-28T11:47:09","date_gmt":"2019-10-28T16:47:09","guid":{"rendered":"https:\/\/www.neuro-concept.ca\/nouvelles\/"},"modified":"2025-07-10T09:57:44","modified_gmt":"2025-07-10T13:57:44","slug":"nouvelles","status":"publish","type":"page","link":"https:\/\/www.neuro-concept.ca\/en\/nouvelles\/","title":{"rendered":"The Neuro-Concept Blog"},"content":{"rendered":"\t\t<div data-elementor-type=\"wp-post\" data-elementor-id=\"13906\" class=\"elementor elementor-13906 elementor-7001\">\n\t\t\t\t\t\t<section class=\"elementor-section elementor-top-section elementor-element elementor-element-7c083e8 elementor-section-boxed elementor-section-height-default elementor-section-height-default\" data-id=\"7c083e8\" data-element_type=\"section\" data-e-type=\"section\">\n\t\t\t\t\t\t<div class=\"elementor-container elementor-column-gap-default\">\n\t\t\t\t\t<div class=\"elementor-column elementor-col-100 elementor-top-column elementor-element elementor-element-11f03e1\" data-id=\"11f03e1\" data-element_type=\"column\" data-e-type=\"column\">\n\t\t\t<div class=\"elementor-widget-wrap elementor-element-populated\">\n\t\t\t\t\t\t<div class=\"elementor-element elementor-element-25aed27 elementor-widget elementor-widget-heading\" data-id=\"25aed27\" data-element_type=\"widget\" data-e-type=\"widget\" data-widget_type=\"heading.default\">\n\t\t\t\t<div class=\"elementor-widget-container\">\n\t\t\t\t\t<h2 class=\"elementor-heading-title elementor-size-default\">The Neuro-Concept Blog - Rehabilitation, Innovation and Human Stories<\/h2>\t\t\t\t<\/div>\n\t\t\t\t<\/div>\n\t\t\t\t<div class=\"elementor-element elementor-element-bfe3bc0 elementor-widget elementor-widget-text-editor\" data-id=\"bfe3bc0\" data-element_type=\"widget\" data-e-type=\"widget\" data-widget_type=\"text-editor.default\">\n\t\t\t\t<div class=\"elementor-widget-container\">\n\t\t\t\t\t\t\t\t\tWelcome to Neuro-Concept\u2019s blog \u2013 your go-to source for insights on neurological rehabilitation, advanced technologies, and human performance.<br data-start=\"2709\" data-end=\"2712\" \/>Explore in-depth articles, updates from our clinical projects, expert advice, and stories from our vibrant community.\t\t\t\t\t\t\t\t<\/div>\n\t\t\t\t<\/div>\n\t\t\t\t\t<\/div>\n\t\t<\/div>\n\t\t\t\t\t<\/div>\n\t\t<\/section>\n\t\t\t\t<section class=\"elementor-section elementor-top-section elementor-element elementor-element-b5ec982 elementor-section-boxed elementor-section-height-default elementor-section-height-default\" data-id=\"b5ec982\" data-element_type=\"section\" data-e-type=\"section\">\n\t\t\t\t\t\t<div class=\"elementor-container elementor-column-gap-default\">\n\t\t\t\t\t<div class=\"elementor-column elementor-col-100 elementor-top-column elementor-element elementor-element-f4b04ca\" data-id=\"f4b04ca\" data-element_type=\"column\" data-e-type=\"column\">\n\t\t\t<div class=\"elementor-widget-wrap elementor-element-populated\">\n\t\t\t\t\t\t<div class=\"elementor-element elementor-element-7312be0 elementor-widget elementor-widget-rt-blog-post\" data-id=\"7312be0\" data-element_type=\"widget\" data-e-type=\"widget\" data-widget_type=\"rt-blog-post.default\">\n\t\t\t\t<div class=\"elementor-widget-container\">\n\t\t\t\t\t<div class=\"rt-el-blgo-post row\">\n\t\t\t\t\t\t\t\t\n\t\t\t\t<div class=\"rtin-item post-each col-lg-4 col-md-4 col-sm-6 col-xs-12\">\n\t\t\n\t\t\t\t\t\t\t<div class=\"entry-thumbnail-area\">\n\t\t\t\t\t<a href=\"https:\/\/www.neuro-concept.ca\/en\/when-neuroplasticity-becomes-a-slogan\/\" class=\"entry-title\" rel=\"bookmark\">\n\t\t\t\t\t\t<img fetchpriority=\"high\" decoding=\"async\" width=\"665\" height=\"494\" src=\"https:\/\/www.neuro-concept.ca\/wp-content\/uploads\/2026\/04\/neurplasticite-sciene-665x494.png\" class=\"attachment-medilink-size2 size-medilink-size2 wp-post-image\" alt=\"neuro-concept\" \/>\t\t\t\t\t\t\t\t\n\t\t\t\t\t<\/a>\n\t\t\t\t<\/div>\n\t\t\t\t\t\t<div class=\"entry-content-area\">\n\t\t\t\t<div class=\"entry-header\">\n\t\t\t\t\t\t\t\t\t\t<ul class=\"entry-meta-1\">\n\t\t\t\t\t\t\t\t\t\t\n\t\t\t\t\t<\/ul>\n\t\t\t\t\t\t\t\t\t<h3><a href=\"https:\/\/www.neuro-concept.ca\/en\/when-neuroplasticity-becomes-a-slogan\/\" class=\"entry-title\" rel=\"bookmark\">When Neuroplasticity Becomes a Slogan<\/a><\/h3>\t\t\t\n\t\t\t\t<\/div>\n\t\t\t\t<div class=\"entry-content\">\n\t\t\t\t\t <p>Neuroplasticity: What Science Really Says (and What Popularization Exaggerates) Neuroplasticity has become an omnipresent buzzword. It is invoked&hellip;<\/p>\t\t\t\t\t\t\t\t\t<\/div>\n\t\t\t<\/div>\t\n\t\t\t<\/div>\t\n\t\t\t\t\t\t\t\n\t\t\t\t<div class=\"rtin-item post-each col-lg-4 col-md-4 col-sm-6 col-xs-12\">\n\t\t\n\t\t\t\t\t\t\t<div class=\"entry-thumbnail-area\">\n\t\t\t\t\t<a href=\"https:\/\/www.neuro-concept.ca\/en\/brain-health\/\" class=\"entry-title\" rel=\"bookmark\">\n\t\t\t\t\t\t<img decoding=\"async\" width=\"665\" height=\"494\" src=\"https:\/\/www.neuro-concept.ca\/wp-content\/uploads\/2026\/04\/download-2026-04-13T20_37_04-665x494.jpg\" class=\"attachment-medilink-size2 size-medilink-size2 wp-post-image\" alt=\"cerveau en sant\u00e9\" \/>\t\t\t\t\t\t\t\t\n\t\t\t\t\t<\/a>\n\t\t\t\t<\/div>\n\t\t\t\t\t\t<div class=\"entry-content-area\">\n\t\t\t\t<div class=\"entry-header\">\n\t\t\t\t\t\t\t\t\t\t<ul class=\"entry-meta-1\">\n\t\t\t\t\t\t\t\t\t\t\n\t\t\t\t\t<\/ul>\n\t\t\t\t\t\t\t\t\t<h3><a href=\"https:\/\/www.neuro-concept.ca\/en\/brain-health\/\" class=\"entry-title\" rel=\"bookmark\">Brain Health<\/a><\/h3>\t\t\t\n\t\t\t\t<\/div>\n\t\t\t\t<div class=\"entry-content\">\n\t\t\t\t\t <p>Brain Health: A Blind Spot in Qu\u00e9bec\u2019s Healthcare System? In Qu\u00e9bec, health is a constant topic of discussion.&hellip;<\/p>\t\t\t\t\t\t\t\t\t<\/div>\n\t\t\t<\/div>\t\n\t\t\t<\/div>\t\n\t\t\t\t\t\t\t\n\t\t\t\t<div class=\"rtin-item post-each col-lg-4 col-md-4 col-sm-6 col-xs-12\">\n\t\t\n\t\t\t\t\t\t\t<div class=\"entry-thumbnail-area\">\n\t\t\t\t\t<a href=\"https:\/\/www.neuro-concept.ca\/en\/from-rehabilitation-to-neurological-training-reframing-the-use-of-robotics\/\" class=\"entry-title\" rel=\"bookmark\">\n\t\t\t\t\t\t<img decoding=\"async\" width=\"665\" height=\"494\" src=\"https:\/\/www.neuro-concept.ca\/wp-content\/uploads\/2025\/07\/482021079_9220777697969424_4657770305486817593_n-665x494.jpg\" class=\"attachment-medilink-size2 size-medilink-size2 wp-post-image\" alt=\"technologie\" \/>\t\t\t\t\t\t\t\t\n\t\t\t\t\t<\/a>\n\t\t\t\t<\/div>\n\t\t\t\t\t\t<div class=\"entry-content-area\">\n\t\t\t\t<div class=\"entry-header\">\n\t\t\t\t\t\t\t\t\t\t<ul class=\"entry-meta-1\">\n\t\t\t\t\t\t\t\t\t\t\n\t\t\t\t\t<\/ul>\n\t\t\t\t\t\t\t\t\t<h3><a href=\"https:\/\/www.neuro-concept.ca\/en\/from-rehabilitation-to-neurological-training-reframing-the-use-of-robotics\/\" class=\"entry-title\" rel=\"bookmark\">From Rehabilitation to Neurological Training: Reframing the Use of Robotics<\/a><\/h3>\t\t\t\n\t\t\t\t<\/div>\n\t\t\t\t<div class=\"entry-content\">\n\t\t\t\t\t <p>Robotics at the Heart of a Continuum: From Rehabilitation to Neurological Training Robotics in neurology truly comes into&hellip;<\/p>\t\t\t\t\t\t\t\t\t<\/div>\n\t\t\t<\/div>\t\n\t\t\t<\/div>\t\n\t\t\t\t\t\t\t\n\t\t\t\t<div class=\"rtin-item post-each col-lg-4 col-md-4 col-sm-6 col-xs-12\">\n\t\t\n\t\t\t\t\t\t\t<div class=\"entry-thumbnail-area\">\n\t\t\t\t\t<a href=\"https:\/\/www.neuro-concept.ca\/en\/measuring-progress-in-neurorehab\/\" class=\"entry-title\" rel=\"bookmark\">\n\t\t\t\t\t\t<img loading=\"lazy\" decoding=\"async\" width=\"665\" height=\"494\" src=\"https:\/\/www.neuro-concept.ca\/wp-content\/uploads\/2026\/03\/data-geo-665x494.webp\" class=\"attachment-medilink-size2 size-medilink-size2 wp-post-image\" alt=\"neuro-concept\" \/>\t\t\t\t\t\t\t\t\n\t\t\t\t\t<\/a>\n\t\t\t\t<\/div>\n\t\t\t\t\t\t<div class=\"entry-content-area\">\n\t\t\t\t<div class=\"entry-header\">\n\t\t\t\t\t\t\t\t\t\t<ul class=\"entry-meta-1\">\n\t\t\t\t\t\t\t\t\t\t\n\t\t\t\t\t<\/ul>\n\t\t\t\t\t\t\t\t\t<h3><a href=\"https:\/\/www.neuro-concept.ca\/en\/measuring-progress-in-neurorehab\/\" class=\"entry-title\" rel=\"bookmark\">Measuring to Rehabilitate Better: The Art (and Science) of Objectifying Progress in Neurorehabilitation<\/a><\/h3>\t\t\t\n\t\t\t\t<\/div>\n\t\t\t\t<div class=\"entry-content\">\n\t\t\t\t\t <p>How to Objectively Measure Progress in Neurorehabilitation? Neurological rehabilitation increasingly relies on measurable data to track patient evolution,&hellip;<\/p>\t\t\t\t\t\t\t\t\t<\/div>\n\t\t\t<\/div>\t\n\t\t\t<\/div>\t\n\t\t\t\t\t\t\t\n\t\t\t\t<div class=\"rtin-item post-each col-lg-4 col-md-4 col-sm-6 col-xs-12\">\n\t\t\n\t\t\t\t\t\t\t<div class=\"entry-thumbnail-area\">\n\t\t\t\t\t<a href=\"https:\/\/www.neuro-concept.ca\/en\/kinesiologist-role-neurological-rehabilitation\/\" class=\"entry-title\" rel=\"bookmark\">\n\t\t\t\t\t\t<img loading=\"lazy\" decoding=\"async\" width=\"665\" height=\"494\" src=\"https:\/\/www.neuro-concept.ca\/wp-content\/uploads\/2025\/07\/therapeute-neuro-concept-1-665x494.jpg\" class=\"attachment-medilink-size2 size-medilink-size2 wp-post-image\" alt=\"neurorehab\" \/>\t\t\t\t\t\t\t\t\n\t\t\t\t\t<\/a>\n\t\t\t\t<\/div>\n\t\t\t\t\t\t<div class=\"entry-content-area\">\n\t\t\t\t<div class=\"entry-header\">\n\t\t\t\t\t\t\t\t\t\t<ul class=\"entry-meta-1\">\n\t\t\t\t\t\t\t\t\t\t\n\t\t\t\t\t<\/ul>\n\t\t\t\t\t\t\t\t\t<h3><a href=\"https:\/\/www.neuro-concept.ca\/en\/kinesiologist-role-neurological-rehabilitation\/\" class=\"entry-title\" rel=\"bookmark\">The essential role of the kinesiologist in neurological rehabilitation: a key ally at every stage<\/a><\/h3>\t\t\t\n\t\t\t\t<\/div>\n\t\t\t\t<div class=\"entry-content\">\n\t\t\t\t\t <p>The Essential Role of the Kinesiologist in Neurological Rehabilitation \u2014 A Key Ally from Hospital to Everyday Life&hellip;<\/p>\t\t\t\t\t\t\t\t\t<\/div>\n\t\t\t<\/div>\t\n\t\t\t<\/div>\t\n\t\t\t\t\t\t\t\n\t\t\t\t<div class=\"rtin-item post-each col-lg-4 col-md-4 col-sm-6 col-xs-12\">\n\t\t\n\t\t\t\t\t\t\t<div class=\"entry-thumbnail-area\">\n\t\t\t\t\t<a href=\"https:\/\/www.neuro-concept.ca\/en\/neuroplasticity-and-stroke\/\" class=\"entry-title\" rel=\"bookmark\">\n\t\t\t\t\t\t<img loading=\"lazy\" decoding=\"async\" width=\"665\" height=\"494\" src=\"https:\/\/www.neuro-concept.ca\/wp-content\/uploads\/2026\/03\/Designer-6-665x494.png\" class=\"attachment-medilink-size2 size-medilink-size2 wp-post-image\" alt=\"stroke and maximize neuroplasticity\" \/>\t\t\t\t\t\t\t\t\n\t\t\t\t\t<\/a>\n\t\t\t\t<\/div>\n\t\t\t\t\t\t<div class=\"entry-content-area\">\n\t\t\t\t<div class=\"entry-header\">\n\t\t\t\t\t\t\t\t\t\t<ul class=\"entry-meta-1\">\n\t\t\t\t\t\t\t\t\t\t\n\t\t\t\t\t<\/ul>\n\t\t\t\t\t\t\t\t\t<h3><a href=\"https:\/\/www.neuro-concept.ca\/en\/neuroplasticity-and-stroke\/\" class=\"entry-title\" rel=\"bookmark\">Post stroke how to maximize neuroplasticity<\/a><\/h3>\t\t\t\n\t\t\t\t<\/div>\n\t\t\t\t<div class=\"entry-content\">\n\t\t\t\t\t <p>\ud83e\udde0 Post\u2011Stroke: How to Optimize the First 3 Months to Maximize Neuroplasticity The post\u2011stroke period is truly a&hellip;<\/p>\t\t\t\t\t\t\t\t\t<\/div>\n\t\t\t<\/div>\t\n\t\t\t<\/div>\t\n\t\t\t\t\t\t\t\n\t\t\t\t<div class=\"rtin-item post-each col-lg-4 col-md-4 col-sm-6 col-xs-12\">\n\t\t\n\t\t\t\t\t\t<div class=\"entry-content-area\">\n\t\t\t\t<div class=\"entry-header\">\n\t\t\t\t\t\t\t\t\t\t<ul class=\"entry-meta-1\">\n\t\t\t\t\t\t\t\t\t\t\n\t\t\t\t\t<\/ul>\n\t\t\t\t\t\t\t\t\t<h3><a href=\"https:\/\/www.neuro-concept.ca\/en\/neurological-rehabilitation-and-functional-training-in-2026-technologies-that-change-lives\/\" class=\"entry-title\" rel=\"bookmark\">Neurological Rehabilitation and Functional Training in 2026: Technologies That Change Lives\u2026<\/a><\/h3>\t\t\t\n\t\t\t\t<\/div>\n\t\t\t\t<div class=\"entry-content\">\n\t\t\t\t\t <p>Move Better and More: The Power of Technology In 2026, modern neurological rehabilitation relies on a fundamental duo:&hellip;<\/p>\t\t\t\t\t\t\t\t\t<\/div>\n\t\t\t<\/div>\t\n\t\t\t<\/div>\t\n\t\t\t\t\t\t\t\n\t\t\t\t<div class=\"rtin-item post-each col-lg-4 col-md-4 col-sm-6 col-xs-12\">\n\t\t\n\t\t\t\t\t\t\t<div class=\"entry-thumbnail-area\">\n\t\t\t\t\t<a href=\"https:\/\/www.neuro-concept.ca\/en\/virtual-reality-neurological-rehabilitation\/\" class=\"entry-title\" rel=\"bookmark\">\n\t\t\t\t\t\t<img loading=\"lazy\" decoding=\"async\" width=\"665\" height=\"494\" src=\"https:\/\/www.neuro-concept.ca\/wp-content\/uploads\/2026\/02\/VR-Membre-superieur-665x494.jpg\" class=\"attachment-medilink-size2 size-medilink-size2 wp-post-image\" alt=\"neuro-concept VR rehabilitation\" \/>\t\t\t\t\t\t\t\t\n\t\t\t\t\t<\/a>\n\t\t\t\t<\/div>\n\t\t\t\t\t\t<div class=\"entry-content-area\">\n\t\t\t\t<div class=\"entry-header\">\n\t\t\t\t\t\t\t\t\t\t<ul class=\"entry-meta-1\">\n\t\t\t\t\t\t\t\t\t\t\n\t\t\t\t\t<\/ul>\n\t\t\t\t\t\t\t\t\t<h3><a href=\"https:\/\/www.neuro-concept.ca\/en\/virtual-reality-neurological-rehabilitation\/\" class=\"entry-title\" rel=\"bookmark\">Virtual Reality in Neurological Rehabilitation: Evidence, Clinical Benefits, and Applications<\/a><\/h3>\t\t\t\n\t\t\t\t<\/div>\n\t\t\t\t<div class=\"entry-content\">\n\t\t\t\t\t <p>\ud83e\udde0\u2728 The Use of Virtual Reality Headsets in Neurological Rehabilitation: A Revolution Already Underway Virtual reality (VR) is&hellip;<\/p>\t\t\t\t\t\t\t\t\t<\/div>\n\t\t\t<\/div>\t\n\t\t\t<\/div>\t\n\t\t\t\t\t\t\t\n\t\t\t\t<div class=\"rtin-item post-each col-lg-4 col-md-4 col-sm-6 col-xs-12\">\n\t\t\n\t\t\t\t\t\t\t<div class=\"entry-thumbnail-area\">\n\t\t\t\t\t<a href=\"https:\/\/www.neuro-concept.ca\/en\/an-electric-hope-for-people-living-with-spinal-cord-injury\/\" class=\"entry-title\" rel=\"bookmark\">\n\t\t\t\t\t\t<img loading=\"lazy\" decoding=\"async\" width=\"665\" height=\"494\" src=\"https:\/\/www.neuro-concept.ca\/wp-content\/uploads\/2025\/10\/autonomia-dysreflexia-665x494.png\" class=\"attachment-medilink-size2 size-medilink-size2 wp-post-image\" alt=\"l\u00e9sion m\u00e9dullaire Neuro-Concept\" \/>\t\t\t\t\t\t\t\t\n\t\t\t\t\t<\/a>\n\t\t\t\t<\/div>\n\t\t\t\t\t\t<div class=\"entry-content-area\">\n\t\t\t\t<div class=\"entry-header\">\n\t\t\t\t\t\t\t\t\t\t<ul class=\"entry-meta-1\">\n\t\t\t\t\t\t\t\t\t\t\n\t\t\t\t\t<\/ul>\n\t\t\t\t\t\t\t\t\t<h3><a href=\"https:\/\/www.neuro-concept.ca\/en\/an-electric-hope-for-people-living-with-spinal-cord-injury\/\" class=\"entry-title\" rel=\"bookmark\">An electric hope for people living with spinal cord injury<\/a><\/h3>\t\t\t\n\t\t\t\t<\/div>\n\t\t\t\t<div class=\"entry-content\">\n\t\t\t\t\t <p>A Breakthrough in Treating Autonomic Dysreflexia After Spinal Cord Injury Autonomic dysreflexia is a serious and potentially life-threatening&hellip;<\/p>\t\t\t\t\t\t\t\t\t<\/div>\n\t\t\t<\/div>\t\n\t\t\t<\/div>\t\n\t\t\t\t\t\t\t\n\t\t\t\t<div class=\"rtin-item post-each col-lg-4 col-md-4 col-sm-6 col-xs-12\">\n\t\t\n\t\t\t\t\t\t\t<div class=\"entry-thumbnail-area\">\n\t\t\t\t\t<a href=\"https:\/\/www.neuro-concept.ca\/en\/the-pyeongchang-2018-paralympic-games\/\" class=\"entry-title\" rel=\"bookmark\">\n\t\t\t\t\t\t<img loading=\"lazy\" decoding=\"async\" width=\"665\" height=\"438\" src=\"https:\/\/www.neuro-concept.ca\/wp-content\/uploads\/2018\/02\/Paralympiques-hiver-PyeongChang-2018-665x438.jpg\" class=\"attachment-medilink-size2 size-medilink-size2 wp-post-image\" alt=\"Paralympiques d\u2019hiver de PyeongChang 2018\" \/>\t\t\t\t\t\t\t\t\n\t\t\t\t\t<\/a>\n\t\t\t\t<\/div>\n\t\t\t\t\t\t<div class=\"entry-content-area\">\n\t\t\t\t<div class=\"entry-header\">\n\t\t\t\t\t\t\t\t\t\t<ul class=\"entry-meta-1\">\n\t\t\t\t\t\t\t\t\t\t\n\t\t\t\t\t<\/ul>\n\t\t\t\t\t\t\t\t\t<h3><a href=\"https:\/\/www.neuro-concept.ca\/en\/the-pyeongchang-2018-paralympic-games\/\" class=\"entry-title\" rel=\"bookmark\">the PyeongChang 2018 Paralympic Games<\/a><\/h3>\t\t\t\n\t\t\t\t<\/div>\n\t\t\t\t<div class=\"entry-content\">\n\t\t\t\t\t <p>Can\u2019t Wait\u2014We\u2019re Almost There! The PyeongChang 2018 Paralympic Games Are Coming! I can\u2019t wait\u2014it\u2019s almost time! From March&hellip;<\/p>\t\t\t\t\t\t\t\t\t<\/div>\n\t\t\t<\/div>\t\n\t\t\t<\/div>\t\n\t\t\t\t\t\t\t\n\t\t\t\t<div class=\"rtin-item post-each col-lg-4 col-md-4 col-sm-6 col-xs-12\">\n\t\t\n\t\t\t\t\t\t<div class=\"entry-content-area\">\n\t\t\t\t<div class=\"entry-header\">\n\t\t\t\t\t\t\t\t\t\t<ul class=\"entry-meta-1\">\n\t\t\t\t\t\t\t\t\t\t\n\t\t\t\t\t<\/ul>\n\t\t\t\t\t\t\t\t\t<h3><a href=\"https:\/\/www.neuro-concept.ca\/en\/staying-active-at-home-when-you-have-a-disability-resources-and-tips\/\" class=\"entry-title\" rel=\"bookmark\">Staying Active at Home When You Have a Disability: Resources and Tips<\/a><\/h3>\t\t\t\n\t\t\t\t<\/div>\n\t\t\t\t<div class=\"entry-content\">\n\t\t\t\t\t <p>We all know that physical exercise is good for everyone. But staying motivated to work out at home&hellip;<\/p>\t\t\t\t\t\t\t\t\t<\/div>\n\t\t\t<\/div>\t\n\t\t\t<\/div>\t\n\t\t\t\t\t\t\t\n\t\t\t\t<div class=\"rtin-item post-each col-lg-4 col-md-4 col-sm-6 col-xs-12\">\n\t\t\n\t\t\t\t\t\t\t<div class=\"entry-thumbnail-area\">\n\t\t\t\t\t<a href=\"https:\/\/www.neuro-concept.ca\/en\/your-brain-continues-to-produce-neurons-even-as-you-age\/\" class=\"entry-title\" rel=\"bookmark\">\n\t\t\t\t\t\t<img loading=\"lazy\" decoding=\"async\" width=\"665\" height=\"494\" src=\"https:\/\/www.neuro-concept.ca\/wp-content\/uploads\/2024\/02\/hippocampe-neuro-concept-665x494.webp\" class=\"attachment-medilink-size2 size-medilink-size2 wp-post-image\" alt=\"neuro-concept-neurone\" \/>\t\t\t\t\t\t\t\t\n\t\t\t\t\t<\/a>\n\t\t\t\t<\/div>\n\t\t\t\t\t\t<div class=\"entry-content-area\">\n\t\t\t\t<div class=\"entry-header\">\n\t\t\t\t\t\t\t\t\t\t<ul class=\"entry-meta-1\">\n\t\t\t\t\t\t\t\t\t\t\n\t\t\t\t\t<\/ul>\n\t\t\t\t\t\t\t\t\t<h3><a href=\"https:\/\/www.neuro-concept.ca\/en\/your-brain-continues-to-produce-neurons-even-as-you-age\/\" class=\"entry-title\" rel=\"bookmark\">Your brain continues to produce neurons even as you age<\/a><\/h3>\t\t\t\n\t\t\t\t<\/div>\n\t\t\t\t<div class=\"entry-content\">\n\t\t\t\t\t <p>It is worth noting that the question of adult neurogenesis\u2014or the formation of new neurons\u2014remains a topic of&hellip;<\/p>\t\t\t\t\t\t\t\t\t<\/div>\n\t\t\t<\/div>\t\n\t\t\t<\/div>\t\n\t\t\t\t\t\t\t\n\t\t\t\t<div class=\"rtin-item post-each col-lg-4 col-md-4 col-sm-6 col-xs-12\">\n\t\t\n\t\t\t\t\t\t<div class=\"entry-content-area\">\n\t\t\t\t<div class=\"entry-header\">\n\t\t\t\t\t\t\t\t\t\t<ul class=\"entry-meta-1\">\n\t\t\t\t\t\t\t\t\t\t\n\t\t\t\t\t<\/ul>\n\t\t\t\t\t\t\t\t\t<h3><a href=\"https:\/\/www.neuro-concept.ca\/en\/the-gut-microbiota-and-the-brain-a-direct-connection-through-nod2\/\" class=\"entry-title\" rel=\"bookmark\">The Gut Microbiota and the Brain: A Direct Connection Through NOD2<\/a><\/h3>\t\t\t\n\t\t\t\t<\/div>\n\t\t\t\t<div class=\"entry-content\">\n\t\t\t\t\t <p>The gut microbiota represents the body\u2019s largest reservoir of bacteria. The relationship between the microbiota and the human&hellip;<\/p>\t\t\t\t\t\t\t\t\t<\/div>\n\t\t\t<\/div>\t\n\t\t\t<\/div>\t\n\t\t\t\t\t\t\t\n\t\t\t\t<div class=\"rtin-item post-each col-lg-4 col-md-4 col-sm-6 col-xs-12\">\n\t\t\n\t\t\t\t\t\t\t<div class=\"entry-thumbnail-area\">\n\t\t\t\t\t<a href=\"https:\/\/www.neuro-concept.ca\/en\/the-treatment-of-multiple-sclerosis-and-the-progression-of-disability\/\" class=\"entry-title\" rel=\"bookmark\">\n\t\t\t\t\t\t<img loading=\"lazy\" decoding=\"async\" width=\"665\" height=\"481\" src=\"https:\/\/www.neuro-concept.ca\/wp-content\/uploads\/2024\/07\/EDSS-665x481.png\" class=\"attachment-medilink-size2 size-medilink-size2 wp-post-image\" alt=\"echelle d&#039;incapacite\" \/>\t\t\t\t\t\t\t\t\n\t\t\t\t\t<\/a>\n\t\t\t\t<\/div>\n\t\t\t\t\t\t<div class=\"entry-content-area\">\n\t\t\t\t<div class=\"entry-header\">\n\t\t\t\t\t\t\t\t\t\t<ul class=\"entry-meta-1\">\n\t\t\t\t\t\t\t\t\t\t\n\t\t\t\t\t<\/ul>\n\t\t\t\t\t\t\t\t\t<h3><a href=\"https:\/\/www.neuro-concept.ca\/en\/the-treatment-of-multiple-sclerosis-and-the-progression-of-disability\/\" class=\"entry-title\" rel=\"bookmark\">The treatment of multiple sclerosis (MS) and the progression of disability<\/a><\/h3>\t\t\t\n\t\t\t\t<\/div>\n\t\t\t\t<div class=\"entry-content\">\n\t\t\t\t\t <p>How is disability measured in the case of MS? Multiple sclerosis (MS) is an autoimmune disease that affects&hellip;<\/p>\t\t\t\t\t\t\t\t\t<\/div>\n\t\t\t<\/div>\t\n\t\t\t<\/div>\t\n\t\t\t\t\t\t\t\n\t\t\t\t<div class=\"rtin-item post-each col-lg-4 col-md-4 col-sm-6 col-xs-12\">\n\t\t\n\t\t\t\t\t\t\t<div class=\"entry-thumbnail-area\">\n\t\t\t\t\t<a href=\"https:\/\/www.neuro-concept.ca\/en\/mirror-therapy\/\" class=\"entry-title\" rel=\"bookmark\">\n\t\t\t\t\t\t<img loading=\"lazy\" decoding=\"async\" width=\"665\" height=\"494\" src=\"https:\/\/www.neuro-concept.ca\/wp-content\/uploads\/2024\/04\/therapie-miroir-main-665x494.jpeg\" class=\"attachment-medilink-size2 size-medilink-size2 wp-post-image\" alt=\"miror-therapy-hand\" \/>\t\t\t\t\t\t\t\t\n\t\t\t\t\t<\/a>\n\t\t\t\t<\/div>\n\t\t\t\t\t\t<div class=\"entry-content-area\">\n\t\t\t\t<div class=\"entry-header\">\n\t\t\t\t\t\t\t\t\t\t<ul class=\"entry-meta-1\">\n\t\t\t\t\t\t\t\t\t\t\n\t\t\t\t\t<\/ul>\n\t\t\t\t\t\t\t\t\t<h3><a href=\"https:\/\/www.neuro-concept.ca\/en\/mirror-therapy\/\" class=\"entry-title\" rel=\"bookmark\">Mirror Therapy<\/a><\/h3>\t\t\t\n\t\t\t\t<\/div>\n\t\t\t\t<div class=\"entry-content\">\n\t\t\t\t\t <p>Mirror therapy in neurological rehabilitation Mirror therapy in neurological rehabilitation is a sensory illusion technique classified within cognitive-behavioral&hellip;<\/p>\t\t\t\t\t\t\t\t\t<\/div>\n\t\t\t<\/div>\t\n\t\t\t<\/div>\t\n\t\t\t\t\t\t\t\n\t\t\t\t<div class=\"rtin-item post-each col-lg-4 col-md-4 col-sm-6 col-xs-12\">\n\t\t\n\t\t\t\t\t\t\t<div class=\"entry-thumbnail-area\">\n\t\t\t\t\t<a href=\"https:\/\/www.neuro-concept.ca\/en\/elementor-11600\/\" class=\"entry-title\" rel=\"bookmark\">\n\t\t\t\t\t\t<img loading=\"lazy\" decoding=\"async\" width=\"549\" height=\"267\" src=\"https:\/\/www.neuro-concept.ca\/wp-content\/uploads\/2024\/04\/image-alcool-en.png\" class=\"attachment-medilink-size2 size-medilink-size2 wp-post-image\" alt=\"\" srcset=\"https:\/\/www.neuro-concept.ca\/wp-content\/uploads\/2024\/04\/image-alcool-en.png 549w, https:\/\/www.neuro-concept.ca\/wp-content\/uploads\/2024\/04\/image-alcool-en-300x146.png 300w\" sizes=\"(max-width: 549px) 100vw, 549px\" \/>\t\t\t\t\t\t\t\t\n\t\t\t\t\t<\/a>\n\t\t\t\t<\/div>\n\t\t\t\t\t\t<div class=\"entry-content-area\">\n\t\t\t\t<div class=\"entry-header\">\n\t\t\t\t\t\t\t\t\t\t<ul class=\"entry-meta-1\">\n\t\t\t\t\t\t\t\t\t\t\n\t\t\t\t\t<\/ul>\n\t\t\t\t\t\t\t\t\t<h3><a href=\"https:\/\/www.neuro-concept.ca\/en\/elementor-11600\/\" class=\"entry-title\" rel=\"bookmark\">Alcohol and Health<\/a><\/h3>\t\t\t\n\t\t\t\t<\/div>\n\t\t\t\t<div class=\"entry-content\">\n\t\t\t\t\t <p>Alcohol and Health: dispelling the French paradox myth On a global scale, one out of every three individuals&hellip;<\/p>\t\t\t\t\t\t\t\t\t<\/div>\n\t\t\t<\/div>\t\n\t\t\t<\/div>\t\n\t\t\t\t\t\t\t\n\t\t\t\t<div class=\"rtin-item post-each col-lg-4 col-md-4 col-sm-6 col-xs-12\">\n\t\t\n\t\t\t\t\t\t\t<div class=\"entry-thumbnail-area\">\n\t\t\t\t\t<a href=\"https:\/\/www.neuro-concept.ca\/en\/rehabilitation-and-physical-health-as-an-essential-service\/\" class=\"entry-title\" rel=\"bookmark\">\n\t\t\t\t\t\t<img loading=\"lazy\" decoding=\"async\" width=\"665\" height=\"494\" src=\"https:\/\/www.neuro-concept.ca\/wp-content\/uploads\/2020\/11\/rehabilitation-and-physical-health-as-an-essential-service-665x494.jpg\" class=\"attachment-medilink-size2 size-medilink-size2 wp-post-image\" alt=\"Rehabilitation and physical health as an essential service\" \/>\t\t\t\t\t\t\t\t\n\t\t\t\t\t<\/a>\n\t\t\t\t<\/div>\n\t\t\t\t\t\t<div class=\"entry-content-area\">\n\t\t\t\t<div class=\"entry-header\">\n\t\t\t\t\t\t\t\t\t\t<ul class=\"entry-meta-1\">\n\t\t\t\t\t\t\t\t\t\t\n\t\t\t\t\t<\/ul>\n\t\t\t\t\t\t\t\t\t<h3><a href=\"https:\/\/www.neuro-concept.ca\/en\/rehabilitation-and-physical-health-as-an-essential-service\/\" class=\"entry-title\" rel=\"bookmark\">Rehabilitation and physical health as an essential service<\/a><\/h3>\t\t\t\n\t\t\t\t<\/div>\n\t\t\t\t<div class=\"entry-content\">\n\t\t\t\t\t <p>With the Covid-19 pandemic, we were forced to realize that the field of rehabilitation and physical health was&hellip;<\/p>\t\t\t\t\t\t\t\t\t<\/div>\n\t\t\t<\/div>\t\n\t\t\t<\/div>\t\n\t\t\t\t\t\t\t\n\t\t\t\t<div class=\"rtin-item post-each col-lg-4 col-md-4 col-sm-6 col-xs-12\">\n\t\t\n\t\t\t\t\t\t\t<div class=\"entry-thumbnail-area\">\n\t\t\t\t\t<a href=\"https:\/\/www.neuro-concept.ca\/en\/what-is-neuroplasticity\/\" class=\"entry-title\" rel=\"bookmark\">\n\t\t\t\t\t\t<img loading=\"lazy\" decoding=\"async\" width=\"665\" height=\"494\" src=\"https:\/\/www.neuro-concept.ca\/wp-content\/uploads\/2020\/10\/neuroplasticity-feat-665x494.jpg\" class=\"attachment-medilink-size2 size-medilink-size2 wp-post-image\" alt=\"What is Neuroplasticity\" \/>\t\t\t\t\t\t\t\t\n\t\t\t\t\t<\/a>\n\t\t\t\t<\/div>\n\t\t\t\t\t\t<div class=\"entry-content-area\">\n\t\t\t\t<div class=\"entry-header\">\n\t\t\t\t\t\t\t\t\t\t<ul class=\"entry-meta-1\">\n\t\t\t\t\t\t\t\t\t\t\n\t\t\t\t\t<\/ul>\n\t\t\t\t\t\t\t\t\t<h3><a href=\"https:\/\/www.neuro-concept.ca\/en\/what-is-neuroplasticity\/\" class=\"entry-title\" rel=\"bookmark\">What is Neuroplasticity?<\/a><\/h3>\t\t\t\n\t\t\t\t<\/div>\n\t\t\t\t<div class=\"entry-content\">\n\t\t\t\t\t <p>You might have already heard &#8220;c&#8217;est en forgeant qu&#8217;on devient forgeron&#8221; or as we say in English :&hellip;<\/p>\t\t\t\t\t\t\t\t\t<\/div>\n\t\t\t<\/div>\t\n\t\t\t<\/div>\t\n\t\t\t\t\t\t\t\n\t\t\t\t<div class=\"rtin-item post-each col-lg-4 col-md-4 col-sm-6 col-xs-12\">\n\t\t\n\t\t\t\t\t\t\t<div class=\"entry-thumbnail-area\">\n\t\t\t\t\t<a href=\"https:\/\/www.neuro-concept.ca\/en\/the-service-employment-paycheck\/\" class=\"entry-title\" rel=\"bookmark\">\n\t\t\t\t\t\t<img loading=\"lazy\" decoding=\"async\" width=\"665\" height=\"456\" src=\"https:\/\/www.neuro-concept.ca\/wp-content\/uploads\/2020\/09\/the-service-employment-paycheck-feat-665x456.jpg\" class=\"attachment-medilink-size2 size-medilink-size2 wp-post-image\" alt=\"The service employment paycheck\" \/>\t\t\t\t\t\t\t\t\n\t\t\t\t\t<\/a>\n\t\t\t\t<\/div>\n\t\t\t\t\t\t<div class=\"entry-content-area\">\n\t\t\t\t<div class=\"entry-header\">\n\t\t\t\t\t\t\t\t\t\t<ul class=\"entry-meta-1\">\n\t\t\t\t\t\t\t\t\t\t\n\t\t\t\t\t<\/ul>\n\t\t\t\t\t\t\t\t\t<h3><a href=\"https:\/\/www.neuro-concept.ca\/en\/the-service-employment-paycheck\/\" class=\"entry-title\" rel=\"bookmark\">The service employment paycheck<\/a><\/h3>\t\t\t\n\t\t\t\t<\/div>\n\t\t\t\t<div class=\"entry-content\">\n\t\t\t\t\t <p>If you need help at home, your CLSC must assess your abilities and provide you with the help&hellip;<\/p>\t\t\t\t\t\t\t\t\t<\/div>\n\t\t\t<\/div>\t\n\t\t\t<\/div>\t\n\t\t\t\t\t\t\t\n\t\t\t\t<div class=\"rtin-item post-each col-lg-4 col-md-4 col-sm-6 col-xs-12\">\n\t\t\n\t\t\t\t\t\t\t<div class=\"entry-thumbnail-area\">\n\t\t\t\t\t<a href=\"https:\/\/www.neuro-concept.ca\/en\/physiotherapy-kinesiology-occupational-therapy-in-neuro-how-to-decide\/\" class=\"entry-title\" rel=\"bookmark\">\n\t\t\t\t\t\t<img loading=\"lazy\" decoding=\"async\" width=\"665\" height=\"494\" src=\"https:\/\/www.neuro-concept.ca\/wp-content\/uploads\/2020\/08\/Physiotherapy-kinesiology-occupational-therapy-neuro-665x494.jpg\" class=\"attachment-medilink-size2 size-medilink-size2 wp-post-image\" alt=\"\" \/>\t\t\t\t\t\t\t\t\n\t\t\t\t\t<\/a>\n\t\t\t\t<\/div>\n\t\t\t\t\t\t<div class=\"entry-content-area\">\n\t\t\t\t<div class=\"entry-header\">\n\t\t\t\t\t\t\t\t\t\t<ul class=\"entry-meta-1\">\n\t\t\t\t\t\t\t\t\t\t\n\t\t\t\t\t<\/ul>\n\t\t\t\t\t\t\t\t\t<h3><a href=\"https:\/\/www.neuro-concept.ca\/en\/physiotherapy-kinesiology-occupational-therapy-in-neuro-how-to-decide\/\" class=\"entry-title\" rel=\"bookmark\">Physiotherapy, kinesiology, occupational therapy in neuro&#8230; How to decide?<\/a><\/h3>\t\t\t\n\t\t\t\t<\/div>\n\t\t\t\t<div class=\"entry-content\">\n\t\t\t\t\t <p>There many different areas in the health care world. Which professional do you need? This is what we&hellip;<\/p>\t\t\t\t\t\t\t\t\t<\/div>\n\t\t\t<\/div>\t\n\t\t\t<\/div>\t\n\t\t\t\t\t\t\t\n\t\t\t\t<div class=\"rtin-item post-each col-lg-4 col-md-4 col-sm-6 col-xs-12\">\n\t\t\n\t\t\t\t\t\t\t<div class=\"entry-thumbnail-area\">\n\t\t\t\t\t<a href=\"https:\/\/www.neuro-concept.ca\/en\/handicap-sexuality-physiotherapy\/\" class=\"entry-title\" rel=\"bookmark\">\n\t\t\t\t\t\t<img loading=\"lazy\" decoding=\"async\" width=\"665\" height=\"438\" src=\"https:\/\/www.neuro-concept.ca\/wp-content\/uploads\/2018\/02\/Handicap-sexuality-physiotherapy-2-665x438.jpg\" class=\"attachment-medilink-size2 size-medilink-size2 wp-post-image\" alt=\"Handicap, sexuality and\u2026 physiotherapy !\" \/>\t\t\t\t\t\t\t\t\n\t\t\t\t\t<\/a>\n\t\t\t\t<\/div>\n\t\t\t\t\t\t<div class=\"entry-content-area\">\n\t\t\t\t<div class=\"entry-header\">\n\t\t\t\t\t\t\t\t\t\t<ul class=\"entry-meta-1\">\n\t\t\t\t\t\t\t\t\t\t\n\t\t\t\t\t<\/ul>\n\t\t\t\t\t\t\t\t\t<h3><a href=\"https:\/\/www.neuro-concept.ca\/en\/handicap-sexuality-physiotherapy\/\" class=\"entry-title\" rel=\"bookmark\">Handicap, sexuality and&#8230; physiotherapy !<\/a><\/h3>\t\t\t\n\t\t\t\t<\/div>\n\t\t\t\t<div class=\"entry-content\">\n\t\t\t\t\t <p>With Saint Valentine\u2019s Day having just passed, our thoughts were focussed on love, intimacy and sexuality. What about&hellip;<\/p>\t\t\t\t\t\t\t\t\t<\/div>\n\t\t\t<\/div>\t\n\t\t\t<\/div>\t\n\t\t\t\t\t\t\t\n\t\t\t\t<div class=\"rtin-item post-each col-lg-4 col-md-4 col-sm-6 col-xs-12\">\n\t\t\n\t\t\t\t\t\t\t<div class=\"entry-thumbnail-area\">\n\t\t\t\t\t<a href=\"https:\/\/www.neuro-concept.ca\/en\/mental-neurological-health\/\" class=\"entry-title\" rel=\"bookmark\">\n\t\t\t\t\t\t<img loading=\"lazy\" decoding=\"async\" width=\"665\" height=\"438\" src=\"https:\/\/www.neuro-concept.ca\/wp-content\/uploads\/2018\/02\/Mental-Health-Neurological-Health-665x438.jpg\" class=\"attachment-medilink-size2 size-medilink-size2 wp-post-image\" alt=\"Mental Health and Neurological Health\" \/>\t\t\t\t\t\t\t\t\n\t\t\t\t\t<\/a>\n\t\t\t\t<\/div>\n\t\t\t\t\t\t<div class=\"entry-content-area\">\n\t\t\t\t<div class=\"entry-header\">\n\t\t\t\t\t\t\t\t\t\t<ul class=\"entry-meta-1\">\n\t\t\t\t\t\t\t\t\t\t\n\t\t\t\t\t<\/ul>\n\t\t\t\t\t\t\t\t\t<h3><a href=\"https:\/\/www.neuro-concept.ca\/en\/mental-neurological-health\/\" class=\"entry-title\" rel=\"bookmark\">Mental Health and Neurological Health<\/a><\/h3>\t\t\t\n\t\t\t\t<\/div>\n\t\t\t\t<div class=\"entry-content\">\n\t\t\t\t\t <p>Mental Health in Qu\u00e9bec \u00a0 \u00a0On January 31, 2018, Bell hosted the \u201cBell Let\u2019s Talk\u201d initiative to create&hellip;<\/p>\t\t\t\t\t\t\t\t\t<\/div>\n\t\t\t<\/div>\t\n\t\t\t<\/div>\t\n\t\t\t\t\t\t\t\n\t\t\t\t<div class=\"rtin-item post-each col-lg-4 col-md-4 col-sm-6 col-xs-12\">\n\t\t\n\t\t\t\t\t\t\t<div class=\"entry-thumbnail-area\">\n\t\t\t\t\t<a href=\"https:\/\/www.neuro-concept.ca\/en\/medical-cannabis\/\" class=\"entry-title\" rel=\"bookmark\">\n\t\t\t\t\t\t<img loading=\"lazy\" decoding=\"async\" width=\"665\" height=\"438\" src=\"https:\/\/www.neuro-concept.ca\/wp-content\/uploads\/2018\/01\/How-will-Cannabis-Legislation-Impact-Medical-Cannabis-665x438.jpg\" class=\"attachment-medilink-size2 size-medilink-size2 wp-post-image\" alt=\"How will Cannabis Legislation Impact Medical Cannabis?\" \/>\t\t\t\t\t\t\t\t\n\t\t\t\t\t<\/a>\n\t\t\t\t<\/div>\n\t\t\t\t\t\t<div class=\"entry-content-area\">\n\t\t\t\t<div class=\"entry-header\">\n\t\t\t\t\t\t\t\t\t\t<ul class=\"entry-meta-1\">\n\t\t\t\t\t\t\t\t\t\t\n\t\t\t\t\t<\/ul>\n\t\t\t\t\t\t\t\t\t<h3><a href=\"https:\/\/www.neuro-concept.ca\/en\/medical-cannabis\/\" class=\"entry-title\" rel=\"bookmark\">How will Cannabis Legislation Impact Medical Cannabis?<\/a><\/h3>\t\t\t\n\t\t\t\t<\/div>\n\t\t\t\t<div class=\"entry-content\">\n\t\t\t\t\t <p>The upcoming legalization of cannabis has been a hot topic this year. We all know people who use&hellip;<\/p>\t\t\t\t\t\t\t\t\t<\/div>\n\t\t\t<\/div>\t\n\t\t\t<\/div>\t\n\t\t\t\t\t\t\t\n\t\t\t\t<div class=\"rtin-item post-each col-lg-4 col-md-4 col-sm-6 col-xs-12\">\n\t\t\n\t\t\t\t\t\t\t<div class=\"entry-thumbnail-area\">\n\t\t\t\t\t<a href=\"https:\/\/www.neuro-concept.ca\/en\/new-year-resolutions\/\" class=\"entry-title\" rel=\"bookmark\">\n\t\t\t\t\t\t<img loading=\"lazy\" decoding=\"async\" width=\"665\" height=\"438\" src=\"https:\/\/www.neuro-concept.ca\/wp-content\/uploads\/2018\/01\/New-Years-Resolutions-How-do-I-Make-Sure-these-Changes-Stick-665x438.jpg\" class=\"attachment-medilink-size2 size-medilink-size2 wp-post-image\" alt=\"New Year\u2019s Resolutions \u2013 How do I Make Sure these Changes Stick?\" \/>\t\t\t\t\t\t\t\t\n\t\t\t\t\t<\/a>\n\t\t\t\t<\/div>\n\t\t\t\t\t\t<div class=\"entry-content-area\">\n\t\t\t\t<div class=\"entry-header\">\n\t\t\t\t\t\t\t\t\t\t<ul class=\"entry-meta-1\">\n\t\t\t\t\t\t\t\t\t\t\n\t\t\t\t\t<\/ul>\n\t\t\t\t\t\t\t\t\t<h3><a href=\"https:\/\/www.neuro-concept.ca\/en\/new-year-resolutions\/\" class=\"entry-title\" rel=\"bookmark\">New Year\u2019s Resolutions \u2013 How do I Make Sure these Changes Stick?<\/a><\/h3>\t\t\t\n\t\t\t\t<\/div>\n\t\t\t\t<div class=\"entry-content\">\n\t\t\t\t\t <p>Happy 2018! We can\u2019t escape it! Every year we make new resolutions. But we know we are not&hellip;<\/p>\t\t\t\t\t\t\t\t\t<\/div>\n\t\t\t<\/div>\t\n\t\t\t<\/div>\t\n\t\t\t\t\t\t\t\n\t\t\t\t<div class=\"rtin-item post-each col-lg-4 col-md-4 col-sm-6 col-xs-12\">\n\t\t\n\t\t\t\t\t\t\t<div class=\"entry-thumbnail-area\">\n\t\t\t\t\t<a href=\"https:\/\/www.neuro-concept.ca\/en\/kinova-assistive-arms\/\" class=\"entry-title\" rel=\"bookmark\">\n\t\t\t\t\t\t<img loading=\"lazy\" decoding=\"async\" width=\"665\" height=\"438\" src=\"https:\/\/www.neuro-concept.ca\/wp-content\/uploads\/2018\/01\/Kinova-assistive-arms-665x438.jpg\" class=\"attachment-medilink-size2 size-medilink-size2 wp-post-image\" alt=\"Kinova - assistive arms\" \/>\t\t\t\t\t\t\t\t\n\t\t\t\t\t<\/a>\n\t\t\t\t<\/div>\n\t\t\t\t\t\t<div class=\"entry-content-area\">\n\t\t\t\t<div class=\"entry-header\">\n\t\t\t\t\t\t\t\t\t\t<ul class=\"entry-meta-1\">\n\t\t\t\t\t\t\t\t\t\t\n\t\t\t\t\t<\/ul>\n\t\t\t\t\t\t\t\t\t<h3><a href=\"https:\/\/www.neuro-concept.ca\/en\/kinova-assistive-arms\/\" class=\"entry-title\" rel=\"bookmark\">Kinova &#8211; assistive arms<\/a><\/h3>\t\t\t\n\t\t\t\t<\/div>\n\t\t\t\t<div class=\"entry-content\">\n\t\t\t\t\t <p>Qu\u00e9bec is a land of technological innovation \u2013 something we can be proud of. Last November we were&hellip;<\/p>\t\t\t\t\t\t\t\t\t<\/div>\n\t\t\t<\/div>\t\n\t\t\t<\/div>\t\n\t\t\t\t\t\t\t\n\t\t\t\t<div class=\"rtin-item post-each col-lg-4 col-md-4 col-sm-6 col-xs-12\">\n\t\t\n\t\t\t\t\t\t\t<div class=\"entry-thumbnail-area\">\n\t\t\t\t\t<a href=\"https:\/\/www.neuro-concept.ca\/en\/spasticity-how-to-manage-it\/\" class=\"entry-title\" rel=\"bookmark\">\n\t\t\t\t\t\t<img loading=\"lazy\" decoding=\"async\" width=\"665\" height=\"438\" src=\"https:\/\/www.neuro-concept.ca\/wp-content\/uploads\/2017\/12\/Spasticity-how-do-we-manage-it-665x438.jpg\" class=\"attachment-medilink-size2 size-medilink-size2 wp-post-image\" alt=\"Spasticity, how do we manage it?\" \/>\t\t\t\t\t\t\t\t\n\t\t\t\t\t<\/a>\n\t\t\t\t<\/div>\n\t\t\t\t\t\t<div class=\"entry-content-area\">\n\t\t\t\t<div class=\"entry-header\">\n\t\t\t\t\t\t\t\t\t\t<ul class=\"entry-meta-1\">\n\t\t\t\t\t\t\t\t\t\t\n\t\t\t\t\t<\/ul>\n\t\t\t\t\t\t\t\t\t<h3><a href=\"https:\/\/www.neuro-concept.ca\/en\/spasticity-how-to-manage-it\/\" class=\"entry-title\" rel=\"bookmark\">Spasticity, how do we manage it?<\/a><\/h3>\t\t\t\n\t\t\t\t<\/div>\n\t\t\t\t<div class=\"entry-content\">\n\t\t\t\t\t <p>Spasticity is often associated with neurological difficulties. 65-78% of those who have suffered a spinal injury will experience&hellip;<\/p>\t\t\t\t\t\t\t\t\t<\/div>\n\t\t\t<\/div>\t\n\t\t\t<\/div>\t\n\t\t\t\t\t\t\t\n\t\t\t\t<div class=\"rtin-item post-each col-lg-4 col-md-4 col-sm-6 col-xs-12\">\n\t\t\n\t\t\t\t\t\t\t<div class=\"entry-thumbnail-area\">\n\t\t\t\t\t<a href=\"https:\/\/www.neuro-concept.ca\/en\/muscle-soreness\/\" class=\"entry-title\" rel=\"bookmark\">\n\t\t\t\t\t\t<img loading=\"lazy\" decoding=\"async\" width=\"665\" height=\"438\" src=\"https:\/\/www.neuro-concept.ca\/wp-content\/uploads\/2017\/11\/Muscle-Soreness-after-workout-Delayed-Onset-Muscle-Soreness-665x438.jpg\" class=\"attachment-medilink-size2 size-medilink-size2 wp-post-image\" alt=\"Muscle Soreness after workout \u2013 Delayed-Onset Muscle Soreness\" \/>\t\t\t\t\t\t\t\t\n\t\t\t\t\t<\/a>\n\t\t\t\t<\/div>\n\t\t\t\t\t\t<div class=\"entry-content-area\">\n\t\t\t\t<div class=\"entry-header\">\n\t\t\t\t\t\t\t\t\t\t<ul class=\"entry-meta-1\">\n\t\t\t\t\t\t\t\t\t\t\n\t\t\t\t\t<\/ul>\n\t\t\t\t\t\t\t\t\t<h3><a href=\"https:\/\/www.neuro-concept.ca\/en\/muscle-soreness\/\" class=\"entry-title\" rel=\"bookmark\">Muscle Soreness after workout \u2013 Delayed-Onset Muscle Soreness<\/a><\/h3>\t\t\t\n\t\t\t\t<\/div>\n\t\t\t\t<div class=\"entry-content\">\n\t\t\t\t\t <p>&nbsp; \u00ab\u00a0When I do my workout, I\u2019m worried about doing too much. Sometimes afterwards, I feel bad for&hellip;<\/p>\t\t\t\t\t\t\t\t\t<\/div>\n\t\t\t<\/div>\t\n\t\t\t<\/div>\t\n\t\t\t\t\t\t\t\n\t\t\t\t<div class=\"rtin-item post-each col-lg-4 col-md-4 col-sm-6 col-xs-12\">\n\t\t\n\t\t\t\t\t\t\t<div class=\"entry-thumbnail-area\">\n\t\t\t\t\t<a href=\"https:\/\/www.neuro-concept.ca\/en\/montreals-adapted-sports\/\" class=\"entry-title\" rel=\"bookmark\">\n\t\t\t\t\t\t<img loading=\"lazy\" decoding=\"async\" width=\"665\" height=\"438\" src=\"https:\/\/www.neuro-concept.ca\/wp-content\/uploads\/2017\/11\/Report-Montreal-Adapted-Sports-Conference-665x438.jpg\" class=\"attachment-medilink-size2 size-medilink-size2 wp-post-image\" alt=\"Report on Montreal\u2019s Adapted Sports\u2019 Conference\" \/>\t\t\t\t\t\t\t\t\n\t\t\t\t\t<\/a>\n\t\t\t\t<\/div>\n\t\t\t\t\t\t<div class=\"entry-content-area\">\n\t\t\t\t<div class=\"entry-header\">\n\t\t\t\t\t\t\t\t\t\t<ul class=\"entry-meta-1\">\n\t\t\t\t\t\t\t\t\t\t\n\t\t\t\t\t<\/ul>\n\t\t\t\t\t\t\t\t\t<h3><a href=\"https:\/\/www.neuro-concept.ca\/en\/montreals-adapted-sports\/\" class=\"entry-title\" rel=\"bookmark\">Report on Montreal\u2019s Adapted Sports\u2019 Conference<\/a><\/h3>\t\t\t\n\t\t\t\t<\/div>\n\t\t\t\t<div class=\"entry-content\">\n\t\t\t\t\t <p>On November 11, Montr\u00e9al held its very first Conference on Adapted Sports. I had the pleasure of speaking&hellip;<\/p>\t\t\t\t\t\t\t\t\t<\/div>\n\t\t\t<\/div>\t\n\t\t\t<\/div>\t\n\t\t\t\t\t\t\t\n\t\t\t\t<div class=\"rtin-item post-each col-lg-4 col-md-4 col-sm-6 col-xs-12\">\n\t\t\n\t\t\t\t\t\t\t<div class=\"entry-thumbnail-area\">\n\t\t\t\t\t<a href=\"https:\/\/www.neuro-concept.ca\/en\/multiple-sclerosis-strategies\/\" class=\"entry-title\" rel=\"bookmark\">\n\t\t\t\t\t\t<img loading=\"lazy\" decoding=\"async\" width=\"665\" height=\"438\" src=\"https:\/\/www.neuro-concept.ca\/wp-content\/uploads\/2017\/11\/Multiple-sclerosis-strategies-remain-connected-665x438.jpg\" class=\"attachment-medilink-size2 size-medilink-size2 wp-post-image\" alt=\"Multiple sclerosis and the strategies to \u201cremain connected\u201d\" \/>\t\t\t\t\t\t\t\t\n\t\t\t\t\t<\/a>\n\t\t\t\t<\/div>\n\t\t\t\t\t\t<div class=\"entry-content-area\">\n\t\t\t\t<div class=\"entry-header\">\n\t\t\t\t\t\t\t\t\t\t<ul class=\"entry-meta-1\">\n\t\t\t\t\t\t\t\t\t\t\n\t\t\t\t\t<\/ul>\n\t\t\t\t\t\t\t\t\t<h3><a href=\"https:\/\/www.neuro-concept.ca\/en\/multiple-sclerosis-strategies\/\" class=\"entry-title\" rel=\"bookmark\">Multiple sclerosis and the strategies to \u201cremain connected\u201d<\/a><\/h3>\t\t\t\n\t\t\t\t<\/div>\n\t\t\t\t<div class=\"entry-content\">\n\t\t\t\t\t <p>First, a short review of the facts\u00a0: Multiple sclerosis (MS) is a degenerative, chronic disease. It cannot be&hellip;<\/p>\t\t\t\t\t\t\t\t\t<\/div>\n\t\t\t<\/div>\t\n\t\t\t<\/div>\t\n\t\t\t\t\t\t\t\n\t\t\t\t<div class=\"rtin-item post-each col-lg-4 col-md-4 col-sm-6 col-xs-12\">\n\t\t\n\t\t\t\t\t\t\t<div class=\"entry-thumbnail-area\">\n\t\t\t\t\t<a href=\"https:\/\/www.neuro-concept.ca\/en\/spinal-cord-injury-pain\/\" class=\"entry-title\" rel=\"bookmark\">\n\t\t\t\t\t\t<img loading=\"lazy\" decoding=\"async\" width=\"665\" height=\"438\" src=\"https:\/\/www.neuro-concept.ca\/wp-content\/uploads\/2017\/11\/Spinal-Cord-Injury-How-to-prevent-arm-pain-665x438.jpg\" class=\"attachment-medilink-size2 size-medilink-size2 wp-post-image\" alt=\"Spinal Cord Injury \u2013 How to prevent arm pain\" \/>\t\t\t\t\t\t\t\t\n\t\t\t\t\t<\/a>\n\t\t\t\t<\/div>\n\t\t\t\t\t\t<div class=\"entry-content-area\">\n\t\t\t\t<div class=\"entry-header\">\n\t\t\t\t\t\t\t\t\t\t<h3><a href=\"https:\/\/www.neuro-concept.ca\/en\/spinal-cord-injury-pain\/\" class=\"entry-title\" rel=\"bookmark\">Spinal Cord Injury &#8211; How to prevent arm pain<\/a><\/h3>\t\t\t\n\t\t\t\t<\/div>\n\t\t\t\t<div class=\"entry-content\">\n\t\t\t\t\t <p>With a complete spinal cord injury, when legs cannot move, the independence of the person depends upon the&hellip;<\/p>\t\t\t\t\t\t\t\t\t<\/div>\n\t\t\t<\/div>\t\n\t\t\t<\/div>\t\n\t\t<\/div>\t\t\t\t<\/div>\n\t\t\t\t<\/div>\n\t\t\t\t\t<\/div>\n\t\t<\/div>\n\t\t\t\t\t<\/div>\n\t\t<\/section>\n\t\t\t\t<section class=\"elementor-section elementor-top-section elementor-element elementor-element-dd508a4 elementor-section-height-min-height elementor-section-stretched elementor-section-boxed elementor-section-height-default elementor-section-items-middle\" data-id=\"dd508a4\" data-element_type=\"section\" data-e-type=\"section\" data-settings=\"{&quot;stretch_section&quot;:&quot;section-stretched&quot;,&quot;background_background&quot;:&quot;classic&quot;}\">\n\t\t\t\t\t\t<div class=\"elementor-container elementor-column-gap-default\">\n\t\t\t\t\t<div class=\"elementor-column elementor-col-100 elementor-top-column elementor-element elementor-element-0836b46\" data-id=\"0836b46\" data-element_type=\"column\" data-e-type=\"column\">\n\t\t\t<div class=\"elementor-widget-wrap elementor-element-populated\">\n\t\t\t\t\t\t<div class=\"elementor-element elementor-element-cf1c07c elementor-align-center elementor-widget elementor-widget-button\" data-id=\"cf1c07c\" data-element_type=\"widget\" data-e-type=\"widget\" data-widget_type=\"button.default\">\n\t\t\t\t<div class=\"elementor-widget-container\">\n\t\t\t\t\t\t\t\t\t<div class=\"elementor-button-wrapper\">\n\t\t\t\t\t<a class=\"elementor-button elementor-button-link elementor-size-sm\" href=\"https:\/\/www.facebook.com\/neuroconcept\">\n\t\t\t\t\t\t<span class=\"elementor-button-content-wrapper\">\n\t\t\t\t\t\t\t\t\t<span class=\"elementor-button-text\">Follow us on social media to stay up to date with our latest news, expert tips, and innovations in rehabilitation.<\/span>\n\t\t\t\t\t<\/span>\n\t\t\t\t\t<\/a>\n\t\t\t\t<\/div>\n\t\t\t\t\t\t\t\t<\/div>\n\t\t\t\t<\/div>\n\t\t\t\t\t<\/div>\n\t\t<\/div>\n\t\t\t\t\t<\/div>\n\t\t<\/section>\n\t\t\t\t<\/div>\n\t\t","protected":false},"excerpt":{"rendered":"<p>The Neuro-Concept Blog &#8211; Rehabilitation, Innovation and Human Stories Welcome to Neuro-Concept\u2019s blog \u2013 your go-to source for insights on neurological rehabilitation, advanced technologies, and human performance.Explore in-depth articles, updates from our clinical projects, expert advice, and stories from our vibrant community. Le traitement de la scl\u00e9rose en plaques (SEP) et la progression de l&#8217;incapacit\u00e9&#8230;<\/p>\n","protected":false},"author":9,"featured_media":0,"parent":0,"menu_order":0,"comment_status":"closed","ping_status":"closed","template":"","meta":{"_monsterinsights_skip_tracking":false,"_monsterinsights_sitenote_active":false,"_monsterinsights_sitenote_note":"","_monsterinsights_sitenote_category":0,"footnotes":""},"class_list":["post-13906","page","type-page","status-publish","hentry"],"yoast_head":"<!-- This site is optimized with the Yoast SEO plugin v27.5 - https:\/\/yoast.com\/product\/yoast-seo-wordpress\/ -->\n<title>Neuro-Concept Blog | News in Neurological Rehabilitation and Innovation<\/title>\n<meta name=\"description\" content=\"Discover articles on neurorehabilitation, technology in therapy, patient stories, and expert tips. The Neuro-Concept blog keeps you informed and inspired.\" \/>\n<meta name=\"robots\" content=\"index, follow, max-snippet:-1, max-image-preview:large, max-video-preview:-1\" \/>\n<link rel=\"canonical\" href=\"https:\/\/www.neuro-concept.ca\/en\/nouvelles\/\" \/>\n<meta property=\"og:locale\" content=\"en_US\" \/>\n<meta property=\"og:type\" content=\"article\" \/>\n<meta property=\"og:title\" content=\"Neuro-Concept Blog | News in Neurological Rehabilitation and Innovation\" \/>\n<meta property=\"og:description\" content=\"Discover articles on neurorehabilitation, technology in therapy, patient stories, and expert tips. The Neuro-Concept blog keeps you informed and inspired.\" \/>\n<meta property=\"og:url\" content=\"https:\/\/www.neuro-concept.ca\/en\/nouvelles\/\" \/>\n<meta property=\"og:site_name\" content=\"Neuro-Concept - Private Rehabilitation Center\" \/>\n<meta property=\"article:publisher\" content=\"https:\/\/www.facebook.com\/neuroconcept\" \/>\n<meta property=\"article:modified_time\" content=\"2025-07-10T13:57:44+00:00\" \/>\n<meta property=\"og:image\" content=\"https:\/\/www.neuro-concept.ca\/wp-content\/uploads\/2024\/07\/EDSS-665x481.png\" \/>\n<meta name=\"twitter:card\" content=\"summary_large_image\" \/>\n<meta name=\"twitter:site\" content=\"@NeuroConcept\" \/>\n<script type=\"application\/ld+json\" class=\"yoast-schema-graph\">{\"@context\":\"https:\\\/\\\/schema.org\",\"@graph\":[{\"@type\":\"WebPage\",\"@id\":\"https:\\\/\\\/www.neuro-concept.ca\\\/en\\\/nouvelles\\\/\",\"url\":\"https:\\\/\\\/www.neuro-concept.ca\\\/en\\\/nouvelles\\\/\",\"name\":\"Neuro-Concept Blog | News in Neurological Rehabilitation and Innovation\",\"isPartOf\":{\"@id\":\"https:\\\/\\\/www.neuro-concept.ca\\\/fr\\\/#website\"},\"primaryImageOfPage\":{\"@id\":\"https:\\\/\\\/www.neuro-concept.ca\\\/en\\\/nouvelles\\\/#primaryimage\"},\"image\":{\"@id\":\"https:\\\/\\\/www.neuro-concept.ca\\\/en\\\/nouvelles\\\/#primaryimage\"},\"thumbnailUrl\":\"https:\\\/\\\/www.neuro-concept.ca\\\/wp-content\\\/uploads\\\/2024\\\/07\\\/EDSS-665x481.png\",\"datePublished\":\"2019-10-28T16:47:09+00:00\",\"dateModified\":\"2025-07-10T13:57:44+00:00\",\"description\":\"Discover articles on neurorehabilitation, technology in therapy, patient stories, and expert tips. The Neuro-Concept blog keeps you informed and inspired.\",\"breadcrumb\":{\"@id\":\"https:\\\/\\\/www.neuro-concept.ca\\\/en\\\/nouvelles\\\/#breadcrumb\"},\"inLanguage\":\"en-ca\",\"potentialAction\":[{\"@type\":\"ReadAction\",\"target\":[\"https:\\\/\\\/www.neuro-concept.ca\\\/en\\\/nouvelles\\\/\"]}]},{\"@type\":\"ImageObject\",\"inLanguage\":\"en-ca\",\"@id\":\"https:\\\/\\\/www.neuro-concept.ca\\\/en\\\/nouvelles\\\/#primaryimage\",\"url\":\"https:\\\/\\\/www.neuro-concept.ca\\\/wp-content\\\/uploads\\\/2024\\\/07\\\/EDSS-665x481.png\",\"contentUrl\":\"https:\\\/\\\/www.neuro-concept.ca\\\/wp-content\\\/uploads\\\/2024\\\/07\\\/EDSS-665x481.png\"},{\"@type\":\"BreadcrumbList\",\"@id\":\"https:\\\/\\\/www.neuro-concept.ca\\\/en\\\/nouvelles\\\/#breadcrumb\",\"itemListElement\":[{\"@type\":\"ListItem\",\"position\":1,\"name\":\"Home\",\"item\":\"https:\\\/\\\/www.neuro-concept.ca\\\/en\\\/\"},{\"@type\":\"ListItem\",\"position\":2,\"name\":\"The Neuro-Concept Blog\"}]},{\"@type\":\"WebSite\",\"@id\":\"https:\\\/\\\/www.neuro-concept.ca\\\/fr\\\/#website\",\"url\":\"https:\\\/\\\/www.neuro-concept.ca\\\/fr\\\/\",\"name\":\"Neuro-Concept - Private Rehabilitation Center\",\"description\":\"La sant\u00e9 - \u00c0 la port\u00e9e de tous\",\"publisher\":{\"@id\":\"https:\\\/\\\/www.neuro-concept.ca\\\/fr\\\/#organization\"},\"potentialAction\":[{\"@type\":\"SearchAction\",\"target\":{\"@type\":\"EntryPoint\",\"urlTemplate\":\"https:\\\/\\\/www.neuro-concept.ca\\\/fr\\\/?s={search_term_string}\"},\"query-input\":{\"@type\":\"PropertyValueSpecification\",\"valueRequired\":true,\"valueName\":\"search_term_string\"}}],\"inLanguage\":\"en-ca\"},{\"@type\":\"Organization\",\"@id\":\"https:\\\/\\\/www.neuro-concept.ca\\\/fr\\\/#organization\",\"name\":\"Neuro-Concept\",\"url\":\"https:\\\/\\\/www.neuro-concept.ca\\\/fr\\\/\",\"logo\":{\"@type\":\"ImageObject\",\"inLanguage\":\"en-ca\",\"@id\":\"https:\\\/\\\/www.neuro-concept.ca\\\/fr\\\/#\\\/schema\\\/logo\\\/image\\\/\",\"url\":\"https:\\\/\\\/www.neuro-concept.ca\\\/wp-content\\\/uploads\\\/2019\\\/07\\\/favicon-1.png\",\"contentUrl\":\"https:\\\/\\\/www.neuro-concept.ca\\\/wp-content\\\/uploads\\\/2019\\\/07\\\/favicon-1.png\",\"width\":330,\"height\":330,\"caption\":\"Neuro-Concept\"},\"image\":{\"@id\":\"https:\\\/\\\/www.neuro-concept.ca\\\/fr\\\/#\\\/schema\\\/logo\\\/image\\\/\"},\"sameAs\":[\"https:\\\/\\\/www.facebook.com\\\/neuroconcept\",\"https:\\\/\\\/x.com\\\/NeuroConcept\",\"https:\\\/\\\/www.instagram.com\\\/neuroconcept.rehab\\\/\",\"https:\\\/\\\/twitter.com\\\/NeuroConcept\"]}]}<\/script>\n<!-- \/ Yoast SEO plugin. -->","yoast_head_json":{"title":"Neuro-Concept Blog | News in Neurological Rehabilitation and Innovation","description":"Discover articles on neurorehabilitation, technology in therapy, patient stories, and expert tips. The Neuro-Concept blog keeps you informed and inspired.","robots":{"index":"index","follow":"follow","max-snippet":"max-snippet:-1","max-image-preview":"max-image-preview:large","max-video-preview":"max-video-preview:-1"},"canonical":"https:\/\/www.neuro-concept.ca\/en\/nouvelles\/","og_locale":"en_US","og_type":"article","og_title":"Neuro-Concept Blog | News in Neurological Rehabilitation and Innovation","og_description":"Discover articles on neurorehabilitation, technology in therapy, patient stories, and expert tips. The Neuro-Concept blog keeps you informed and inspired.","og_url":"https:\/\/www.neuro-concept.ca\/en\/nouvelles\/","og_site_name":"Neuro-Concept - Private Rehabilitation Center","article_publisher":"https:\/\/www.facebook.com\/neuroconcept","article_modified_time":"2025-07-10T13:57:44+00:00","og_image":[{"url":"https:\/\/www.neuro-concept.ca\/wp-content\/uploads\/2024\/07\/EDSS-665x481.png","type":"","width":"","height":""}],"twitter_card":"summary_large_image","twitter_site":"@NeuroConcept","schema":{"@context":"https:\/\/schema.org","@graph":[{"@type":"WebPage","@id":"https:\/\/www.neuro-concept.ca\/en\/nouvelles\/","url":"https:\/\/www.neuro-concept.ca\/en\/nouvelles\/","name":"Neuro-Concept Blog | News in Neurological Rehabilitation and Innovation","isPartOf":{"@id":"https:\/\/www.neuro-concept.ca\/fr\/#website"},"primaryImageOfPage":{"@id":"https:\/\/www.neuro-concept.ca\/en\/nouvelles\/#primaryimage"},"image":{"@id":"https:\/\/www.neuro-concept.ca\/en\/nouvelles\/#primaryimage"},"thumbnailUrl":"https:\/\/www.neuro-concept.ca\/wp-content\/uploads\/2024\/07\/EDSS-665x481.png","datePublished":"2019-10-28T16:47:09+00:00","dateModified":"2025-07-10T13:57:44+00:00","description":"Discover articles on neurorehabilitation, technology in therapy, patient stories, and expert tips. The Neuro-Concept blog keeps you informed and inspired.","breadcrumb":{"@id":"https:\/\/www.neuro-concept.ca\/en\/nouvelles\/#breadcrumb"},"inLanguage":"en-ca","potentialAction":[{"@type":"ReadAction","target":["https:\/\/www.neuro-concept.ca\/en\/nouvelles\/"]}]},{"@type":"ImageObject","inLanguage":"en-ca","@id":"https:\/\/www.neuro-concept.ca\/en\/nouvelles\/#primaryimage","url":"https:\/\/www.neuro-concept.ca\/wp-content\/uploads\/2024\/07\/EDSS-665x481.png","contentUrl":"https:\/\/www.neuro-concept.ca\/wp-content\/uploads\/2024\/07\/EDSS-665x481.png"},{"@type":"BreadcrumbList","@id":"https:\/\/www.neuro-concept.ca\/en\/nouvelles\/#breadcrumb","itemListElement":[{"@type":"ListItem","position":1,"name":"Home","item":"https:\/\/www.neuro-concept.ca\/en\/"},{"@type":"ListItem","position":2,"name":"The Neuro-Concept Blog"}]},{"@type":"WebSite","@id":"https:\/\/www.neuro-concept.ca\/fr\/#website","url":"https:\/\/www.neuro-concept.ca\/fr\/","name":"Neuro-Concept - Private Rehabilitation Center","description":"La sant\u00e9 - \u00c0 la port\u00e9e de tous","publisher":{"@id":"https:\/\/www.neuro-concept.ca\/fr\/#organization"},"potentialAction":[{"@type":"SearchAction","target":{"@type":"EntryPoint","urlTemplate":"https:\/\/www.neuro-concept.ca\/fr\/?s={search_term_string}"},"query-input":{"@type":"PropertyValueSpecification","valueRequired":true,"valueName":"search_term_string"}}],"inLanguage":"en-ca"},{"@type":"Organization","@id":"https:\/\/www.neuro-concept.ca\/fr\/#organization","name":"Neuro-Concept","url":"https:\/\/www.neuro-concept.ca\/fr\/","logo":{"@type":"ImageObject","inLanguage":"en-ca","@id":"https:\/\/www.neuro-concept.ca\/fr\/#\/schema\/logo\/image\/","url":"https:\/\/www.neuro-concept.ca\/wp-content\/uploads\/2019\/07\/favicon-1.png","contentUrl":"https:\/\/www.neuro-concept.ca\/wp-content\/uploads\/2019\/07\/favicon-1.png","width":330,"height":330,"caption":"Neuro-Concept"},"image":{"@id":"https:\/\/www.neuro-concept.ca\/fr\/#\/schema\/logo\/image\/"},"sameAs":["https:\/\/www.facebook.com\/neuroconcept","https:\/\/x.com\/NeuroConcept","https:\/\/www.instagram.com\/neuroconcept.rehab\/","https:\/\/twitter.com\/NeuroConcept"]}]}},"_links":{"self":[{"href":"https:\/\/www.neuro-concept.ca\/en\/wp-json\/wp\/v2\/pages\/13906","targetHints":{"allow":["GET"]}}],"collection":[{"href":"https:\/\/www.neuro-concept.ca\/en\/wp-json\/wp\/v2\/pages"}],"about":[{"href":"https:\/\/www.neuro-concept.ca\/en\/wp-json\/wp\/v2\/types\/page"}],"author":[{"embeddable":true,"href":"https:\/\/www.neuro-concept.ca\/en\/wp-json\/wp\/v2\/users\/9"}],"replies":[{"embeddable":true,"href":"https:\/\/www.neuro-concept.ca\/en\/wp-json\/wp\/v2\/comments?post=13906"}],"version-history":[{"count":4,"href":"https:\/\/www.neuro-concept.ca\/en\/wp-json\/wp\/v2\/pages\/13906\/revisions"}],"predecessor-version":[{"id":13912,"href":"https:\/\/www.neuro-concept.ca\/en\/wp-json\/wp\/v2\/pages\/13906\/revisions\/13912"}],"wp:attachment":[{"href":"https:\/\/www.neuro-concept.ca\/en\/wp-json\/wp\/v2\/media?parent=13906"}],"curies":[{"name":"wp","href":"https:\/\/api.w.org\/{rel}","templated":true}]}}